{"id":11484,"date":"2019-03-29T10:08:01","date_gmt":"2019-03-29T10:08:01","guid":{"rendered":"https:\/\/www.ull.es\/portal\/agenda\/?post_type=tribe_events&#038;p=11484"},"modified":"2019-03-29T10:22:33","modified_gmt":"2019-03-29T10:22:33","slug":"galileo-con-compania-teatrejo","status":"publish","type":"tribe_events","link":"https:\/\/www.ull.es\/portal\/agenda\/evento\/galileo-con-compania-teatrejo\/","title":{"rendered":"&#8216;Galileo&#8217; con Compa\u00f1\u00eda Teatrejo"},"content":{"rendered":"<p><strong>GALILEO<\/strong><br \/>\n<strong>15 ESTAMPAS PARA UN COLLAGE<\/strong><br \/>\n<strong>SOBRE LA VIDA DE GALILEO DE BERTOLT BRECHT<\/strong><br \/>\nRepresenta Galileo para Occidente (y para Brecht tambi\u00e9n) la antorcha de la raz\u00f3n, la flor del pensamiento, la rebeld\u00eda contra las ideas establecidas, contra la ideolog\u00eda dominante. Armado con una insaciable curiosidad, una fina y pertinaz capacidad de observaci\u00f3n, y la l\u00f3gica aplastante del sentido com\u00fan, se enfrenta el protagonista del drama (sin llegar al martirio) a los poderes pol\u00edticos, culturales y religiosos de su \u00e9poca; y, como un mortal cualquiera de cualquier \u00e9poca, a las dificultades y contratiempos de su vida privada.<br \/>\n12 actores de la compa\u00f1\u00eda Teatrejo encarnan sobre la escena a 24 personajes, hijos de la pluma sabia del dramaturgo alem\u00e1n, para, en poco m\u00e1s de hora y cuarto, acercar al gran p\u00fablico la figura de Galileo Galilei, el m\u00e1s famoso cient\u00edfico de Pisa.<\/p>\n<p><strong>REPARTO<\/strong><br \/>\nAlberto Hdez Gc\u00eda: Relator, Lacayo<br \/>\nAng\u00e9lica Dguez de Barros: Virginia<br \/>\nEduardo D. Hdez Yanes: Galileo 2<br \/>\nIv\u00e1n Hdez Hdez: Fil\u00f3sofo, Vanni<br \/>\nJos\u00e9 Manuel Fuentes P\u00e9rez: Erudito, Barberini<br \/>\nJulio Hdez Abreu: Secretario, Ludovico<br \/>\nKevin Rguez Luis: Matem\u00e1tico, Monje 1, Cantor<br \/>\nManuel Medina Hdez: Galileo 1<br \/>\nMar\u00eda Zambelli: Sra. Sarti, Inquisidor<br \/>\nNathaly Cruz Rivero: Andrea Sarti, Monje 2, Cosme de M\u00e9dicis<br \/>\n\u00d3scar Hdez Abreu: Sagredo, Prelado, Bellarmino, Mucius<br \/>\nRosal\u00eda Mart\u00edn P\u00e9rez: Cardenal, Cantora<br \/>\nCartel: \u00d3scar Hdez<br \/>\nVestuario, Maquillaje, Utiler\u00eda y Escenograf\u00eda: TEATREJO<br \/>\nVersi\u00f3n del texto, Dramaturgia y Direcci\u00f3n: Manuel Gc\u00eda<\/p>\n<p><strong>Entrada libre hasta completar aforo.\u00a0<\/strong><\/p>\n","protected":false},"excerpt":{"rendered":"<p>GALILEO 15 ESTAMPAS PARA UN COLLAGE SOBRE LA VIDA DE GALILEO DE BERTOLT BRECHT Representa Galileo para Occidente (y para Brecht tambi\u00e9n) la antorcha de la raz\u00f3n, la flor del pensamiento, la rebeld\u00eda contra las ideas establecidas, contra la ideolog\u00eda dominante. Armado con una insaciable curiosidad, una fina y pertinaz capacidad de observaci\u00f3n, y la&#8230;<\/p>\n","protected":false},"author":30,"featured_media":11485,"comment_status":"closed","ping_status":"closed","template":"","tags":[2300,2716],"tribe_events_cat":[4,343,191,1722],"acf":[],"yoast_head":"<!-- This site is optimized with the Yoast SEO plugin v21.3 - https:\/\/yoast.com\/wordpress\/plugins\/seo\/ -->\n<title>&#039;Galileo&#039; con Compa\u00f1\u00eda Teatrejo - ULL - Agenda<\/title>\n<meta name=\"robots\" content=\"index, follow, max-snippet:-1, max-image-preview:large, max-video-preview:-1\" \/>\n<link rel=\"canonical\" href=\"https:\/\/www.ull.es\/portal\/agenda\/evento\/galileo-con-compania-teatrejo\/\" \/>\n<meta property=\"og:locale\" content=\"es_ES\" \/>\n<meta property=\"og:type\" content=\"article\" \/>\n<meta property=\"og:title\" content=\"&#039;Galileo&#039; con Compa\u00f1\u00eda Teatrejo - ULL - Agenda\" \/>\n<meta property=\"og:description\" content=\"GALILEO 15 ESTAMPAS PARA UN COLLAGE SOBRE LA VIDA DE GALILEO DE BERTOLT BRECHT Representa Galileo para Occidente (y para Brecht tambi\u00e9n) la antorcha de la raz\u00f3n, la flor del pensamiento, la rebeld\u00eda contra las ideas establecidas, contra la ideolog\u00eda dominante. Armado con una insaciable curiosidad, una fina y pertinaz capacidad de observaci\u00f3n, y la...\" \/>\n<meta property=\"og:url\" content=\"https:\/\/www.ull.es\/portal\/agenda\/evento\/galileo-con-compania-teatrejo\/\" \/>\n<meta property=\"og:site_name\" content=\"ULL - Agenda\" \/>\n<meta property=\"article:modified_time\" content=\"2019-03-29T10:22:33+00:00\" \/>\n<meta property=\"og:image\" content=\"https:\/\/www.ull.es\/portal\/agenda\/wp-content\/uploads\/sites\/12\/2019\/03\/Galileo_Agenda.jpg\" \/>\n\t<meta property=\"og:image:width\" content=\"700\" \/>\n\t<meta property=\"og:image:height\" content=\"350\" \/>\n\t<meta property=\"og:image:type\" content=\"image\/jpeg\" \/>\n<meta name=\"twitter:card\" content=\"summary_large_image\" \/>\n<meta name=\"twitter:label1\" content=\"Tiempo de lectura\" \/>\n\t<meta name=\"twitter:data1\" content=\"1 minuto\" \/>\n<script type=\"application\/ld+json\" class=\"yoast-schema-graph\">{\"@context\":\"https:\/\/schema.org\",\"@graph\":[{\"@type\":\"WebPage\",\"@id\":\"https:\/\/www.ull.es\/portal\/agenda\/evento\/galileo-con-compania-teatrejo\/\",\"url\":\"https:\/\/www.ull.es\/portal\/agenda\/evento\/galileo-con-compania-teatrejo\/\",\"name\":\"'Galileo' con Compa\u00f1\u00eda Teatrejo - ULL - Agenda\",\"isPartOf\":{\"@id\":\"https:\/\/www.ull.es\/portal\/agenda\/#website\"},\"datePublished\":\"2019-03-29T10:08:01+00:00\",\"dateModified\":\"2019-03-29T10:22:33+00:00\",\"breadcrumb\":{\"@id\":\"https:\/\/www.ull.es\/portal\/agenda\/evento\/galileo-con-compania-teatrejo\/#breadcrumb\"},\"inLanguage\":\"es\",\"potentialAction\":[{\"@type\":\"ReadAction\",\"target\":[\"https:\/\/www.ull.es\/portal\/agenda\/evento\/galileo-con-compania-teatrejo\/\"]}]},{\"@type\":\"BreadcrumbList\",\"@id\":\"https:\/\/www.ull.es\/portal\/agenda\/evento\/galileo-con-compania-teatrejo\/#breadcrumb\",\"itemListElement\":[{\"@type\":\"ListItem\",\"position\":1,\"name\":\"Portada\",\"item\":\"https:\/\/www.ull.es\/portal\/agenda\/\"},{\"@type\":\"ListItem\",\"position\":2,\"name\":\"&#8216;Galileo&#8217; con Compa\u00f1\u00eda Teatrejo\"}]},{\"@type\":\"WebSite\",\"@id\":\"https:\/\/www.ull.es\/portal\/agenda\/#website\",\"url\":\"https:\/\/www.ull.es\/portal\/agenda\/\",\"name\":\"ULL - Agenda\",\"description\":\"\",\"potentialAction\":[{\"@type\":\"SearchAction\",\"target\":{\"@type\":\"EntryPoint\",\"urlTemplate\":\"https:\/\/www.ull.es\/portal\/agenda\/?s={search_term_string}\"},\"query-input\":\"required name=search_term_string\"}],\"inLanguage\":\"es\"}]}<\/script>\n<!-- \/ Yoast SEO plugin. -->","yoast_head_json":{"title":"'Galileo' con Compa\u00f1\u00eda Teatrejo - ULL - Agenda","robots":{"index":"index","follow":"follow","max-snippet":"max-snippet:-1","max-image-preview":"max-image-preview:large","max-video-preview":"max-video-preview:-1"},"canonical":"https:\/\/www.ull.es\/portal\/agenda\/evento\/galileo-con-compania-teatrejo\/","og_locale":"es_ES","og_type":"article","og_title":"'Galileo' con Compa\u00f1\u00eda Teatrejo - ULL - Agenda","og_description":"GALILEO 15 ESTAMPAS PARA UN COLLAGE SOBRE LA VIDA DE GALILEO DE BERTOLT BRECHT Representa Galileo para Occidente (y para Brecht tambi\u00e9n) la antorcha de la raz\u00f3n, la flor del pensamiento, la rebeld\u00eda contra las ideas establecidas, contra la ideolog\u00eda dominante. Armado con una insaciable curiosidad, una fina y pertinaz capacidad de observaci\u00f3n, y la...","og_url":"https:\/\/www.ull.es\/portal\/agenda\/evento\/galileo-con-compania-teatrejo\/","og_site_name":"ULL - Agenda","article_modified_time":"2019-03-29T10:22:33+00:00","og_image":[{"width":700,"height":350,"url":"https:\/\/www.ull.es\/portal\/agenda\/wp-content\/uploads\/sites\/12\/2019\/03\/Galileo_Agenda.jpg","type":"image\/jpeg"}],"twitter_card":"summary_large_image","twitter_misc":{"Tiempo de lectura":"1 minuto"},"schema":{"@context":"https:\/\/schema.org","@graph":[{"@type":"WebPage","@id":"https:\/\/www.ull.es\/portal\/agenda\/evento\/galileo-con-compania-teatrejo\/","url":"https:\/\/www.ull.es\/portal\/agenda\/evento\/galileo-con-compania-teatrejo\/","name":"'Galileo' con Compa\u00f1\u00eda Teatrejo - ULL - Agenda","isPartOf":{"@id":"https:\/\/www.ull.es\/portal\/agenda\/#website"},"datePublished":"2019-03-29T10:08:01+00:00","dateModified":"2019-03-29T10:22:33+00:00","breadcrumb":{"@id":"https:\/\/www.ull.es\/portal\/agenda\/evento\/galileo-con-compania-teatrejo\/#breadcrumb"},"inLanguage":"es","potentialAction":[{"@type":"ReadAction","target":["https:\/\/www.ull.es\/portal\/agenda\/evento\/galileo-con-compania-teatrejo\/"]}]},{"@type":"BreadcrumbList","@id":"https:\/\/www.ull.es\/portal\/agenda\/evento\/galileo-con-compania-teatrejo\/#breadcrumb","itemListElement":[{"@type":"ListItem","position":1,"name":"Portada","item":"https:\/\/www.ull.es\/portal\/agenda\/"},{"@type":"ListItem","position":2,"name":"&#8216;Galileo&#8217; con Compa\u00f1\u00eda Teatrejo"}]},{"@type":"WebSite","@id":"https:\/\/www.ull.es\/portal\/agenda\/#website","url":"https:\/\/www.ull.es\/portal\/agenda\/","name":"ULL - Agenda","description":"","potentialAction":[{"@type":"SearchAction","target":{"@type":"EntryPoint","urlTemplate":"https:\/\/www.ull.es\/portal\/agenda\/?s={search_term_string}"},"query-input":"required name=search_term_string"}],"inLanguage":"es"}]}},"_links":{"self":[{"href":"https:\/\/www.ull.es\/portal\/agenda\/wp-json\/wp\/v2\/tribe_events\/11484"}],"collection":[{"href":"https:\/\/www.ull.es\/portal\/agenda\/wp-json\/wp\/v2\/tribe_events"}],"about":[{"href":"https:\/\/www.ull.es\/portal\/agenda\/wp-json\/wp\/v2\/types\/tribe_events"}],"author":[{"embeddable":true,"href":"https:\/\/www.ull.es\/portal\/agenda\/wp-json\/wp\/v2\/users\/30"}],"replies":[{"embeddable":true,"href":"https:\/\/www.ull.es\/portal\/agenda\/wp-json\/wp\/v2\/comments?post=11484"}],"version-history":[{"count":4,"href":"https:\/\/www.ull.es\/portal\/agenda\/wp-json\/wp\/v2\/tribe_events\/11484\/revisions"}],"predecessor-version":[{"id":11492,"href":"https:\/\/www.ull.es\/portal\/agenda\/wp-json\/wp\/v2\/tribe_events\/11484\/revisions\/11492"}],"wp:featuredmedia":[{"embeddable":true,"href":"https:\/\/www.ull.es\/portal\/agenda\/wp-json\/wp\/v2\/media\/11485"}],"wp:attachment":[{"href":"https:\/\/www.ull.es\/portal\/agenda\/wp-json\/wp\/v2\/media?parent=11484"}],"wp:term":[{"taxonomy":"post_tag","embeddable":true,"href":"https:\/\/www.ull.es\/portal\/agenda\/wp-json\/wp\/v2\/tags?post=11484"},{"taxonomy":"tribe_events_cat","embeddable":true,"href":"https:\/\/www.ull.es\/portal\/agenda\/wp-json\/wp\/v2\/tribe_events_cat?post=11484"}],"curies":[{"name":"wp","href":"https:\/\/api.w.org\/{rel}","templated":true}]}}