{"id":12373,"date":"2019-05-24T11:58:18","date_gmt":"2019-05-24T11:58:18","guid":{"rendered":"https:\/\/www.ull.es\/portal\/agenda\/?post_type=tribe_events&#038;p=12373"},"modified":"2019-05-24T11:59:54","modified_gmt":"2019-05-24T11:59:54","slug":"campana-de-reciclaje-electronico-digitalizacion-sostenible","status":"publish","type":"tribe_events","link":"https:\/\/www.ull.es\/portal\/agenda\/evento\/campana-de-reciclaje-electronico-digitalizacion-sostenible\/","title":{"rendered":"Campa\u00f1a de reciclaje electr\u00f3nico: \u2018Digitalizaci\u00f3n Sostenible\u2019"},"content":{"rendered":"<p>La Fundaci\u00f3n Ecotic, con el apoyo de imaginBank, el banco \u201cmobile only\u201d de CaixaBank, ha puesto en marcha una nueva edici\u00f3n de la campa\u00f1a de reciclaje \u2018Digitalizaci\u00f3n Sostenible\u2019. La iniciativa, orientada a la sensibilizaci\u00f3n de los usuarios de aparatos el\u00e9ctricos y electr\u00f3nicos, se desarrollar\u00e1 de forma simult\u00e1nea en 11 universidades de toda Espa\u00f1a.<\/p>\n<p>La campa\u00f1a tiene como objetivo concienciar a los estudiantes universitarios sobre la importancia del adecuado reciclaje de los residuos de aparatos el\u00e9ctricos y electr\u00f3nicos (RAEE), como un elemento clave para el impulso de un modelo de econom\u00eda circular que contribuya a la sostenibilidad del medio ambiente.<\/p>\n<p>Para ello, la iniciativa se articular\u00e1 en torno a la instalaci\u00f3n de puntos informativos en diversas facultades de la Universidad de Navarra, la Universidad del Pa\u00eds Vasco, la Universidad de Oviedo, la Universidad de Castilla-La Mancha, la Universidad de Zaragoza, la Universitat de Val\u00e8ncia, la Universitat de les Illes Balears, la Universidad de M\u00e1laga, la Universidad de Granada, la Universidad de Sevilla y la Universidad de La Laguna, que han querido sumarse a la iniciativa para impulsar la sostenibilidad ambiental entre los estudiantes de sus centros.<\/p>\n<p>Los puntos estar\u00e1n presentes entre los d\u00edas 20 y 31 de mayo, y de 12 a 17 horas los estudiantes podr\u00e1n entregar peque\u00f1os aparatos el\u00e9ctricos y electr\u00f3nicos en desuso, como m\u00f3viles, tabletas, port\u00e1tiles y otros peque\u00f1os electrodom\u00e9sticos, en los contenedores de recogida selectiva habilitados en los puntos, que contar\u00e1n asimismo con la presencia de informadores que invitar\u00e1n a participar a los estudiantes y coordinar\u00e1n las entregas de residuos.<\/p>\n<p>Para incentivar la participaci\u00f3n, todas las personas que hagan entrega de un residuo entrar\u00e1n en el sorteo de 11 smartphones Samsung Galaxy S10, uno por cada centro universitario participante en la iniciativa.<\/p>\n<p>La campa\u00f1a contar\u00e1 tambi\u00e9n con elementos de comunicaci\u00f3n gr\u00e1fica en los centros para su difusi\u00f3n entre los estudiantes, as\u00ed como con una de una p\u00e1gina web espec\u00edfica de contenidos en<br \/>\n<a href=\"http:\/\/www.difitalysostenible.com\" target=\"_blank\" rel=\"noopener\">www.digitalysostenible.com<\/a>, y difusi\u00f3n a trav\u00e9s de las redes sociales.<\/p>\n<p>La iniciativa cuenta con el apoyo de imaginBank, el primer banco \u201cmobile only\u201d de Espa\u00f1a, en el que la operativa se realiza exclusivamente a trav\u00e9s de la app. Creado por CaixaBank, el banco tiene en la actualidad 1,2 millones de clientes y una especial penetraci\u00f3n entre el p\u00fablico joven: la edad media de sus usuarios es de 23 a\u00f1os.<\/p>\n","protected":false},"excerpt":{"rendered":"<p>La Fundaci\u00f3n Ecotic, con el apoyo de imaginBank, el banco \u201cmobile only\u201d de CaixaBank, ha puesto en marcha una nueva edici\u00f3n de la campa\u00f1a de reciclaje \u2018Digitalizaci\u00f3n Sostenible\u2019. La iniciativa, orientada a la sensibilizaci\u00f3n de los usuarios de aparatos el\u00e9ctricos y electr\u00f3nicos, se desarrollar\u00e1 de forma simult\u00e1nea en 11 universidades de toda Espa\u00f1a. La campa\u00f1a&#8230;<\/p>\n","protected":false},"author":51,"featured_media":12376,"comment_status":"closed","ping_status":"closed","template":"","tags":[2939,2938,2936,2935,2937],"tribe_events_cat":[191],"acf":[],"yoast_head":"<!-- This site is optimized with the Yoast SEO plugin v21.3 - https:\/\/yoast.com\/wordpress\/plugins\/seo\/ -->\n<title>Campa\u00f1a de reciclaje electr\u00f3nico: \u2018Digitalizaci\u00f3n Sostenible\u2019 - ULL - Agenda<\/title>\n<meta name=\"robots\" content=\"index, follow, max-snippet:-1, max-image-preview:large, max-video-preview:-1\" \/>\n<link rel=\"canonical\" href=\"https:\/\/www.ull.es\/portal\/agenda\/evento\/campana-de-reciclaje-electronico-digitalizacion-sostenible\/\" \/>\n<meta property=\"og:locale\" content=\"es_ES\" \/>\n<meta property=\"og:type\" content=\"article\" \/>\n<meta property=\"og:title\" content=\"Campa\u00f1a de reciclaje electr\u00f3nico: \u2018Digitalizaci\u00f3n Sostenible\u2019 - ULL - Agenda\" \/>\n<meta property=\"og:description\" content=\"La Fundaci\u00f3n Ecotic, con el apoyo de imaginBank, el banco \u201cmobile only\u201d de CaixaBank, ha puesto en marcha una nueva edici\u00f3n de la campa\u00f1a de reciclaje \u2018Digitalizaci\u00f3n Sostenible\u2019. La iniciativa, orientada a la sensibilizaci\u00f3n de los usuarios de aparatos el\u00e9ctricos y electr\u00f3nicos, se desarrollar\u00e1 de forma simult\u00e1nea en 11 universidades de toda Espa\u00f1a. La campa\u00f1a...\" \/>\n<meta property=\"og:url\" content=\"https:\/\/www.ull.es\/portal\/agenda\/evento\/campana-de-reciclaje-electronico-digitalizacion-sostenible\/\" \/>\n<meta property=\"og:site_name\" content=\"ULL - Agenda\" \/>\n<meta property=\"article:modified_time\" content=\"2019-05-24T11:59:54+00:00\" \/>\n<meta property=\"og:image\" content=\"https:\/\/www.ull.es\/portal\/agenda\/wp-content\/uploads\/sites\/12\/2019\/05\/reciclaje_agenda.jpg\" \/>\n\t<meta property=\"og:image:width\" content=\"700\" \/>\n\t<meta property=\"og:image:height\" content=\"350\" \/>\n\t<meta property=\"og:image:type\" content=\"image\/jpeg\" \/>\n<meta name=\"twitter:card\" content=\"summary_large_image\" \/>\n<meta name=\"twitter:label1\" content=\"Tiempo de lectura\" \/>\n\t<meta name=\"twitter:data1\" content=\"2 minutos\" \/>\n<script type=\"application\/ld+json\" class=\"yoast-schema-graph\">{\"@context\":\"https:\/\/schema.org\",\"@graph\":[{\"@type\":\"WebPage\",\"@id\":\"https:\/\/www.ull.es\/portal\/agenda\/evento\/campana-de-reciclaje-electronico-digitalizacion-sostenible\/\",\"url\":\"https:\/\/www.ull.es\/portal\/agenda\/evento\/campana-de-reciclaje-electronico-digitalizacion-sostenible\/\",\"name\":\"Campa\u00f1a de reciclaje electr\u00f3nico: \u2018Digitalizaci\u00f3n Sostenible\u2019 - ULL - Agenda\",\"isPartOf\":{\"@id\":\"https:\/\/www.ull.es\/portal\/agenda\/#website\"},\"datePublished\":\"2019-05-24T11:58:18+00:00\",\"dateModified\":\"2019-05-24T11:59:54+00:00\",\"breadcrumb\":{\"@id\":\"https:\/\/www.ull.es\/portal\/agenda\/evento\/campana-de-reciclaje-electronico-digitalizacion-sostenible\/#breadcrumb\"},\"inLanguage\":\"es\",\"potentialAction\":[{\"@type\":\"ReadAction\",\"target\":[\"https:\/\/www.ull.es\/portal\/agenda\/evento\/campana-de-reciclaje-electronico-digitalizacion-sostenible\/\"]}]},{\"@type\":\"BreadcrumbList\",\"@id\":\"https:\/\/www.ull.es\/portal\/agenda\/evento\/campana-de-reciclaje-electronico-digitalizacion-sostenible\/#breadcrumb\",\"itemListElement\":[{\"@type\":\"ListItem\",\"position\":1,\"name\":\"Portada\",\"item\":\"https:\/\/www.ull.es\/portal\/agenda\/\"},{\"@type\":\"ListItem\",\"position\":2,\"name\":\"Campa\u00f1a de reciclaje electr\u00f3nico: \u2018Digitalizaci\u00f3n Sostenible\u2019\"}]},{\"@type\":\"WebSite\",\"@id\":\"https:\/\/www.ull.es\/portal\/agenda\/#website\",\"url\":\"https:\/\/www.ull.es\/portal\/agenda\/\",\"name\":\"ULL - Agenda\",\"description\":\"\",\"potentialAction\":[{\"@type\":\"SearchAction\",\"target\":{\"@type\":\"EntryPoint\",\"urlTemplate\":\"https:\/\/www.ull.es\/portal\/agenda\/?s={search_term_string}\"},\"query-input\":\"required name=search_term_string\"}],\"inLanguage\":\"es\"}]}<\/script>\n<!-- \/ Yoast SEO plugin. -->","yoast_head_json":{"title":"Campa\u00f1a de reciclaje electr\u00f3nico: \u2018Digitalizaci\u00f3n Sostenible\u2019 - ULL - Agenda","robots":{"index":"index","follow":"follow","max-snippet":"max-snippet:-1","max-image-preview":"max-image-preview:large","max-video-preview":"max-video-preview:-1"},"canonical":"https:\/\/www.ull.es\/portal\/agenda\/evento\/campana-de-reciclaje-electronico-digitalizacion-sostenible\/","og_locale":"es_ES","og_type":"article","og_title":"Campa\u00f1a de reciclaje electr\u00f3nico: \u2018Digitalizaci\u00f3n Sostenible\u2019 - ULL - Agenda","og_description":"La Fundaci\u00f3n Ecotic, con el apoyo de imaginBank, el banco \u201cmobile only\u201d de CaixaBank, ha puesto en marcha una nueva edici\u00f3n de la campa\u00f1a de reciclaje \u2018Digitalizaci\u00f3n Sostenible\u2019. La iniciativa, orientada a la sensibilizaci\u00f3n de los usuarios de aparatos el\u00e9ctricos y electr\u00f3nicos, se desarrollar\u00e1 de forma simult\u00e1nea en 11 universidades de toda Espa\u00f1a. La campa\u00f1a...","og_url":"https:\/\/www.ull.es\/portal\/agenda\/evento\/campana-de-reciclaje-electronico-digitalizacion-sostenible\/","og_site_name":"ULL - Agenda","article_modified_time":"2019-05-24T11:59:54+00:00","og_image":[{"width":700,"height":350,"url":"https:\/\/www.ull.es\/portal\/agenda\/wp-content\/uploads\/sites\/12\/2019\/05\/reciclaje_agenda.jpg","type":"image\/jpeg"}],"twitter_card":"summary_large_image","twitter_misc":{"Tiempo de lectura":"2 minutos"},"schema":{"@context":"https:\/\/schema.org","@graph":[{"@type":"WebPage","@id":"https:\/\/www.ull.es\/portal\/agenda\/evento\/campana-de-reciclaje-electronico-digitalizacion-sostenible\/","url":"https:\/\/www.ull.es\/portal\/agenda\/evento\/campana-de-reciclaje-electronico-digitalizacion-sostenible\/","name":"Campa\u00f1a de reciclaje electr\u00f3nico: \u2018Digitalizaci\u00f3n Sostenible\u2019 - ULL - Agenda","isPartOf":{"@id":"https:\/\/www.ull.es\/portal\/agenda\/#website"},"datePublished":"2019-05-24T11:58:18+00:00","dateModified":"2019-05-24T11:59:54+00:00","breadcrumb":{"@id":"https:\/\/www.ull.es\/portal\/agenda\/evento\/campana-de-reciclaje-electronico-digitalizacion-sostenible\/#breadcrumb"},"inLanguage":"es","potentialAction":[{"@type":"ReadAction","target":["https:\/\/www.ull.es\/portal\/agenda\/evento\/campana-de-reciclaje-electronico-digitalizacion-sostenible\/"]}]},{"@type":"BreadcrumbList","@id":"https:\/\/www.ull.es\/portal\/agenda\/evento\/campana-de-reciclaje-electronico-digitalizacion-sostenible\/#breadcrumb","itemListElement":[{"@type":"ListItem","position":1,"name":"Portada","item":"https:\/\/www.ull.es\/portal\/agenda\/"},{"@type":"ListItem","position":2,"name":"Campa\u00f1a de reciclaje electr\u00f3nico: \u2018Digitalizaci\u00f3n Sostenible\u2019"}]},{"@type":"WebSite","@id":"https:\/\/www.ull.es\/portal\/agenda\/#website","url":"https:\/\/www.ull.es\/portal\/agenda\/","name":"ULL - Agenda","description":"","potentialAction":[{"@type":"SearchAction","target":{"@type":"EntryPoint","urlTemplate":"https:\/\/www.ull.es\/portal\/agenda\/?s={search_term_string}"},"query-input":"required name=search_term_string"}],"inLanguage":"es"}]}},"_links":{"self":[{"href":"https:\/\/www.ull.es\/portal\/agenda\/wp-json\/wp\/v2\/tribe_events\/12373"}],"collection":[{"href":"https:\/\/www.ull.es\/portal\/agenda\/wp-json\/wp\/v2\/tribe_events"}],"about":[{"href":"https:\/\/www.ull.es\/portal\/agenda\/wp-json\/wp\/v2\/types\/tribe_events"}],"author":[{"embeddable":true,"href":"https:\/\/www.ull.es\/portal\/agenda\/wp-json\/wp\/v2\/users\/51"}],"replies":[{"embeddable":true,"href":"https:\/\/www.ull.es\/portal\/agenda\/wp-json\/wp\/v2\/comments?post=12373"}],"version-history":[{"count":1,"href":"https:\/\/www.ull.es\/portal\/agenda\/wp-json\/wp\/v2\/tribe_events\/12373\/revisions"}],"predecessor-version":[{"id":12375,"href":"https:\/\/www.ull.es\/portal\/agenda\/wp-json\/wp\/v2\/tribe_events\/12373\/revisions\/12375"}],"wp:featuredmedia":[{"embeddable":true,"href":"https:\/\/www.ull.es\/portal\/agenda\/wp-json\/wp\/v2\/media\/12376"}],"wp:attachment":[{"href":"https:\/\/www.ull.es\/portal\/agenda\/wp-json\/wp\/v2\/media?parent=12373"}],"wp:term":[{"taxonomy":"post_tag","embeddable":true,"href":"https:\/\/www.ull.es\/portal\/agenda\/wp-json\/wp\/v2\/tags?post=12373"},{"taxonomy":"tribe_events_cat","embeddable":true,"href":"https:\/\/www.ull.es\/portal\/agenda\/wp-json\/wp\/v2\/tribe_events_cat?post=12373"}],"curies":[{"name":"wp","href":"https:\/\/api.w.org\/{rel}","templated":true}]}}