{"id":13860,"date":"2019-10-08T09:10:39","date_gmt":"2019-10-08T09:10:39","guid":{"rendered":"https:\/\/www.ull.es\/portal\/agenda\/?post_type=tribe_events&#038;p=13860"},"modified":"2019-10-09T09:28:24","modified_gmt":"2019-10-09T09:28:24","slug":"canto-al-trabajo-de-la-compania-teatral-pieles","status":"publish","type":"tribe_events","link":"https:\/\/www.ull.es\/portal\/agenda\/evento\/canto-al-trabajo-de-la-compania-teatral-pieles\/","title":{"rendered":"\u00abCanto al trabajo\u00bb de la compa\u00f1\u00eda teatral Pieles"},"content":{"rendered":"<p>La compa\u00f1\u00eda Pieles presenta su aclamado espect\u00e1culo\u00a0<b>\u00abCanto al trabajo\u00bb<\/b><\/p>\n<p>Producido por Laboratorio Esc\u00e9nico, Canto al trabajo es una propuesta esc\u00e9nica que engloba distintos medios de expresi\u00f3n atrayentes para el p\u00fablico: m\u00fasica y palabra, unidas en una propuesta sonora de gran valor antropol\u00f3gico y did\u00e1ctico. El espect\u00e1culo es una apolog\u00eda al trabajo y a las tradiciones con un car\u00e1cter vanguardista.<br \/>\nPara Pieles, la m\u00fasica tradicional es una fuente inagotable de inspiraci\u00f3n art\u00edstica, a la que se suma la influencia decisiva de la m\u00fasica y artes actuales. El resultado es un<br \/>\nmestizaje global, que se hermana con el patrimonio cultural de ra\u00edces ind\u00edgenas que se puede encontrar en todo el mundo.<br \/>\nEl trabajo de la compa\u00f1\u00eda se apoya en la condici\u00f3n natural de Canarias como punto de acercamiento de culturas diversas, lo que genera un canto plural, a un tiempo canario<br \/>\ny universal. Canto al trabajo se nutre de la fuerza y la autenticidad. Los cantos de trabajo son la manifestaci\u00f3n de la voz del pueblo y de la necesidad de expresi\u00f3n propia. Para alcanzar esta propuesta cultural, Pieles recrea la sonoridad popular de la m\u00fasica a trav\u00e9s de una novedosa experiencia en la que los instrumentos cl\u00e1sicos colaboran con los recursos folcl\u00f3ricos m\u00e1s primitivo: la piedra, el cristal, la madera y el metal.<br \/>\nLa compa\u00f1\u00eda est\u00e1 dirigida por el artista multidisciplinar Jonatan Rodr\u00edguez y constituida por los m\u00fasicos Fede Beuster, Ventor de la Guardia, Carlos Casta\u00f1eda, Itahisa Darias, Germ\u00e1n G. Arias, Juan Antonio Mora, Jerem\u00edas Mart\u00edn y las solistas Laura \u00c1lvarez y F\u00e1tima Rodr\u00edguez acompa\u00f1adas por la voz masculina de Jos\u00e9 F\u00e9lix \u00c1lvarez; adem\u00e1s, cuenta con la direcci\u00f3n esc\u00e9nica de Oswaldo Bord\u00f3n y el trabajo de Ubaldo P\u00e9rez y Jon\u00e1s Garc\u00eda en el Sonido y de Dimas Cedr\u00e9s en las Luces.<br \/>\nEl nombre \u2014Pieles\u2014 que adopta la compa\u00f1\u00eda se vincula a las pieles de los antepasados, que rezuman esfuerzo, dedicaci\u00f3n, amor\u2026, en referencia a aquellos hombres y mujeres que se han dejado la piel en las labores del campo y del hogar. Igualmente, es una referencia a las pieles animales que habitan en los tambores y que los dotan de vida propia, de fuerza, de emoci\u00f3n mientras dibujan ritmos ancestrales.<\/p>\n<p><strong>Las entradas est\u00e1n a la venta al precio de 12 euros en palco y anfiteatro y\u00a0 de 15 euros en el patio de butacas.\u00a0<\/strong><\/p>\n<p><strong>PUNTOS DE VENTA<\/strong><\/p>\n<p><a href=\"https:\/\/www.tomaticket.es\/entradas-canto-al-trabajo-tenerife\" target=\"_blank\" rel=\"noopener noreferrer\" target=\"_blank\" rel=\"noopener\"><strong>Tomaticket<\/strong><\/a><\/p>\n<p><strong>Taquilla del Paraninfo<\/strong>: 60 minutos antes de cada espect\u00e1culo (solo se admite pago con tarjeta bancaria).<\/p>\n<p><strong>Sede del Vicerrectorado de Relaciones con la Sociedad<\/strong>: Calle Viana, 50. La Laguna. De lunes a viernes de 9:00 a 14:00 horas. (Solo se admite pago con tarjeta bancaria).<\/p>\n<p><strong>Cafeter\u00eda del edificio central<\/strong>. De lunes a viernes de 9:00 a 18:00 h. (Solo se admite pago con tarjeta bancaria).<\/p>\n","protected":false},"excerpt":{"rendered":"<p>La compa\u00f1\u00eda Pieles presenta su aclamado espect\u00e1culo\u00a0\u00abCanto al trabajo\u00bb Producido por Laboratorio Esc\u00e9nico, Canto al trabajo es una propuesta esc\u00e9nica que engloba distintos medios de expresi\u00f3n atrayentes para el p\u00fablico: m\u00fasica y palabra, unidas en una propuesta sonora de gran valor antropol\u00f3gico y did\u00e1ctico. El espect\u00e1culo es una apolog\u00eda al trabajo y a las tradiciones&#8230;<\/p>\n","protected":false},"author":65,"featured_media":13868,"comment_status":"closed","ping_status":"closed","template":"","tags":[3133,314],"tribe_events_cat":[4,343,191,1722],"acf":[],"yoast_head":"<!-- This site is optimized with the Yoast SEO plugin v21.3 - https:\/\/yoast.com\/wordpress\/plugins\/seo\/ -->\n<title>&quot;Canto al trabajo&quot; de la compa\u00f1\u00eda teatral Pieles - ULL - Agenda<\/title>\n<meta name=\"robots\" content=\"index, follow, max-snippet:-1, max-image-preview:large, max-video-preview:-1\" \/>\n<link rel=\"canonical\" href=\"https:\/\/www.ull.es\/portal\/agenda\/evento\/canto-al-trabajo-de-la-compania-teatral-pieles\/\" \/>\n<meta property=\"og:locale\" content=\"es_ES\" \/>\n<meta property=\"og:type\" content=\"article\" \/>\n<meta property=\"og:title\" content=\"&quot;Canto al trabajo&quot; de la compa\u00f1\u00eda teatral Pieles - ULL - Agenda\" \/>\n<meta property=\"og:description\" content=\"La compa\u00f1\u00eda Pieles presenta su aclamado espect\u00e1culo\u00a0\u00abCanto al trabajo\u00bb Producido por Laboratorio Esc\u00e9nico, Canto al trabajo es una propuesta esc\u00e9nica que engloba distintos medios de expresi\u00f3n atrayentes para el p\u00fablico: m\u00fasica y palabra, unidas en una propuesta sonora de gran valor antropol\u00f3gico y did\u00e1ctico. El espect\u00e1culo es una apolog\u00eda al trabajo y a las tradiciones...\" \/>\n<meta property=\"og:url\" content=\"https:\/\/www.ull.es\/portal\/agenda\/evento\/canto-al-trabajo-de-la-compania-teatral-pieles\/\" \/>\n<meta property=\"og:site_name\" content=\"ULL - Agenda\" \/>\n<meta property=\"article:modified_time\" content=\"2019-10-09T09:28:24+00:00\" \/>\n<meta property=\"og:image\" content=\"https:\/\/www.ull.es\/portal\/agenda\/wp-content\/uploads\/sites\/12\/2019\/10\/canto-al-trabajo-eventos.jpg\" \/>\n\t<meta property=\"og:image:width\" content=\"700\" \/>\n\t<meta property=\"og:image:height\" content=\"350\" \/>\n\t<meta property=\"og:image:type\" content=\"image\/jpeg\" \/>\n<meta name=\"twitter:card\" content=\"summary_large_image\" \/>\n<meta name=\"twitter:label1\" content=\"Tiempo de lectura\" \/>\n\t<meta name=\"twitter:data1\" content=\"2 minutos\" \/>\n<script type=\"application\/ld+json\" class=\"yoast-schema-graph\">{\"@context\":\"https:\/\/schema.org\",\"@graph\":[{\"@type\":\"WebPage\",\"@id\":\"https:\/\/www.ull.es\/portal\/agenda\/evento\/canto-al-trabajo-de-la-compania-teatral-pieles\/\",\"url\":\"https:\/\/www.ull.es\/portal\/agenda\/evento\/canto-al-trabajo-de-la-compania-teatral-pieles\/\",\"name\":\"\\\"Canto al trabajo\\\" de la compa\u00f1\u00eda teatral Pieles - ULL - Agenda\",\"isPartOf\":{\"@id\":\"https:\/\/www.ull.es\/portal\/agenda\/#website\"},\"datePublished\":\"2019-10-08T09:10:39+00:00\",\"dateModified\":\"2019-10-09T09:28:24+00:00\",\"breadcrumb\":{\"@id\":\"https:\/\/www.ull.es\/portal\/agenda\/evento\/canto-al-trabajo-de-la-compania-teatral-pieles\/#breadcrumb\"},\"inLanguage\":\"es\",\"potentialAction\":[{\"@type\":\"ReadAction\",\"target\":[\"https:\/\/www.ull.es\/portal\/agenda\/evento\/canto-al-trabajo-de-la-compania-teatral-pieles\/\"]}]},{\"@type\":\"BreadcrumbList\",\"@id\":\"https:\/\/www.ull.es\/portal\/agenda\/evento\/canto-al-trabajo-de-la-compania-teatral-pieles\/#breadcrumb\",\"itemListElement\":[{\"@type\":\"ListItem\",\"position\":1,\"name\":\"Portada\",\"item\":\"https:\/\/www.ull.es\/portal\/agenda\/\"},{\"@type\":\"ListItem\",\"position\":2,\"name\":\"\u00abCanto al trabajo\u00bb de la compa\u00f1\u00eda teatral Pieles\"}]},{\"@type\":\"WebSite\",\"@id\":\"https:\/\/www.ull.es\/portal\/agenda\/#website\",\"url\":\"https:\/\/www.ull.es\/portal\/agenda\/\",\"name\":\"ULL - Agenda\",\"description\":\"\",\"potentialAction\":[{\"@type\":\"SearchAction\",\"target\":{\"@type\":\"EntryPoint\",\"urlTemplate\":\"https:\/\/www.ull.es\/portal\/agenda\/?s={search_term_string}\"},\"query-input\":\"required name=search_term_string\"}],\"inLanguage\":\"es\"}]}<\/script>\n<!-- \/ Yoast SEO plugin. -->","yoast_head_json":{"title":"\"Canto al trabajo\" de la compa\u00f1\u00eda teatral Pieles - ULL - Agenda","robots":{"index":"index","follow":"follow","max-snippet":"max-snippet:-1","max-image-preview":"max-image-preview:large","max-video-preview":"max-video-preview:-1"},"canonical":"https:\/\/www.ull.es\/portal\/agenda\/evento\/canto-al-trabajo-de-la-compania-teatral-pieles\/","og_locale":"es_ES","og_type":"article","og_title":"\"Canto al trabajo\" de la compa\u00f1\u00eda teatral Pieles - ULL - Agenda","og_description":"La compa\u00f1\u00eda Pieles presenta su aclamado espect\u00e1culo\u00a0\u00abCanto al trabajo\u00bb Producido por Laboratorio Esc\u00e9nico, Canto al trabajo es una propuesta esc\u00e9nica que engloba distintos medios de expresi\u00f3n atrayentes para el p\u00fablico: m\u00fasica y palabra, unidas en una propuesta sonora de gran valor antropol\u00f3gico y did\u00e1ctico. El espect\u00e1culo es una apolog\u00eda al trabajo y a las tradiciones...","og_url":"https:\/\/www.ull.es\/portal\/agenda\/evento\/canto-al-trabajo-de-la-compania-teatral-pieles\/","og_site_name":"ULL - Agenda","article_modified_time":"2019-10-09T09:28:24+00:00","og_image":[{"width":700,"height":350,"url":"https:\/\/www.ull.es\/portal\/agenda\/wp-content\/uploads\/sites\/12\/2019\/10\/canto-al-trabajo-eventos.jpg","type":"image\/jpeg"}],"twitter_card":"summary_large_image","twitter_misc":{"Tiempo de lectura":"2 minutos"},"schema":{"@context":"https:\/\/schema.org","@graph":[{"@type":"WebPage","@id":"https:\/\/www.ull.es\/portal\/agenda\/evento\/canto-al-trabajo-de-la-compania-teatral-pieles\/","url":"https:\/\/www.ull.es\/portal\/agenda\/evento\/canto-al-trabajo-de-la-compania-teatral-pieles\/","name":"\"Canto al trabajo\" de la compa\u00f1\u00eda teatral Pieles - ULL - Agenda","isPartOf":{"@id":"https:\/\/www.ull.es\/portal\/agenda\/#website"},"datePublished":"2019-10-08T09:10:39+00:00","dateModified":"2019-10-09T09:28:24+00:00","breadcrumb":{"@id":"https:\/\/www.ull.es\/portal\/agenda\/evento\/canto-al-trabajo-de-la-compania-teatral-pieles\/#breadcrumb"},"inLanguage":"es","potentialAction":[{"@type":"ReadAction","target":["https:\/\/www.ull.es\/portal\/agenda\/evento\/canto-al-trabajo-de-la-compania-teatral-pieles\/"]}]},{"@type":"BreadcrumbList","@id":"https:\/\/www.ull.es\/portal\/agenda\/evento\/canto-al-trabajo-de-la-compania-teatral-pieles\/#breadcrumb","itemListElement":[{"@type":"ListItem","position":1,"name":"Portada","item":"https:\/\/www.ull.es\/portal\/agenda\/"},{"@type":"ListItem","position":2,"name":"\u00abCanto al trabajo\u00bb de la compa\u00f1\u00eda teatral Pieles"}]},{"@type":"WebSite","@id":"https:\/\/www.ull.es\/portal\/agenda\/#website","url":"https:\/\/www.ull.es\/portal\/agenda\/","name":"ULL - Agenda","description":"","potentialAction":[{"@type":"SearchAction","target":{"@type":"EntryPoint","urlTemplate":"https:\/\/www.ull.es\/portal\/agenda\/?s={search_term_string}"},"query-input":"required name=search_term_string"}],"inLanguage":"es"}]}},"_links":{"self":[{"href":"https:\/\/www.ull.es\/portal\/agenda\/wp-json\/wp\/v2\/tribe_events\/13860"}],"collection":[{"href":"https:\/\/www.ull.es\/portal\/agenda\/wp-json\/wp\/v2\/tribe_events"}],"about":[{"href":"https:\/\/www.ull.es\/portal\/agenda\/wp-json\/wp\/v2\/types\/tribe_events"}],"author":[{"embeddable":true,"href":"https:\/\/www.ull.es\/portal\/agenda\/wp-json\/wp\/v2\/users\/65"}],"replies":[{"embeddable":true,"href":"https:\/\/www.ull.es\/portal\/agenda\/wp-json\/wp\/v2\/comments?post=13860"}],"version-history":[{"count":3,"href":"https:\/\/www.ull.es\/portal\/agenda\/wp-json\/wp\/v2\/tribe_events\/13860\/revisions"}],"predecessor-version":[{"id":13897,"href":"https:\/\/www.ull.es\/portal\/agenda\/wp-json\/wp\/v2\/tribe_events\/13860\/revisions\/13897"}],"wp:featuredmedia":[{"embeddable":true,"href":"https:\/\/www.ull.es\/portal\/agenda\/wp-json\/wp\/v2\/media\/13868"}],"wp:attachment":[{"href":"https:\/\/www.ull.es\/portal\/agenda\/wp-json\/wp\/v2\/media?parent=13860"}],"wp:term":[{"taxonomy":"post_tag","embeddable":true,"href":"https:\/\/www.ull.es\/portal\/agenda\/wp-json\/wp\/v2\/tags?post=13860"},{"taxonomy":"tribe_events_cat","embeddable":true,"href":"https:\/\/www.ull.es\/portal\/agenda\/wp-json\/wp\/v2\/tribe_events_cat?post=13860"}],"curies":[{"name":"wp","href":"https:\/\/api.w.org\/{rel}","templated":true}]}}