{"id":13941,"date":"2019-10-14T10:39:39","date_gmt":"2019-10-14T10:39:39","guid":{"rendered":"https:\/\/www.ull.es\/portal\/agenda\/?post_type=tribe_events&#038;p=13941"},"modified":"2019-10-16T11:44:57","modified_gmt":"2019-10-16T11:44:57","slug":"exposicion-el-aura-del-color-de-sonia-santana","status":"publish","type":"tribe_events","link":"https:\/\/www.ull.es\/portal\/agenda\/evento\/exposicion-el-aura-del-color-de-sonia-santana\/","title":{"rendered":"Exposici\u00f3n \u00abEl aura del color\u00bb de Sonia Santana"},"content":{"rendered":"<div>La Sala Miguel Guirao de la Secci\u00f3n de Medicina acoger\u00e1 la inauguraci\u00f3n de la exposici\u00f3n \u00abEl aura del color\u00bb. La muestra recopila los trabajos de la artista tinerfe\u00f1a Sonia Santana y permanecer\u00e1 abierta al p\u00fablico hasta el d\u00eda 29 de noviembre de 2019.<\/div>\n<div>\n<p>El origen de la obra de Sonia Santana se encuentra en su admiraci\u00f3n por los artistas de la abstracci\u00f3n l\u00edrica, que le han servido de referente para desarrollarse como artista.<\/p>\n<p>En sus obras hay una intenci\u00f3n sumamente po\u00e9tica. Sus versos se plasman en el lienzo como el arco iris en una hermosa ma\u00f1ana de lluvia, utilizando diferentes materiales que dan volumen y texturas, que fluyen en el lienzo como capas superpuestas. En su t\u00e9cnica mixta predomina el acr\u00edlico y la utilizaci\u00f3n de materiales diversos.<\/p>\n<p>Sus lienzos delatan su yo m\u00e1s interno, plasmado a trav\u00e9s de la pasi\u00f3n por la pintura.<\/p>\n<\/div>\n<div>Para m\u00e1s informaci\u00f3n, pulse este <a href=\"http:\/\/www.soniasantana.net\" target=\"_blank\" rel=\"noopener\">enlace<\/a><\/div>\n<div>\n<div dir=\"ltr\" data-smartmail=\"gmail_signature\">\n<div dir=\"ltr\">\n<div>\n<div dir=\"ltr\">\n<div>\n<div dir=\"ltr\">\n<div>\n<div dir=\"ltr\">\n<div dir=\"ltr\">\n<div dir=\"ltr\">\n<div dir=\"ltr\">\n<div dir=\"ltr\">\n<div dir=\"ltr\">\n<div dir=\"ltr\">\n<div dir=\"ltr\">\n<div dir=\"ltr\">\n<div dir=\"ltr\">\n<div dir=\"ltr\">\n<div dir=\"ltr\">\n<div dir=\"ltr\">\n<div dir=\"ltr\">\n<div dir=\"ltr\">\n<div dir=\"ltr\">\n<div dir=\"ltr\">\n<div dir=\"ltr\">\n<div dir=\"ltr\">\n<div dir=\"ltr\">\n<div dir=\"ltr\">\n<div dir=\"ltr\">\n<div dir=\"ltr\">\n<div dir=\"ltr\">\n<div dir=\"ltr\">\n<div dir=\"ltr\">\n<div dir=\"ltr\">\n<div dir=\"ltr\">\n<div dir=\"ltr\">\n<div dir=\"ltr\">\n<div dir=\"ltr\">\n<div dir=\"ltr\">\n<div dir=\"ltr\">\n<div dir=\"ltr\">\n<div dir=\"ltr\">\n<div dir=\"ltr\">\n<div dir=\"ltr\">\n<div dir=\"ltr\">\n<div dir=\"ltr\">\n<div dir=\"ltr\">\n<div dir=\"ltr\">\n<div dir=\"ltr\">\n<div dir=\"ltr\">\n<div dir=\"ltr\">\n<div dir=\"ltr\">\n<div dir=\"ltr\">\n<div dir=\"ltr\">\n<div dir=\"ltr\">\n<div><\/div>\n<\/div>\n<\/div>\n<\/div>\n<\/div>\n<\/div>\n<\/div>\n<\/div>\n<\/div>\n<\/div>\n<\/div>\n<\/div>\n<\/div>\n<\/div>\n<\/div>\n<\/div>\n<\/div>\n<\/div>\n<\/div>\n<\/div>\n<\/div>\n<\/div>\n<\/div>\n<\/div>\n<\/div>\n<\/div>\n<\/div>\n<\/div>\n<\/div>\n<\/div>\n<\/div>\n<\/div>\n<\/div>\n<\/div>\n<\/div>\n<\/div>\n<\/div>\n<\/div>\n<\/div>\n<\/div>\n<\/div>\n<\/div>\n<\/div>\n<\/div>\n<\/div>\n<\/div>\n<\/div>\n<\/div>\n<\/div>\n<\/div>\n<\/div>\n<\/div>\n<\/div>\n<\/div>\n<\/div>\n<\/div>\n<\/div>\n","protected":false},"excerpt":{"rendered":"<p>La Sala Miguel Guirao de la Secci\u00f3n de Medicina acoger\u00e1 la inauguraci\u00f3n de la exposici\u00f3n \u00abEl aura del color\u00bb. La muestra recopila los trabajos de la artista tinerfe\u00f1a Sonia Santana y permanecer\u00e1 abierta al p\u00fablico hasta el d\u00eda 29 de noviembre de 2019. El origen de la obra de Sonia Santana se encuentra en su&#8230;<\/p>\n","protected":false},"author":65,"featured_media":13942,"comment_status":"closed","ping_status":"closed","template":"","tags":[],"tribe_events_cat":[4,1090],"acf":[],"yoast_head":"<!-- This site is optimized with the Yoast SEO plugin v21.3 - https:\/\/yoast.com\/wordpress\/plugins\/seo\/ -->\n<title>Exposici\u00f3n &quot;El aura del color&quot; de Sonia Santana - ULL - Agenda<\/title>\n<meta name=\"robots\" content=\"index, follow, max-snippet:-1, max-image-preview:large, max-video-preview:-1\" \/>\n<link rel=\"canonical\" href=\"https:\/\/www.ull.es\/portal\/agenda\/evento\/exposicion-el-aura-del-color-de-sonia-santana\/\" \/>\n<meta property=\"og:locale\" content=\"es_ES\" \/>\n<meta property=\"og:type\" content=\"article\" \/>\n<meta property=\"og:title\" content=\"Exposici\u00f3n &quot;El aura del color&quot; de Sonia Santana - ULL - Agenda\" \/>\n<meta property=\"og:description\" content=\"La Sala Miguel Guirao de la Secci\u00f3n de Medicina acoger\u00e1 la inauguraci\u00f3n de la exposici\u00f3n \u00abEl aura del color\u00bb. La muestra recopila los trabajos de la artista tinerfe\u00f1a Sonia Santana y permanecer\u00e1 abierta al p\u00fablico hasta el d\u00eda 29 de noviembre de 2019. El origen de la obra de Sonia Santana se encuentra en su...\" \/>\n<meta property=\"og:url\" content=\"https:\/\/www.ull.es\/portal\/agenda\/evento\/exposicion-el-aura-del-color-de-sonia-santana\/\" \/>\n<meta property=\"og:site_name\" content=\"ULL - Agenda\" \/>\n<meta property=\"article:modified_time\" content=\"2019-10-16T11:44:57+00:00\" \/>\n<meta property=\"og:image\" content=\"https:\/\/www.ull.es\/portal\/agenda\/wp-content\/uploads\/sites\/12\/2019\/10\/aura-del-color-eventos.jpg\" \/>\n\t<meta property=\"og:image:width\" content=\"700\" \/>\n\t<meta property=\"og:image:height\" content=\"350\" \/>\n\t<meta property=\"og:image:type\" content=\"image\/jpeg\" \/>\n<meta name=\"twitter:card\" content=\"summary_large_image\" \/>\n<meta name=\"twitter:label1\" content=\"Tiempo de lectura\" \/>\n\t<meta name=\"twitter:data1\" content=\"1 minuto\" \/>\n<script type=\"application\/ld+json\" class=\"yoast-schema-graph\">{\"@context\":\"https:\/\/schema.org\",\"@graph\":[{\"@type\":\"WebPage\",\"@id\":\"https:\/\/www.ull.es\/portal\/agenda\/evento\/exposicion-el-aura-del-color-de-sonia-santana\/\",\"url\":\"https:\/\/www.ull.es\/portal\/agenda\/evento\/exposicion-el-aura-del-color-de-sonia-santana\/\",\"name\":\"Exposici\u00f3n \\\"El aura del color\\\" de Sonia Santana - ULL - Agenda\",\"isPartOf\":{\"@id\":\"https:\/\/www.ull.es\/portal\/agenda\/#website\"},\"datePublished\":\"2019-10-14T10:39:39+00:00\",\"dateModified\":\"2019-10-16T11:44:57+00:00\",\"breadcrumb\":{\"@id\":\"https:\/\/www.ull.es\/portal\/agenda\/evento\/exposicion-el-aura-del-color-de-sonia-santana\/#breadcrumb\"},\"inLanguage\":\"es\",\"potentialAction\":[{\"@type\":\"ReadAction\",\"target\":[\"https:\/\/www.ull.es\/portal\/agenda\/evento\/exposicion-el-aura-del-color-de-sonia-santana\/\"]}]},{\"@type\":\"BreadcrumbList\",\"@id\":\"https:\/\/www.ull.es\/portal\/agenda\/evento\/exposicion-el-aura-del-color-de-sonia-santana\/#breadcrumb\",\"itemListElement\":[{\"@type\":\"ListItem\",\"position\":1,\"name\":\"Portada\",\"item\":\"https:\/\/www.ull.es\/portal\/agenda\/\"},{\"@type\":\"ListItem\",\"position\":2,\"name\":\"Exposici\u00f3n \u00abEl aura del color\u00bb de Sonia Santana\"}]},{\"@type\":\"WebSite\",\"@id\":\"https:\/\/www.ull.es\/portal\/agenda\/#website\",\"url\":\"https:\/\/www.ull.es\/portal\/agenda\/\",\"name\":\"ULL - Agenda\",\"description\":\"\",\"potentialAction\":[{\"@type\":\"SearchAction\",\"target\":{\"@type\":\"EntryPoint\",\"urlTemplate\":\"https:\/\/www.ull.es\/portal\/agenda\/?s={search_term_string}\"},\"query-input\":\"required name=search_term_string\"}],\"inLanguage\":\"es\"}]}<\/script>\n<!-- \/ Yoast SEO plugin. -->","yoast_head_json":{"title":"Exposici\u00f3n \"El aura del color\" de Sonia Santana - ULL - Agenda","robots":{"index":"index","follow":"follow","max-snippet":"max-snippet:-1","max-image-preview":"max-image-preview:large","max-video-preview":"max-video-preview:-1"},"canonical":"https:\/\/www.ull.es\/portal\/agenda\/evento\/exposicion-el-aura-del-color-de-sonia-santana\/","og_locale":"es_ES","og_type":"article","og_title":"Exposici\u00f3n \"El aura del color\" de Sonia Santana - ULL - Agenda","og_description":"La Sala Miguel Guirao de la Secci\u00f3n de Medicina acoger\u00e1 la inauguraci\u00f3n de la exposici\u00f3n \u00abEl aura del color\u00bb. La muestra recopila los trabajos de la artista tinerfe\u00f1a Sonia Santana y permanecer\u00e1 abierta al p\u00fablico hasta el d\u00eda 29 de noviembre de 2019. El origen de la obra de Sonia Santana se encuentra en su...","og_url":"https:\/\/www.ull.es\/portal\/agenda\/evento\/exposicion-el-aura-del-color-de-sonia-santana\/","og_site_name":"ULL - Agenda","article_modified_time":"2019-10-16T11:44:57+00:00","og_image":[{"width":700,"height":350,"url":"https:\/\/www.ull.es\/portal\/agenda\/wp-content\/uploads\/sites\/12\/2019\/10\/aura-del-color-eventos.jpg","type":"image\/jpeg"}],"twitter_card":"summary_large_image","twitter_misc":{"Tiempo de lectura":"1 minuto"},"schema":{"@context":"https:\/\/schema.org","@graph":[{"@type":"WebPage","@id":"https:\/\/www.ull.es\/portal\/agenda\/evento\/exposicion-el-aura-del-color-de-sonia-santana\/","url":"https:\/\/www.ull.es\/portal\/agenda\/evento\/exposicion-el-aura-del-color-de-sonia-santana\/","name":"Exposici\u00f3n \"El aura del color\" de Sonia Santana - ULL - Agenda","isPartOf":{"@id":"https:\/\/www.ull.es\/portal\/agenda\/#website"},"datePublished":"2019-10-14T10:39:39+00:00","dateModified":"2019-10-16T11:44:57+00:00","breadcrumb":{"@id":"https:\/\/www.ull.es\/portal\/agenda\/evento\/exposicion-el-aura-del-color-de-sonia-santana\/#breadcrumb"},"inLanguage":"es","potentialAction":[{"@type":"ReadAction","target":["https:\/\/www.ull.es\/portal\/agenda\/evento\/exposicion-el-aura-del-color-de-sonia-santana\/"]}]},{"@type":"BreadcrumbList","@id":"https:\/\/www.ull.es\/portal\/agenda\/evento\/exposicion-el-aura-del-color-de-sonia-santana\/#breadcrumb","itemListElement":[{"@type":"ListItem","position":1,"name":"Portada","item":"https:\/\/www.ull.es\/portal\/agenda\/"},{"@type":"ListItem","position":2,"name":"Exposici\u00f3n \u00abEl aura del color\u00bb de Sonia Santana"}]},{"@type":"WebSite","@id":"https:\/\/www.ull.es\/portal\/agenda\/#website","url":"https:\/\/www.ull.es\/portal\/agenda\/","name":"ULL - Agenda","description":"","potentialAction":[{"@type":"SearchAction","target":{"@type":"EntryPoint","urlTemplate":"https:\/\/www.ull.es\/portal\/agenda\/?s={search_term_string}"},"query-input":"required name=search_term_string"}],"inLanguage":"es"}]}},"_links":{"self":[{"href":"https:\/\/www.ull.es\/portal\/agenda\/wp-json\/wp\/v2\/tribe_events\/13941"}],"collection":[{"href":"https:\/\/www.ull.es\/portal\/agenda\/wp-json\/wp\/v2\/tribe_events"}],"about":[{"href":"https:\/\/www.ull.es\/portal\/agenda\/wp-json\/wp\/v2\/types\/tribe_events"}],"author":[{"embeddable":true,"href":"https:\/\/www.ull.es\/portal\/agenda\/wp-json\/wp\/v2\/users\/65"}],"replies":[{"embeddable":true,"href":"https:\/\/www.ull.es\/portal\/agenda\/wp-json\/wp\/v2\/comments?post=13941"}],"version-history":[{"count":2,"href":"https:\/\/www.ull.es\/portal\/agenda\/wp-json\/wp\/v2\/tribe_events\/13941\/revisions"}],"predecessor-version":[{"id":13944,"href":"https:\/\/www.ull.es\/portal\/agenda\/wp-json\/wp\/v2\/tribe_events\/13941\/revisions\/13944"}],"wp:featuredmedia":[{"embeddable":true,"href":"https:\/\/www.ull.es\/portal\/agenda\/wp-json\/wp\/v2\/media\/13942"}],"wp:attachment":[{"href":"https:\/\/www.ull.es\/portal\/agenda\/wp-json\/wp\/v2\/media?parent=13941"}],"wp:term":[{"taxonomy":"post_tag","embeddable":true,"href":"https:\/\/www.ull.es\/portal\/agenda\/wp-json\/wp\/v2\/tags?post=13941"},{"taxonomy":"tribe_events_cat","embeddable":true,"href":"https:\/\/www.ull.es\/portal\/agenda\/wp-json\/wp\/v2\/tribe_events_cat?post=13941"}],"curies":[{"name":"wp","href":"https:\/\/api.w.org\/{rel}","templated":true}]}}