{"id":15413,"date":"2020-01-31T10:57:35","date_gmt":"2020-01-31T10:57:35","guid":{"rendered":"https:\/\/www.ull.es\/portal\/agenda\/?post_type=tribe_events&#038;p=15413"},"modified":"2020-02-10T15:22:18","modified_gmt":"2020-02-10T15:22:18","slug":"celebracion-del-25-aniversario-de-la-facultad-de-educacion","status":"publish","type":"tribe_events","link":"https:\/\/www.ull.es\/portal\/agenda\/evento\/celebracion-del-25-aniversario-de-la-facultad-de-educacion\/","title":{"rendered":"Celebraci\u00f3n del 25 aniversario de la Facultad de Educaci\u00f3n"},"content":{"rendered":"<p><span style=\"font-weight: 400;\">En febrero se cumplen 25 a\u00f1os de la creaci\u00f3n de la Facultad de Educaci\u00f3n de la Universidad de La Laguna. Se cre\u00f3 por el Decreto 16\/1995 con la uni\u00f3n de la antigua Escuela de Formaci\u00f3n del Profesorado de EGB y la Facultad de Pedagog\u00eda. Se trataba de que toda la formaci\u00f3n del profesorado de la educaci\u00f3n no universitaria estuviera en un mismo organismo al que se denomin\u00f3 Centro Superior de Educaci\u00f3n. Esta denominaci\u00f3n se deb\u00eda a que se estableci\u00f3 que todos los centros universitarios que impartieran licenciaturas y diplomaturas se llamaran as\u00ed. Este nombre se modific\u00f3 para tener el actual de Facultad de Educaci\u00f3n por un decreto de 2003 en que todos los centros superiores adquirieron la denominaci\u00f3n de facultad.&nbsp;<\/span><\/p>\n<p><span style=\"font-weight: 400;\">El primer equipo decanal de 1995 se forma por los equipos existentes de la Escuela de Magisterio y de la Facultad de Pedagog\u00eda y tiene como mandato poner en marcha el centro y convocar elecciones para decano. Se unen aqu\u00ed dos tradiciones educativas para formar al profesorado de Canarias: una centenaria (la de la formaci\u00f3n de maestros y maestras) y otra m\u00e1s joven (la de la formaci\u00f3n de pedagogos y pedagogas).<\/span><\/p>\n<p><span style=\"font-weight: 400;\">En la actualidad la facultad cuenta con 4 edificios: tres en el edificio central de la universidad y uno que ocupa la antigua escuela de magisterio en la calle Heraclio S\u00e1nchez. Tiene 2252 alumnos y alumnas, 172 profesores y profesoras (pertenecientes a 21 departamentos) y 20 miembros del PAS. Su equipo directivo est\u00e1 compuesto por un decano, cinco vicedecanos y vicedecanas y una secretaria. Por n\u00famero de alumnos es la segunda facultad m\u00e1s grande de la ULL.<\/span><\/p>\n<p><span style=\"font-weight: 400;\">Sus tres t\u00edtulos de grado son los de Pedagog\u00eda, Maestro en Educaci\u00f3n Infantil y Maestro en Educaci\u00f3n Primaria.&nbsp;<\/span><\/p>\n<p><span style=\"font-weight: 400;\">Se imparten tambi\u00e9n distintos m\u00e1steres: M\u00e1ster en Formaci\u00f3n del Profesorado de Secundaria, Bachillerato, Formaci\u00f3n Profesional y Escuelas Oficiales de Idiomas, M\u00e1ster en Intervenci\u00f3n Pedag\u00f3gica en contextos de educaci\u00f3n formal y no formal y M\u00e1ster en Educaci\u00f3n y TIC. Pr\u00f3ximamente comenzar\u00e1 como m\u00e1ster oficial el de Educaci\u00f3n Biling\u00fce (AICLE). Tambi\u00e9n se importe el diploma de acreditaci\u00f3n para el profesorado de formaci\u00f3n profesional. Posee adem\u00e1s un amplio programa de doctorado.<\/span><\/p>\n<p><span style=\"font-weight: 400;\">La Facultad de Educaci\u00f3n tiene un programa de internacionalizaci\u00f3n cada vez m\u00e1s fuerte. Somos la segunda facultad de este centro acad\u00e9mico en n\u00famero de alumnado internacional. Se tiene convenio con una veintena de universidades europeas (en Reino Unido, Polonia, Bulgaria, Alemania, Portugal, Italia, Turqu\u00eda) pero tambi\u00e9n con universidades de fuera de la Uni\u00f3n Europea.<\/span><\/p>\n<p><span style=\"font-weight: 400;\">La Facultad edita su propio bolet\u00edn informativo (ECOS) y este a\u00f1o estrenar\u00e1 un programa cultural \u201cVidilla\u201d para revitalizar la oferta cultural y formativa.<\/span><\/p>\n<p><span style=\"font-weight: 400;\">A lo largo de este a\u00f1o se celebran diferentes actos para conmemorar el 25 aniversario.<\/span><\/p>\n<p><span style=\"font-weight: 400;\">Se har\u00e1n diferentes seminarios, actuaciones y conferencias entre los que destacan uno sobre \u201c25 a\u00f1os de investigaci\u00f3n en la Facultad de Educaci\u00f3n\u00bb; \u201cRecordamos\u201d donde se rememorar\u00e1n actividades que se han realizado en el centro en su larga trayectoria; se inaugurar\u00e1 una \u201cSala de decanos y decanas\u201d; se har\u00e1 un mural conmemorativo a cargo de Giroarte y alumnado de la facultad y otros tipos de eventos deportivos y culturales.<\/span><\/p>\n<p><a href=\"https:\/\/drive.google.com\/file\/d\/1SN6hvAT7IPbCyzFdfF6EwgNLWbg1fGSv\/view?usp=sharing\" target=\"_blank\" rel=\"noopener\">Programa<\/a><\/p>\n","protected":false},"excerpt":{"rendered":"<p>En febrero se cumplen 25 a\u00f1os de la creaci\u00f3n de la Facultad de Educaci\u00f3n de la Universidad de La Laguna. Se cre\u00f3 por el Decreto 16\/1995 con la uni\u00f3n de la antigua Escuela de Formaci\u00f3n del Profesorado de EGB y la Facultad de Pedagog\u00eda. Se trataba de que toda la formaci\u00f3n del profesorado de la&#8230;<\/p>\n","protected":false},"author":65,"featured_media":15508,"comment_status":"closed","ping_status":"closed","template":"","tags":[],"tribe_events_cat":[4,815],"acf":[],"yoast_head":"<!-- This site is optimized with the Yoast SEO plugin v21.3 - https:\/\/yoast.com\/wordpress\/plugins\/seo\/ -->\n<title>Celebraci\u00f3n del 25 aniversario de la Facultad de Educaci\u00f3n - ULL - Agenda<\/title>\n<meta name=\"robots\" content=\"index, follow, max-snippet:-1, max-image-preview:large, max-video-preview:-1\" \/>\n<link rel=\"canonical\" href=\"https:\/\/www.ull.es\/portal\/agenda\/evento\/celebracion-del-25-aniversario-de-la-facultad-de-educacion\/\" \/>\n<meta property=\"og:locale\" content=\"es_ES\" \/>\n<meta property=\"og:type\" content=\"article\" \/>\n<meta property=\"og:title\" content=\"Celebraci\u00f3n del 25 aniversario de la Facultad de Educaci\u00f3n - ULL - Agenda\" \/>\n<meta property=\"og:description\" content=\"En febrero se cumplen 25 a\u00f1os de la creaci\u00f3n de la Facultad de Educaci\u00f3n de la Universidad de La Laguna. Se cre\u00f3 por el Decreto 16\/1995 con la uni\u00f3n de la antigua Escuela de Formaci\u00f3n del Profesorado de EGB y la Facultad de Pedagog\u00eda. Se trataba de que toda la formaci\u00f3n del profesorado de la...\" \/>\n<meta property=\"og:url\" content=\"https:\/\/www.ull.es\/portal\/agenda\/evento\/celebracion-del-25-aniversario-de-la-facultad-de-educacion\/\" \/>\n<meta property=\"og:site_name\" content=\"ULL - Agenda\" \/>\n<meta property=\"article:modified_time\" content=\"2020-02-10T15:22:18+00:00\" \/>\n<meta property=\"og:image\" content=\"https:\/\/www.ull.es\/portal\/agenda\/wp-content\/uploads\/sites\/12\/2020\/01\/nnnn.jpg\" \/>\n\t<meta property=\"og:image:width\" content=\"700\" \/>\n\t<meta property=\"og:image:height\" content=\"350\" \/>\n\t<meta property=\"og:image:type\" content=\"image\/jpeg\" \/>\n<meta name=\"twitter:card\" content=\"summary_large_image\" \/>\n<meta name=\"twitter:label1\" content=\"Tiempo de lectura\" \/>\n\t<meta name=\"twitter:data1\" content=\"3 minutos\" \/>\n<script type=\"application\/ld+json\" class=\"yoast-schema-graph\">{\"@context\":\"https:\/\/schema.org\",\"@graph\":[{\"@type\":\"WebPage\",\"@id\":\"https:\/\/www.ull.es\/portal\/agenda\/evento\/celebracion-del-25-aniversario-de-la-facultad-de-educacion\/\",\"url\":\"https:\/\/www.ull.es\/portal\/agenda\/evento\/celebracion-del-25-aniversario-de-la-facultad-de-educacion\/\",\"name\":\"Celebraci\u00f3n del 25 aniversario de la Facultad de Educaci\u00f3n - ULL - Agenda\",\"isPartOf\":{\"@id\":\"https:\/\/www.ull.es\/portal\/agenda\/#website\"},\"datePublished\":\"2020-01-31T10:57:35+00:00\",\"dateModified\":\"2020-02-10T15:22:18+00:00\",\"breadcrumb\":{\"@id\":\"https:\/\/www.ull.es\/portal\/agenda\/evento\/celebracion-del-25-aniversario-de-la-facultad-de-educacion\/#breadcrumb\"},\"inLanguage\":\"es\",\"potentialAction\":[{\"@type\":\"ReadAction\",\"target\":[\"https:\/\/www.ull.es\/portal\/agenda\/evento\/celebracion-del-25-aniversario-de-la-facultad-de-educacion\/\"]}]},{\"@type\":\"BreadcrumbList\",\"@id\":\"https:\/\/www.ull.es\/portal\/agenda\/evento\/celebracion-del-25-aniversario-de-la-facultad-de-educacion\/#breadcrumb\",\"itemListElement\":[{\"@type\":\"ListItem\",\"position\":1,\"name\":\"Portada\",\"item\":\"https:\/\/www.ull.es\/portal\/agenda\/\"},{\"@type\":\"ListItem\",\"position\":2,\"name\":\"Celebraci\u00f3n del 25 aniversario de la Facultad de Educaci\u00f3n\"}]},{\"@type\":\"WebSite\",\"@id\":\"https:\/\/www.ull.es\/portal\/agenda\/#website\",\"url\":\"https:\/\/www.ull.es\/portal\/agenda\/\",\"name\":\"ULL - Agenda\",\"description\":\"\",\"potentialAction\":[{\"@type\":\"SearchAction\",\"target\":{\"@type\":\"EntryPoint\",\"urlTemplate\":\"https:\/\/www.ull.es\/portal\/agenda\/?s={search_term_string}\"},\"query-input\":\"required name=search_term_string\"}],\"inLanguage\":\"es\"}]}<\/script>\n<!-- \/ Yoast SEO plugin. -->","yoast_head_json":{"title":"Celebraci\u00f3n del 25 aniversario de la Facultad de Educaci\u00f3n - ULL - Agenda","robots":{"index":"index","follow":"follow","max-snippet":"max-snippet:-1","max-image-preview":"max-image-preview:large","max-video-preview":"max-video-preview:-1"},"canonical":"https:\/\/www.ull.es\/portal\/agenda\/evento\/celebracion-del-25-aniversario-de-la-facultad-de-educacion\/","og_locale":"es_ES","og_type":"article","og_title":"Celebraci\u00f3n del 25 aniversario de la Facultad de Educaci\u00f3n - ULL - Agenda","og_description":"En febrero se cumplen 25 a\u00f1os de la creaci\u00f3n de la Facultad de Educaci\u00f3n de la Universidad de La Laguna. Se cre\u00f3 por el Decreto 16\/1995 con la uni\u00f3n de la antigua Escuela de Formaci\u00f3n del Profesorado de EGB y la Facultad de Pedagog\u00eda. Se trataba de que toda la formaci\u00f3n del profesorado de la...","og_url":"https:\/\/www.ull.es\/portal\/agenda\/evento\/celebracion-del-25-aniversario-de-la-facultad-de-educacion\/","og_site_name":"ULL - Agenda","article_modified_time":"2020-02-10T15:22:18+00:00","og_image":[{"width":700,"height":350,"url":"https:\/\/www.ull.es\/portal\/agenda\/wp-content\/uploads\/sites\/12\/2020\/01\/nnnn.jpg","type":"image\/jpeg"}],"twitter_card":"summary_large_image","twitter_misc":{"Tiempo de lectura":"3 minutos"},"schema":{"@context":"https:\/\/schema.org","@graph":[{"@type":"WebPage","@id":"https:\/\/www.ull.es\/portal\/agenda\/evento\/celebracion-del-25-aniversario-de-la-facultad-de-educacion\/","url":"https:\/\/www.ull.es\/portal\/agenda\/evento\/celebracion-del-25-aniversario-de-la-facultad-de-educacion\/","name":"Celebraci\u00f3n del 25 aniversario de la Facultad de Educaci\u00f3n - ULL - Agenda","isPartOf":{"@id":"https:\/\/www.ull.es\/portal\/agenda\/#website"},"datePublished":"2020-01-31T10:57:35+00:00","dateModified":"2020-02-10T15:22:18+00:00","breadcrumb":{"@id":"https:\/\/www.ull.es\/portal\/agenda\/evento\/celebracion-del-25-aniversario-de-la-facultad-de-educacion\/#breadcrumb"},"inLanguage":"es","potentialAction":[{"@type":"ReadAction","target":["https:\/\/www.ull.es\/portal\/agenda\/evento\/celebracion-del-25-aniversario-de-la-facultad-de-educacion\/"]}]},{"@type":"BreadcrumbList","@id":"https:\/\/www.ull.es\/portal\/agenda\/evento\/celebracion-del-25-aniversario-de-la-facultad-de-educacion\/#breadcrumb","itemListElement":[{"@type":"ListItem","position":1,"name":"Portada","item":"https:\/\/www.ull.es\/portal\/agenda\/"},{"@type":"ListItem","position":2,"name":"Celebraci\u00f3n del 25 aniversario de la Facultad de Educaci\u00f3n"}]},{"@type":"WebSite","@id":"https:\/\/www.ull.es\/portal\/agenda\/#website","url":"https:\/\/www.ull.es\/portal\/agenda\/","name":"ULL - Agenda","description":"","potentialAction":[{"@type":"SearchAction","target":{"@type":"EntryPoint","urlTemplate":"https:\/\/www.ull.es\/portal\/agenda\/?s={search_term_string}"},"query-input":"required name=search_term_string"}],"inLanguage":"es"}]}},"_links":{"self":[{"href":"https:\/\/www.ull.es\/portal\/agenda\/wp-json\/wp\/v2\/tribe_events\/15413"}],"collection":[{"href":"https:\/\/www.ull.es\/portal\/agenda\/wp-json\/wp\/v2\/tribe_events"}],"about":[{"href":"https:\/\/www.ull.es\/portal\/agenda\/wp-json\/wp\/v2\/types\/tribe_events"}],"author":[{"embeddable":true,"href":"https:\/\/www.ull.es\/portal\/agenda\/wp-json\/wp\/v2\/users\/65"}],"replies":[{"embeddable":true,"href":"https:\/\/www.ull.es\/portal\/agenda\/wp-json\/wp\/v2\/comments?post=15413"}],"version-history":[{"count":3,"href":"https:\/\/www.ull.es\/portal\/agenda\/wp-json\/wp\/v2\/tribe_events\/15413\/revisions"}],"predecessor-version":[{"id":15425,"href":"https:\/\/www.ull.es\/portal\/agenda\/wp-json\/wp\/v2\/tribe_events\/15413\/revisions\/15425"}],"wp:featuredmedia":[{"embeddable":true,"href":"https:\/\/www.ull.es\/portal\/agenda\/wp-json\/wp\/v2\/media\/15508"}],"wp:attachment":[{"href":"https:\/\/www.ull.es\/portal\/agenda\/wp-json\/wp\/v2\/media?parent=15413"}],"wp:term":[{"taxonomy":"post_tag","embeddable":true,"href":"https:\/\/www.ull.es\/portal\/agenda\/wp-json\/wp\/v2\/tags?post=15413"},{"taxonomy":"tribe_events_cat","embeddable":true,"href":"https:\/\/www.ull.es\/portal\/agenda\/wp-json\/wp\/v2\/tribe_events_cat?post=15413"}],"curies":[{"name":"wp","href":"https:\/\/api.w.org\/{rel}","templated":true}]}}