{"id":15518,"date":"2020-02-11T11:48:31","date_gmt":"2020-02-11T11:48:31","guid":{"rendered":"https:\/\/www.ull.es\/portal\/agenda\/?post_type=tribe_events&#038;p=15518"},"modified":"2020-02-11T11:48:31","modified_gmt":"2020-02-11T11:48:31","slug":"jornada-bim-aplicado-a-la-contratacion-de-obras-publicas-fundamentos-para-preparar-un-pliego-y-licitar-con-metodologia-bim","status":"publish","type":"tribe_events","link":"https:\/\/www.ull.es\/portal\/agenda\/evento\/jornada-bim-aplicado-a-la-contratacion-de-obras-publicas-fundamentos-para-preparar-un-pliego-y-licitar-con-metodologia-bim\/","title":{"rendered":"Jornada: &#8216;BIM aplicado a la contrataci\u00f3n de obras p\u00fablicas: Fundamentos para preparar un pliego y licitar con metodolog\u00eda BIM&#8217;"},"content":{"rendered":"<p>Formaci\u00f3n subvencionada RD 472\/209 para el conocimiento de la metodolog\u00eda BIM aplicada a la contrataci\u00f3n y licitaci\u00f3n de obras p\u00fablicas:<\/p>\n<ul>\n<li>Fundamentos para licitar un contrato con metodolog\u00eda BIM<\/li>\n<li>Fundamentos para preparar un pliego con metodolog\u00eda BIM<\/li>\n<\/ul>\n<p>&nbsp;<\/p>\n<p><a href=\"https:\/\/drive.google.com\/file\/d\/1Y-jj87_2nIe4qdi8KMLLNq9cuntQPmm_\/view?usp=sharing\" target=\"_blank\" rel=\"noopener\">Programa<\/a><\/p>\n<div><\/div>\n","protected":false},"excerpt":{"rendered":"<p>Formaci\u00f3n subvencionada RD 472\/209 para el conocimiento de la metodolog\u00eda BIM aplicada a la contrataci\u00f3n y licitaci\u00f3n de obras p\u00fablicas: Fundamentos para licitar un contrato con metodolog\u00eda BIM Fundamentos para preparar un pliego con metodolog\u00eda BIM &nbsp; Programa<\/p>\n","protected":false},"author":65,"featured_media":15519,"comment_status":"closed","ping_status":"closed","template":"","tags":[],"tribe_events_cat":[4,1103,915,362,191,555],"acf":[],"yoast_head":"<!-- This site is optimized with the Yoast SEO plugin v21.3 - https:\/\/yoast.com\/wordpress\/plugins\/seo\/ -->\n<title>Jornada: &#039;BIM aplicado a la contrataci\u00f3n de obras p\u00fablicas: Fundamentos para preparar un pliego y licitar con metodolog\u00eda BIM&#039; - ULL - Agenda<\/title>\n<meta name=\"robots\" content=\"index, follow, max-snippet:-1, max-image-preview:large, max-video-preview:-1\" \/>\n<link rel=\"canonical\" href=\"https:\/\/www.ull.es\/portal\/agenda\/evento\/jornada-bim-aplicado-a-la-contratacion-de-obras-publicas-fundamentos-para-preparar-un-pliego-y-licitar-con-metodologia-bim\/\" \/>\n<meta property=\"og:locale\" content=\"es_ES\" \/>\n<meta property=\"og:type\" content=\"article\" \/>\n<meta property=\"og:title\" content=\"Jornada: &#039;BIM aplicado a la contrataci\u00f3n de obras p\u00fablicas: Fundamentos para preparar un pliego y licitar con metodolog\u00eda BIM&#039; - ULL - Agenda\" \/>\n<meta property=\"og:description\" content=\"Formaci\u00f3n subvencionada RD 472\/209 para el conocimiento de la metodolog\u00eda BIM aplicada a la contrataci\u00f3n y licitaci\u00f3n de obras p\u00fablicas: Fundamentos para licitar un contrato con metodolog\u00eda BIM Fundamentos para preparar un pliego con metodolog\u00eda BIM &nbsp; Programa\" \/>\n<meta property=\"og:url\" content=\"https:\/\/www.ull.es\/portal\/agenda\/evento\/jornada-bim-aplicado-a-la-contratacion-de-obras-publicas-fundamentos-para-preparar-un-pliego-y-licitar-con-metodologia-bim\/\" \/>\n<meta property=\"og:site_name\" content=\"ULL - Agenda\" \/>\n<meta property=\"og:image\" content=\"https:\/\/www.ull.es\/portal\/agenda\/wp-content\/uploads\/sites\/12\/2020\/02\/BIM-aplicado-eventos.jpg\" \/>\n\t<meta property=\"og:image:width\" content=\"700\" \/>\n\t<meta property=\"og:image:height\" content=\"350\" \/>\n\t<meta property=\"og:image:type\" content=\"image\/jpeg\" \/>\n<meta name=\"twitter:card\" content=\"summary_large_image\" \/>\n<script type=\"application\/ld+json\" class=\"yoast-schema-graph\">{\"@context\":\"https:\/\/schema.org\",\"@graph\":[{\"@type\":\"WebPage\",\"@id\":\"https:\/\/www.ull.es\/portal\/agenda\/evento\/jornada-bim-aplicado-a-la-contratacion-de-obras-publicas-fundamentos-para-preparar-un-pliego-y-licitar-con-metodologia-bim\/\",\"url\":\"https:\/\/www.ull.es\/portal\/agenda\/evento\/jornada-bim-aplicado-a-la-contratacion-de-obras-publicas-fundamentos-para-preparar-un-pliego-y-licitar-con-metodologia-bim\/\",\"name\":\"Jornada: 'BIM aplicado a la contrataci\u00f3n de obras p\u00fablicas: Fundamentos para preparar un pliego y licitar con metodolog\u00eda BIM' - ULL - Agenda\",\"isPartOf\":{\"@id\":\"https:\/\/www.ull.es\/portal\/agenda\/#website\"},\"datePublished\":\"2020-02-11T11:48:31+00:00\",\"dateModified\":\"2020-02-11T11:48:31+00:00\",\"breadcrumb\":{\"@id\":\"https:\/\/www.ull.es\/portal\/agenda\/evento\/jornada-bim-aplicado-a-la-contratacion-de-obras-publicas-fundamentos-para-preparar-un-pliego-y-licitar-con-metodologia-bim\/#breadcrumb\"},\"inLanguage\":\"es\",\"potentialAction\":[{\"@type\":\"ReadAction\",\"target\":[\"https:\/\/www.ull.es\/portal\/agenda\/evento\/jornada-bim-aplicado-a-la-contratacion-de-obras-publicas-fundamentos-para-preparar-un-pliego-y-licitar-con-metodologia-bim\/\"]}]},{\"@type\":\"BreadcrumbList\",\"@id\":\"https:\/\/www.ull.es\/portal\/agenda\/evento\/jornada-bim-aplicado-a-la-contratacion-de-obras-publicas-fundamentos-para-preparar-un-pliego-y-licitar-con-metodologia-bim\/#breadcrumb\",\"itemListElement\":[{\"@type\":\"ListItem\",\"position\":1,\"name\":\"Portada\",\"item\":\"https:\/\/www.ull.es\/portal\/agenda\/\"},{\"@type\":\"ListItem\",\"position\":2,\"name\":\"Jornada: &#8216;BIM aplicado a la contrataci\u00f3n de obras p\u00fablicas: Fundamentos para preparar un pliego y licitar con metodolog\u00eda BIM&#8217;\"}]},{\"@type\":\"WebSite\",\"@id\":\"https:\/\/www.ull.es\/portal\/agenda\/#website\",\"url\":\"https:\/\/www.ull.es\/portal\/agenda\/\",\"name\":\"ULL - Agenda\",\"description\":\"\",\"potentialAction\":[{\"@type\":\"SearchAction\",\"target\":{\"@type\":\"EntryPoint\",\"urlTemplate\":\"https:\/\/www.ull.es\/portal\/agenda\/?s={search_term_string}\"},\"query-input\":\"required name=search_term_string\"}],\"inLanguage\":\"es\"}]}<\/script>\n<!-- \/ Yoast SEO plugin. -->","yoast_head_json":{"title":"Jornada: 'BIM aplicado a la contrataci\u00f3n de obras p\u00fablicas: Fundamentos para preparar un pliego y licitar con metodolog\u00eda BIM' - ULL - Agenda","robots":{"index":"index","follow":"follow","max-snippet":"max-snippet:-1","max-image-preview":"max-image-preview:large","max-video-preview":"max-video-preview:-1"},"canonical":"https:\/\/www.ull.es\/portal\/agenda\/evento\/jornada-bim-aplicado-a-la-contratacion-de-obras-publicas-fundamentos-para-preparar-un-pliego-y-licitar-con-metodologia-bim\/","og_locale":"es_ES","og_type":"article","og_title":"Jornada: 'BIM aplicado a la contrataci\u00f3n de obras p\u00fablicas: Fundamentos para preparar un pliego y licitar con metodolog\u00eda BIM' - ULL - Agenda","og_description":"Formaci\u00f3n subvencionada RD 472\/209 para el conocimiento de la metodolog\u00eda BIM aplicada a la contrataci\u00f3n y licitaci\u00f3n de obras p\u00fablicas: Fundamentos para licitar un contrato con metodolog\u00eda BIM Fundamentos para preparar un pliego con metodolog\u00eda BIM &nbsp; Programa","og_url":"https:\/\/www.ull.es\/portal\/agenda\/evento\/jornada-bim-aplicado-a-la-contratacion-de-obras-publicas-fundamentos-para-preparar-un-pliego-y-licitar-con-metodologia-bim\/","og_site_name":"ULL - Agenda","og_image":[{"width":700,"height":350,"url":"https:\/\/www.ull.es\/portal\/agenda\/wp-content\/uploads\/sites\/12\/2020\/02\/BIM-aplicado-eventos.jpg","type":"image\/jpeg"}],"twitter_card":"summary_large_image","schema":{"@context":"https:\/\/schema.org","@graph":[{"@type":"WebPage","@id":"https:\/\/www.ull.es\/portal\/agenda\/evento\/jornada-bim-aplicado-a-la-contratacion-de-obras-publicas-fundamentos-para-preparar-un-pliego-y-licitar-con-metodologia-bim\/","url":"https:\/\/www.ull.es\/portal\/agenda\/evento\/jornada-bim-aplicado-a-la-contratacion-de-obras-publicas-fundamentos-para-preparar-un-pliego-y-licitar-con-metodologia-bim\/","name":"Jornada: 'BIM aplicado a la contrataci\u00f3n de obras p\u00fablicas: Fundamentos para preparar un pliego y licitar con metodolog\u00eda BIM' - ULL - Agenda","isPartOf":{"@id":"https:\/\/www.ull.es\/portal\/agenda\/#website"},"datePublished":"2020-02-11T11:48:31+00:00","dateModified":"2020-02-11T11:48:31+00:00","breadcrumb":{"@id":"https:\/\/www.ull.es\/portal\/agenda\/evento\/jornada-bim-aplicado-a-la-contratacion-de-obras-publicas-fundamentos-para-preparar-un-pliego-y-licitar-con-metodologia-bim\/#breadcrumb"},"inLanguage":"es","potentialAction":[{"@type":"ReadAction","target":["https:\/\/www.ull.es\/portal\/agenda\/evento\/jornada-bim-aplicado-a-la-contratacion-de-obras-publicas-fundamentos-para-preparar-un-pliego-y-licitar-con-metodologia-bim\/"]}]},{"@type":"BreadcrumbList","@id":"https:\/\/www.ull.es\/portal\/agenda\/evento\/jornada-bim-aplicado-a-la-contratacion-de-obras-publicas-fundamentos-para-preparar-un-pliego-y-licitar-con-metodologia-bim\/#breadcrumb","itemListElement":[{"@type":"ListItem","position":1,"name":"Portada","item":"https:\/\/www.ull.es\/portal\/agenda\/"},{"@type":"ListItem","position":2,"name":"Jornada: &#8216;BIM aplicado a la contrataci\u00f3n de obras p\u00fablicas: Fundamentos para preparar un pliego y licitar con metodolog\u00eda BIM&#8217;"}]},{"@type":"WebSite","@id":"https:\/\/www.ull.es\/portal\/agenda\/#website","url":"https:\/\/www.ull.es\/portal\/agenda\/","name":"ULL - Agenda","description":"","potentialAction":[{"@type":"SearchAction","target":{"@type":"EntryPoint","urlTemplate":"https:\/\/www.ull.es\/portal\/agenda\/?s={search_term_string}"},"query-input":"required name=search_term_string"}],"inLanguage":"es"}]}},"_links":{"self":[{"href":"https:\/\/www.ull.es\/portal\/agenda\/wp-json\/wp\/v2\/tribe_events\/15518"}],"collection":[{"href":"https:\/\/www.ull.es\/portal\/agenda\/wp-json\/wp\/v2\/tribe_events"}],"about":[{"href":"https:\/\/www.ull.es\/portal\/agenda\/wp-json\/wp\/v2\/types\/tribe_events"}],"author":[{"embeddable":true,"href":"https:\/\/www.ull.es\/portal\/agenda\/wp-json\/wp\/v2\/users\/65"}],"replies":[{"embeddable":true,"href":"https:\/\/www.ull.es\/portal\/agenda\/wp-json\/wp\/v2\/comments?post=15518"}],"version-history":[{"count":1,"href":"https:\/\/www.ull.es\/portal\/agenda\/wp-json\/wp\/v2\/tribe_events\/15518\/revisions"}],"predecessor-version":[{"id":15520,"href":"https:\/\/www.ull.es\/portal\/agenda\/wp-json\/wp\/v2\/tribe_events\/15518\/revisions\/15520"}],"wp:featuredmedia":[{"embeddable":true,"href":"https:\/\/www.ull.es\/portal\/agenda\/wp-json\/wp\/v2\/media\/15519"}],"wp:attachment":[{"href":"https:\/\/www.ull.es\/portal\/agenda\/wp-json\/wp\/v2\/media?parent=15518"}],"wp:term":[{"taxonomy":"post_tag","embeddable":true,"href":"https:\/\/www.ull.es\/portal\/agenda\/wp-json\/wp\/v2\/tags?post=15518"},{"taxonomy":"tribe_events_cat","embeddable":true,"href":"https:\/\/www.ull.es\/portal\/agenda\/wp-json\/wp\/v2\/tribe_events_cat?post=15518"}],"curies":[{"name":"wp","href":"https:\/\/api.w.org\/{rel}","templated":true}]}}