{"id":16806,"date":"2020-09-02T13:09:59","date_gmt":"2020-09-02T13:09:59","guid":{"rendered":"https:\/\/www.ull.es\/portal\/agenda\/?post_type=tribe_events&#038;p=16806"},"modified":"2020-10-09T13:11:36","modified_gmt":"2020-10-09T13:11:36","slug":"seminario-cesco-34-economia-social-y-la-vivienda-colaborativa-cohousing","status":"publish","type":"tribe_events","link":"https:\/\/www.ull.es\/portal\/agenda\/evento\/seminario-cesco-34-economia-social-y-la-vivienda-colaborativa-cohousing\/","title":{"rendered":"Seminario CESCO 34 \u201cLa econom\u00eda social y la vivienda colaborativa (cohousing)\u201d"},"content":{"rendered":"<p>Actividad de Extensi\u00f3n Universitaria organizada por la C\u00e1tedra Cajasiete de Econom\u00eda Social y Cooperativa dentro del marco de\u00a0<a href=\"https:\/\/www.ull.es\/portal\/cursosextension\/cursos-de-catedras-institucionales-y-de-empresa\/seminarios-intercatedras-2020-2021\/\" target=\"_blank\" rel=\"noopener noreferrer\" target=\"_blank\" rel=\"noopener\">\u00abSeminarios Interc\u00e1tedras 2020\/2021\u00bb<\/a>.<\/p>\n<p>Objetivos:<\/p>\n<ul>\n<li>HABLEMOS DEL POR QU\u00c9. Los principios cooperativos ante la necesidad de un nuevo modelo de convivencia.<\/li>\n<li>HABLEMOS DEL C\u00d3MO. La vivienda colaborativa en cesi\u00f3n de uso en r\u00e9gimen cooperativo como acceso al derecho de vivienda.<\/li>\n<li>EL PAPEL DE LA UNIVERSIDAD. Necesidad de an\u00e1lisis e identificaci\u00f3n de los nuevos modelos de convivencia (incidencia en cambios jur\u00eddicos, normativos, de urbanismo, sociol\u00f3gicos entre otros).<\/li>\n<li>SOBRE LAS ESTRATEGIAS P\u00daBLICAS. Planes de promoci\u00f3n de vivienda con la colaboraci\u00f3n p\u00fablico-privada.<\/li>\n<li>EXPERIENCIAS. Presentaci\u00f3n de algunas comunidades cohousing en Canarias.<\/li>\n<\/ul>\n<p>&nbsp;<\/p>\n<p>Participan:<\/p>\n<ul>\n<li>Miguel \u00c1ngel Mira Illana. Arquitecto. Asociaci\u00f3n Jubilares. Se incorpora al equipo del Estudio de Arquitectura fundado en 1992 por Jos\u00e9 Milla, Miguel \u00c1ngel Mira y Gustavo Navarro. Posee experiencia tanto en trabajos de Urbanismo como de Edificaci\u00f3n y se orienta a la realizaci\u00f3n de productos de elevada calidad arquitect\u00f3nica y t\u00e9cnica. Actualmente su actividad en el campo de la arquitectura se centra en trabajos para las Administraciones P\u00fablicas, en especial en el \u00e1mbito de los edificios socio-sanitarios, judiciales y singulares, marcados por su car\u00e1cter representativo y su complejidad funcional. Por otra parte, tambi\u00e9n ha construido y proyectado edificios singulares, viviendas y oficinas para clientes particulares en busca de productos m\u00e1s elaborados y de m\u00e1s alto valor a\u00f1adido. Asimismo est\u00e1n especializados en rehabilitaci\u00f3n de edificios, arquitectura y urbanismo accesible, urbanismo y arquitectura basada en metodolog\u00edas participativas y entornos adecuados para el envejecimiento activo y personas con diversidad funcional.<\/li>\n<li>David Guardia. Sostre Civic. Es responsable del modelo de vivienda cooperativa en cesi\u00f3n de uso de la cooperativa Sostre Civic y una de las personas coordinadoras de la cooperativa. Miembro del Consejo Rector de la Federaci\u00f3n de Cooperativas de Viviendas de Catalu\u00f1a y de la Confederaci\u00f3n de Cooperativas de Catalu\u00f1a, as\u00ed como miembro de la sectorial de vivienda cooperativa de la Red de Econom\u00eda Solidaria en Catalu\u00f1a.<\/li>\n<li>Aida L\u00f3pez Urbaneja. Investigadora de la C\u00e1tedra UNESCO Paisajes Culturales y Patrimonio (UPV\/EHU), Universidad del Pa\u00eds Vasco. Licenciada en Ciencias Ambientales por la UPV\/EHU (2009), M\u00e1ster en Paisajismo (UPC) y Gesti\u00f3n del Paisaje (UPV\/EHU), ha desarrollado su \u00a0actividad profesional en torno a la Participaci\u00f3n Ciudadana y la Gesti\u00f3n del Paisaje y Patrimonio. Actualmente compatibiliza su trabajo en la C\u00e1tedra UNESCO de Paisajes Culturales y Patrimonio, con la investigaci\u00f3n sobre los protocolos de socializaci\u00f3n para la mejora de la Gesti\u00f3n del Paisaje. Genera herramientas donde se promueve la participaci\u00f3n como f\u00f3rmula para identificar necesidades y aspiraciones que favorecen una planificaci\u00f3n cuidadosa del territorio. Adem\u00e1s, desde su primera experiencia profesional en el centro de Investigaci\u00f3n Medioambiental UFZ (Leipzig, Alemania), pasando por Barcelona donde cofund\u00f3 el colectivo BCNlandscape, hasta hoy en d\u00eda en la Comunidad Aut\u00f3noma del Pa\u00eds Vasco, ha desarrollado proyectos nacionales e internacionales relacionados con la educaci\u00f3n y sensibilizaci\u00f3n medioambiental, recuperaci\u00f3n paisaj\u00edstica e instalaciones ef\u00edmeras, entre otras.<\/li>\n<li>Javier Bur\u00f3n. Gerente de Viviendas del Ayuntamiento de Barcelona. Instituto Municipal de la Vivienda y Rehabilitaci\u00f3n.<\/li>\n<\/ul>\n<p>Presenta: Jos\u00e9 Carlos Hern\u00e1ndez Gonz\u00e1lez. Secretario de la Asociaci\u00f3n Canarias Cohousing. Gestor\/T\u00e9cnico y Facilitador de innovaci\u00f3n en organizaciones y empresas. Consultor de la Econom\u00eda del Bien Com\u00fan.<\/p>\n<p>Dirige: C\u00e1ndido Rom\u00e1n Cervantes, Profesor Titular de Universidad, Departamento de Direcci\u00f3n de Empresas e Historia Econ\u00f3mica de la ULL. Director de la C\u00e1tedra Cajasiete de Econom\u00eda Social y Colaborativa de la ULL.<\/p>\n<p><a href=\"https:\/\/sede.fg.ull.es\/es\/curso\/detalle\/a20020116\/seminario-cesco-34-economia-social-y-la-vivienda-colaborativa-cohousing\" target=\"_blank\" rel=\"noopener noreferrer\" target=\"_blank\" rel=\"noopener\"><strong><u>Consulta el programa e inscr\u00edbete aqu\u00ed.<\/u><\/strong><\/a><\/p>\n<p><strong>Contacto:\u00a0<\/strong><a href=\"mailto:extuni@ull.edu.es\" target=\"_blank\" rel=\"noopener\"><strong>extuni@ull.es<\/strong><\/a><\/p>\n","protected":false},"excerpt":{"rendered":"<p>Actividad de Extensi\u00f3n Universitaria organizada por la C\u00e1tedra Cajasiete de Econom\u00eda Social y Cooperativa dentro del marco de\u00a0\u00abSeminarios Interc\u00e1tedras 2020\/2021\u00bb. Objetivos: HABLEMOS DEL POR QU\u00c9. Los principios cooperativos ante la necesidad de un nuevo modelo de convivencia. HABLEMOS DEL C\u00d3MO. La vivienda colaborativa en cesi\u00f3n de uso en r\u00e9gimen cooperativo como acceso al derecho de&#8230;<\/p>\n","protected":false},"author":43,"featured_media":16834,"comment_status":"closed","ping_status":"closed","template":"","tags":[1455,3556,3176,835,1685,22,3557],"tribe_events_cat":[472,3165,4,186,191],"acf":[],"yoast_head":"<!-- This site is optimized with the Yoast SEO plugin v21.3 - https:\/\/yoast.com\/wordpress\/plugins\/seo\/ -->\n<title>Seminario CESCO 34 \u201cLa econom\u00eda social y la vivienda colaborativa (cohousing)\u201d - ULL - Agenda<\/title>\n<meta name=\"robots\" content=\"index, follow, max-snippet:-1, max-image-preview:large, max-video-preview:-1\" \/>\n<link rel=\"canonical\" href=\"https:\/\/www.ull.es\/portal\/agenda\/evento\/seminario-cesco-34-economia-social-y-la-vivienda-colaborativa-cohousing\/\" \/>\n<meta property=\"og:locale\" content=\"es_ES\" \/>\n<meta property=\"og:type\" content=\"article\" \/>\n<meta property=\"og:title\" content=\"Seminario CESCO 34 \u201cLa econom\u00eda social y la vivienda colaborativa (cohousing)\u201d - ULL - Agenda\" \/>\n<meta property=\"og:description\" content=\"Actividad de Extensi\u00f3n Universitaria organizada por la C\u00e1tedra Cajasiete de Econom\u00eda Social y Cooperativa dentro del marco de\u00a0\u00abSeminarios Interc\u00e1tedras 2020\/2021\u00bb. Objetivos: HABLEMOS DEL POR QU\u00c9. Los principios cooperativos ante la necesidad de un nuevo modelo de convivencia. HABLEMOS DEL C\u00d3MO. La vivienda colaborativa en cesi\u00f3n de uso en r\u00e9gimen cooperativo como acceso al derecho de...\" \/>\n<meta property=\"og:url\" content=\"https:\/\/www.ull.es\/portal\/agenda\/evento\/seminario-cesco-34-economia-social-y-la-vivienda-colaborativa-cohousing\/\" \/>\n<meta property=\"og:site_name\" content=\"ULL - Agenda\" \/>\n<meta property=\"article:modified_time\" content=\"2020-10-09T13:11:36+00:00\" \/>\n<meta property=\"og:image\" content=\"https:\/\/www.ull.es\/portal\/agenda\/wp-content\/uploads\/sites\/12\/2020\/09\/Cesco34-1.png\" \/>\n\t<meta property=\"og:image:width\" content=\"700\" \/>\n\t<meta property=\"og:image:height\" content=\"350\" \/>\n\t<meta property=\"og:image:type\" content=\"image\/png\" \/>\n<meta name=\"twitter:card\" content=\"summary_large_image\" \/>\n<meta name=\"twitter:label1\" content=\"Tiempo de lectura\" \/>\n\t<meta name=\"twitter:data1\" content=\"3 minutos\" \/>\n<script type=\"application\/ld+json\" class=\"yoast-schema-graph\">{\"@context\":\"https:\/\/schema.org\",\"@graph\":[{\"@type\":\"WebPage\",\"@id\":\"https:\/\/www.ull.es\/portal\/agenda\/evento\/seminario-cesco-34-economia-social-y-la-vivienda-colaborativa-cohousing\/\",\"url\":\"https:\/\/www.ull.es\/portal\/agenda\/evento\/seminario-cesco-34-economia-social-y-la-vivienda-colaborativa-cohousing\/\",\"name\":\"Seminario CESCO 34 \u201cLa econom\u00eda social y la vivienda colaborativa (cohousing)\u201d - ULL - Agenda\",\"isPartOf\":{\"@id\":\"https:\/\/www.ull.es\/portal\/agenda\/#website\"},\"datePublished\":\"2020-09-02T13:09:59+00:00\",\"dateModified\":\"2020-10-09T13:11:36+00:00\",\"breadcrumb\":{\"@id\":\"https:\/\/www.ull.es\/portal\/agenda\/evento\/seminario-cesco-34-economia-social-y-la-vivienda-colaborativa-cohousing\/#breadcrumb\"},\"inLanguage\":\"es\",\"potentialAction\":[{\"@type\":\"ReadAction\",\"target\":[\"https:\/\/www.ull.es\/portal\/agenda\/evento\/seminario-cesco-34-economia-social-y-la-vivienda-colaborativa-cohousing\/\"]}]},{\"@type\":\"BreadcrumbList\",\"@id\":\"https:\/\/www.ull.es\/portal\/agenda\/evento\/seminario-cesco-34-economia-social-y-la-vivienda-colaborativa-cohousing\/#breadcrumb\",\"itemListElement\":[{\"@type\":\"ListItem\",\"position\":1,\"name\":\"Portada\",\"item\":\"https:\/\/www.ull.es\/portal\/agenda\/\"},{\"@type\":\"ListItem\",\"position\":2,\"name\":\"Seminario CESCO 34 \u201cLa econom\u00eda social y la vivienda colaborativa (cohousing)\u201d\"}]},{\"@type\":\"WebSite\",\"@id\":\"https:\/\/www.ull.es\/portal\/agenda\/#website\",\"url\":\"https:\/\/www.ull.es\/portal\/agenda\/\",\"name\":\"ULL - Agenda\",\"description\":\"\",\"potentialAction\":[{\"@type\":\"SearchAction\",\"target\":{\"@type\":\"EntryPoint\",\"urlTemplate\":\"https:\/\/www.ull.es\/portal\/agenda\/?s={search_term_string}\"},\"query-input\":\"required name=search_term_string\"}],\"inLanguage\":\"es\"}]}<\/script>\n<!-- \/ Yoast SEO plugin. -->","yoast_head_json":{"title":"Seminario CESCO 34 \u201cLa econom\u00eda social y la vivienda colaborativa (cohousing)\u201d - ULL - Agenda","robots":{"index":"index","follow":"follow","max-snippet":"max-snippet:-1","max-image-preview":"max-image-preview:large","max-video-preview":"max-video-preview:-1"},"canonical":"https:\/\/www.ull.es\/portal\/agenda\/evento\/seminario-cesco-34-economia-social-y-la-vivienda-colaborativa-cohousing\/","og_locale":"es_ES","og_type":"article","og_title":"Seminario CESCO 34 \u201cLa econom\u00eda social y la vivienda colaborativa (cohousing)\u201d - ULL - Agenda","og_description":"Actividad de Extensi\u00f3n Universitaria organizada por la C\u00e1tedra Cajasiete de Econom\u00eda Social y Cooperativa dentro del marco de\u00a0\u00abSeminarios Interc\u00e1tedras 2020\/2021\u00bb. Objetivos: HABLEMOS DEL POR QU\u00c9. Los principios cooperativos ante la necesidad de un nuevo modelo de convivencia. HABLEMOS DEL C\u00d3MO. La vivienda colaborativa en cesi\u00f3n de uso en r\u00e9gimen cooperativo como acceso al derecho de...","og_url":"https:\/\/www.ull.es\/portal\/agenda\/evento\/seminario-cesco-34-economia-social-y-la-vivienda-colaborativa-cohousing\/","og_site_name":"ULL - Agenda","article_modified_time":"2020-10-09T13:11:36+00:00","og_image":[{"width":700,"height":350,"url":"https:\/\/www.ull.es\/portal\/agenda\/wp-content\/uploads\/sites\/12\/2020\/09\/Cesco34-1.png","type":"image\/png"}],"twitter_card":"summary_large_image","twitter_misc":{"Tiempo de lectura":"3 minutos"},"schema":{"@context":"https:\/\/schema.org","@graph":[{"@type":"WebPage","@id":"https:\/\/www.ull.es\/portal\/agenda\/evento\/seminario-cesco-34-economia-social-y-la-vivienda-colaborativa-cohousing\/","url":"https:\/\/www.ull.es\/portal\/agenda\/evento\/seminario-cesco-34-economia-social-y-la-vivienda-colaborativa-cohousing\/","name":"Seminario CESCO 34 \u201cLa econom\u00eda social y la vivienda colaborativa (cohousing)\u201d - ULL - Agenda","isPartOf":{"@id":"https:\/\/www.ull.es\/portal\/agenda\/#website"},"datePublished":"2020-09-02T13:09:59+00:00","dateModified":"2020-10-09T13:11:36+00:00","breadcrumb":{"@id":"https:\/\/www.ull.es\/portal\/agenda\/evento\/seminario-cesco-34-economia-social-y-la-vivienda-colaborativa-cohousing\/#breadcrumb"},"inLanguage":"es","potentialAction":[{"@type":"ReadAction","target":["https:\/\/www.ull.es\/portal\/agenda\/evento\/seminario-cesco-34-economia-social-y-la-vivienda-colaborativa-cohousing\/"]}]},{"@type":"BreadcrumbList","@id":"https:\/\/www.ull.es\/portal\/agenda\/evento\/seminario-cesco-34-economia-social-y-la-vivienda-colaborativa-cohousing\/#breadcrumb","itemListElement":[{"@type":"ListItem","position":1,"name":"Portada","item":"https:\/\/www.ull.es\/portal\/agenda\/"},{"@type":"ListItem","position":2,"name":"Seminario CESCO 34 \u201cLa econom\u00eda social y la vivienda colaborativa (cohousing)\u201d"}]},{"@type":"WebSite","@id":"https:\/\/www.ull.es\/portal\/agenda\/#website","url":"https:\/\/www.ull.es\/portal\/agenda\/","name":"ULL - Agenda","description":"","potentialAction":[{"@type":"SearchAction","target":{"@type":"EntryPoint","urlTemplate":"https:\/\/www.ull.es\/portal\/agenda\/?s={search_term_string}"},"query-input":"required name=search_term_string"}],"inLanguage":"es"}]}},"_links":{"self":[{"href":"https:\/\/www.ull.es\/portal\/agenda\/wp-json\/wp\/v2\/tribe_events\/16806"}],"collection":[{"href":"https:\/\/www.ull.es\/portal\/agenda\/wp-json\/wp\/v2\/tribe_events"}],"about":[{"href":"https:\/\/www.ull.es\/portal\/agenda\/wp-json\/wp\/v2\/types\/tribe_events"}],"author":[{"embeddable":true,"href":"https:\/\/www.ull.es\/portal\/agenda\/wp-json\/wp\/v2\/users\/43"}],"replies":[{"embeddable":true,"href":"https:\/\/www.ull.es\/portal\/agenda\/wp-json\/wp\/v2\/comments?post=16806"}],"version-history":[{"count":5,"href":"https:\/\/www.ull.es\/portal\/agenda\/wp-json\/wp\/v2\/tribe_events\/16806\/revisions"}],"predecessor-version":[{"id":17294,"href":"https:\/\/www.ull.es\/portal\/agenda\/wp-json\/wp\/v2\/tribe_events\/16806\/revisions\/17294"}],"wp:featuredmedia":[{"embeddable":true,"href":"https:\/\/www.ull.es\/portal\/agenda\/wp-json\/wp\/v2\/media\/16834"}],"wp:attachment":[{"href":"https:\/\/www.ull.es\/portal\/agenda\/wp-json\/wp\/v2\/media?parent=16806"}],"wp:term":[{"taxonomy":"post_tag","embeddable":true,"href":"https:\/\/www.ull.es\/portal\/agenda\/wp-json\/wp\/v2\/tags?post=16806"},{"taxonomy":"tribe_events_cat","embeddable":true,"href":"https:\/\/www.ull.es\/portal\/agenda\/wp-json\/wp\/v2\/tribe_events_cat?post=16806"}],"curies":[{"name":"wp","href":"https:\/\/api.w.org\/{rel}","templated":true}]}}