{"id":17823,"date":"2020-11-18T11:38:19","date_gmt":"2020-11-18T11:38:19","guid":{"rendered":"https:\/\/www.ull.es\/portal\/agenda\/?post_type=tribe_events&#038;p=17823"},"modified":"2020-11-26T12:23:24","modified_gmt":"2020-11-26T12:23:24","slug":"x-semana-del-comic-de-la-laguna-conferencia-inaugural-los-vision-suenan-los-sintetizoides-con-familias-electricas","status":"publish","type":"tribe_events","link":"https:\/\/www.ull.es\/portal\/agenda\/evento\/x-semana-del-comic-de-la-laguna-conferencia-inaugural-los-vision-suenan-los-sintetizoides-con-familias-electricas\/","title":{"rendered":"X Semana del C\u00f3mic de La Laguna. Conferencia inaugural: \u00abLos Visi\u00f3n: \u00bfsue\u00f1an los sintetizoides con familias el\u00e9ctricas?\u00bb"},"content":{"rendered":"<p>El Aula Cultural \u00abRadio Campus\u00bb, junto con la Asociaci\u00f3n cultural de relaciones internacionales \u00abHacer para el desarrollo\u00bb \u00a0organizan esta conferencia, que se celebrar\u00e1 en <strong>modalidad online<\/strong> el <strong>27 de noviembre<\/strong> de 20:00 &#8211; 21:00 horas, dentro del ciclo de la <strong><em>X Semana del C\u00f3mic de La Laguna<\/em><\/strong>.<\/p>\n<p>Colabora: Librer\u00eda Lemus.<\/p>\n<p>La conferencia inaugurar\u00e1 la d\u00e9cima edici\u00f3n de la Semana del C\u00f3mic de La Laguna y tratar\u00e1 sobre uno de los personajes m\u00e1s populares de los Vengadores de Marvel C\u00f3mic: La Visi\u00f3n.<\/p>\n<p>Imparte: Carlos Javier Eguren Hern\u00e1ndez, Profesor de Lengua Castellana y Literatura en la Consejeri\u0301a de Educacio\u0301n y Universidades del Gobierno de Canarias.<\/p>\n<p>Dirigen:<\/p>\n<ul>\n<li>Luis Javier Capote P\u00e9rez, Profesor de Derecho Civil, Departamento de Disciplinas Jur\u00eddicas B\u00e1sicas de la ULL.<\/li>\n<li>Eva Mar\u00eda Gonz\u00e1lez Lorenzo, Doctora en Ciencias de la Comunicaci\u00f3n, Gerente de la Asociaci\u00f3n cultural de relaciones internacionales \u00abHacer para el desarrollo\u00bb.<\/li>\n<\/ul>\n<p><strong><a href=\"https:\/\/sede.fg.ull.es\/es\/curso\/detalle\/a20020167\/los-vision-sue-an-los-sintetizoides-con-familias-electricas\" target=\"_blank\" rel=\"noopener noreferrer\" target=\"_blank\" rel=\"noopener\">M\u00e1s informaci\u00f3n e inscripci\u00f3n aqu\u00ed<\/a><\/strong><\/p>\n<p><strong>Contacto: 922 319 616 \/ 922 319 626 \u2013\u00a0<\/strong><a href=\"mailto:extuni@ull.edu.es\" target=\"_blank\" rel=\"noopener\"><strong>extuni@ull.es<\/strong><\/a><\/p>\n","protected":false},"excerpt":{"rendered":"<p>El Aula Cultural \u00abRadio Campus\u00bb, junto con la Asociaci\u00f3n cultural de relaciones internacionales \u00abHacer para el desarrollo\u00bb \u00a0organizan esta conferencia, que se celebrar\u00e1 en modalidad online el 27 de noviembre de 20:00 &#8211; 21:00 horas, dentro del ciclo de la X Semana del C\u00f3mic de La Laguna. Colabora: Librer\u00eda Lemus. La conferencia inaugurar\u00e1 la d\u00e9cima&#8230;<\/p>\n","protected":false},"author":43,"featured_media":17824,"comment_status":"closed","ping_status":"closed","template":"","tags":[779,1685,3666,3663,3664,3667,3665],"tribe_events_cat":[472,471,4,186],"acf":[],"yoast_head":"<!-- This site is optimized with the Yoast SEO plugin v21.3 - https:\/\/yoast.com\/wordpress\/plugins\/seo\/ -->\n<title>X Semana del C\u00f3mic de La Laguna. Conferencia inaugural: \u00abLos Visi\u00f3n: \u00bfsue\u00f1an los sintetizoides con familias el\u00e9ctricas?\u00bb - ULL - Agenda<\/title>\n<meta name=\"robots\" content=\"index, follow, max-snippet:-1, max-image-preview:large, max-video-preview:-1\" \/>\n<link rel=\"canonical\" href=\"https:\/\/www.ull.es\/portal\/agenda\/evento\/x-semana-del-comic-de-la-laguna-conferencia-inaugural-los-vision-suenan-los-sintetizoides-con-familias-electricas\/\" \/>\n<meta property=\"og:locale\" content=\"es_ES\" \/>\n<meta property=\"og:type\" content=\"article\" \/>\n<meta property=\"og:title\" content=\"X Semana del C\u00f3mic de La Laguna. Conferencia inaugural: \u00abLos Visi\u00f3n: \u00bfsue\u00f1an los sintetizoides con familias el\u00e9ctricas?\u00bb - ULL - Agenda\" \/>\n<meta property=\"og:description\" content=\"El Aula Cultural \u00abRadio Campus\u00bb, junto con la Asociaci\u00f3n cultural de relaciones internacionales \u00abHacer para el desarrollo\u00bb \u00a0organizan esta conferencia, que se celebrar\u00e1 en modalidad online el 27 de noviembre de 20:00 &#8211; 21:00 horas, dentro del ciclo de la X Semana del C\u00f3mic de La Laguna. Colabora: Librer\u00eda Lemus. La conferencia inaugurar\u00e1 la d\u00e9cima...\" \/>\n<meta property=\"og:url\" content=\"https:\/\/www.ull.es\/portal\/agenda\/evento\/x-semana-del-comic-de-la-laguna-conferencia-inaugural-los-vision-suenan-los-sintetizoides-con-familias-electricas\/\" \/>\n<meta property=\"og:site_name\" content=\"ULL - Agenda\" \/>\n<meta property=\"article:modified_time\" content=\"2020-11-26T12:23:24+00:00\" \/>\n<meta property=\"og:image\" content=\"https:\/\/www.ull.es\/portal\/agenda\/wp-content\/uploads\/sites\/12\/2020\/11\/1.jpg\" \/>\n\t<meta property=\"og:image:width\" content=\"700\" \/>\n\t<meta property=\"og:image:height\" content=\"350\" \/>\n\t<meta property=\"og:image:type\" content=\"image\/jpeg\" \/>\n<meta name=\"twitter:card\" content=\"summary_large_image\" \/>\n<meta name=\"twitter:label1\" content=\"Tiempo de lectura\" \/>\n\t<meta name=\"twitter:data1\" content=\"1 minuto\" \/>\n<script type=\"application\/ld+json\" class=\"yoast-schema-graph\">{\"@context\":\"https:\/\/schema.org\",\"@graph\":[{\"@type\":\"WebPage\",\"@id\":\"https:\/\/www.ull.es\/portal\/agenda\/evento\/x-semana-del-comic-de-la-laguna-conferencia-inaugural-los-vision-suenan-los-sintetizoides-con-familias-electricas\/\",\"url\":\"https:\/\/www.ull.es\/portal\/agenda\/evento\/x-semana-del-comic-de-la-laguna-conferencia-inaugural-los-vision-suenan-los-sintetizoides-con-familias-electricas\/\",\"name\":\"X Semana del C\u00f3mic de La Laguna. Conferencia inaugural: \u00abLos Visi\u00f3n: \u00bfsue\u00f1an los sintetizoides con familias el\u00e9ctricas?\u00bb - ULL - Agenda\",\"isPartOf\":{\"@id\":\"https:\/\/www.ull.es\/portal\/agenda\/#website\"},\"datePublished\":\"2020-11-18T11:38:19+00:00\",\"dateModified\":\"2020-11-26T12:23:24+00:00\",\"breadcrumb\":{\"@id\":\"https:\/\/www.ull.es\/portal\/agenda\/evento\/x-semana-del-comic-de-la-laguna-conferencia-inaugural-los-vision-suenan-los-sintetizoides-con-familias-electricas\/#breadcrumb\"},\"inLanguage\":\"es\",\"potentialAction\":[{\"@type\":\"ReadAction\",\"target\":[\"https:\/\/www.ull.es\/portal\/agenda\/evento\/x-semana-del-comic-de-la-laguna-conferencia-inaugural-los-vision-suenan-los-sintetizoides-con-familias-electricas\/\"]}]},{\"@type\":\"BreadcrumbList\",\"@id\":\"https:\/\/www.ull.es\/portal\/agenda\/evento\/x-semana-del-comic-de-la-laguna-conferencia-inaugural-los-vision-suenan-los-sintetizoides-con-familias-electricas\/#breadcrumb\",\"itemListElement\":[{\"@type\":\"ListItem\",\"position\":1,\"name\":\"Portada\",\"item\":\"https:\/\/www.ull.es\/portal\/agenda\/\"},{\"@type\":\"ListItem\",\"position\":2,\"name\":\"X Semana del C\u00f3mic de La Laguna. Conferencia inaugural: \u00abLos Visi\u00f3n: \u00bfsue\u00f1an los sintetizoides con familias el\u00e9ctricas?\u00bb\"}]},{\"@type\":\"WebSite\",\"@id\":\"https:\/\/www.ull.es\/portal\/agenda\/#website\",\"url\":\"https:\/\/www.ull.es\/portal\/agenda\/\",\"name\":\"ULL - Agenda\",\"description\":\"\",\"potentialAction\":[{\"@type\":\"SearchAction\",\"target\":{\"@type\":\"EntryPoint\",\"urlTemplate\":\"https:\/\/www.ull.es\/portal\/agenda\/?s={search_term_string}\"},\"query-input\":\"required name=search_term_string\"}],\"inLanguage\":\"es\"}]}<\/script>\n<!-- \/ Yoast SEO plugin. -->","yoast_head_json":{"title":"X Semana del C\u00f3mic de La Laguna. Conferencia inaugural: \u00abLos Visi\u00f3n: \u00bfsue\u00f1an los sintetizoides con familias el\u00e9ctricas?\u00bb - ULL - Agenda","robots":{"index":"index","follow":"follow","max-snippet":"max-snippet:-1","max-image-preview":"max-image-preview:large","max-video-preview":"max-video-preview:-1"},"canonical":"https:\/\/www.ull.es\/portal\/agenda\/evento\/x-semana-del-comic-de-la-laguna-conferencia-inaugural-los-vision-suenan-los-sintetizoides-con-familias-electricas\/","og_locale":"es_ES","og_type":"article","og_title":"X Semana del C\u00f3mic de La Laguna. Conferencia inaugural: \u00abLos Visi\u00f3n: \u00bfsue\u00f1an los sintetizoides con familias el\u00e9ctricas?\u00bb - ULL - Agenda","og_description":"El Aula Cultural \u00abRadio Campus\u00bb, junto con la Asociaci\u00f3n cultural de relaciones internacionales \u00abHacer para el desarrollo\u00bb \u00a0organizan esta conferencia, que se celebrar\u00e1 en modalidad online el 27 de noviembre de 20:00 &#8211; 21:00 horas, dentro del ciclo de la X Semana del C\u00f3mic de La Laguna. Colabora: Librer\u00eda Lemus. La conferencia inaugurar\u00e1 la d\u00e9cima...","og_url":"https:\/\/www.ull.es\/portal\/agenda\/evento\/x-semana-del-comic-de-la-laguna-conferencia-inaugural-los-vision-suenan-los-sintetizoides-con-familias-electricas\/","og_site_name":"ULL - Agenda","article_modified_time":"2020-11-26T12:23:24+00:00","og_image":[{"width":700,"height":350,"url":"https:\/\/www.ull.es\/portal\/agenda\/wp-content\/uploads\/sites\/12\/2020\/11\/1.jpg","type":"image\/jpeg"}],"twitter_card":"summary_large_image","twitter_misc":{"Tiempo de lectura":"1 minuto"},"schema":{"@context":"https:\/\/schema.org","@graph":[{"@type":"WebPage","@id":"https:\/\/www.ull.es\/portal\/agenda\/evento\/x-semana-del-comic-de-la-laguna-conferencia-inaugural-los-vision-suenan-los-sintetizoides-con-familias-electricas\/","url":"https:\/\/www.ull.es\/portal\/agenda\/evento\/x-semana-del-comic-de-la-laguna-conferencia-inaugural-los-vision-suenan-los-sintetizoides-con-familias-electricas\/","name":"X Semana del C\u00f3mic de La Laguna. Conferencia inaugural: \u00abLos Visi\u00f3n: \u00bfsue\u00f1an los sintetizoides con familias el\u00e9ctricas?\u00bb - ULL - Agenda","isPartOf":{"@id":"https:\/\/www.ull.es\/portal\/agenda\/#website"},"datePublished":"2020-11-18T11:38:19+00:00","dateModified":"2020-11-26T12:23:24+00:00","breadcrumb":{"@id":"https:\/\/www.ull.es\/portal\/agenda\/evento\/x-semana-del-comic-de-la-laguna-conferencia-inaugural-los-vision-suenan-los-sintetizoides-con-familias-electricas\/#breadcrumb"},"inLanguage":"es","potentialAction":[{"@type":"ReadAction","target":["https:\/\/www.ull.es\/portal\/agenda\/evento\/x-semana-del-comic-de-la-laguna-conferencia-inaugural-los-vision-suenan-los-sintetizoides-con-familias-electricas\/"]}]},{"@type":"BreadcrumbList","@id":"https:\/\/www.ull.es\/portal\/agenda\/evento\/x-semana-del-comic-de-la-laguna-conferencia-inaugural-los-vision-suenan-los-sintetizoides-con-familias-electricas\/#breadcrumb","itemListElement":[{"@type":"ListItem","position":1,"name":"Portada","item":"https:\/\/www.ull.es\/portal\/agenda\/"},{"@type":"ListItem","position":2,"name":"X Semana del C\u00f3mic de La Laguna. Conferencia inaugural: \u00abLos Visi\u00f3n: \u00bfsue\u00f1an los sintetizoides con familias el\u00e9ctricas?\u00bb"}]},{"@type":"WebSite","@id":"https:\/\/www.ull.es\/portal\/agenda\/#website","url":"https:\/\/www.ull.es\/portal\/agenda\/","name":"ULL - Agenda","description":"","potentialAction":[{"@type":"SearchAction","target":{"@type":"EntryPoint","urlTemplate":"https:\/\/www.ull.es\/portal\/agenda\/?s={search_term_string}"},"query-input":"required name=search_term_string"}],"inLanguage":"es"}]}},"_links":{"self":[{"href":"https:\/\/www.ull.es\/portal\/agenda\/wp-json\/wp\/v2\/tribe_events\/17823"}],"collection":[{"href":"https:\/\/www.ull.es\/portal\/agenda\/wp-json\/wp\/v2\/tribe_events"}],"about":[{"href":"https:\/\/www.ull.es\/portal\/agenda\/wp-json\/wp\/v2\/types\/tribe_events"}],"author":[{"embeddable":true,"href":"https:\/\/www.ull.es\/portal\/agenda\/wp-json\/wp\/v2\/users\/43"}],"replies":[{"embeddable":true,"href":"https:\/\/www.ull.es\/portal\/agenda\/wp-json\/wp\/v2\/comments?post=17823"}],"version-history":[{"count":4,"href":"https:\/\/www.ull.es\/portal\/agenda\/wp-json\/wp\/v2\/tribe_events\/17823\/revisions"}],"predecessor-version":[{"id":17833,"href":"https:\/\/www.ull.es\/portal\/agenda\/wp-json\/wp\/v2\/tribe_events\/17823\/revisions\/17833"}],"wp:featuredmedia":[{"embeddable":true,"href":"https:\/\/www.ull.es\/portal\/agenda\/wp-json\/wp\/v2\/media\/17824"}],"wp:attachment":[{"href":"https:\/\/www.ull.es\/portal\/agenda\/wp-json\/wp\/v2\/media?parent=17823"}],"wp:term":[{"taxonomy":"post_tag","embeddable":true,"href":"https:\/\/www.ull.es\/portal\/agenda\/wp-json\/wp\/v2\/tags?post=17823"},{"taxonomy":"tribe_events_cat","embeddable":true,"href":"https:\/\/www.ull.es\/portal\/agenda\/wp-json\/wp\/v2\/tribe_events_cat?post=17823"}],"curies":[{"name":"wp","href":"https:\/\/api.w.org\/{rel}","templated":true}]}}