{"id":18356,"date":"2021-02-08T12:10:35","date_gmt":"2021-02-08T12:10:35","guid":{"rendered":"https:\/\/www.ull.es\/portal\/agenda\/?post_type=tribe_events&#038;p=18356"},"modified":"2021-02-22T10:01:20","modified_gmt":"2021-02-22T10:01:20","slug":"curso-igualdad-y-genero-por-la-construccion-de-una-sociedad-mas-justa","status":"publish","type":"tribe_events","link":"https:\/\/www.ull.es\/portal\/agenda\/evento\/curso-igualdad-y-genero-por-la-construccion-de-una-sociedad-mas-justa\/","title":{"rendered":"Curso: \u00abIgualdad y G\u00e9nero: por la Construcci\u00f3n de una Sociedad m\u00e1s Justa\u00bb"},"content":{"rendered":"<p>La Unidad de Igualdad de G\u00e9nero de la Universidad de La Laguna oferta un curso para los primeros cursos de todas las titulaciones en materia de igualdad de g\u00e9nero titulado \u00abIgualdad y G\u00e9nero: por la Construcci\u00f3n de una Sociedad m\u00e1s Justa\u00bb.<\/p>\n<p>El objetivo de este curso es proporcionar contenidos, conocimientos y realidades sobre la igualdad de g\u00e9nero al alumnado que inicia sus estudios universitarios con el fin de que todo nuestro estudiantado parta de una formaci\u00f3n m\u00ednima en materia de igualdad.<br \/>\nLa formaci\u00f3n ser\u00e1 voluntaria para el alumnado y cada centro o facultad la ofertar\u00e1 como considere (actividad POAT, seminario, etc.)<\/p>\n<p><strong>Contenidos:<\/strong><\/p>\n<ol>\n<li>Diferencias entre sexo y g\u00e9nero<\/li>\n<li>Socializaci\u00f3n de g\u00e9nero<\/li>\n<li>Estereotipos y Roles<\/li>\n<li>Discriminaci\u00f3n<\/li>\n<li>Feminismo e Interseccionalidad<\/li>\n<li>Violencia<\/li>\n<li>Acosos sexual y sexista<\/li>\n<li>Recursos de la ULL<\/li>\n<\/ol>\n<p><strong>Metodolog\u00eda:<\/strong> se utilizar\u00e1 una metodolog\u00eda activa, participativa y constructivista, partiendo del conocimiento previo del alumnado para que construyan sus conocimientos en funci\u00f3n a sus necesidades e intereses.<\/p>\n<p><strong>Evaluaci\u00f3n:<\/strong> se realizar\u00e1 un peque\u00f1o cuestionario al final para valorar la satisfacci\u00f3n y utilidad del curso.<\/p>\n<p style=\"font-weight: 400;\">El equipo docente estar\u00e1 formado por:<\/p>\n<ul>\n<li>Claudia Basterra Olives, graduada en Derecho y con el M\u00e1ster de Estudios de G\u00e9nero y Pol\u00edticas de Igualdad.<\/li>\n<li>Romina Fulco, graduada en Pedagog\u00eda\u00a0 y con el M\u00e1ster de Estudios de G\u00e9nero y Pol\u00edticas de Igualdad.<\/li>\n<li>Paula C. Galv\u00e1n Arbelo, graduada en Estudios Ingleses y con el M\u00e1ster de Estudios de G\u00e9nero y Pol\u00edticas de Igualdad.<\/li>\n<li>Samuel D. Sosa Florido, graduado en Historia y actualmente realizando su PE en el M\u00e1ster de Estudios de G\u00e9nero y Pol\u00edticas de Igualdad.<\/li>\n<li>Claudia \u00c1vila Casta\u00f1eda, graduada en Trabajo Social y actualmente realizando su PE en el\u00a0 M\u00e1ster de Estudios de G\u00e9nero y Pol\u00edticas de Igualdad.<\/li>\n<\/ul>\n<p>Si alguna titulaci\u00f3n est\u00e9 interesada, debe ponerse en contacto con la subdirectora de la Unidad de Igualdad de G\u00e9nero, Matilde C. D\u00edaz Hdez, al correo <a href=\"mailto:Sbiguald@ull.edu.es\" target=\"_blank\" rel=\"noopener noreferrer\" target=\"_blank\" rel=\"noopener\">Sbiguald@ull.edu.es<\/a><\/p>\n<p><a href=\"https:\/\/drive.google.com\/file\/d\/15OlSPRfYIFAjEOF0ELBfA0lbW22EP3pt\/view?usp=sharing\" target=\"_blank\" rel=\"noopener noreferrer\" target=\"_blank\" rel=\"noopener\">Cronograma<\/a><\/p>\n","protected":false},"excerpt":{"rendered":"<p>La Unidad de Igualdad de G\u00e9nero de la Universidad de La Laguna oferta un curso para los primeros cursos de todas las titulaciones en materia de igualdad de g\u00e9nero titulado \u00abIgualdad y G\u00e9nero: por la Construcci\u00f3n de una Sociedad m\u00e1s Justa\u00bb. El objetivo de este curso es proporcionar contenidos, conocimientos y realidades sobre la igualdad&#8230;<\/p>\n","protected":false},"author":65,"featured_media":18357,"comment_status":"closed","ping_status":"closed","template":"","tags":[],"tribe_events_cat":[4,1103,915,789,3096,972,1090,848,865,937,815,2580,985,1831,2125],"acf":[],"yoast_head":"<!-- This site is optimized with the Yoast SEO plugin v21.3 - https:\/\/yoast.com\/wordpress\/plugins\/seo\/ -->\n<title>Curso: &quot;Igualdad y G\u00e9nero: por la Construcci\u00f3n de una Sociedad m\u00e1s Justa&quot; - ULL - Agenda<\/title>\n<meta name=\"robots\" content=\"index, follow, max-snippet:-1, max-image-preview:large, max-video-preview:-1\" \/>\n<link rel=\"canonical\" href=\"https:\/\/www.ull.es\/portal\/agenda\/evento\/curso-igualdad-y-genero-por-la-construccion-de-una-sociedad-mas-justa\/\" \/>\n<meta property=\"og:locale\" content=\"es_ES\" \/>\n<meta property=\"og:type\" content=\"article\" \/>\n<meta property=\"og:title\" content=\"Curso: &quot;Igualdad y G\u00e9nero: por la Construcci\u00f3n de una Sociedad m\u00e1s Justa&quot; - ULL - Agenda\" \/>\n<meta property=\"og:description\" content=\"La Unidad de Igualdad de G\u00e9nero de la Universidad de La Laguna oferta un curso para los primeros cursos de todas las titulaciones en materia de igualdad de g\u00e9nero titulado \u00abIgualdad y G\u00e9nero: por la Construcci\u00f3n de una Sociedad m\u00e1s Justa\u00bb. El objetivo de este curso es proporcionar contenidos, conocimientos y realidades sobre la igualdad...\" \/>\n<meta property=\"og:url\" content=\"https:\/\/www.ull.es\/portal\/agenda\/evento\/curso-igualdad-y-genero-por-la-construccion-de-una-sociedad-mas-justa\/\" \/>\n<meta property=\"og:site_name\" content=\"ULL - Agenda\" \/>\n<meta property=\"article:modified_time\" content=\"2021-02-22T10:01:20+00:00\" \/>\n<meta property=\"og:image\" content=\"https:\/\/www.ull.es\/portal\/agenda\/wp-content\/uploads\/sites\/12\/2021\/02\/Igualdad-y-genero-1.jpg\" \/>\n\t<meta property=\"og:image:width\" content=\"700\" \/>\n\t<meta property=\"og:image:height\" content=\"350\" \/>\n\t<meta property=\"og:image:type\" content=\"image\/jpeg\" \/>\n<meta name=\"twitter:card\" content=\"summary_large_image\" \/>\n<meta name=\"twitter:label1\" content=\"Tiempo de lectura\" \/>\n\t<meta name=\"twitter:data1\" content=\"2 minutos\" \/>\n<script type=\"application\/ld+json\" class=\"yoast-schema-graph\">{\"@context\":\"https:\/\/schema.org\",\"@graph\":[{\"@type\":\"WebPage\",\"@id\":\"https:\/\/www.ull.es\/portal\/agenda\/evento\/curso-igualdad-y-genero-por-la-construccion-de-una-sociedad-mas-justa\/\",\"url\":\"https:\/\/www.ull.es\/portal\/agenda\/evento\/curso-igualdad-y-genero-por-la-construccion-de-una-sociedad-mas-justa\/\",\"name\":\"Curso: \\\"Igualdad y G\u00e9nero: por la Construcci\u00f3n de una Sociedad m\u00e1s Justa\\\" - ULL - Agenda\",\"isPartOf\":{\"@id\":\"https:\/\/www.ull.es\/portal\/agenda\/#website\"},\"datePublished\":\"2021-02-08T12:10:35+00:00\",\"dateModified\":\"2021-02-22T10:01:20+00:00\",\"breadcrumb\":{\"@id\":\"https:\/\/www.ull.es\/portal\/agenda\/evento\/curso-igualdad-y-genero-por-la-construccion-de-una-sociedad-mas-justa\/#breadcrumb\"},\"inLanguage\":\"es\",\"potentialAction\":[{\"@type\":\"ReadAction\",\"target\":[\"https:\/\/www.ull.es\/portal\/agenda\/evento\/curso-igualdad-y-genero-por-la-construccion-de-una-sociedad-mas-justa\/\"]}]},{\"@type\":\"BreadcrumbList\",\"@id\":\"https:\/\/www.ull.es\/portal\/agenda\/evento\/curso-igualdad-y-genero-por-la-construccion-de-una-sociedad-mas-justa\/#breadcrumb\",\"itemListElement\":[{\"@type\":\"ListItem\",\"position\":1,\"name\":\"Portada\",\"item\":\"https:\/\/www.ull.es\/portal\/agenda\/\"},{\"@type\":\"ListItem\",\"position\":2,\"name\":\"Curso: \u00abIgualdad y G\u00e9nero: por la Construcci\u00f3n de una Sociedad m\u00e1s Justa\u00bb\"}]},{\"@type\":\"WebSite\",\"@id\":\"https:\/\/www.ull.es\/portal\/agenda\/#website\",\"url\":\"https:\/\/www.ull.es\/portal\/agenda\/\",\"name\":\"ULL - Agenda\",\"description\":\"\",\"potentialAction\":[{\"@type\":\"SearchAction\",\"target\":{\"@type\":\"EntryPoint\",\"urlTemplate\":\"https:\/\/www.ull.es\/portal\/agenda\/?s={search_term_string}\"},\"query-input\":\"required name=search_term_string\"}],\"inLanguage\":\"es\"}]}<\/script>\n<!-- \/ Yoast SEO plugin. -->","yoast_head_json":{"title":"Curso: \"Igualdad y G\u00e9nero: por la Construcci\u00f3n de una Sociedad m\u00e1s Justa\" - ULL - Agenda","robots":{"index":"index","follow":"follow","max-snippet":"max-snippet:-1","max-image-preview":"max-image-preview:large","max-video-preview":"max-video-preview:-1"},"canonical":"https:\/\/www.ull.es\/portal\/agenda\/evento\/curso-igualdad-y-genero-por-la-construccion-de-una-sociedad-mas-justa\/","og_locale":"es_ES","og_type":"article","og_title":"Curso: \"Igualdad y G\u00e9nero: por la Construcci\u00f3n de una Sociedad m\u00e1s Justa\" - ULL - Agenda","og_description":"La Unidad de Igualdad de G\u00e9nero de la Universidad de La Laguna oferta un curso para los primeros cursos de todas las titulaciones en materia de igualdad de g\u00e9nero titulado \u00abIgualdad y G\u00e9nero: por la Construcci\u00f3n de una Sociedad m\u00e1s Justa\u00bb. El objetivo de este curso es proporcionar contenidos, conocimientos y realidades sobre la igualdad...","og_url":"https:\/\/www.ull.es\/portal\/agenda\/evento\/curso-igualdad-y-genero-por-la-construccion-de-una-sociedad-mas-justa\/","og_site_name":"ULL - Agenda","article_modified_time":"2021-02-22T10:01:20+00:00","og_image":[{"width":700,"height":350,"url":"https:\/\/www.ull.es\/portal\/agenda\/wp-content\/uploads\/sites\/12\/2021\/02\/Igualdad-y-genero-1.jpg","type":"image\/jpeg"}],"twitter_card":"summary_large_image","twitter_misc":{"Tiempo de lectura":"2 minutos"},"schema":{"@context":"https:\/\/schema.org","@graph":[{"@type":"WebPage","@id":"https:\/\/www.ull.es\/portal\/agenda\/evento\/curso-igualdad-y-genero-por-la-construccion-de-una-sociedad-mas-justa\/","url":"https:\/\/www.ull.es\/portal\/agenda\/evento\/curso-igualdad-y-genero-por-la-construccion-de-una-sociedad-mas-justa\/","name":"Curso: \"Igualdad y G\u00e9nero: por la Construcci\u00f3n de una Sociedad m\u00e1s Justa\" - ULL - Agenda","isPartOf":{"@id":"https:\/\/www.ull.es\/portal\/agenda\/#website"},"datePublished":"2021-02-08T12:10:35+00:00","dateModified":"2021-02-22T10:01:20+00:00","breadcrumb":{"@id":"https:\/\/www.ull.es\/portal\/agenda\/evento\/curso-igualdad-y-genero-por-la-construccion-de-una-sociedad-mas-justa\/#breadcrumb"},"inLanguage":"es","potentialAction":[{"@type":"ReadAction","target":["https:\/\/www.ull.es\/portal\/agenda\/evento\/curso-igualdad-y-genero-por-la-construccion-de-una-sociedad-mas-justa\/"]}]},{"@type":"BreadcrumbList","@id":"https:\/\/www.ull.es\/portal\/agenda\/evento\/curso-igualdad-y-genero-por-la-construccion-de-una-sociedad-mas-justa\/#breadcrumb","itemListElement":[{"@type":"ListItem","position":1,"name":"Portada","item":"https:\/\/www.ull.es\/portal\/agenda\/"},{"@type":"ListItem","position":2,"name":"Curso: \u00abIgualdad y G\u00e9nero: por la Construcci\u00f3n de una Sociedad m\u00e1s Justa\u00bb"}]},{"@type":"WebSite","@id":"https:\/\/www.ull.es\/portal\/agenda\/#website","url":"https:\/\/www.ull.es\/portal\/agenda\/","name":"ULL - Agenda","description":"","potentialAction":[{"@type":"SearchAction","target":{"@type":"EntryPoint","urlTemplate":"https:\/\/www.ull.es\/portal\/agenda\/?s={search_term_string}"},"query-input":"required name=search_term_string"}],"inLanguage":"es"}]}},"_links":{"self":[{"href":"https:\/\/www.ull.es\/portal\/agenda\/wp-json\/wp\/v2\/tribe_events\/18356"}],"collection":[{"href":"https:\/\/www.ull.es\/portal\/agenda\/wp-json\/wp\/v2\/tribe_events"}],"about":[{"href":"https:\/\/www.ull.es\/portal\/agenda\/wp-json\/wp\/v2\/types\/tribe_events"}],"author":[{"embeddable":true,"href":"https:\/\/www.ull.es\/portal\/agenda\/wp-json\/wp\/v2\/users\/65"}],"replies":[{"embeddable":true,"href":"https:\/\/www.ull.es\/portal\/agenda\/wp-json\/wp\/v2\/comments?post=18356"}],"version-history":[{"count":2,"href":"https:\/\/www.ull.es\/portal\/agenda\/wp-json\/wp\/v2\/tribe_events\/18356\/revisions"}],"predecessor-version":[{"id":18369,"href":"https:\/\/www.ull.es\/portal\/agenda\/wp-json\/wp\/v2\/tribe_events\/18356\/revisions\/18369"}],"wp:featuredmedia":[{"embeddable":true,"href":"https:\/\/www.ull.es\/portal\/agenda\/wp-json\/wp\/v2\/media\/18357"}],"wp:attachment":[{"href":"https:\/\/www.ull.es\/portal\/agenda\/wp-json\/wp\/v2\/media?parent=18356"}],"wp:term":[{"taxonomy":"post_tag","embeddable":true,"href":"https:\/\/www.ull.es\/portal\/agenda\/wp-json\/wp\/v2\/tags?post=18356"},{"taxonomy":"tribe_events_cat","embeddable":true,"href":"https:\/\/www.ull.es\/portal\/agenda\/wp-json\/wp\/v2\/tribe_events_cat?post=18356"}],"curies":[{"name":"wp","href":"https:\/\/api.w.org\/{rel}","templated":true}]}}