{"id":19304,"date":"2021-04-26T09:35:09","date_gmt":"2021-04-26T09:35:09","guid":{"rendered":"https:\/\/www.ull.es\/portal\/agenda\/?post_type=tribe_events&#038;p=19304"},"modified":"2021-05-18T08:48:50","modified_gmt":"2021-05-18T08:48:50","slug":"escepticos-en-el-pub-en-tenerife-no-88-11-8-el-enfoque-one-health-promesas-y-desafios-para-el-bioderecho","status":"publish","type":"tribe_events","link":"https:\/\/www.ull.es\/portal\/agenda\/evento\/escepticos-en-el-pub-en-tenerife-no-88-11-8-el-enfoque-one-health-promesas-y-desafios-para-el-bioderecho\/","title":{"rendered":"Esc\u00e9pticos en el Pub en Tenerife n\u00ba 88 (11.8): \u00abEl enfoque &#8216;One Health&#8217;: promesas y desaf\u00edos para el Bioderecho\u00bb"},"content":{"rendered":"<p>Actividad de Extensi\u00f3n Universitaria organizada por el Aula Cultural de Divulgaci\u00f3n Cient\u00edfica, el Aula Cultural \u00abRadio Campus\u00bb, la Asociaci\u00f3n cultural de relaciones internacionales \u00abHacer para el Desarrollo\u00bb y Docencia en Derecho Civil, que se celebrar\u00e1 el <strong>21 de mayo<\/strong> de 2021 en <strong>modalidad online<\/strong>.<\/p>\n<p>La conferencia versar\u00e1 sobre la disciplina del BioDerecho, dando a conocer sus or\u00edgenes, naturaleza y perspectivas de futuro.<\/p>\n<p>Imparte: Pablo Serra Palao. Graduado en Derecho por la Universidad de Murcia, tiene un M\u00e1ster en Diplomacia y Relaciones Internacionales por la Escuela Diplom\u00e1tica de Espa\u00f1a y un M\u00e1ster en Bioderecho por la Universidad de Murcia. Actualmente es Investigador Predoctoral contratado en la Universidad de Murcia, miembro del Centro de Estudios en Bioderecho, \u00c9tica y Salud (CEBES) y Secretario de la Revista Bioderecho.es. Ha publicado art\u00edculos cient\u00edficos sobre cuestiones tanto de derecho ambiental como de derecho animal en revistas de impacto como la Revista Catalana de Dret Ambiental, Actualidad Jur\u00eddica Ambiental o la Revista de Bio\u00e9tica y Derecho.<\/p>\n<p>Dirigen:<\/p>\n<ul>\n<li>Luis Javier Capote P\u00e9rez, Profesor de Derecho Civil, Departamento de Disciplinas Jur\u00eddicas B\u00e1sicas de la ULL.<\/li>\n<li>Eva Mar\u00eda Gonz\u00e1lez Lorenzo, Doctora en Ciencias de la Comunicaci\u00f3n, Gerente de la Asociaci\u00f3n cultural de relaciones internacionales \u00abHacer para el desarrollo\u00bb.<\/li>\n<\/ul>\n<p><a href=\"https:\/\/sede.fg.ull.es\/es\/curso\/detalle\/a21020123\/escepticos-en-el-pub-en-tenerife-n-88-11-8-el-enfoque-one-health-promesas-y-desafios-para-el-bioderecho\" target=\"_blank\" rel=\"noopener noreferrer\" target=\"_blank\" rel=\"noopener\"><strong><u>Consulta el programa e inscr\u00edbete aqu\u00ed.<\/u><\/strong><\/a><\/p>\n<p><strong>Contacto: 922 319 616 \/ 922 319 626 \u2013\u00a0<\/strong><a href=\"mailto:extuni@ull.edu.es\" target=\"_blank\" rel=\"noopener\"><strong>extuni@ull.es<\/strong><\/a><\/p>\n<p><em><strong>IMPORTANTE<\/strong>: La sesi\u00f3n ser\u00e1 grabada en audio y en v\u00eddeo. La inscripci\u00f3n implica la cesi\u00f3n proporcionada de los derechos afectados por parte del p\u00fablico, pues estas piezas se publicar\u00e1n en el canal ULL de YouTube y en el canal iVoox de Radio Campus.<\/em><\/p>\n<p>Colaboran: C\u00e1tedra Cultural \u00abFrancisco Tom\u00e1s y Valiente\u00bb, ARP-Sociedad para el avance del pensamiento cr\u00edtico, Pub \u00abS\u00f3crates\u00bb y LAGENDA del ocio de Tenerife.<\/p>\n","protected":false},"excerpt":{"rendered":"<p>Actividad de Extensi\u00f3n Universitaria organizada por el Aula Cultural de Divulgaci\u00f3n Cient\u00edfica, el Aula Cultural \u00abRadio Campus\u00bb, la Asociaci\u00f3n cultural de relaciones internacionales \u00abHacer para el Desarrollo\u00bb y Docencia en Derecho Civil, que se celebrar\u00e1 el 21 de mayo de 2021 en modalidad online. La conferencia versar\u00e1 sobre la disciplina del BioDerecho, dando a conocer&#8230;<\/p>\n","protected":false},"author":43,"featured_media":19305,"comment_status":"closed","ping_status":"closed","template":"","tags":[3949,977,24,3812,3893,3751],"tribe_events_cat":[472,3987,471,4,186],"acf":[],"yoast_head":"<!-- This site is optimized with the Yoast SEO plugin v21.3 - https:\/\/yoast.com\/wordpress\/plugins\/seo\/ -->\n<title>Esc\u00e9pticos en el Pub en Tenerife n\u00ba 88 (11.8): \u00abEl enfoque &#039;One Health&#039;: promesas y desaf\u00edos para el Bioderecho\u00bb - ULL - Agenda<\/title>\n<meta name=\"robots\" content=\"index, follow, max-snippet:-1, max-image-preview:large, max-video-preview:-1\" \/>\n<link rel=\"canonical\" href=\"https:\/\/www.ull.es\/portal\/agenda\/evento\/escepticos-en-el-pub-en-tenerife-no-88-11-8-el-enfoque-one-health-promesas-y-desafios-para-el-bioderecho\/\" \/>\n<meta property=\"og:locale\" content=\"es_ES\" \/>\n<meta property=\"og:type\" content=\"article\" \/>\n<meta property=\"og:title\" content=\"Esc\u00e9pticos en el Pub en Tenerife n\u00ba 88 (11.8): \u00abEl enfoque &#039;One Health&#039;: promesas y desaf\u00edos para el Bioderecho\u00bb - ULL - Agenda\" \/>\n<meta property=\"og:description\" content=\"Actividad de Extensi\u00f3n Universitaria organizada por el Aula Cultural de Divulgaci\u00f3n Cient\u00edfica, el Aula Cultural \u00abRadio Campus\u00bb, la Asociaci\u00f3n cultural de relaciones internacionales \u00abHacer para el Desarrollo\u00bb y Docencia en Derecho Civil, que se celebrar\u00e1 el 21 de mayo de 2021 en modalidad online. La conferencia versar\u00e1 sobre la disciplina del BioDerecho, dando a conocer...\" \/>\n<meta property=\"og:url\" content=\"https:\/\/www.ull.es\/portal\/agenda\/evento\/escepticos-en-el-pub-en-tenerife-no-88-11-8-el-enfoque-one-health-promesas-y-desafios-para-el-bioderecho\/\" \/>\n<meta property=\"og:site_name\" content=\"ULL - Agenda\" \/>\n<meta property=\"article:modified_time\" content=\"2021-05-18T08:48:50+00:00\" \/>\n<meta property=\"og:image\" content=\"https:\/\/www.ull.es\/portal\/agenda\/wp-content\/uploads\/sites\/12\/2021\/04\/BannerPub88.png\" \/>\n\t<meta property=\"og:image:width\" content=\"700\" \/>\n\t<meta property=\"og:image:height\" content=\"350\" \/>\n\t<meta property=\"og:image:type\" content=\"image\/png\" \/>\n<meta name=\"twitter:card\" content=\"summary_large_image\" \/>\n<meta name=\"twitter:label1\" content=\"Tiempo de lectura\" \/>\n\t<meta name=\"twitter:data1\" content=\"2 minutos\" \/>\n<script type=\"application\/ld+json\" class=\"yoast-schema-graph\">{\"@context\":\"https:\/\/schema.org\",\"@graph\":[{\"@type\":\"WebPage\",\"@id\":\"https:\/\/www.ull.es\/portal\/agenda\/evento\/escepticos-en-el-pub-en-tenerife-no-88-11-8-el-enfoque-one-health-promesas-y-desafios-para-el-bioderecho\/\",\"url\":\"https:\/\/www.ull.es\/portal\/agenda\/evento\/escepticos-en-el-pub-en-tenerife-no-88-11-8-el-enfoque-one-health-promesas-y-desafios-para-el-bioderecho\/\",\"name\":\"Esc\u00e9pticos en el Pub en Tenerife n\u00ba 88 (11.8): \u00abEl enfoque 'One Health': promesas y desaf\u00edos para el Bioderecho\u00bb - ULL - Agenda\",\"isPartOf\":{\"@id\":\"https:\/\/www.ull.es\/portal\/agenda\/#website\"},\"datePublished\":\"2021-04-26T09:35:09+00:00\",\"dateModified\":\"2021-05-18T08:48:50+00:00\",\"breadcrumb\":{\"@id\":\"https:\/\/www.ull.es\/portal\/agenda\/evento\/escepticos-en-el-pub-en-tenerife-no-88-11-8-el-enfoque-one-health-promesas-y-desafios-para-el-bioderecho\/#breadcrumb\"},\"inLanguage\":\"es\",\"potentialAction\":[{\"@type\":\"ReadAction\",\"target\":[\"https:\/\/www.ull.es\/portal\/agenda\/evento\/escepticos-en-el-pub-en-tenerife-no-88-11-8-el-enfoque-one-health-promesas-y-desafios-para-el-bioderecho\/\"]}]},{\"@type\":\"BreadcrumbList\",\"@id\":\"https:\/\/www.ull.es\/portal\/agenda\/evento\/escepticos-en-el-pub-en-tenerife-no-88-11-8-el-enfoque-one-health-promesas-y-desafios-para-el-bioderecho\/#breadcrumb\",\"itemListElement\":[{\"@type\":\"ListItem\",\"position\":1,\"name\":\"Portada\",\"item\":\"https:\/\/www.ull.es\/portal\/agenda\/\"},{\"@type\":\"ListItem\",\"position\":2,\"name\":\"Esc\u00e9pticos en el Pub en Tenerife n\u00ba 88 (11.8): \u00abEl enfoque &#8216;One Health&#8217;: promesas y desaf\u00edos para el Bioderecho\u00bb\"}]},{\"@type\":\"WebSite\",\"@id\":\"https:\/\/www.ull.es\/portal\/agenda\/#website\",\"url\":\"https:\/\/www.ull.es\/portal\/agenda\/\",\"name\":\"ULL - Agenda\",\"description\":\"\",\"potentialAction\":[{\"@type\":\"SearchAction\",\"target\":{\"@type\":\"EntryPoint\",\"urlTemplate\":\"https:\/\/www.ull.es\/portal\/agenda\/?s={search_term_string}\"},\"query-input\":\"required name=search_term_string\"}],\"inLanguage\":\"es\"}]}<\/script>\n<!-- \/ Yoast SEO plugin. -->","yoast_head_json":{"title":"Esc\u00e9pticos en el Pub en Tenerife n\u00ba 88 (11.8): \u00abEl enfoque 'One Health': promesas y desaf\u00edos para el Bioderecho\u00bb - ULL - Agenda","robots":{"index":"index","follow":"follow","max-snippet":"max-snippet:-1","max-image-preview":"max-image-preview:large","max-video-preview":"max-video-preview:-1"},"canonical":"https:\/\/www.ull.es\/portal\/agenda\/evento\/escepticos-en-el-pub-en-tenerife-no-88-11-8-el-enfoque-one-health-promesas-y-desafios-para-el-bioderecho\/","og_locale":"es_ES","og_type":"article","og_title":"Esc\u00e9pticos en el Pub en Tenerife n\u00ba 88 (11.8): \u00abEl enfoque 'One Health': promesas y desaf\u00edos para el Bioderecho\u00bb - ULL - Agenda","og_description":"Actividad de Extensi\u00f3n Universitaria organizada por el Aula Cultural de Divulgaci\u00f3n Cient\u00edfica, el Aula Cultural \u00abRadio Campus\u00bb, la Asociaci\u00f3n cultural de relaciones internacionales \u00abHacer para el Desarrollo\u00bb y Docencia en Derecho Civil, que se celebrar\u00e1 el 21 de mayo de 2021 en modalidad online. La conferencia versar\u00e1 sobre la disciplina del BioDerecho, dando a conocer...","og_url":"https:\/\/www.ull.es\/portal\/agenda\/evento\/escepticos-en-el-pub-en-tenerife-no-88-11-8-el-enfoque-one-health-promesas-y-desafios-para-el-bioderecho\/","og_site_name":"ULL - Agenda","article_modified_time":"2021-05-18T08:48:50+00:00","og_image":[{"width":700,"height":350,"url":"https:\/\/www.ull.es\/portal\/agenda\/wp-content\/uploads\/sites\/12\/2021\/04\/BannerPub88.png","type":"image\/png"}],"twitter_card":"summary_large_image","twitter_misc":{"Tiempo de lectura":"2 minutos"},"schema":{"@context":"https:\/\/schema.org","@graph":[{"@type":"WebPage","@id":"https:\/\/www.ull.es\/portal\/agenda\/evento\/escepticos-en-el-pub-en-tenerife-no-88-11-8-el-enfoque-one-health-promesas-y-desafios-para-el-bioderecho\/","url":"https:\/\/www.ull.es\/portal\/agenda\/evento\/escepticos-en-el-pub-en-tenerife-no-88-11-8-el-enfoque-one-health-promesas-y-desafios-para-el-bioderecho\/","name":"Esc\u00e9pticos en el Pub en Tenerife n\u00ba 88 (11.8): \u00abEl enfoque 'One Health': promesas y desaf\u00edos para el Bioderecho\u00bb - ULL - Agenda","isPartOf":{"@id":"https:\/\/www.ull.es\/portal\/agenda\/#website"},"datePublished":"2021-04-26T09:35:09+00:00","dateModified":"2021-05-18T08:48:50+00:00","breadcrumb":{"@id":"https:\/\/www.ull.es\/portal\/agenda\/evento\/escepticos-en-el-pub-en-tenerife-no-88-11-8-el-enfoque-one-health-promesas-y-desafios-para-el-bioderecho\/#breadcrumb"},"inLanguage":"es","potentialAction":[{"@type":"ReadAction","target":["https:\/\/www.ull.es\/portal\/agenda\/evento\/escepticos-en-el-pub-en-tenerife-no-88-11-8-el-enfoque-one-health-promesas-y-desafios-para-el-bioderecho\/"]}]},{"@type":"BreadcrumbList","@id":"https:\/\/www.ull.es\/portal\/agenda\/evento\/escepticos-en-el-pub-en-tenerife-no-88-11-8-el-enfoque-one-health-promesas-y-desafios-para-el-bioderecho\/#breadcrumb","itemListElement":[{"@type":"ListItem","position":1,"name":"Portada","item":"https:\/\/www.ull.es\/portal\/agenda\/"},{"@type":"ListItem","position":2,"name":"Esc\u00e9pticos en el Pub en Tenerife n\u00ba 88 (11.8): \u00abEl enfoque &#8216;One Health&#8217;: promesas y desaf\u00edos para el Bioderecho\u00bb"}]},{"@type":"WebSite","@id":"https:\/\/www.ull.es\/portal\/agenda\/#website","url":"https:\/\/www.ull.es\/portal\/agenda\/","name":"ULL - Agenda","description":"","potentialAction":[{"@type":"SearchAction","target":{"@type":"EntryPoint","urlTemplate":"https:\/\/www.ull.es\/portal\/agenda\/?s={search_term_string}"},"query-input":"required name=search_term_string"}],"inLanguage":"es"}]}},"_links":{"self":[{"href":"https:\/\/www.ull.es\/portal\/agenda\/wp-json\/wp\/v2\/tribe_events\/19304"}],"collection":[{"href":"https:\/\/www.ull.es\/portal\/agenda\/wp-json\/wp\/v2\/tribe_events"}],"about":[{"href":"https:\/\/www.ull.es\/portal\/agenda\/wp-json\/wp\/v2\/types\/tribe_events"}],"author":[{"embeddable":true,"href":"https:\/\/www.ull.es\/portal\/agenda\/wp-json\/wp\/v2\/users\/43"}],"replies":[{"embeddable":true,"href":"https:\/\/www.ull.es\/portal\/agenda\/wp-json\/wp\/v2\/comments?post=19304"}],"version-history":[{"count":4,"href":"https:\/\/www.ull.es\/portal\/agenda\/wp-json\/wp\/v2\/tribe_events\/19304\/revisions"}],"predecessor-version":[{"id":19354,"href":"https:\/\/www.ull.es\/portal\/agenda\/wp-json\/wp\/v2\/tribe_events\/19304\/revisions\/19354"}],"wp:featuredmedia":[{"embeddable":true,"href":"https:\/\/www.ull.es\/portal\/agenda\/wp-json\/wp\/v2\/media\/19305"}],"wp:attachment":[{"href":"https:\/\/www.ull.es\/portal\/agenda\/wp-json\/wp\/v2\/media?parent=19304"}],"wp:term":[{"taxonomy":"post_tag","embeddable":true,"href":"https:\/\/www.ull.es\/portal\/agenda\/wp-json\/wp\/v2\/tags?post=19304"},{"taxonomy":"tribe_events_cat","embeddable":true,"href":"https:\/\/www.ull.es\/portal\/agenda\/wp-json\/wp\/v2\/tribe_events_cat?post=19304"}],"curies":[{"name":"wp","href":"https:\/\/api.w.org\/{rel}","templated":true}]}}