{"id":19343,"date":"2021-04-28T09:24:02","date_gmt":"2021-04-28T09:24:02","guid":{"rendered":"https:\/\/www.ull.es\/portal\/agenda\/?post_type=tribe_events&#038;p=19343"},"modified":"2021-04-28T09:47:35","modified_gmt":"2021-04-28T09:47:35","slug":"escepticos-en-el-pub-en-tenerife-no-87-11-7-de-el-esceptico-al-esceptico-digital-historia-de-las-publicaciones-de-arp-sociedad-para-el-avance-del-pensamiento-critico","status":"publish","type":"tribe_events","link":"https:\/\/www.ull.es\/portal\/agenda\/evento\/escepticos-en-el-pub-en-tenerife-no-87-11-7-de-el-esceptico-al-esceptico-digital-historia-de-las-publicaciones-de-arp-sociedad-para-el-avance-del-pensamiento-critico\/","title":{"rendered":"Esc\u00e9pticos en el Pub en Tenerife n\u00ba 87 (11.7): \u00abDe El Esc\u00e9ptico al Esc\u00e9ptico Digital: historia de las publicaciones de ARP-Sociedad para el avance del pensamiento cr\u00edtico\u00bb"},"content":{"rendered":"<p>Actividad de Extensi\u00f3n Universitaria organizada por el Aula Cultural de Divulgaci\u00f3n Cient\u00edfica, el Aula Cultural \u00abRadio Campus\u00bb, la Asociaci\u00f3n cultural de relaciones internacionales \u00abHacer para el Desarrollo\u00bb, Docencia en Derecho Civil y ARP-Sociedad para el avance del pensamiento cr\u00edtico que se celebrar\u00e1 el <strong>30 de abril <\/strong>de 2021 en\u00a0<strong>modalidad online<\/strong>.<\/p>\n<p>El evento har\u00e1 un repaso de las dos publicaciones de corte divulgativo y esc\u00e9ptico que se publican desde la ARP-Sociedad para el Avance del Pensamiento Cr\u00edtico, las cuales son referentes del pensamiento cr\u00edtico.<\/p>\n<p>Imparten:<br \/>\n&#8211; Juan Antonio Rodr\u00edguez Garc\u00eda, miembro de ARP-SAPC y director de la revista El Esc\u00e9ptico desde el a\u00f1o 2015.<br \/>\n&#8211; Alfonso L\u00f3pez Borgo\u00f1oz, miembro de ARP-SAPC y coordinador de la revista El Esc\u00e9ptico Digital desde 2017.<\/p>\n<p>Dirigen:<\/p>\n<ul>\n<li>Luis Javier Capote P\u00e9rez, Profesor de Derecho Civil, Departamento de Disciplinas Jur\u00eddicas B\u00e1sicas de la ULL.<\/li>\n<li>Eva Mar\u00eda Gonz\u00e1lez Lorenzo, Doctora en Ciencias de la Comunicaci\u00f3n, Gerente de la Asociaci\u00f3n cultural de relaciones internacionales \u00abHacer para el desarrollo\u00bb.<\/li>\n<\/ul>\n<p><a href=\"https:\/\/sede.fg.ull.es\/es\/curso\/detalle\/a21020125\/escepticos-en-el-pub-en-tenerife-n-87-11-7-de-el-esceptico-al-esceptico-digital-historia-de-las-publicaciones-de-arp-sociedad-para-el-avance-del-pensa\" target=\"_blank\" rel=\"noopener noreferrer\" target=\"_blank\" rel=\"noopener\"><strong><u>Consulta el programa e inscr\u00edbete aqu\u00ed.<\/u><\/strong><\/a><\/p>\n<p><strong>Contacto: 922 319 616 \/ 922 319 626 \u2013\u00a0<\/strong><a href=\"mailto:extuni@ull.edu.es\" target=\"_blank\" rel=\"noopener\"><strong>extuni@ull.es<\/strong><\/a><\/p>\n<p><em><strong>IMPORTANTE<\/strong>: La sesi\u00f3n ser\u00e1 grabada en audio y en v\u00eddeo. La inscripci\u00f3n implica la cesi\u00f3n proporcionada de los derechos afectados por parte del p\u00fablico, pues estas piezas se publicar\u00e1n en el canal ULL de YouTube y en el canal iVoox de Radio Campus.<\/em><\/p>\n<p>Colaboran: C\u00e1tedra Cultural \u00abFrancisco Tom\u00e1s y Valiente\u00bb, Pub \u00abS\u00f3crates\u00bb y LAGENDA del ocio de Tenerife.<\/p>\n","protected":false},"excerpt":{"rendered":"<p>Actividad de Extensi\u00f3n Universitaria organizada por el Aula Cultural de Divulgaci\u00f3n Cient\u00edfica, el Aula Cultural \u00abRadio Campus\u00bb, la Asociaci\u00f3n cultural de relaciones internacionales \u00abHacer para el Desarrollo\u00bb, Docencia en Derecho Civil y ARP-Sociedad para el avance del pensamiento cr\u00edtico que se celebrar\u00e1 el 30 de abril de 2021 en\u00a0modalidad online. El evento har\u00e1 un repaso&#8230;<\/p>\n","protected":false},"author":43,"featured_media":19344,"comment_status":"closed","ping_status":"closed","template":"","tags":[3956,3957,977,3954,3955,24,3812,2438,3751],"tribe_events_cat":[472,471,4,186],"acf":[],"yoast_head":"<!-- This site is optimized with the Yoast SEO plugin v21.3 - https:\/\/yoast.com\/wordpress\/plugins\/seo\/ -->\n<title>Esc\u00e9pticos en el Pub en Tenerife n\u00ba 87 (11.7): \u00abDe El Esc\u00e9ptico al Esc\u00e9ptico Digital: historia de las publicaciones de ARP-Sociedad para el avance del pensamiento cr\u00edtico\u00bb - ULL - Agenda<\/title>\n<meta name=\"robots\" content=\"index, follow, max-snippet:-1, max-image-preview:large, max-video-preview:-1\" \/>\n<link rel=\"canonical\" href=\"https:\/\/www.ull.es\/portal\/agenda\/evento\/escepticos-en-el-pub-en-tenerife-no-87-11-7-de-el-esceptico-al-esceptico-digital-historia-de-las-publicaciones-de-arp-sociedad-para-el-avance-del-pensamiento-critico\/\" \/>\n<meta property=\"og:locale\" content=\"es_ES\" \/>\n<meta property=\"og:type\" content=\"article\" \/>\n<meta property=\"og:title\" content=\"Esc\u00e9pticos en el Pub en Tenerife n\u00ba 87 (11.7): \u00abDe El Esc\u00e9ptico al Esc\u00e9ptico Digital: historia de las publicaciones de ARP-Sociedad para el avance del pensamiento cr\u00edtico\u00bb - ULL - Agenda\" \/>\n<meta property=\"og:description\" content=\"Actividad de Extensi\u00f3n Universitaria organizada por el Aula Cultural de Divulgaci\u00f3n Cient\u00edfica, el Aula Cultural \u00abRadio Campus\u00bb, la Asociaci\u00f3n cultural de relaciones internacionales \u00abHacer para el Desarrollo\u00bb, Docencia en Derecho Civil y ARP-Sociedad para el avance del pensamiento cr\u00edtico que se celebrar\u00e1 el 30 de abril de 2021 en\u00a0modalidad online. El evento har\u00e1 un repaso...\" \/>\n<meta property=\"og:url\" content=\"https:\/\/www.ull.es\/portal\/agenda\/evento\/escepticos-en-el-pub-en-tenerife-no-87-11-7-de-el-esceptico-al-esceptico-digital-historia-de-las-publicaciones-de-arp-sociedad-para-el-avance-del-pensamiento-critico\/\" \/>\n<meta property=\"og:site_name\" content=\"ULL - Agenda\" \/>\n<meta property=\"article:modified_time\" content=\"2021-04-28T09:47:35+00:00\" \/>\n<meta property=\"og:image\" content=\"https:\/\/www.ull.es\/portal\/agenda\/wp-content\/uploads\/sites\/12\/2021\/04\/Pub30abril.png\" \/>\n\t<meta property=\"og:image:width\" content=\"700\" \/>\n\t<meta property=\"og:image:height\" content=\"350\" \/>\n\t<meta property=\"og:image:type\" content=\"image\/png\" \/>\n<meta name=\"twitter:card\" content=\"summary_large_image\" \/>\n<meta name=\"twitter:label1\" content=\"Tiempo de lectura\" \/>\n\t<meta name=\"twitter:data1\" content=\"2 minutos\" \/>\n<script type=\"application\/ld+json\" class=\"yoast-schema-graph\">{\"@context\":\"https:\/\/schema.org\",\"@graph\":[{\"@type\":\"WebPage\",\"@id\":\"https:\/\/www.ull.es\/portal\/agenda\/evento\/escepticos-en-el-pub-en-tenerife-no-87-11-7-de-el-esceptico-al-esceptico-digital-historia-de-las-publicaciones-de-arp-sociedad-para-el-avance-del-pensamiento-critico\/\",\"url\":\"https:\/\/www.ull.es\/portal\/agenda\/evento\/escepticos-en-el-pub-en-tenerife-no-87-11-7-de-el-esceptico-al-esceptico-digital-historia-de-las-publicaciones-de-arp-sociedad-para-el-avance-del-pensamiento-critico\/\",\"name\":\"Esc\u00e9pticos en el Pub en Tenerife n\u00ba 87 (11.7): \u00abDe El Esc\u00e9ptico al Esc\u00e9ptico Digital: historia de las publicaciones de ARP-Sociedad para el avance del pensamiento cr\u00edtico\u00bb - ULL - Agenda\",\"isPartOf\":{\"@id\":\"https:\/\/www.ull.es\/portal\/agenda\/#website\"},\"datePublished\":\"2021-04-28T09:24:02+00:00\",\"dateModified\":\"2021-04-28T09:47:35+00:00\",\"breadcrumb\":{\"@id\":\"https:\/\/www.ull.es\/portal\/agenda\/evento\/escepticos-en-el-pub-en-tenerife-no-87-11-7-de-el-esceptico-al-esceptico-digital-historia-de-las-publicaciones-de-arp-sociedad-para-el-avance-del-pensamiento-critico\/#breadcrumb\"},\"inLanguage\":\"es\",\"potentialAction\":[{\"@type\":\"ReadAction\",\"target\":[\"https:\/\/www.ull.es\/portal\/agenda\/evento\/escepticos-en-el-pub-en-tenerife-no-87-11-7-de-el-esceptico-al-esceptico-digital-historia-de-las-publicaciones-de-arp-sociedad-para-el-avance-del-pensamiento-critico\/\"]}]},{\"@type\":\"BreadcrumbList\",\"@id\":\"https:\/\/www.ull.es\/portal\/agenda\/evento\/escepticos-en-el-pub-en-tenerife-no-87-11-7-de-el-esceptico-al-esceptico-digital-historia-de-las-publicaciones-de-arp-sociedad-para-el-avance-del-pensamiento-critico\/#breadcrumb\",\"itemListElement\":[{\"@type\":\"ListItem\",\"position\":1,\"name\":\"Portada\",\"item\":\"https:\/\/www.ull.es\/portal\/agenda\/\"},{\"@type\":\"ListItem\",\"position\":2,\"name\":\"Esc\u00e9pticos en el Pub en Tenerife n\u00ba 87 (11.7): \u00abDe El Esc\u00e9ptico al Esc\u00e9ptico Digital: historia de las publicaciones de ARP-Sociedad para el avance del pensamiento cr\u00edtico\u00bb\"}]},{\"@type\":\"WebSite\",\"@id\":\"https:\/\/www.ull.es\/portal\/agenda\/#website\",\"url\":\"https:\/\/www.ull.es\/portal\/agenda\/\",\"name\":\"ULL - Agenda\",\"description\":\"\",\"potentialAction\":[{\"@type\":\"SearchAction\",\"target\":{\"@type\":\"EntryPoint\",\"urlTemplate\":\"https:\/\/www.ull.es\/portal\/agenda\/?s={search_term_string}\"},\"query-input\":\"required name=search_term_string\"}],\"inLanguage\":\"es\"}]}<\/script>\n<!-- \/ Yoast SEO plugin. -->","yoast_head_json":{"title":"Esc\u00e9pticos en el Pub en Tenerife n\u00ba 87 (11.7): \u00abDe El Esc\u00e9ptico al Esc\u00e9ptico Digital: historia de las publicaciones de ARP-Sociedad para el avance del pensamiento cr\u00edtico\u00bb - ULL - Agenda","robots":{"index":"index","follow":"follow","max-snippet":"max-snippet:-1","max-image-preview":"max-image-preview:large","max-video-preview":"max-video-preview:-1"},"canonical":"https:\/\/www.ull.es\/portal\/agenda\/evento\/escepticos-en-el-pub-en-tenerife-no-87-11-7-de-el-esceptico-al-esceptico-digital-historia-de-las-publicaciones-de-arp-sociedad-para-el-avance-del-pensamiento-critico\/","og_locale":"es_ES","og_type":"article","og_title":"Esc\u00e9pticos en el Pub en Tenerife n\u00ba 87 (11.7): \u00abDe El Esc\u00e9ptico al Esc\u00e9ptico Digital: historia de las publicaciones de ARP-Sociedad para el avance del pensamiento cr\u00edtico\u00bb - ULL - Agenda","og_description":"Actividad de Extensi\u00f3n Universitaria organizada por el Aula Cultural de Divulgaci\u00f3n Cient\u00edfica, el Aula Cultural \u00abRadio Campus\u00bb, la Asociaci\u00f3n cultural de relaciones internacionales \u00abHacer para el Desarrollo\u00bb, Docencia en Derecho Civil y ARP-Sociedad para el avance del pensamiento cr\u00edtico que se celebrar\u00e1 el 30 de abril de 2021 en\u00a0modalidad online. El evento har\u00e1 un repaso...","og_url":"https:\/\/www.ull.es\/portal\/agenda\/evento\/escepticos-en-el-pub-en-tenerife-no-87-11-7-de-el-esceptico-al-esceptico-digital-historia-de-las-publicaciones-de-arp-sociedad-para-el-avance-del-pensamiento-critico\/","og_site_name":"ULL - Agenda","article_modified_time":"2021-04-28T09:47:35+00:00","og_image":[{"width":700,"height":350,"url":"https:\/\/www.ull.es\/portal\/agenda\/wp-content\/uploads\/sites\/12\/2021\/04\/Pub30abril.png","type":"image\/png"}],"twitter_card":"summary_large_image","twitter_misc":{"Tiempo de lectura":"2 minutos"},"schema":{"@context":"https:\/\/schema.org","@graph":[{"@type":"WebPage","@id":"https:\/\/www.ull.es\/portal\/agenda\/evento\/escepticos-en-el-pub-en-tenerife-no-87-11-7-de-el-esceptico-al-esceptico-digital-historia-de-las-publicaciones-de-arp-sociedad-para-el-avance-del-pensamiento-critico\/","url":"https:\/\/www.ull.es\/portal\/agenda\/evento\/escepticos-en-el-pub-en-tenerife-no-87-11-7-de-el-esceptico-al-esceptico-digital-historia-de-las-publicaciones-de-arp-sociedad-para-el-avance-del-pensamiento-critico\/","name":"Esc\u00e9pticos en el Pub en Tenerife n\u00ba 87 (11.7): \u00abDe El Esc\u00e9ptico al Esc\u00e9ptico Digital: historia de las publicaciones de ARP-Sociedad para el avance del pensamiento cr\u00edtico\u00bb - ULL - Agenda","isPartOf":{"@id":"https:\/\/www.ull.es\/portal\/agenda\/#website"},"datePublished":"2021-04-28T09:24:02+00:00","dateModified":"2021-04-28T09:47:35+00:00","breadcrumb":{"@id":"https:\/\/www.ull.es\/portal\/agenda\/evento\/escepticos-en-el-pub-en-tenerife-no-87-11-7-de-el-esceptico-al-esceptico-digital-historia-de-las-publicaciones-de-arp-sociedad-para-el-avance-del-pensamiento-critico\/#breadcrumb"},"inLanguage":"es","potentialAction":[{"@type":"ReadAction","target":["https:\/\/www.ull.es\/portal\/agenda\/evento\/escepticos-en-el-pub-en-tenerife-no-87-11-7-de-el-esceptico-al-esceptico-digital-historia-de-las-publicaciones-de-arp-sociedad-para-el-avance-del-pensamiento-critico\/"]}]},{"@type":"BreadcrumbList","@id":"https:\/\/www.ull.es\/portal\/agenda\/evento\/escepticos-en-el-pub-en-tenerife-no-87-11-7-de-el-esceptico-al-esceptico-digital-historia-de-las-publicaciones-de-arp-sociedad-para-el-avance-del-pensamiento-critico\/#breadcrumb","itemListElement":[{"@type":"ListItem","position":1,"name":"Portada","item":"https:\/\/www.ull.es\/portal\/agenda\/"},{"@type":"ListItem","position":2,"name":"Esc\u00e9pticos en el Pub en Tenerife n\u00ba 87 (11.7): \u00abDe El Esc\u00e9ptico al Esc\u00e9ptico Digital: historia de las publicaciones de ARP-Sociedad para el avance del pensamiento cr\u00edtico\u00bb"}]},{"@type":"WebSite","@id":"https:\/\/www.ull.es\/portal\/agenda\/#website","url":"https:\/\/www.ull.es\/portal\/agenda\/","name":"ULL - Agenda","description":"","potentialAction":[{"@type":"SearchAction","target":{"@type":"EntryPoint","urlTemplate":"https:\/\/www.ull.es\/portal\/agenda\/?s={search_term_string}"},"query-input":"required name=search_term_string"}],"inLanguage":"es"}]}},"_links":{"self":[{"href":"https:\/\/www.ull.es\/portal\/agenda\/wp-json\/wp\/v2\/tribe_events\/19343"}],"collection":[{"href":"https:\/\/www.ull.es\/portal\/agenda\/wp-json\/wp\/v2\/tribe_events"}],"about":[{"href":"https:\/\/www.ull.es\/portal\/agenda\/wp-json\/wp\/v2\/types\/tribe_events"}],"author":[{"embeddable":true,"href":"https:\/\/www.ull.es\/portal\/agenda\/wp-json\/wp\/v2\/users\/43"}],"replies":[{"embeddable":true,"href":"https:\/\/www.ull.es\/portal\/agenda\/wp-json\/wp\/v2\/comments?post=19343"}],"version-history":[{"count":2,"href":"https:\/\/www.ull.es\/portal\/agenda\/wp-json\/wp\/v2\/tribe_events\/19343\/revisions"}],"predecessor-version":[{"id":19355,"href":"https:\/\/www.ull.es\/portal\/agenda\/wp-json\/wp\/v2\/tribe_events\/19343\/revisions\/19355"}],"wp:featuredmedia":[{"embeddable":true,"href":"https:\/\/www.ull.es\/portal\/agenda\/wp-json\/wp\/v2\/media\/19344"}],"wp:attachment":[{"href":"https:\/\/www.ull.es\/portal\/agenda\/wp-json\/wp\/v2\/media?parent=19343"}],"wp:term":[{"taxonomy":"post_tag","embeddable":true,"href":"https:\/\/www.ull.es\/portal\/agenda\/wp-json\/wp\/v2\/tags?post=19343"},{"taxonomy":"tribe_events_cat","embeddable":true,"href":"https:\/\/www.ull.es\/portal\/agenda\/wp-json\/wp\/v2\/tribe_events_cat?post=19343"}],"curies":[{"name":"wp","href":"https:\/\/api.w.org\/{rel}","templated":true}]}}