{"id":19411,"date":"2021-04-30T12:57:58","date_gmt":"2021-04-30T12:57:58","guid":{"rendered":"https:\/\/www.ull.es\/portal\/agenda\/?post_type=tribe_events&#038;p=19411"},"modified":"2021-05-05T07:55:24","modified_gmt":"2021-05-05T07:55:24","slug":"sesion-academica-desde-newton-al-laser-y-la-fotosintesis-artificial","status":"publish","type":"tribe_events","link":"https:\/\/www.ull.es\/portal\/agenda\/evento\/sesion-academica-desde-newton-al-laser-y-la-fotosintesis-artificial\/","title":{"rendered":"Sesi\u00f3n acad\u00e9mica: Desde Newton al L\u00e1ser y la Fotos\u00edntesis Artificial"},"content":{"rendered":"<p>Sesi\u00f3n acad\u00e9mica de los doctores\u00a0Jorge M\u00e9ndez Ramos de Universidad de La Laguna (Tenerife)\u00a0y\u00a0Amador Men\u00e9ndez Vel\u00e1zquez del Centro Tecnol\u00f3gico IDONIAL\u00a0(Asturias).<\/p>\n<p>En el a\u00f1o 1666, Una pandemia de peste bub\u00f3nica asola Europa. La Universidades cierran y un joven Isaac Newton con 24 a\u00f1os se ve obligado a confinarse en su casa natal del Woolsthorpe, Inglaterra. Con su inspiraci\u00f3n, estudio y \u201cvisi\u00f3n de gigante\u201d dio lugar a una revoluci\u00f3n cient\u00edfica que cambi\u00f3 el mundo para siempre, sentando los principios de la Ciencia con may\u00fasculas que hoy conocemos. Desde las mareas, la gravitaci\u00f3n universal y el c\u00e1lculo infinitesimal hasta las \u00f3rbitas de los planetas y el estudio de la LUZ.<\/p>\n<p>En esta sesi\u00f3n acad\u00e9mica haremos un viaje en el tiempo de la mano de la LUZ, desde los prismas de Newton hasta el L\u00e1ser de Einstein, desde el efecto fotoel\u00e9ctrico a las placas solares fotovoltaicas y a la Fotos\u00edntesis Artificial, dominando el secreto mejor guardado de las plantas para almacenar la energ\u00eda solar. Un viaje con la LUZ hacia el futuro y las prometedoras aplicaciones fot\u00f3nicas en energ\u00edas renovables y en biomedicina.<\/p>\n<p>Descomponiendo la LUZ para entender su naturaleza, \u201cconfinando\u201d la luz para comunicarnos con fibra \u00f3ptica, generando y almacenando energ\u00eda con la luz y curando con la luz. LUZ, desde Newton al L\u00e1ser y la Fotos\u00edntesis Artificial.<\/p>\n<p>Esta actividad es organizada por la\u00a0<a href=\"https:\/\/www.ull.es\/\" target=\"_blank\" rel=\"noopener\" data-saferedirecturl=\"https:\/\/www.google.com\/url?q=https:\/\/www.ull.es\/&amp;source=gmail&amp;ust=1619873238588000&amp;usg=AFQjCNHMBfcK5JXsFTbhu_HUNnNB6-EpYg\" target=\"_blank\" rel=\"noopener\">Universidad de La Laguna<\/a>, con la colaboraci\u00f3n de la Facultad de Ciencias, Escuela Superior de Ingenier\u00eda y Tecnolog\u00eda, la\u00a0<a href=\"https:\/\/fg.ull.es\/\" target=\"_blank\" rel=\"noopener\" data-saferedirecturl=\"https:\/\/www.google.com\/url?q=https:\/\/fg.ull.es\/&amp;source=gmail&amp;ust=1619873238588000&amp;usg=AFQjCNHZCvt1sGNaAr7nW_h8u4cy0CDaPw\" target=\"_blank\" rel=\"noopener\">Fundaci\u00f3n General de la Universidad de La Laguna<\/a>; a trav\u00e9s de\u00a0<a href=\"https:\/\/www.ull.es\/portal\/cienciaull\/\" target=\"_blank\" rel=\"noopener\" data-saferedirecturl=\"https:\/\/www.google.com\/url?q=https:\/\/www.ull.es\/portal\/cienciaull\/&amp;source=gmail&amp;ust=1619873238588000&amp;usg=AFQjCNHz_xNzFw5a9BoBXkkNf0r5q0EcWA\" target=\"_blank\" rel=\"noopener\">Cienci@ULL<\/a>;\u00a0<a href=\"http:\/\/rac-ciencias.org\/\" target=\"_blank\" rel=\"noopener\" data-saferedirecturl=\"https:\/\/www.google.com\/url?q=http:\/\/rac-ciencias.org\/&amp;source=gmail&amp;ust=1619873238588000&amp;usg=AFQjCNFXZyeLmy8OkTqpThsxmjoRvBii-w\" target=\"_blank\" rel=\"noopener\">Real Academia Canarias de Ciencias<\/a>\u00a0y\u00a0<a href=\"http:\/\/www.rtvc.es\/\" target=\"_blank\" rel=\"noopener\" data-saferedirecturl=\"https:\/\/www.google.com\/url?q=http:\/\/www.rtvc.es\/&amp;source=gmail&amp;ust=1619873238588000&amp;usg=AFQjCNEteMrSPuue89OJyEHMTEiSoWQJJQ\" target=\"_blank\" rel=\"noopener\">Radio Televisi\u00f3n Canaria<\/a>.<\/p>\n<p>Ver ponentes en este <a href=\"https:\/\/www.ull.es\/portal\/cienciaull\/ponentes\/\" target=\"_blank\" rel=\"noopener\" target=\"_blank\" rel=\"noopener\">enlace.<\/a><\/p>\n<p><a href=\"https:\/\/youtu.be\/ibBySYGkpP8\" target=\"_blank\" rel=\"noopener\" target=\"_blank\" rel=\"noopener\">V\u00eddeo de presentaci\u00f3n de este evento<\/a><\/p>\n<p>Entrada por invitaci\u00f3n<a href=\"http:\/\/www.tomaticket.es\/paraninfoull\" target=\"_blank\" rel=\"noopener\" target=\"_blank\" rel=\"noopener\">http:\/\/www.tomaticket.es\/paraninfoull<\/a><\/p>\n","protected":false},"excerpt":{"rendered":"<p>Sesi\u00f3n acad\u00e9mica de los doctores\u00a0Jorge M\u00e9ndez Ramos de Universidad de La Laguna (Tenerife)\u00a0y\u00a0Amador Men\u00e9ndez Vel\u00e1zquez del Centro Tecnol\u00f3gico IDONIAL\u00a0(Asturias). En el a\u00f1o 1666, Una pandemia de peste bub\u00f3nica asola Europa. La Universidades cierran y un joven Isaac Newton con 24 a\u00f1os se ve obligado a confinarse en su casa natal del Woolsthorpe, Inglaterra. Con su&#8230;<\/p>\n","protected":false},"author":65,"featured_media":19412,"comment_status":"closed","ping_status":"closed","template":"","tags":[],"tribe_events_cat":[4,1103,915,789,972,1090,848,985,1831,5,343,191],"acf":[],"yoast_head":"<!-- This site is optimized with the Yoast SEO plugin v21.3 - https:\/\/yoast.com\/wordpress\/plugins\/seo\/ -->\n<title>Sesi\u00f3n acad\u00e9mica: Desde Newton al L\u00e1ser y la Fotos\u00edntesis Artificial - ULL - Agenda<\/title>\n<meta name=\"robots\" content=\"index, follow, max-snippet:-1, max-image-preview:large, max-video-preview:-1\" \/>\n<link rel=\"canonical\" href=\"https:\/\/www.ull.es\/portal\/agenda\/evento\/sesion-academica-desde-newton-al-laser-y-la-fotosintesis-artificial\/\" \/>\n<meta property=\"og:locale\" content=\"es_ES\" \/>\n<meta property=\"og:type\" content=\"article\" \/>\n<meta property=\"og:title\" content=\"Sesi\u00f3n acad\u00e9mica: Desde Newton al L\u00e1ser y la Fotos\u00edntesis Artificial - ULL - Agenda\" \/>\n<meta property=\"og:description\" content=\"Sesi\u00f3n acad\u00e9mica de los doctores\u00a0Jorge M\u00e9ndez Ramos de Universidad de La Laguna (Tenerife)\u00a0y\u00a0Amador Men\u00e9ndez Vel\u00e1zquez del Centro Tecnol\u00f3gico IDONIAL\u00a0(Asturias). En el a\u00f1o 1666, Una pandemia de peste bub\u00f3nica asola Europa. La Universidades cierran y un joven Isaac Newton con 24 a\u00f1os se ve obligado a confinarse en su casa natal del Woolsthorpe, Inglaterra. Con su...\" \/>\n<meta property=\"og:url\" content=\"https:\/\/www.ull.es\/portal\/agenda\/evento\/sesion-academica-desde-newton-al-laser-y-la-fotosintesis-artificial\/\" \/>\n<meta property=\"og:site_name\" content=\"ULL - Agenda\" \/>\n<meta property=\"article:modified_time\" content=\"2021-05-05T07:55:24+00:00\" \/>\n<meta property=\"og:image\" content=\"https:\/\/www.ull.es\/portal\/agenda\/wp-content\/uploads\/sites\/12\/2021\/04\/Cartel-Desde-Newton-al-laser-y-la-fotosintesis-artificial-700-x-350.png\" \/>\n\t<meta property=\"og:image:width\" content=\"700\" \/>\n\t<meta property=\"og:image:height\" content=\"350\" \/>\n\t<meta property=\"og:image:type\" content=\"image\/png\" \/>\n<meta name=\"twitter:card\" content=\"summary_large_image\" \/>\n<meta name=\"twitter:label1\" content=\"Tiempo de lectura\" \/>\n\t<meta name=\"twitter:data1\" content=\"2 minutos\" \/>\n<script type=\"application\/ld+json\" class=\"yoast-schema-graph\">{\"@context\":\"https:\/\/schema.org\",\"@graph\":[{\"@type\":\"WebPage\",\"@id\":\"https:\/\/www.ull.es\/portal\/agenda\/evento\/sesion-academica-desde-newton-al-laser-y-la-fotosintesis-artificial\/\",\"url\":\"https:\/\/www.ull.es\/portal\/agenda\/evento\/sesion-academica-desde-newton-al-laser-y-la-fotosintesis-artificial\/\",\"name\":\"Sesi\u00f3n acad\u00e9mica: Desde Newton al L\u00e1ser y la Fotos\u00edntesis Artificial - ULL - Agenda\",\"isPartOf\":{\"@id\":\"https:\/\/www.ull.es\/portal\/agenda\/#website\"},\"datePublished\":\"2021-04-30T12:57:58+00:00\",\"dateModified\":\"2021-05-05T07:55:24+00:00\",\"breadcrumb\":{\"@id\":\"https:\/\/www.ull.es\/portal\/agenda\/evento\/sesion-academica-desde-newton-al-laser-y-la-fotosintesis-artificial\/#breadcrumb\"},\"inLanguage\":\"es\",\"potentialAction\":[{\"@type\":\"ReadAction\",\"target\":[\"https:\/\/www.ull.es\/portal\/agenda\/evento\/sesion-academica-desde-newton-al-laser-y-la-fotosintesis-artificial\/\"]}]},{\"@type\":\"BreadcrumbList\",\"@id\":\"https:\/\/www.ull.es\/portal\/agenda\/evento\/sesion-academica-desde-newton-al-laser-y-la-fotosintesis-artificial\/#breadcrumb\",\"itemListElement\":[{\"@type\":\"ListItem\",\"position\":1,\"name\":\"Portada\",\"item\":\"https:\/\/www.ull.es\/portal\/agenda\/\"},{\"@type\":\"ListItem\",\"position\":2,\"name\":\"Sesi\u00f3n acad\u00e9mica: Desde Newton al L\u00e1ser y la Fotos\u00edntesis Artificial\"}]},{\"@type\":\"WebSite\",\"@id\":\"https:\/\/www.ull.es\/portal\/agenda\/#website\",\"url\":\"https:\/\/www.ull.es\/portal\/agenda\/\",\"name\":\"ULL - Agenda\",\"description\":\"\",\"potentialAction\":[{\"@type\":\"SearchAction\",\"target\":{\"@type\":\"EntryPoint\",\"urlTemplate\":\"https:\/\/www.ull.es\/portal\/agenda\/?s={search_term_string}\"},\"query-input\":\"required name=search_term_string\"}],\"inLanguage\":\"es\"}]}<\/script>\n<!-- \/ Yoast SEO plugin. -->","yoast_head_json":{"title":"Sesi\u00f3n acad\u00e9mica: Desde Newton al L\u00e1ser y la Fotos\u00edntesis Artificial - ULL - Agenda","robots":{"index":"index","follow":"follow","max-snippet":"max-snippet:-1","max-image-preview":"max-image-preview:large","max-video-preview":"max-video-preview:-1"},"canonical":"https:\/\/www.ull.es\/portal\/agenda\/evento\/sesion-academica-desde-newton-al-laser-y-la-fotosintesis-artificial\/","og_locale":"es_ES","og_type":"article","og_title":"Sesi\u00f3n acad\u00e9mica: Desde Newton al L\u00e1ser y la Fotos\u00edntesis Artificial - ULL - Agenda","og_description":"Sesi\u00f3n acad\u00e9mica de los doctores\u00a0Jorge M\u00e9ndez Ramos de Universidad de La Laguna (Tenerife)\u00a0y\u00a0Amador Men\u00e9ndez Vel\u00e1zquez del Centro Tecnol\u00f3gico IDONIAL\u00a0(Asturias). En el a\u00f1o 1666, Una pandemia de peste bub\u00f3nica asola Europa. La Universidades cierran y un joven Isaac Newton con 24 a\u00f1os se ve obligado a confinarse en su casa natal del Woolsthorpe, Inglaterra. Con su...","og_url":"https:\/\/www.ull.es\/portal\/agenda\/evento\/sesion-academica-desde-newton-al-laser-y-la-fotosintesis-artificial\/","og_site_name":"ULL - Agenda","article_modified_time":"2021-05-05T07:55:24+00:00","og_image":[{"width":700,"height":350,"url":"https:\/\/www.ull.es\/portal\/agenda\/wp-content\/uploads\/sites\/12\/2021\/04\/Cartel-Desde-Newton-al-laser-y-la-fotosintesis-artificial-700-x-350.png","type":"image\/png"}],"twitter_card":"summary_large_image","twitter_misc":{"Tiempo de lectura":"2 minutos"},"schema":{"@context":"https:\/\/schema.org","@graph":[{"@type":"WebPage","@id":"https:\/\/www.ull.es\/portal\/agenda\/evento\/sesion-academica-desde-newton-al-laser-y-la-fotosintesis-artificial\/","url":"https:\/\/www.ull.es\/portal\/agenda\/evento\/sesion-academica-desde-newton-al-laser-y-la-fotosintesis-artificial\/","name":"Sesi\u00f3n acad\u00e9mica: Desde Newton al L\u00e1ser y la Fotos\u00edntesis Artificial - ULL - Agenda","isPartOf":{"@id":"https:\/\/www.ull.es\/portal\/agenda\/#website"},"datePublished":"2021-04-30T12:57:58+00:00","dateModified":"2021-05-05T07:55:24+00:00","breadcrumb":{"@id":"https:\/\/www.ull.es\/portal\/agenda\/evento\/sesion-academica-desde-newton-al-laser-y-la-fotosintesis-artificial\/#breadcrumb"},"inLanguage":"es","potentialAction":[{"@type":"ReadAction","target":["https:\/\/www.ull.es\/portal\/agenda\/evento\/sesion-academica-desde-newton-al-laser-y-la-fotosintesis-artificial\/"]}]},{"@type":"BreadcrumbList","@id":"https:\/\/www.ull.es\/portal\/agenda\/evento\/sesion-academica-desde-newton-al-laser-y-la-fotosintesis-artificial\/#breadcrumb","itemListElement":[{"@type":"ListItem","position":1,"name":"Portada","item":"https:\/\/www.ull.es\/portal\/agenda\/"},{"@type":"ListItem","position":2,"name":"Sesi\u00f3n acad\u00e9mica: Desde Newton al L\u00e1ser y la Fotos\u00edntesis Artificial"}]},{"@type":"WebSite","@id":"https:\/\/www.ull.es\/portal\/agenda\/#website","url":"https:\/\/www.ull.es\/portal\/agenda\/","name":"ULL - Agenda","description":"","potentialAction":[{"@type":"SearchAction","target":{"@type":"EntryPoint","urlTemplate":"https:\/\/www.ull.es\/portal\/agenda\/?s={search_term_string}"},"query-input":"required name=search_term_string"}],"inLanguage":"es"}]}},"_links":{"self":[{"href":"https:\/\/www.ull.es\/portal\/agenda\/wp-json\/wp\/v2\/tribe_events\/19411"}],"collection":[{"href":"https:\/\/www.ull.es\/portal\/agenda\/wp-json\/wp\/v2\/tribe_events"}],"about":[{"href":"https:\/\/www.ull.es\/portal\/agenda\/wp-json\/wp\/v2\/types\/tribe_events"}],"author":[{"embeddable":true,"href":"https:\/\/www.ull.es\/portal\/agenda\/wp-json\/wp\/v2\/users\/65"}],"replies":[{"embeddable":true,"href":"https:\/\/www.ull.es\/portal\/agenda\/wp-json\/wp\/v2\/comments?post=19411"}],"version-history":[{"count":3,"href":"https:\/\/www.ull.es\/portal\/agenda\/wp-json\/wp\/v2\/tribe_events\/19411\/revisions"}],"predecessor-version":[{"id":19455,"href":"https:\/\/www.ull.es\/portal\/agenda\/wp-json\/wp\/v2\/tribe_events\/19411\/revisions\/19455"}],"wp:featuredmedia":[{"embeddable":true,"href":"https:\/\/www.ull.es\/portal\/agenda\/wp-json\/wp\/v2\/media\/19412"}],"wp:attachment":[{"href":"https:\/\/www.ull.es\/portal\/agenda\/wp-json\/wp\/v2\/media?parent=19411"}],"wp:term":[{"taxonomy":"post_tag","embeddable":true,"href":"https:\/\/www.ull.es\/portal\/agenda\/wp-json\/wp\/v2\/tags?post=19411"},{"taxonomy":"tribe_events_cat","embeddable":true,"href":"https:\/\/www.ull.es\/portal\/agenda\/wp-json\/wp\/v2\/tribe_events_cat?post=19411"}],"curies":[{"name":"wp","href":"https:\/\/api.w.org\/{rel}","templated":true}]}}