{"id":19423,"date":"2021-05-03T10:18:00","date_gmt":"2021-05-03T10:18:00","guid":{"rendered":"https:\/\/www.ull.es\/portal\/agenda\/?post_type=tribe_events&#038;p=19423"},"modified":"2021-05-05T12:27:04","modified_gmt":"2021-05-05T12:27:04","slug":"seminario-la-situacion-de-migrantes-canarios-en-venezuela-las-personas-adultas-mayores","status":"publish","type":"tribe_events","link":"https:\/\/www.ull.es\/portal\/agenda\/evento\/seminario-la-situacion-de-migrantes-canarios-en-venezuela-las-personas-adultas-mayores\/","title":{"rendered":"Seminario: \u00abLa situaci\u00f3n de migrantes canarios en Venezuela: Las personas adultas mayores\u00bb"},"content":{"rendered":"<p>La C\u00e1tedra Cultural de la Universidad de La Laguna Globalizaci\u00f3n, migraciones y nuevas ciudadan\u00edas, contin\u00faa con el ciclo de Seminarios sobre \u201cGlobalizaci\u00f3n, Desigualdad y Derechos Humanos\u201d, en esta ocasi\u00f3n con un conversatorio sobre La situaci\u00f3n de migrantes canarios en Venezuela: las personas adultas mayores.<\/p>\n<p>En los a\u00f1os noventa del siglo XX se iniciaron las pol\u00edticas sociales desde Espa\u00f1a hacia la emigraci\u00f3n en el exterior, siendo de especial relevancia en aquellos pa\u00edses donde la movilidad hab\u00eda sido mayor, como es el caso de Venezuela. En este pa\u00eds, la migraci\u00f3n espa\u00f1ola procedente de las Islas Canarias ha sido, con seguridad, la m\u00e1s importante. A partir de esta etapa de los noventa, las pol\u00edticas relacionadas con la ciudadan\u00eda espa\u00f1ola en el exterior se incrementan, incorpor\u00e1ndose tambi\u00e9n las Comunidades aut\u00f3nomas. Algunas de ellas, como Galicia, Asturias y Canarias, han desarrollado un amplio abanico de pol\u00edticas y actuaciones. La l\u00ednea m\u00e1s relevante ha sido la relacionada con las personas adultas mayores.<\/p>\n<p>La situaci\u00f3n actual en Venezuela nos lleva a una reflexi\u00f3n sobre el pasado y presente de estas pol\u00edticas sociales. Este Seminario se plantea como un conversatorio entre dos profesoras que han investigado y realizado trabajos de campo en Venezuela, entre la poblaci\u00f3n migrante de origen canario. La profesora Dora D\u00e1vila Mendoza, de la Universidad Cat\u00f3lica Andr\u00e9s Bello, combina su an\u00e1lisis de las pol\u00edticas p\u00fablicas con la historia social y la actualidad migratoria. Ha publicado recientemente un estudio de caso, centrado en el Centro de Dia de Macuto (La Guaira, Venezuela). La profesora de la Universidad de La Laguna Carmen Ascanio S\u00e1nchez ha realizado diversos trabajos de campo y publicaciones sobre la migraci\u00f3n canaria a Venezuela; una de ellas sobre las pol\u00edticas y recursos sociales para la poblaci\u00f3n espa\u00f1ola en Venezuela.<\/p>\n<p>Bajo la moderaci\u00f3n de Barbara A. Rostecka, profesora de la Universidad de La Laguna, se revisar\u00e1n estas pol\u00edticas, la situaci\u00f3n actual en Venezuela y el debate con las personas que quieran participar.<\/p>\n<p>Para seguir el seminario, pulse este <a href=\"https:\/\/meet.google.com\/tyz-sfbt-nxb?authuser=1\" target=\"_blank\" rel=\"noopener\" target=\"_blank\" rel=\"noopener\">enlace.\u00a0<\/a><\/p>\n","protected":false},"excerpt":{"rendered":"<p>La C\u00e1tedra Cultural de la Universidad de La Laguna Globalizaci\u00f3n, migraciones y nuevas ciudadan\u00edas, contin\u00faa con el ciclo de Seminarios sobre \u201cGlobalizaci\u00f3n, Desigualdad y Derechos Humanos\u201d, en esta ocasi\u00f3n con un conversatorio sobre La situaci\u00f3n de migrantes canarios en Venezuela: las personas adultas mayores. En los a\u00f1os noventa del siglo XX se iniciaron las pol\u00edticas&#8230;<\/p>\n","protected":false},"author":65,"featured_media":19460,"comment_status":"closed","ping_status":"closed","template":"","tags":[],"tribe_events_cat":[4,3308,191],"acf":[],"yoast_head":"<!-- This site is optimized with the Yoast SEO plugin v21.3 - https:\/\/yoast.com\/wordpress\/plugins\/seo\/ -->\n<title>Seminario: &quot;La situaci\u00f3n de migrantes canarios en Venezuela: Las personas adultas mayores&quot; - ULL - Agenda<\/title>\n<meta name=\"robots\" content=\"index, follow, max-snippet:-1, max-image-preview:large, max-video-preview:-1\" \/>\n<link rel=\"canonical\" href=\"https:\/\/www.ull.es\/portal\/agenda\/evento\/seminario-la-situacion-de-migrantes-canarios-en-venezuela-las-personas-adultas-mayores\/\" \/>\n<meta property=\"og:locale\" content=\"es_ES\" \/>\n<meta property=\"og:type\" content=\"article\" \/>\n<meta property=\"og:title\" content=\"Seminario: &quot;La situaci\u00f3n de migrantes canarios en Venezuela: Las personas adultas mayores&quot; - ULL - Agenda\" \/>\n<meta property=\"og:description\" content=\"La C\u00e1tedra Cultural de la Universidad de La Laguna Globalizaci\u00f3n, migraciones y nuevas ciudadan\u00edas, contin\u00faa con el ciclo de Seminarios sobre \u201cGlobalizaci\u00f3n, Desigualdad y Derechos Humanos\u201d, en esta ocasi\u00f3n con un conversatorio sobre La situaci\u00f3n de migrantes canarios en Venezuela: las personas adultas mayores. En los a\u00f1os noventa del siglo XX se iniciaron las pol\u00edticas...\" \/>\n<meta property=\"og:url\" content=\"https:\/\/www.ull.es\/portal\/agenda\/evento\/seminario-la-situacion-de-migrantes-canarios-en-venezuela-las-personas-adultas-mayores\/\" \/>\n<meta property=\"og:site_name\" content=\"ULL - Agenda\" \/>\n<meta property=\"article:modified_time\" content=\"2021-05-05T12:27:04+00:00\" \/>\n<meta property=\"og:image\" content=\"https:\/\/www.ull.es\/portal\/agenda\/wp-content\/uploads\/sites\/12\/2021\/05\/La-situacion-de-migrantes-canarios-en-Venezuela-las-personas-adultas-mayores_banner.jpg\" \/>\n\t<meta property=\"og:image:width\" content=\"700\" \/>\n\t<meta property=\"og:image:height\" content=\"350\" \/>\n\t<meta property=\"og:image:type\" content=\"image\/jpeg\" \/>\n<meta name=\"twitter:card\" content=\"summary_large_image\" \/>\n<meta name=\"twitter:label1\" content=\"Tiempo de lectura\" \/>\n\t<meta name=\"twitter:data1\" content=\"2 minutos\" \/>\n<script type=\"application\/ld+json\" class=\"yoast-schema-graph\">{\"@context\":\"https:\/\/schema.org\",\"@graph\":[{\"@type\":\"WebPage\",\"@id\":\"https:\/\/www.ull.es\/portal\/agenda\/evento\/seminario-la-situacion-de-migrantes-canarios-en-venezuela-las-personas-adultas-mayores\/\",\"url\":\"https:\/\/www.ull.es\/portal\/agenda\/evento\/seminario-la-situacion-de-migrantes-canarios-en-venezuela-las-personas-adultas-mayores\/\",\"name\":\"Seminario: \\\"La situaci\u00f3n de migrantes canarios en Venezuela: Las personas adultas mayores\\\" - ULL - Agenda\",\"isPartOf\":{\"@id\":\"https:\/\/www.ull.es\/portal\/agenda\/#website\"},\"datePublished\":\"2021-05-03T10:18:00+00:00\",\"dateModified\":\"2021-05-05T12:27:04+00:00\",\"breadcrumb\":{\"@id\":\"https:\/\/www.ull.es\/portal\/agenda\/evento\/seminario-la-situacion-de-migrantes-canarios-en-venezuela-las-personas-adultas-mayores\/#breadcrumb\"},\"inLanguage\":\"es\",\"potentialAction\":[{\"@type\":\"ReadAction\",\"target\":[\"https:\/\/www.ull.es\/portal\/agenda\/evento\/seminario-la-situacion-de-migrantes-canarios-en-venezuela-las-personas-adultas-mayores\/\"]}]},{\"@type\":\"BreadcrumbList\",\"@id\":\"https:\/\/www.ull.es\/portal\/agenda\/evento\/seminario-la-situacion-de-migrantes-canarios-en-venezuela-las-personas-adultas-mayores\/#breadcrumb\",\"itemListElement\":[{\"@type\":\"ListItem\",\"position\":1,\"name\":\"Portada\",\"item\":\"https:\/\/www.ull.es\/portal\/agenda\/\"},{\"@type\":\"ListItem\",\"position\":2,\"name\":\"Seminario: \u00abLa situaci\u00f3n de migrantes canarios en Venezuela: Las personas adultas mayores\u00bb\"}]},{\"@type\":\"WebSite\",\"@id\":\"https:\/\/www.ull.es\/portal\/agenda\/#website\",\"url\":\"https:\/\/www.ull.es\/portal\/agenda\/\",\"name\":\"ULL - Agenda\",\"description\":\"\",\"potentialAction\":[{\"@type\":\"SearchAction\",\"target\":{\"@type\":\"EntryPoint\",\"urlTemplate\":\"https:\/\/www.ull.es\/portal\/agenda\/?s={search_term_string}\"},\"query-input\":\"required name=search_term_string\"}],\"inLanguage\":\"es\"}]}<\/script>\n<!-- \/ Yoast SEO plugin. -->","yoast_head_json":{"title":"Seminario: \"La situaci\u00f3n de migrantes canarios en Venezuela: Las personas adultas mayores\" - ULL - Agenda","robots":{"index":"index","follow":"follow","max-snippet":"max-snippet:-1","max-image-preview":"max-image-preview:large","max-video-preview":"max-video-preview:-1"},"canonical":"https:\/\/www.ull.es\/portal\/agenda\/evento\/seminario-la-situacion-de-migrantes-canarios-en-venezuela-las-personas-adultas-mayores\/","og_locale":"es_ES","og_type":"article","og_title":"Seminario: \"La situaci\u00f3n de migrantes canarios en Venezuela: Las personas adultas mayores\" - ULL - Agenda","og_description":"La C\u00e1tedra Cultural de la Universidad de La Laguna Globalizaci\u00f3n, migraciones y nuevas ciudadan\u00edas, contin\u00faa con el ciclo de Seminarios sobre \u201cGlobalizaci\u00f3n, Desigualdad y Derechos Humanos\u201d, en esta ocasi\u00f3n con un conversatorio sobre La situaci\u00f3n de migrantes canarios en Venezuela: las personas adultas mayores. En los a\u00f1os noventa del siglo XX se iniciaron las pol\u00edticas...","og_url":"https:\/\/www.ull.es\/portal\/agenda\/evento\/seminario-la-situacion-de-migrantes-canarios-en-venezuela-las-personas-adultas-mayores\/","og_site_name":"ULL - Agenda","article_modified_time":"2021-05-05T12:27:04+00:00","og_image":[{"width":700,"height":350,"url":"https:\/\/www.ull.es\/portal\/agenda\/wp-content\/uploads\/sites\/12\/2021\/05\/La-situacion-de-migrantes-canarios-en-Venezuela-las-personas-adultas-mayores_banner.jpg","type":"image\/jpeg"}],"twitter_card":"summary_large_image","twitter_misc":{"Tiempo de lectura":"2 minutos"},"schema":{"@context":"https:\/\/schema.org","@graph":[{"@type":"WebPage","@id":"https:\/\/www.ull.es\/portal\/agenda\/evento\/seminario-la-situacion-de-migrantes-canarios-en-venezuela-las-personas-adultas-mayores\/","url":"https:\/\/www.ull.es\/portal\/agenda\/evento\/seminario-la-situacion-de-migrantes-canarios-en-venezuela-las-personas-adultas-mayores\/","name":"Seminario: \"La situaci\u00f3n de migrantes canarios en Venezuela: Las personas adultas mayores\" - ULL - Agenda","isPartOf":{"@id":"https:\/\/www.ull.es\/portal\/agenda\/#website"},"datePublished":"2021-05-03T10:18:00+00:00","dateModified":"2021-05-05T12:27:04+00:00","breadcrumb":{"@id":"https:\/\/www.ull.es\/portal\/agenda\/evento\/seminario-la-situacion-de-migrantes-canarios-en-venezuela-las-personas-adultas-mayores\/#breadcrumb"},"inLanguage":"es","potentialAction":[{"@type":"ReadAction","target":["https:\/\/www.ull.es\/portal\/agenda\/evento\/seminario-la-situacion-de-migrantes-canarios-en-venezuela-las-personas-adultas-mayores\/"]}]},{"@type":"BreadcrumbList","@id":"https:\/\/www.ull.es\/portal\/agenda\/evento\/seminario-la-situacion-de-migrantes-canarios-en-venezuela-las-personas-adultas-mayores\/#breadcrumb","itemListElement":[{"@type":"ListItem","position":1,"name":"Portada","item":"https:\/\/www.ull.es\/portal\/agenda\/"},{"@type":"ListItem","position":2,"name":"Seminario: \u00abLa situaci\u00f3n de migrantes canarios en Venezuela: Las personas adultas mayores\u00bb"}]},{"@type":"WebSite","@id":"https:\/\/www.ull.es\/portal\/agenda\/#website","url":"https:\/\/www.ull.es\/portal\/agenda\/","name":"ULL - Agenda","description":"","potentialAction":[{"@type":"SearchAction","target":{"@type":"EntryPoint","urlTemplate":"https:\/\/www.ull.es\/portal\/agenda\/?s={search_term_string}"},"query-input":"required name=search_term_string"}],"inLanguage":"es"}]}},"_links":{"self":[{"href":"https:\/\/www.ull.es\/portal\/agenda\/wp-json\/wp\/v2\/tribe_events\/19423"}],"collection":[{"href":"https:\/\/www.ull.es\/portal\/agenda\/wp-json\/wp\/v2\/tribe_events"}],"about":[{"href":"https:\/\/www.ull.es\/portal\/agenda\/wp-json\/wp\/v2\/types\/tribe_events"}],"author":[{"embeddable":true,"href":"https:\/\/www.ull.es\/portal\/agenda\/wp-json\/wp\/v2\/users\/65"}],"replies":[{"embeddable":true,"href":"https:\/\/www.ull.es\/portal\/agenda\/wp-json\/wp\/v2\/comments?post=19423"}],"version-history":[{"count":1,"href":"https:\/\/www.ull.es\/portal\/agenda\/wp-json\/wp\/v2\/tribe_events\/19423\/revisions"}],"predecessor-version":[{"id":19425,"href":"https:\/\/www.ull.es\/portal\/agenda\/wp-json\/wp\/v2\/tribe_events\/19423\/revisions\/19425"}],"wp:featuredmedia":[{"embeddable":true,"href":"https:\/\/www.ull.es\/portal\/agenda\/wp-json\/wp\/v2\/media\/19460"}],"wp:attachment":[{"href":"https:\/\/www.ull.es\/portal\/agenda\/wp-json\/wp\/v2\/media?parent=19423"}],"wp:term":[{"taxonomy":"post_tag","embeddable":true,"href":"https:\/\/www.ull.es\/portal\/agenda\/wp-json\/wp\/v2\/tags?post=19423"},{"taxonomy":"tribe_events_cat","embeddable":true,"href":"https:\/\/www.ull.es\/portal\/agenda\/wp-json\/wp\/v2\/tribe_events_cat?post=19423"}],"curies":[{"name":"wp","href":"https:\/\/api.w.org\/{rel}","templated":true}]}}