{"id":19680,"date":"2021-05-24T09:34:47","date_gmt":"2021-05-24T09:34:47","guid":{"rendered":"https:\/\/www.ull.es\/portal\/agenda\/?post_type=tribe_events&#038;p=19680"},"modified":"2021-05-24T11:39:34","modified_gmt":"2021-05-24T11:39:34","slug":"innovacion-politicas-publicas-economia-social-realidad-perspectivas","status":"publish","type":"tribe_events","link":"https:\/\/www.ull.es\/portal\/agenda\/evento\/innovacion-politicas-publicas-economia-social-realidad-perspectivas\/","title":{"rendered":"Ciclo de Conferencias 2021 sobre Innovaci\u00f3n en Econom\u00eda Social y Cooperativismo: \u00abInnovaci\u00f3n en pol\u00edticas p\u00fablicas de econom\u00eda social: realidad y perspectivas\u00bb"},"content":{"rendered":"<p>Actividad de Extensi\u00f3n Universitaria dentro del marco de\u00a0<a href=\"https:\/\/www.ull.es\/portal\/cursosextension\/cursos-de-catedras-institucionales-y-de-empresa\/seminarios-intercatedras-2020-2021\/\" target=\"_blank\" rel=\"noopener noreferrer\" target=\"_blank\" rel=\"noopener\">\u00abSeminarios Interc\u00e1tedras 2020\/2021\u00bb<\/a> organizada por la C\u00e1tedra Cajasiete de Econom\u00eda Social y Cooperativa de la Universidad de La Laguna dentro del ciclo sobre innovaci\u00f3n en econom\u00eda social y cooperativismo.<\/p>\n<p>El objetivo de la ponencia es exponer y analizar las innovaciones en materia de pol\u00edticas p\u00fablicas dirigidas a la econom\u00eda social implementadas en los \u00faltimos a\u00f1os as\u00ed como las oportunidades que se abren por el nuevo rol de las administraciones p\u00fablicas en las econom\u00edas, tanto desde la perspectiva de la nueva colaboraci\u00f3n p\u00fablico-privada-comunitaria como del estado emprendedor.<\/p>\n<p>Temas a tratar:<br \/>\n1. Visi\u00f3n cl\u00e1sica de las pol\u00edticas de fomento de la econom\u00eda social as\u00ed como del rol del Estado.<br \/>\n2. Visi\u00f3n innovadora de las pol\u00edticas de fomento de la econom\u00eda social y del estado emprendedor:<br \/>\n2.1. La nueva generaci\u00f3n de pol\u00edticas de econom\u00eda social: caracter\u00edsticas diferenciales.<br \/>\n2.2. La econom\u00eda social como nueva \u00e1rea de pol\u00edtica p\u00fablica.<br \/>\n2.3. La nueva visi\u00f3n del estado emprendedor y de la colaboraci\u00f3n p\u00fablico-privada-comunitaria ampliada.<br \/>\n2.4. El papel de la econom\u00eda social en la nueva visi\u00f3n del estado emprendedor.<br \/>\n3. Conclusiones.<\/p>\n<p>Imparte: Rafael Chaves \u00c1vila. Catedr\u00e1tico de Universidad, Universitat de Val\u00e8ncia.<\/p>\n<p>Dirige: C\u00e1ndido Rom\u00e1n Cervantes, Profesor Titular de Universidad, Departamento de Direcci\u00f3n de Empresas e Historia Econ\u00f3mica de la ULL. Director de la C\u00e1tedra Cajasiete de Econom\u00eda Social y Colaborativa de la ULL.<\/p>\n<p><a href=\"https:\/\/sede.fg.ull.es\/es\/curso\/detalle\/a21020137\/ciclo-de-conferencias-2021-sobre-innovacion-en-economia-social-y-cooperativismo-innovacion-en-politicas-publicas-de-economia-social-realidad-y-perspec\" target=\"_blank\" rel=\"noopener noreferrer\" target=\"_blank\" rel=\"noopener\"><strong><u>Consulta el programa e inscr\u00edbete aqu\u00ed.<\/u><\/strong><\/a><\/p>\n<p><strong>Contacto: 922 319 616 \/ 922 319 626 \u2013\u00a0<\/strong><a href=\"mailto:extuni@ull.edu.es\" target=\"_blank\" rel=\"noopener\"><strong>extuni@ull.es<\/strong><\/a><\/p>\n","protected":false},"excerpt":{"rendered":"<p>Actividad de Extensi\u00f3n Universitaria dentro del marco de\u00a0\u00abSeminarios Interc\u00e1tedras 2020\/2021\u00bb organizada por la C\u00e1tedra Cajasiete de Econom\u00eda Social y Cooperativa de la Universidad de La Laguna dentro del ciclo sobre innovaci\u00f3n en econom\u00eda social y cooperativismo. El objetivo de la ponencia es exponer y analizar las innovaciones en materia de pol\u00edticas p\u00fablicas dirigidas a la&#8230;<\/p>\n","protected":false},"author":43,"featured_media":19682,"comment_status":"closed","ping_status":"closed","template":"","tags":[2100,2683,977,114,835,3812,3751],"tribe_events_cat":[472,3987,3165,4,186],"acf":[],"yoast_head":"<!-- This site is optimized with the Yoast SEO plugin v21.3 - https:\/\/yoast.com\/wordpress\/plugins\/seo\/ -->\n<title>Ciclo de Conferencias 2021 sobre Innovaci\u00f3n en Econom\u00eda Social y Cooperativismo: &quot;Innovaci\u00f3n en pol\u00edticas p\u00fablicas de econom\u00eda social: realidad y perspectivas&quot; - ULL - Agenda<\/title>\n<meta name=\"robots\" content=\"index, follow, max-snippet:-1, max-image-preview:large, max-video-preview:-1\" \/>\n<link rel=\"canonical\" href=\"https:\/\/www.ull.es\/portal\/agenda\/evento\/innovacion-politicas-publicas-economia-social-realidad-perspectivas\/\" \/>\n<meta property=\"og:locale\" content=\"es_ES\" \/>\n<meta property=\"og:type\" content=\"article\" \/>\n<meta property=\"og:title\" content=\"Ciclo de Conferencias 2021 sobre Innovaci\u00f3n en Econom\u00eda Social y Cooperativismo: &quot;Innovaci\u00f3n en pol\u00edticas p\u00fablicas de econom\u00eda social: realidad y perspectivas&quot; - ULL - Agenda\" \/>\n<meta property=\"og:description\" content=\"Actividad de Extensi\u00f3n Universitaria dentro del marco de\u00a0\u00abSeminarios Interc\u00e1tedras 2020\/2021\u00bb organizada por la C\u00e1tedra Cajasiete de Econom\u00eda Social y Cooperativa de la Universidad de La Laguna dentro del ciclo sobre innovaci\u00f3n en econom\u00eda social y cooperativismo. El objetivo de la ponencia es exponer y analizar las innovaciones en materia de pol\u00edticas p\u00fablicas dirigidas a la...\" \/>\n<meta property=\"og:url\" content=\"https:\/\/www.ull.es\/portal\/agenda\/evento\/innovacion-politicas-publicas-economia-social-realidad-perspectivas\/\" \/>\n<meta property=\"og:site_name\" content=\"ULL - Agenda\" \/>\n<meta property=\"article:modified_time\" content=\"2021-05-24T11:39:34+00:00\" \/>\n<meta property=\"og:image\" content=\"https:\/\/www.ull.es\/portal\/agenda\/wp-content\/uploads\/sites\/12\/2021\/05\/BannerCESCO27mayo.png\" \/>\n\t<meta property=\"og:image:width\" content=\"700\" \/>\n\t<meta property=\"og:image:height\" content=\"350\" \/>\n\t<meta property=\"og:image:type\" content=\"image\/png\" \/>\n<meta name=\"twitter:card\" content=\"summary_large_image\" \/>\n<meta name=\"twitter:label1\" content=\"Tiempo de lectura\" \/>\n\t<meta name=\"twitter:data1\" content=\"2 minutos\" \/>\n<script type=\"application\/ld+json\" class=\"yoast-schema-graph\">{\"@context\":\"https:\/\/schema.org\",\"@graph\":[{\"@type\":\"WebPage\",\"@id\":\"https:\/\/www.ull.es\/portal\/agenda\/evento\/innovacion-politicas-publicas-economia-social-realidad-perspectivas\/\",\"url\":\"https:\/\/www.ull.es\/portal\/agenda\/evento\/innovacion-politicas-publicas-economia-social-realidad-perspectivas\/\",\"name\":\"Ciclo de Conferencias 2021 sobre Innovaci\u00f3n en Econom\u00eda Social y Cooperativismo: \\\"Innovaci\u00f3n en pol\u00edticas p\u00fablicas de econom\u00eda social: realidad y perspectivas\\\" - ULL - Agenda\",\"isPartOf\":{\"@id\":\"https:\/\/www.ull.es\/portal\/agenda\/#website\"},\"datePublished\":\"2021-05-24T09:34:47+00:00\",\"dateModified\":\"2021-05-24T11:39:34+00:00\",\"breadcrumb\":{\"@id\":\"https:\/\/www.ull.es\/portal\/agenda\/evento\/innovacion-politicas-publicas-economia-social-realidad-perspectivas\/#breadcrumb\"},\"inLanguage\":\"es\",\"potentialAction\":[{\"@type\":\"ReadAction\",\"target\":[\"https:\/\/www.ull.es\/portal\/agenda\/evento\/innovacion-politicas-publicas-economia-social-realidad-perspectivas\/\"]}]},{\"@type\":\"BreadcrumbList\",\"@id\":\"https:\/\/www.ull.es\/portal\/agenda\/evento\/innovacion-politicas-publicas-economia-social-realidad-perspectivas\/#breadcrumb\",\"itemListElement\":[{\"@type\":\"ListItem\",\"position\":1,\"name\":\"Portada\",\"item\":\"https:\/\/www.ull.es\/portal\/agenda\/\"},{\"@type\":\"ListItem\",\"position\":2,\"name\":\"Ciclo de Conferencias 2021 sobre Innovaci\u00f3n en Econom\u00eda Social y Cooperativismo: \u00abInnovaci\u00f3n en pol\u00edticas p\u00fablicas de econom\u00eda social: realidad y perspectivas\u00bb\"}]},{\"@type\":\"WebSite\",\"@id\":\"https:\/\/www.ull.es\/portal\/agenda\/#website\",\"url\":\"https:\/\/www.ull.es\/portal\/agenda\/\",\"name\":\"ULL - Agenda\",\"description\":\"\",\"potentialAction\":[{\"@type\":\"SearchAction\",\"target\":{\"@type\":\"EntryPoint\",\"urlTemplate\":\"https:\/\/www.ull.es\/portal\/agenda\/?s={search_term_string}\"},\"query-input\":\"required name=search_term_string\"}],\"inLanguage\":\"es\"}]}<\/script>\n<!-- \/ Yoast SEO plugin. -->","yoast_head_json":{"title":"Ciclo de Conferencias 2021 sobre Innovaci\u00f3n en Econom\u00eda Social y Cooperativismo: \"Innovaci\u00f3n en pol\u00edticas p\u00fablicas de econom\u00eda social: realidad y perspectivas\" - ULL - Agenda","robots":{"index":"index","follow":"follow","max-snippet":"max-snippet:-1","max-image-preview":"max-image-preview:large","max-video-preview":"max-video-preview:-1"},"canonical":"https:\/\/www.ull.es\/portal\/agenda\/evento\/innovacion-politicas-publicas-economia-social-realidad-perspectivas\/","og_locale":"es_ES","og_type":"article","og_title":"Ciclo de Conferencias 2021 sobre Innovaci\u00f3n en Econom\u00eda Social y Cooperativismo: \"Innovaci\u00f3n en pol\u00edticas p\u00fablicas de econom\u00eda social: realidad y perspectivas\" - ULL - Agenda","og_description":"Actividad de Extensi\u00f3n Universitaria dentro del marco de\u00a0\u00abSeminarios Interc\u00e1tedras 2020\/2021\u00bb organizada por la C\u00e1tedra Cajasiete de Econom\u00eda Social y Cooperativa de la Universidad de La Laguna dentro del ciclo sobre innovaci\u00f3n en econom\u00eda social y cooperativismo. El objetivo de la ponencia es exponer y analizar las innovaciones en materia de pol\u00edticas p\u00fablicas dirigidas a la...","og_url":"https:\/\/www.ull.es\/portal\/agenda\/evento\/innovacion-politicas-publicas-economia-social-realidad-perspectivas\/","og_site_name":"ULL - Agenda","article_modified_time":"2021-05-24T11:39:34+00:00","og_image":[{"width":700,"height":350,"url":"https:\/\/www.ull.es\/portal\/agenda\/wp-content\/uploads\/sites\/12\/2021\/05\/BannerCESCO27mayo.png","type":"image\/png"}],"twitter_card":"summary_large_image","twitter_misc":{"Tiempo de lectura":"2 minutos"},"schema":{"@context":"https:\/\/schema.org","@graph":[{"@type":"WebPage","@id":"https:\/\/www.ull.es\/portal\/agenda\/evento\/innovacion-politicas-publicas-economia-social-realidad-perspectivas\/","url":"https:\/\/www.ull.es\/portal\/agenda\/evento\/innovacion-politicas-publicas-economia-social-realidad-perspectivas\/","name":"Ciclo de Conferencias 2021 sobre Innovaci\u00f3n en Econom\u00eda Social y Cooperativismo: \"Innovaci\u00f3n en pol\u00edticas p\u00fablicas de econom\u00eda social: realidad y perspectivas\" - ULL - Agenda","isPartOf":{"@id":"https:\/\/www.ull.es\/portal\/agenda\/#website"},"datePublished":"2021-05-24T09:34:47+00:00","dateModified":"2021-05-24T11:39:34+00:00","breadcrumb":{"@id":"https:\/\/www.ull.es\/portal\/agenda\/evento\/innovacion-politicas-publicas-economia-social-realidad-perspectivas\/#breadcrumb"},"inLanguage":"es","potentialAction":[{"@type":"ReadAction","target":["https:\/\/www.ull.es\/portal\/agenda\/evento\/innovacion-politicas-publicas-economia-social-realidad-perspectivas\/"]}]},{"@type":"BreadcrumbList","@id":"https:\/\/www.ull.es\/portal\/agenda\/evento\/innovacion-politicas-publicas-economia-social-realidad-perspectivas\/#breadcrumb","itemListElement":[{"@type":"ListItem","position":1,"name":"Portada","item":"https:\/\/www.ull.es\/portal\/agenda\/"},{"@type":"ListItem","position":2,"name":"Ciclo de Conferencias 2021 sobre Innovaci\u00f3n en Econom\u00eda Social y Cooperativismo: \u00abInnovaci\u00f3n en pol\u00edticas p\u00fablicas de econom\u00eda social: realidad y perspectivas\u00bb"}]},{"@type":"WebSite","@id":"https:\/\/www.ull.es\/portal\/agenda\/#website","url":"https:\/\/www.ull.es\/portal\/agenda\/","name":"ULL - Agenda","description":"","potentialAction":[{"@type":"SearchAction","target":{"@type":"EntryPoint","urlTemplate":"https:\/\/www.ull.es\/portal\/agenda\/?s={search_term_string}"},"query-input":"required name=search_term_string"}],"inLanguage":"es"}]}},"_links":{"self":[{"href":"https:\/\/www.ull.es\/portal\/agenda\/wp-json\/wp\/v2\/tribe_events\/19680"}],"collection":[{"href":"https:\/\/www.ull.es\/portal\/agenda\/wp-json\/wp\/v2\/tribe_events"}],"about":[{"href":"https:\/\/www.ull.es\/portal\/agenda\/wp-json\/wp\/v2\/types\/tribe_events"}],"author":[{"embeddable":true,"href":"https:\/\/www.ull.es\/portal\/agenda\/wp-json\/wp\/v2\/users\/43"}],"replies":[{"embeddable":true,"href":"https:\/\/www.ull.es\/portal\/agenda\/wp-json\/wp\/v2\/comments?post=19680"}],"version-history":[{"count":4,"href":"https:\/\/www.ull.es\/portal\/agenda\/wp-json\/wp\/v2\/tribe_events\/19680\/revisions"}],"predecessor-version":[{"id":19693,"href":"https:\/\/www.ull.es\/portal\/agenda\/wp-json\/wp\/v2\/tribe_events\/19680\/revisions\/19693"}],"wp:featuredmedia":[{"embeddable":true,"href":"https:\/\/www.ull.es\/portal\/agenda\/wp-json\/wp\/v2\/media\/19682"}],"wp:attachment":[{"href":"https:\/\/www.ull.es\/portal\/agenda\/wp-json\/wp\/v2\/media?parent=19680"}],"wp:term":[{"taxonomy":"post_tag","embeddable":true,"href":"https:\/\/www.ull.es\/portal\/agenda\/wp-json\/wp\/v2\/tags?post=19680"},{"taxonomy":"tribe_events_cat","embeddable":true,"href":"https:\/\/www.ull.es\/portal\/agenda\/wp-json\/wp\/v2\/tribe_events_cat?post=19680"}],"curies":[{"name":"wp","href":"https:\/\/api.w.org\/{rel}","templated":true}]}}