{"id":19737,"date":"2021-05-27T13:18:23","date_gmt":"2021-05-27T13:18:23","guid":{"rendered":"https:\/\/www.ull.es\/portal\/agenda\/?post_type=tribe_events&#038;p=19737"},"modified":"2021-09-15T07:57:59","modified_gmt":"2021-09-15T07:57:59","slug":"primeras-jornadas-de-orientacion-y-planes-de-tutoria-en-la-universidad-de-la-laguna-i-joat","status":"publish","type":"tribe_events","link":"https:\/\/www.ull.es\/portal\/agenda\/evento\/primeras-jornadas-de-orientacion-y-planes-de-tutoria-en-la-universidad-de-la-laguna-i-joat\/","title":{"rendered":"Primeras Jornadas de Orientaci\u00f3n y Planes de Tutor\u00eda en la Universidad de La Laguna (I JOAT)"},"content":{"rendered":"<p style=\"font-weight: 400;\">Los d\u00edas 16 y 17 de septiembre, en el Sal\u00f3n de Actos de la Facultad de Educaci\u00f3n (presencialidad limitada), tendr\u00e1n lugar las <strong><em>Primeras Jornadas de Orientaci\u00f3n y Planes de Tutor\u00eda en la Universidad de La Laguna (I JOAT)<\/em><\/strong>. Valorar la importancia que tiene para los estudiantes las acciones de Orientaci\u00f3n y los Planes de Acci\u00f3n Tutorial es el motivo fundamental de estas Jornadas. Concretamente, analizar la importancia que tienen los programas de tutor\u00eda, valorar las experiencias de POAT que se vienen realizando en todos los centros de la ULL y continuar enriqueciendo, a partir de nuevas ideas y reflexiones, esta \u00e1rea de trabajo. Las Jornadas se han estructurado en torno a distintas actividades: conferencias de expertos en Orientaci\u00f3n universitaria, mesa redonda, conversatorio, presentaci\u00f3n de posters, etc.<\/p>\n<p style=\"font-weight: 400;\">Ser\u00e1 una oportunidad para el encuentro entre distintos profesionales implicados en la Orientaci\u00f3n y formaci\u00f3n integral del alumnado universitario; una ocasi\u00f3n para intercambiar ideas, inquietudes y tambi\u00e9n para aprender nuevas estrategias y recursos que contribuyan a consolidar los programas de apoyo y tutela al alumnado universitario.<\/p>\n<p style=\"font-weight: 400;\">Est\u00e1n dirigidas a coordinadores POAT, tutores\/as de carrera, alumnado mentor-tutor, coordinadores\/as de calidad, decanos\/as, profesorado en general, personal docente en formaci\u00f3n y alumnado que pueda estar interesado en esta tem\u00e1tica y que en el futuro pueda implicarse en el desarrollo de actividades de orientaci\u00f3n y tutor\u00eda al alumnado.<\/p>\n<p><a href=\"https:\/\/drive.google.com\/file\/d\/1WvJscz9sHWLyIa358_ebHNA-NPV0330f\/view?usp=sharing\" target=\"_blank\" rel=\"noopener\" target=\"_blank\" rel=\"noopener\">Programa<\/a><\/p>\n","protected":false},"excerpt":{"rendered":"<p>Los d\u00edas 16 y 17 de septiembre, en el Sal\u00f3n de Actos de la Facultad de Educaci\u00f3n (presencialidad limitada), tendr\u00e1n lugar las Primeras Jornadas de Orientaci\u00f3n y Planes de Tutor\u00eda en la Universidad de La Laguna (I JOAT). Valorar la importancia que tiene para los estudiantes las acciones de Orientaci\u00f3n y los Planes de Acci\u00f3n&#8230;<\/p>\n","protected":false},"author":65,"featured_media":20327,"comment_status":"closed","ping_status":"closed","template":"","tags":[],"tribe_events_cat":[4,5,191],"acf":[],"yoast_head":"<!-- This site is optimized with the Yoast SEO plugin v21.3 - https:\/\/yoast.com\/wordpress\/plugins\/seo\/ -->\n<title>Primeras Jornadas de Orientaci\u00f3n y Planes de Tutor\u00eda en la Universidad de La Laguna (I JOAT) - ULL - Agenda<\/title>\n<meta name=\"robots\" content=\"index, follow, max-snippet:-1, max-image-preview:large, max-video-preview:-1\" \/>\n<link rel=\"canonical\" href=\"https:\/\/www.ull.es\/portal\/agenda\/evento\/primeras-jornadas-de-orientacion-y-planes-de-tutoria-en-la-universidad-de-la-laguna-i-joat\/\" \/>\n<meta property=\"og:locale\" content=\"es_ES\" \/>\n<meta property=\"og:type\" content=\"article\" \/>\n<meta property=\"og:title\" content=\"Primeras Jornadas de Orientaci\u00f3n y Planes de Tutor\u00eda en la Universidad de La Laguna (I JOAT) - ULL - Agenda\" \/>\n<meta property=\"og:description\" content=\"Los d\u00edas 16 y 17 de septiembre, en el Sal\u00f3n de Actos de la Facultad de Educaci\u00f3n (presencialidad limitada), tendr\u00e1n lugar las Primeras Jornadas de Orientaci\u00f3n y Planes de Tutor\u00eda en la Universidad de La Laguna (I JOAT). Valorar la importancia que tiene para los estudiantes las acciones de Orientaci\u00f3n y los Planes de Acci\u00f3n...\" \/>\n<meta property=\"og:url\" content=\"https:\/\/www.ull.es\/portal\/agenda\/evento\/primeras-jornadas-de-orientacion-y-planes-de-tutoria-en-la-universidad-de-la-laguna-i-joat\/\" \/>\n<meta property=\"og:site_name\" content=\"ULL - Agenda\" \/>\n<meta property=\"article:modified_time\" content=\"2021-09-15T07:57:59+00:00\" \/>\n<meta property=\"og:image\" content=\"https:\/\/www.ull.es\/portal\/agenda\/wp-content\/uploads\/sites\/12\/2021\/05\/Primeras-Jornadas-de-Orientacion-y-Planes-de-Tutoria-en-la-Universidad-de-La-Laguna-I-JOAT_banner-1.jpg\" \/>\n\t<meta property=\"og:image:width\" content=\"700\" \/>\n\t<meta property=\"og:image:height\" content=\"350\" \/>\n\t<meta property=\"og:image:type\" content=\"image\/jpeg\" \/>\n<meta name=\"twitter:card\" content=\"summary_large_image\" \/>\n<meta name=\"twitter:label1\" content=\"Tiempo de lectura\" \/>\n\t<meta name=\"twitter:data1\" content=\"1 minuto\" \/>\n<script type=\"application\/ld+json\" class=\"yoast-schema-graph\">{\"@context\":\"https:\/\/schema.org\",\"@graph\":[{\"@type\":\"WebPage\",\"@id\":\"https:\/\/www.ull.es\/portal\/agenda\/evento\/primeras-jornadas-de-orientacion-y-planes-de-tutoria-en-la-universidad-de-la-laguna-i-joat\/\",\"url\":\"https:\/\/www.ull.es\/portal\/agenda\/evento\/primeras-jornadas-de-orientacion-y-planes-de-tutoria-en-la-universidad-de-la-laguna-i-joat\/\",\"name\":\"Primeras Jornadas de Orientaci\u00f3n y Planes de Tutor\u00eda en la Universidad de La Laguna (I JOAT) - ULL - Agenda\",\"isPartOf\":{\"@id\":\"https:\/\/www.ull.es\/portal\/agenda\/#website\"},\"datePublished\":\"2021-05-27T13:18:23+00:00\",\"dateModified\":\"2021-09-15T07:57:59+00:00\",\"breadcrumb\":{\"@id\":\"https:\/\/www.ull.es\/portal\/agenda\/evento\/primeras-jornadas-de-orientacion-y-planes-de-tutoria-en-la-universidad-de-la-laguna-i-joat\/#breadcrumb\"},\"inLanguage\":\"es\",\"potentialAction\":[{\"@type\":\"ReadAction\",\"target\":[\"https:\/\/www.ull.es\/portal\/agenda\/evento\/primeras-jornadas-de-orientacion-y-planes-de-tutoria-en-la-universidad-de-la-laguna-i-joat\/\"]}]},{\"@type\":\"BreadcrumbList\",\"@id\":\"https:\/\/www.ull.es\/portal\/agenda\/evento\/primeras-jornadas-de-orientacion-y-planes-de-tutoria-en-la-universidad-de-la-laguna-i-joat\/#breadcrumb\",\"itemListElement\":[{\"@type\":\"ListItem\",\"position\":1,\"name\":\"Portada\",\"item\":\"https:\/\/www.ull.es\/portal\/agenda\/\"},{\"@type\":\"ListItem\",\"position\":2,\"name\":\"Primeras Jornadas de Orientaci\u00f3n y Planes de Tutor\u00eda en la Universidad de La Laguna (I JOAT)\"}]},{\"@type\":\"WebSite\",\"@id\":\"https:\/\/www.ull.es\/portal\/agenda\/#website\",\"url\":\"https:\/\/www.ull.es\/portal\/agenda\/\",\"name\":\"ULL - Agenda\",\"description\":\"\",\"potentialAction\":[{\"@type\":\"SearchAction\",\"target\":{\"@type\":\"EntryPoint\",\"urlTemplate\":\"https:\/\/www.ull.es\/portal\/agenda\/?s={search_term_string}\"},\"query-input\":\"required name=search_term_string\"}],\"inLanguage\":\"es\"}]}<\/script>\n<!-- \/ Yoast SEO plugin. -->","yoast_head_json":{"title":"Primeras Jornadas de Orientaci\u00f3n y Planes de Tutor\u00eda en la Universidad de La Laguna (I JOAT) - ULL - Agenda","robots":{"index":"index","follow":"follow","max-snippet":"max-snippet:-1","max-image-preview":"max-image-preview:large","max-video-preview":"max-video-preview:-1"},"canonical":"https:\/\/www.ull.es\/portal\/agenda\/evento\/primeras-jornadas-de-orientacion-y-planes-de-tutoria-en-la-universidad-de-la-laguna-i-joat\/","og_locale":"es_ES","og_type":"article","og_title":"Primeras Jornadas de Orientaci\u00f3n y Planes de Tutor\u00eda en la Universidad de La Laguna (I JOAT) - ULL - Agenda","og_description":"Los d\u00edas 16 y 17 de septiembre, en el Sal\u00f3n de Actos de la Facultad de Educaci\u00f3n (presencialidad limitada), tendr\u00e1n lugar las Primeras Jornadas de Orientaci\u00f3n y Planes de Tutor\u00eda en la Universidad de La Laguna (I JOAT). Valorar la importancia que tiene para los estudiantes las acciones de Orientaci\u00f3n y los Planes de Acci\u00f3n...","og_url":"https:\/\/www.ull.es\/portal\/agenda\/evento\/primeras-jornadas-de-orientacion-y-planes-de-tutoria-en-la-universidad-de-la-laguna-i-joat\/","og_site_name":"ULL - Agenda","article_modified_time":"2021-09-15T07:57:59+00:00","og_image":[{"width":700,"height":350,"url":"https:\/\/www.ull.es\/portal\/agenda\/wp-content\/uploads\/sites\/12\/2021\/05\/Primeras-Jornadas-de-Orientacion-y-Planes-de-Tutoria-en-la-Universidad-de-La-Laguna-I-JOAT_banner-1.jpg","type":"image\/jpeg"}],"twitter_card":"summary_large_image","twitter_misc":{"Tiempo de lectura":"1 minuto"},"schema":{"@context":"https:\/\/schema.org","@graph":[{"@type":"WebPage","@id":"https:\/\/www.ull.es\/portal\/agenda\/evento\/primeras-jornadas-de-orientacion-y-planes-de-tutoria-en-la-universidad-de-la-laguna-i-joat\/","url":"https:\/\/www.ull.es\/portal\/agenda\/evento\/primeras-jornadas-de-orientacion-y-planes-de-tutoria-en-la-universidad-de-la-laguna-i-joat\/","name":"Primeras Jornadas de Orientaci\u00f3n y Planes de Tutor\u00eda en la Universidad de La Laguna (I JOAT) - ULL - Agenda","isPartOf":{"@id":"https:\/\/www.ull.es\/portal\/agenda\/#website"},"datePublished":"2021-05-27T13:18:23+00:00","dateModified":"2021-09-15T07:57:59+00:00","breadcrumb":{"@id":"https:\/\/www.ull.es\/portal\/agenda\/evento\/primeras-jornadas-de-orientacion-y-planes-de-tutoria-en-la-universidad-de-la-laguna-i-joat\/#breadcrumb"},"inLanguage":"es","potentialAction":[{"@type":"ReadAction","target":["https:\/\/www.ull.es\/portal\/agenda\/evento\/primeras-jornadas-de-orientacion-y-planes-de-tutoria-en-la-universidad-de-la-laguna-i-joat\/"]}]},{"@type":"BreadcrumbList","@id":"https:\/\/www.ull.es\/portal\/agenda\/evento\/primeras-jornadas-de-orientacion-y-planes-de-tutoria-en-la-universidad-de-la-laguna-i-joat\/#breadcrumb","itemListElement":[{"@type":"ListItem","position":1,"name":"Portada","item":"https:\/\/www.ull.es\/portal\/agenda\/"},{"@type":"ListItem","position":2,"name":"Primeras Jornadas de Orientaci\u00f3n y Planes de Tutor\u00eda en la Universidad de La Laguna (I JOAT)"}]},{"@type":"WebSite","@id":"https:\/\/www.ull.es\/portal\/agenda\/#website","url":"https:\/\/www.ull.es\/portal\/agenda\/","name":"ULL - Agenda","description":"","potentialAction":[{"@type":"SearchAction","target":{"@type":"EntryPoint","urlTemplate":"https:\/\/www.ull.es\/portal\/agenda\/?s={search_term_string}"},"query-input":"required name=search_term_string"}],"inLanguage":"es"}]}},"_links":{"self":[{"href":"https:\/\/www.ull.es\/portal\/agenda\/wp-json\/wp\/v2\/tribe_events\/19737"}],"collection":[{"href":"https:\/\/www.ull.es\/portal\/agenda\/wp-json\/wp\/v2\/tribe_events"}],"about":[{"href":"https:\/\/www.ull.es\/portal\/agenda\/wp-json\/wp\/v2\/types\/tribe_events"}],"author":[{"embeddable":true,"href":"https:\/\/www.ull.es\/portal\/agenda\/wp-json\/wp\/v2\/users\/65"}],"replies":[{"embeddable":true,"href":"https:\/\/www.ull.es\/portal\/agenda\/wp-json\/wp\/v2\/comments?post=19737"}],"version-history":[{"count":3,"href":"https:\/\/www.ull.es\/portal\/agenda\/wp-json\/wp\/v2\/tribe_events\/19737\/revisions"}],"predecessor-version":[{"id":20770,"href":"https:\/\/www.ull.es\/portal\/agenda\/wp-json\/wp\/v2\/tribe_events\/19737\/revisions\/20770"}],"wp:featuredmedia":[{"embeddable":true,"href":"https:\/\/www.ull.es\/portal\/agenda\/wp-json\/wp\/v2\/media\/20327"}],"wp:attachment":[{"href":"https:\/\/www.ull.es\/portal\/agenda\/wp-json\/wp\/v2\/media?parent=19737"}],"wp:term":[{"taxonomy":"post_tag","embeddable":true,"href":"https:\/\/www.ull.es\/portal\/agenda\/wp-json\/wp\/v2\/tags?post=19737"},{"taxonomy":"tribe_events_cat","embeddable":true,"href":"https:\/\/www.ull.es\/portal\/agenda\/wp-json\/wp\/v2\/tribe_events_cat?post=19737"}],"curies":[{"name":"wp","href":"https:\/\/api.w.org\/{rel}","templated":true}]}}