{"id":20552,"date":"2021-07-26T12:24:42","date_gmt":"2021-07-26T12:24:42","guid":{"rendered":"https:\/\/www.ull.es\/portal\/agenda\/?post_type=tribe_events&#038;p=20552"},"modified":"2021-07-26T12:25:52","modified_gmt":"2021-07-26T12:25:52","slug":"mei-muestra-escenica-iberoamericana-la-capsula-un-viaje-unipersonal-diego-casado-rubio-argentina","status":"publish","type":"tribe_events","link":"https:\/\/www.ull.es\/portal\/agenda\/evento\/mei-muestra-escenica-iberoamericana-la-capsula-un-viaje-unipersonal-diego-casado-rubio-argentina\/","title":{"rendered":"MEI &#8211; Muestra Esc\u00e9nica Iberoamericana: La c\u00e1psula, un viaje unipersonal. Diego Casado Rubio. Argentina."},"content":{"rendered":"<p>La Muestra Esc\u00e9nica Iberoamericana (MEI) programa <em>La c\u00e1psula<\/em>, una propuesta esc\u00e9nica argentina escrita y dirigida por Diego Casado Rubio.<\/p>\n<p>Esta es la historia del hombre que volvi\u00f3 a la luna. Un gigante cuentacuentos de haza\u00f1as imposibles y m\u00e1gicas. Un ser que tiene un \u00fanico deseo: regresar al lugar de donde vino. La propuesta est\u00e1 llena de ventajas, tan s\u00f3lo se debe elegir un d\u00eda y una hora para emprender el viaje que ser\u00e1 s\u00f3lo de ida, sin maleta, ni despedidas, ni avisos de partida. Esta no es una historia m\u00e1s, contiene una lista interminable de cosas a evitar en la vida. Esta es la historia de mi padre.<\/p>\n<p><strong>Ficha:<\/strong><\/p>\n<p>Autor y director: Diego Casado Rubio<\/p>\n<p>Int\u00e9rprete: Nicol\u00e1s Scarpino<\/p>\n<p>&nbsp;<\/p>\n<p>Entradas a la venta en el <a href=\"https:\/\/www.tomaticket.es\/recintos\/paraninfo-ull\" target=\"_blank\" rel=\"noopener\" target=\"_blank\" rel=\"noopener\">siguiente enlace<\/a>.<\/p>\n","protected":false},"excerpt":{"rendered":"<p>La Muestra Esc\u00e9nica Iberoamericana (MEI) programa La c\u00e1psula, una propuesta esc\u00e9nica argentina escrita y dirigida por Diego Casado Rubio. Esta es la historia del hombre que volvi\u00f3 a la luna. Un gigante cuentacuentos de haza\u00f1as imposibles y m\u00e1gicas. Un ser que tiene un \u00fanico deseo: regresar al lugar de donde vino. La propuesta est\u00e1 llena&#8230;<\/p>\n","protected":false},"author":65,"featured_media":20553,"comment_status":"closed","ping_status":"closed","template":"","tags":[],"tribe_events_cat":[3987,4,343,191],"acf":[],"yoast_head":"<!-- This site is optimized with the Yoast SEO plugin v21.3 - https:\/\/yoast.com\/wordpress\/plugins\/seo\/ -->\n<title>MEI - Muestra Esc\u00e9nica Iberoamericana: La c\u00e1psula, un viaje unipersonal. Diego Casado Rubio. Argentina. - ULL - Agenda<\/title>\n<meta name=\"robots\" content=\"index, follow, max-snippet:-1, max-image-preview:large, max-video-preview:-1\" \/>\n<link rel=\"canonical\" href=\"https:\/\/www.ull.es\/portal\/agenda\/evento\/mei-muestra-escenica-iberoamericana-la-capsula-un-viaje-unipersonal-diego-casado-rubio-argentina\/\" \/>\n<meta property=\"og:locale\" content=\"es_ES\" \/>\n<meta property=\"og:type\" content=\"article\" \/>\n<meta property=\"og:title\" content=\"MEI - Muestra Esc\u00e9nica Iberoamericana: La c\u00e1psula, un viaje unipersonal. Diego Casado Rubio. Argentina. - ULL - Agenda\" \/>\n<meta property=\"og:description\" content=\"La Muestra Esc\u00e9nica Iberoamericana (MEI) programa La c\u00e1psula, una propuesta esc\u00e9nica argentina escrita y dirigida por Diego Casado Rubio. Esta es la historia del hombre que volvi\u00f3 a la luna. Un gigante cuentacuentos de haza\u00f1as imposibles y m\u00e1gicas. Un ser que tiene un \u00fanico deseo: regresar al lugar de donde vino. La propuesta est\u00e1 llena...\" \/>\n<meta property=\"og:url\" content=\"https:\/\/www.ull.es\/portal\/agenda\/evento\/mei-muestra-escenica-iberoamericana-la-capsula-un-viaje-unipersonal-diego-casado-rubio-argentina\/\" \/>\n<meta property=\"og:site_name\" content=\"ULL - Agenda\" \/>\n<meta property=\"article:modified_time\" content=\"2021-07-26T12:25:52+00:00\" \/>\n<meta property=\"og:image\" content=\"https:\/\/www.ull.es\/portal\/agenda\/wp-content\/uploads\/sites\/12\/2021\/07\/LaCapsula_Agenda.jpg\" \/>\n\t<meta property=\"og:image:width\" content=\"700\" \/>\n\t<meta property=\"og:image:height\" content=\"350\" \/>\n\t<meta property=\"og:image:type\" content=\"image\/jpeg\" \/>\n<meta name=\"twitter:card\" content=\"summary_large_image\" \/>\n<meta name=\"twitter:label1\" content=\"Tiempo de lectura\" \/>\n\t<meta name=\"twitter:data1\" content=\"1 minuto\" \/>\n<script type=\"application\/ld+json\" class=\"yoast-schema-graph\">{\"@context\":\"https:\/\/schema.org\",\"@graph\":[{\"@type\":\"WebPage\",\"@id\":\"https:\/\/www.ull.es\/portal\/agenda\/evento\/mei-muestra-escenica-iberoamericana-la-capsula-un-viaje-unipersonal-diego-casado-rubio-argentina\/\",\"url\":\"https:\/\/www.ull.es\/portal\/agenda\/evento\/mei-muestra-escenica-iberoamericana-la-capsula-un-viaje-unipersonal-diego-casado-rubio-argentina\/\",\"name\":\"MEI - Muestra Esc\u00e9nica Iberoamericana: La c\u00e1psula, un viaje unipersonal. Diego Casado Rubio. Argentina. - ULL - Agenda\",\"isPartOf\":{\"@id\":\"https:\/\/www.ull.es\/portal\/agenda\/#website\"},\"datePublished\":\"2021-07-26T12:24:42+00:00\",\"dateModified\":\"2021-07-26T12:25:52+00:00\",\"breadcrumb\":{\"@id\":\"https:\/\/www.ull.es\/portal\/agenda\/evento\/mei-muestra-escenica-iberoamericana-la-capsula-un-viaje-unipersonal-diego-casado-rubio-argentina\/#breadcrumb\"},\"inLanguage\":\"es\",\"potentialAction\":[{\"@type\":\"ReadAction\",\"target\":[\"https:\/\/www.ull.es\/portal\/agenda\/evento\/mei-muestra-escenica-iberoamericana-la-capsula-un-viaje-unipersonal-diego-casado-rubio-argentina\/\"]}]},{\"@type\":\"BreadcrumbList\",\"@id\":\"https:\/\/www.ull.es\/portal\/agenda\/evento\/mei-muestra-escenica-iberoamericana-la-capsula-un-viaje-unipersonal-diego-casado-rubio-argentina\/#breadcrumb\",\"itemListElement\":[{\"@type\":\"ListItem\",\"position\":1,\"name\":\"Portada\",\"item\":\"https:\/\/www.ull.es\/portal\/agenda\/\"},{\"@type\":\"ListItem\",\"position\":2,\"name\":\"MEI &#8211; Muestra Esc\u00e9nica Iberoamericana: La c\u00e1psula, un viaje unipersonal. Diego Casado Rubio. Argentina.\"}]},{\"@type\":\"WebSite\",\"@id\":\"https:\/\/www.ull.es\/portal\/agenda\/#website\",\"url\":\"https:\/\/www.ull.es\/portal\/agenda\/\",\"name\":\"ULL - Agenda\",\"description\":\"\",\"potentialAction\":[{\"@type\":\"SearchAction\",\"target\":{\"@type\":\"EntryPoint\",\"urlTemplate\":\"https:\/\/www.ull.es\/portal\/agenda\/?s={search_term_string}\"},\"query-input\":\"required name=search_term_string\"}],\"inLanguage\":\"es\"}]}<\/script>\n<!-- \/ Yoast SEO plugin. -->","yoast_head_json":{"title":"MEI - Muestra Esc\u00e9nica Iberoamericana: La c\u00e1psula, un viaje unipersonal. Diego Casado Rubio. Argentina. - ULL - Agenda","robots":{"index":"index","follow":"follow","max-snippet":"max-snippet:-1","max-image-preview":"max-image-preview:large","max-video-preview":"max-video-preview:-1"},"canonical":"https:\/\/www.ull.es\/portal\/agenda\/evento\/mei-muestra-escenica-iberoamericana-la-capsula-un-viaje-unipersonal-diego-casado-rubio-argentina\/","og_locale":"es_ES","og_type":"article","og_title":"MEI - Muestra Esc\u00e9nica Iberoamericana: La c\u00e1psula, un viaje unipersonal. Diego Casado Rubio. Argentina. - ULL - Agenda","og_description":"La Muestra Esc\u00e9nica Iberoamericana (MEI) programa La c\u00e1psula, una propuesta esc\u00e9nica argentina escrita y dirigida por Diego Casado Rubio. Esta es la historia del hombre que volvi\u00f3 a la luna. Un gigante cuentacuentos de haza\u00f1as imposibles y m\u00e1gicas. Un ser que tiene un \u00fanico deseo: regresar al lugar de donde vino. La propuesta est\u00e1 llena...","og_url":"https:\/\/www.ull.es\/portal\/agenda\/evento\/mei-muestra-escenica-iberoamericana-la-capsula-un-viaje-unipersonal-diego-casado-rubio-argentina\/","og_site_name":"ULL - Agenda","article_modified_time":"2021-07-26T12:25:52+00:00","og_image":[{"width":700,"height":350,"url":"https:\/\/www.ull.es\/portal\/agenda\/wp-content\/uploads\/sites\/12\/2021\/07\/LaCapsula_Agenda.jpg","type":"image\/jpeg"}],"twitter_card":"summary_large_image","twitter_misc":{"Tiempo de lectura":"1 minuto"},"schema":{"@context":"https:\/\/schema.org","@graph":[{"@type":"WebPage","@id":"https:\/\/www.ull.es\/portal\/agenda\/evento\/mei-muestra-escenica-iberoamericana-la-capsula-un-viaje-unipersonal-diego-casado-rubio-argentina\/","url":"https:\/\/www.ull.es\/portal\/agenda\/evento\/mei-muestra-escenica-iberoamericana-la-capsula-un-viaje-unipersonal-diego-casado-rubio-argentina\/","name":"MEI - Muestra Esc\u00e9nica Iberoamericana: La c\u00e1psula, un viaje unipersonal. Diego Casado Rubio. Argentina. - ULL - Agenda","isPartOf":{"@id":"https:\/\/www.ull.es\/portal\/agenda\/#website"},"datePublished":"2021-07-26T12:24:42+00:00","dateModified":"2021-07-26T12:25:52+00:00","breadcrumb":{"@id":"https:\/\/www.ull.es\/portal\/agenda\/evento\/mei-muestra-escenica-iberoamericana-la-capsula-un-viaje-unipersonal-diego-casado-rubio-argentina\/#breadcrumb"},"inLanguage":"es","potentialAction":[{"@type":"ReadAction","target":["https:\/\/www.ull.es\/portal\/agenda\/evento\/mei-muestra-escenica-iberoamericana-la-capsula-un-viaje-unipersonal-diego-casado-rubio-argentina\/"]}]},{"@type":"BreadcrumbList","@id":"https:\/\/www.ull.es\/portal\/agenda\/evento\/mei-muestra-escenica-iberoamericana-la-capsula-un-viaje-unipersonal-diego-casado-rubio-argentina\/#breadcrumb","itemListElement":[{"@type":"ListItem","position":1,"name":"Portada","item":"https:\/\/www.ull.es\/portal\/agenda\/"},{"@type":"ListItem","position":2,"name":"MEI &#8211; Muestra Esc\u00e9nica Iberoamericana: La c\u00e1psula, un viaje unipersonal. Diego Casado Rubio. Argentina."}]},{"@type":"WebSite","@id":"https:\/\/www.ull.es\/portal\/agenda\/#website","url":"https:\/\/www.ull.es\/portal\/agenda\/","name":"ULL - Agenda","description":"","potentialAction":[{"@type":"SearchAction","target":{"@type":"EntryPoint","urlTemplate":"https:\/\/www.ull.es\/portal\/agenda\/?s={search_term_string}"},"query-input":"required name=search_term_string"}],"inLanguage":"es"}]}},"_links":{"self":[{"href":"https:\/\/www.ull.es\/portal\/agenda\/wp-json\/wp\/v2\/tribe_events\/20552"}],"collection":[{"href":"https:\/\/www.ull.es\/portal\/agenda\/wp-json\/wp\/v2\/tribe_events"}],"about":[{"href":"https:\/\/www.ull.es\/portal\/agenda\/wp-json\/wp\/v2\/types\/tribe_events"}],"author":[{"embeddable":true,"href":"https:\/\/www.ull.es\/portal\/agenda\/wp-json\/wp\/v2\/users\/65"}],"replies":[{"embeddable":true,"href":"https:\/\/www.ull.es\/portal\/agenda\/wp-json\/wp\/v2\/comments?post=20552"}],"version-history":[{"count":1,"href":"https:\/\/www.ull.es\/portal\/agenda\/wp-json\/wp\/v2\/tribe_events\/20552\/revisions"}],"predecessor-version":[{"id":20554,"href":"https:\/\/www.ull.es\/portal\/agenda\/wp-json\/wp\/v2\/tribe_events\/20552\/revisions\/20554"}],"wp:featuredmedia":[{"embeddable":true,"href":"https:\/\/www.ull.es\/portal\/agenda\/wp-json\/wp\/v2\/media\/20553"}],"wp:attachment":[{"href":"https:\/\/www.ull.es\/portal\/agenda\/wp-json\/wp\/v2\/media?parent=20552"}],"wp:term":[{"taxonomy":"post_tag","embeddable":true,"href":"https:\/\/www.ull.es\/portal\/agenda\/wp-json\/wp\/v2\/tags?post=20552"},{"taxonomy":"tribe_events_cat","embeddable":true,"href":"https:\/\/www.ull.es\/portal\/agenda\/wp-json\/wp\/v2\/tribe_events_cat?post=20552"}],"curies":[{"name":"wp","href":"https:\/\/api.w.org\/{rel}","templated":true}]}}