{"id":21476,"date":"2021-10-26T10:30:55","date_gmt":"2021-10-26T10:30:55","guid":{"rendered":"https:\/\/www.ull.es\/portal\/agenda\/?post_type=tribe_events&#038;p=21476"},"modified":"2021-10-26T10:34:08","modified_gmt":"2021-10-26T10:34:08","slug":"escepticos-en-el-pub-en-tenerife-no-90-12-2-sismologia-y-volcanes-de-los-confines-del-mundo-a-canarias","status":"publish","type":"tribe_events","link":"https:\/\/www.ull.es\/portal\/agenda\/evento\/escepticos-en-el-pub-en-tenerife-no-90-12-2-sismologia-y-volcanes-de-los-confines-del-mundo-a-canarias\/","title":{"rendered":"Esc\u00e9pticos en el Pub en Tenerife n\u00ba 90 (12.2): \u00abSismolog\u00eda y volcanes: de los confines del mundo a Canarias\u00bb"},"content":{"rendered":"<p>Actividad de Extensi\u00f3n Universitaria organizada por el Aula Cultural de Divulgaci\u00f3n Cient\u00edfica, el Aula Cultural \u00abRadio Campus\u00bb, la Asociaci\u00f3n cultural de relaciones internacionales \u00abHacer para el Desarrollo\u00bb y Docencia en Derecho Civil, que se celebrar\u00e1 el\u00a0<strong>29 de octubre <\/strong>de 2021 en el Pub S\u00f3crates (La Laguna).<\/p>\n<p>La conferencia pretende ilustrar a la audiencia sobre los aspectos introductorios de la sismolog\u00eda en general y de la sismolog\u00eda volc\u00e1nica en particular. La ponente hablar\u00e1, adem\u00e1s, de su experiencia en la isla Decepci\u00f3n.<\/p>\n<p>Imparte: Itahisa N. Gonz\u00e1lez \u00c1lvarez. Investigadora predoctoral en Sismolog\u00eda en la Universidad de Leeds. M\u00e1ster en Geof\u00edsica y Meteorolog\u00eda por la Universidad de Granada. Graduada en F\u00edsica por la Universidad de La Laguna.<\/p>\n<p>Si quieres asistir <strong>presencialmente en el Pub S\u00f3crates<\/strong>, reserva tu plaza <a href=\"https:\/\/sede.fg.ull.es\/es\/curso\/detalle\/a21020251\/escepticos-en-el-pub-en-tenerife-n-90-12-2-sismologia-y-volcanes-de-los-confines-del-mundo-a-canarias\" target=\"_blank\" rel=\"noopener noreferrer\" target=\"_blank\" rel=\"noopener\"><strong><u>inscribi\u00e9ndote aqu\u00ed.<\/u><\/strong><\/a><\/p>\n<p>Si no puedes asistir presencialmente en el Pub S\u00f3crates tienes la opci\u00f3n de seguir el seminario en <strong>modalidad online <a href=\"https:\/\/sede.fg.ull.es\/es\/curso\/detalle\/a21020252\/escepticos-en-el-pub-en-tenerife-n-90-12-2-sismologia-y-volcanes-de-los-confines-del-mundo-a-canarias-modalidad-online\" target=\"_blank\" rel=\"noopener\" target=\"_blank\" rel=\"noopener\">inscribi\u00e9ndote aqu\u00ed<\/a><\/strong> y recibir\u00e1s el enlace de conexi\u00f3n y la certificaci\u00f3n de la asistencia online.<\/p>\n<p>CERTIFICADO DE ASISTENCIA: La ULL, a trav\u00e9s del Vicerrectorado de Cultura y Participaci\u00f3n Social, emitir\u00e1 un certificado de asistencia a todas aquellas personas que participen, previa inscripci\u00f3n en la actividad.<\/p>\n<p><strong>Contacto: 922 319 616 \/ 922 319 626 \u2013\u00a0<\/strong><a href=\"mailto:extuni@ull.edu.es\" target=\"_blank\" rel=\"noopener\"><strong>extuni@ull.es<\/strong><\/a><\/p>\n<p><em><strong>IMPORTANTE<\/strong>: La sesi\u00f3n ser\u00e1 grabada en audio y en v\u00eddeo. La inscripci\u00f3n implica la cesi\u00f3n proporcionada de los derechos afectados por parte del p\u00fablico, pues estas piezas se publicar\u00e1n en el canal ULL de YouTube y en el canal iVoox de Radio Campus.<\/em><\/p>\n<p>Colaboran: C\u00e1tedra Cultural \u00abFrancisco Tom\u00e1s y Valiente\u00bb, Pub \u00abS\u00f3crates\u00bb, ARP-Sociedad para el avance del pensamiento cr\u00edtico y LAGENDA del ocio de Tenerife.<\/p>\n","protected":false},"excerpt":{"rendered":"<p>Actividad de Extensi\u00f3n Universitaria organizada por el Aula Cultural de Divulgaci\u00f3n Cient\u00edfica, el Aula Cultural \u00abRadio Campus\u00bb, la Asociaci\u00f3n cultural de relaciones internacionales \u00abHacer para el Desarrollo\u00bb y Docencia en Derecho Civil, que se celebrar\u00e1 el\u00a029 de octubre de 2021 en el Pub S\u00f3crates (La Laguna). La conferencia pretende ilustrar a la audiencia sobre los&#8230;<\/p>\n","protected":false},"author":43,"featured_media":21477,"comment_status":"closed","ping_status":"closed","template":"","tags":[977,24,3812,3751,4254,4256,4255],"tribe_events_cat":[472,471,4,186],"acf":[],"yoast_head":"<!-- This site is optimized with the Yoast SEO plugin v21.3 - https:\/\/yoast.com\/wordpress\/plugins\/seo\/ -->\n<title>Esc\u00e9pticos en el Pub en Tenerife n\u00ba 90 (12.2): \u00abSismolog\u00eda y volcanes: de los confines del mundo a Canarias\u00bb - ULL - Agenda<\/title>\n<meta name=\"robots\" content=\"index, follow, max-snippet:-1, max-image-preview:large, max-video-preview:-1\" \/>\n<link rel=\"canonical\" href=\"https:\/\/www.ull.es\/portal\/agenda\/evento\/escepticos-en-el-pub-en-tenerife-no-90-12-2-sismologia-y-volcanes-de-los-confines-del-mundo-a-canarias\/\" \/>\n<meta property=\"og:locale\" content=\"es_ES\" \/>\n<meta property=\"og:type\" content=\"article\" \/>\n<meta property=\"og:title\" content=\"Esc\u00e9pticos en el Pub en Tenerife n\u00ba 90 (12.2): \u00abSismolog\u00eda y volcanes: de los confines del mundo a Canarias\u00bb - ULL - Agenda\" \/>\n<meta property=\"og:description\" content=\"Actividad de Extensi\u00f3n Universitaria organizada por el Aula Cultural de Divulgaci\u00f3n Cient\u00edfica, el Aula Cultural \u00abRadio Campus\u00bb, la Asociaci\u00f3n cultural de relaciones internacionales \u00abHacer para el Desarrollo\u00bb y Docencia en Derecho Civil, que se celebrar\u00e1 el\u00a029 de octubre de 2021 en el Pub S\u00f3crates (La Laguna). La conferencia pretende ilustrar a la audiencia sobre los...\" \/>\n<meta property=\"og:url\" content=\"https:\/\/www.ull.es\/portal\/agenda\/evento\/escepticos-en-el-pub-en-tenerife-no-90-12-2-sismologia-y-volcanes-de-los-confines-del-mundo-a-canarias\/\" \/>\n<meta property=\"og:site_name\" content=\"ULL - Agenda\" \/>\n<meta property=\"article:modified_time\" content=\"2021-10-26T10:34:08+00:00\" \/>\n<meta property=\"og:image\" content=\"https:\/\/www.ull.es\/portal\/agenda\/wp-content\/uploads\/sites\/12\/2021\/10\/BannerPub29octubre.jpg\" \/>\n\t<meta property=\"og:image:width\" content=\"700\" \/>\n\t<meta property=\"og:image:height\" content=\"350\" \/>\n\t<meta property=\"og:image:type\" content=\"image\/jpeg\" \/>\n<meta name=\"twitter:card\" content=\"summary_large_image\" \/>\n<meta name=\"twitter:label1\" content=\"Tiempo de lectura\" \/>\n\t<meta name=\"twitter:data1\" content=\"2 minutos\" \/>\n<script type=\"application\/ld+json\" class=\"yoast-schema-graph\">{\"@context\":\"https:\/\/schema.org\",\"@graph\":[{\"@type\":\"WebPage\",\"@id\":\"https:\/\/www.ull.es\/portal\/agenda\/evento\/escepticos-en-el-pub-en-tenerife-no-90-12-2-sismologia-y-volcanes-de-los-confines-del-mundo-a-canarias\/\",\"url\":\"https:\/\/www.ull.es\/portal\/agenda\/evento\/escepticos-en-el-pub-en-tenerife-no-90-12-2-sismologia-y-volcanes-de-los-confines-del-mundo-a-canarias\/\",\"name\":\"Esc\u00e9pticos en el Pub en Tenerife n\u00ba 90 (12.2): \u00abSismolog\u00eda y volcanes: de los confines del mundo a Canarias\u00bb - ULL - Agenda\",\"isPartOf\":{\"@id\":\"https:\/\/www.ull.es\/portal\/agenda\/#website\"},\"datePublished\":\"2021-10-26T10:30:55+00:00\",\"dateModified\":\"2021-10-26T10:34:08+00:00\",\"breadcrumb\":{\"@id\":\"https:\/\/www.ull.es\/portal\/agenda\/evento\/escepticos-en-el-pub-en-tenerife-no-90-12-2-sismologia-y-volcanes-de-los-confines-del-mundo-a-canarias\/#breadcrumb\"},\"inLanguage\":\"es\",\"potentialAction\":[{\"@type\":\"ReadAction\",\"target\":[\"https:\/\/www.ull.es\/portal\/agenda\/evento\/escepticos-en-el-pub-en-tenerife-no-90-12-2-sismologia-y-volcanes-de-los-confines-del-mundo-a-canarias\/\"]}]},{\"@type\":\"BreadcrumbList\",\"@id\":\"https:\/\/www.ull.es\/portal\/agenda\/evento\/escepticos-en-el-pub-en-tenerife-no-90-12-2-sismologia-y-volcanes-de-los-confines-del-mundo-a-canarias\/#breadcrumb\",\"itemListElement\":[{\"@type\":\"ListItem\",\"position\":1,\"name\":\"Portada\",\"item\":\"https:\/\/www.ull.es\/portal\/agenda\/\"},{\"@type\":\"ListItem\",\"position\":2,\"name\":\"Esc\u00e9pticos en el Pub en Tenerife n\u00ba 90 (12.2): \u00abSismolog\u00eda y volcanes: de los confines del mundo a Canarias\u00bb\"}]},{\"@type\":\"WebSite\",\"@id\":\"https:\/\/www.ull.es\/portal\/agenda\/#website\",\"url\":\"https:\/\/www.ull.es\/portal\/agenda\/\",\"name\":\"ULL - Agenda\",\"description\":\"\",\"potentialAction\":[{\"@type\":\"SearchAction\",\"target\":{\"@type\":\"EntryPoint\",\"urlTemplate\":\"https:\/\/www.ull.es\/portal\/agenda\/?s={search_term_string}\"},\"query-input\":\"required name=search_term_string\"}],\"inLanguage\":\"es\"}]}<\/script>\n<!-- \/ Yoast SEO plugin. -->","yoast_head_json":{"title":"Esc\u00e9pticos en el Pub en Tenerife n\u00ba 90 (12.2): \u00abSismolog\u00eda y volcanes: de los confines del mundo a Canarias\u00bb - ULL - Agenda","robots":{"index":"index","follow":"follow","max-snippet":"max-snippet:-1","max-image-preview":"max-image-preview:large","max-video-preview":"max-video-preview:-1"},"canonical":"https:\/\/www.ull.es\/portal\/agenda\/evento\/escepticos-en-el-pub-en-tenerife-no-90-12-2-sismologia-y-volcanes-de-los-confines-del-mundo-a-canarias\/","og_locale":"es_ES","og_type":"article","og_title":"Esc\u00e9pticos en el Pub en Tenerife n\u00ba 90 (12.2): \u00abSismolog\u00eda y volcanes: de los confines del mundo a Canarias\u00bb - ULL - Agenda","og_description":"Actividad de Extensi\u00f3n Universitaria organizada por el Aula Cultural de Divulgaci\u00f3n Cient\u00edfica, el Aula Cultural \u00abRadio Campus\u00bb, la Asociaci\u00f3n cultural de relaciones internacionales \u00abHacer para el Desarrollo\u00bb y Docencia en Derecho Civil, que se celebrar\u00e1 el\u00a029 de octubre de 2021 en el Pub S\u00f3crates (La Laguna). La conferencia pretende ilustrar a la audiencia sobre los...","og_url":"https:\/\/www.ull.es\/portal\/agenda\/evento\/escepticos-en-el-pub-en-tenerife-no-90-12-2-sismologia-y-volcanes-de-los-confines-del-mundo-a-canarias\/","og_site_name":"ULL - Agenda","article_modified_time":"2021-10-26T10:34:08+00:00","og_image":[{"width":700,"height":350,"url":"https:\/\/www.ull.es\/portal\/agenda\/wp-content\/uploads\/sites\/12\/2021\/10\/BannerPub29octubre.jpg","type":"image\/jpeg"}],"twitter_card":"summary_large_image","twitter_misc":{"Tiempo de lectura":"2 minutos"},"schema":{"@context":"https:\/\/schema.org","@graph":[{"@type":"WebPage","@id":"https:\/\/www.ull.es\/portal\/agenda\/evento\/escepticos-en-el-pub-en-tenerife-no-90-12-2-sismologia-y-volcanes-de-los-confines-del-mundo-a-canarias\/","url":"https:\/\/www.ull.es\/portal\/agenda\/evento\/escepticos-en-el-pub-en-tenerife-no-90-12-2-sismologia-y-volcanes-de-los-confines-del-mundo-a-canarias\/","name":"Esc\u00e9pticos en el Pub en Tenerife n\u00ba 90 (12.2): \u00abSismolog\u00eda y volcanes: de los confines del mundo a Canarias\u00bb - ULL - Agenda","isPartOf":{"@id":"https:\/\/www.ull.es\/portal\/agenda\/#website"},"datePublished":"2021-10-26T10:30:55+00:00","dateModified":"2021-10-26T10:34:08+00:00","breadcrumb":{"@id":"https:\/\/www.ull.es\/portal\/agenda\/evento\/escepticos-en-el-pub-en-tenerife-no-90-12-2-sismologia-y-volcanes-de-los-confines-del-mundo-a-canarias\/#breadcrumb"},"inLanguage":"es","potentialAction":[{"@type":"ReadAction","target":["https:\/\/www.ull.es\/portal\/agenda\/evento\/escepticos-en-el-pub-en-tenerife-no-90-12-2-sismologia-y-volcanes-de-los-confines-del-mundo-a-canarias\/"]}]},{"@type":"BreadcrumbList","@id":"https:\/\/www.ull.es\/portal\/agenda\/evento\/escepticos-en-el-pub-en-tenerife-no-90-12-2-sismologia-y-volcanes-de-los-confines-del-mundo-a-canarias\/#breadcrumb","itemListElement":[{"@type":"ListItem","position":1,"name":"Portada","item":"https:\/\/www.ull.es\/portal\/agenda\/"},{"@type":"ListItem","position":2,"name":"Esc\u00e9pticos en el Pub en Tenerife n\u00ba 90 (12.2): \u00abSismolog\u00eda y volcanes: de los confines del mundo a Canarias\u00bb"}]},{"@type":"WebSite","@id":"https:\/\/www.ull.es\/portal\/agenda\/#website","url":"https:\/\/www.ull.es\/portal\/agenda\/","name":"ULL - Agenda","description":"","potentialAction":[{"@type":"SearchAction","target":{"@type":"EntryPoint","urlTemplate":"https:\/\/www.ull.es\/portal\/agenda\/?s={search_term_string}"},"query-input":"required name=search_term_string"}],"inLanguage":"es"}]}},"_links":{"self":[{"href":"https:\/\/www.ull.es\/portal\/agenda\/wp-json\/wp\/v2\/tribe_events\/21476"}],"collection":[{"href":"https:\/\/www.ull.es\/portal\/agenda\/wp-json\/wp\/v2\/tribe_events"}],"about":[{"href":"https:\/\/www.ull.es\/portal\/agenda\/wp-json\/wp\/v2\/types\/tribe_events"}],"author":[{"embeddable":true,"href":"https:\/\/www.ull.es\/portal\/agenda\/wp-json\/wp\/v2\/users\/43"}],"replies":[{"embeddable":true,"href":"https:\/\/www.ull.es\/portal\/agenda\/wp-json\/wp\/v2\/comments?post=21476"}],"version-history":[{"count":5,"href":"https:\/\/www.ull.es\/portal\/agenda\/wp-json\/wp\/v2\/tribe_events\/21476\/revisions"}],"predecessor-version":[{"id":21482,"href":"https:\/\/www.ull.es\/portal\/agenda\/wp-json\/wp\/v2\/tribe_events\/21476\/revisions\/21482"}],"wp:featuredmedia":[{"embeddable":true,"href":"https:\/\/www.ull.es\/portal\/agenda\/wp-json\/wp\/v2\/media\/21477"}],"wp:attachment":[{"href":"https:\/\/www.ull.es\/portal\/agenda\/wp-json\/wp\/v2\/media?parent=21476"}],"wp:term":[{"taxonomy":"post_tag","embeddable":true,"href":"https:\/\/www.ull.es\/portal\/agenda\/wp-json\/wp\/v2\/tags?post=21476"},{"taxonomy":"tribe_events_cat","embeddable":true,"href":"https:\/\/www.ull.es\/portal\/agenda\/wp-json\/wp\/v2\/tribe_events_cat?post=21476"}],"curies":[{"name":"wp","href":"https:\/\/api.w.org\/{rel}","templated":true}]}}