{"id":21527,"date":"2021-10-27T12:08:05","date_gmt":"2021-10-27T12:08:05","guid":{"rendered":"https:\/\/www.ull.es\/portal\/agenda\/?post_type=tribe_events&#038;p=21527"},"modified":"2021-12-09T12:27:45","modified_gmt":"2021-12-09T12:27:45","slug":"xi-semana-del-comic-de-la-laguna","status":"publish","type":"tribe_events","link":"https:\/\/www.ull.es\/portal\/agenda\/evento\/xi-semana-del-comic-de-la-laguna\/","title":{"rendered":"XI Semana del C\u00f3mic de La Laguna"},"content":{"rendered":"<p>Und\u00e9cima edici\u00f3n del evento universitario lagunero dedicado al noveno arte, en el que se conmemorar\u00e1 el d\u00e9cimo aniversario de la creaci\u00f3n de esta iniciativa, de la mano del Aula Cultural \u00abRadio Campus\u00bb y de LAGENDA del ocio de Tenerife. En la actualidad la Semana del C\u00f3mic de La Laguna est\u00e1 organizada por la emisora universitaria, la asociaci\u00f3n cultural de relaciones internacionales \u00abHacer para el Desarrollo\u00bb y la Librer\u00eda Lemus.<\/p>\n<p>Entre el 26 de noviembre y el 8 de diciembre de 2021 se celebrar\u00e1 una gran variedad de conferencias, talleres y seminarios, dirigidas\u00a0al p\u00fablico en general.<\/p>\n<p>Dirigen:<\/p>\n<ul>\n<li>Luis Javier Capote P\u00e9rez. Profesor de Derecho Civil, Departamento de Disciplinas Jur\u00eddicas B\u00e1sicas de la ULL.<\/li>\n<li>Eva M\u00aa. Gonz\u00e1lez Lorenzo. Doctora en Ciencias de la Comunicaci\u00f3n, Directora-Gerente de la Asociaci\u00f3n Cultural de Relaciones Internacionales \u201cHacer para el desarrollo\u201d.<\/li>\n<\/ul>\n<p><strong>M\u00e1s informaci\u00f3n e inscripci\u00f3n pulsando sobre el t\u00edtulo de la conferencia, seminario y taller:<\/strong><\/p>\n<ul>\n<li><a href=\"https:\/\/sede.fg.ull.es\/es\/curso\/detalle\/a21020270\/xi-semana-del-comic-de-la-laguna-conferencia-inaugural-personajes-femeninos-en-el-anime\" target=\"_blank\" rel=\"noopener\" target=\"_blank\" rel=\"noopener\"><em>Conferencia inaugural: Personajes femeninos en el anime (modalidad presencial).<\/em><\/a><\/li>\n<li><em><a href=\"https:\/\/sede.fg.ull.es\/es\/curso\/detalle\/a21020268\/xi-semana-del-comic-de-la-laguna-conferencia-inaugural-personajes-femeninos-en-el-anime\" target=\"_blank\" rel=\"noopener\" target=\"_blank\" rel=\"noopener\">Conferencia inaugural: Personajes femeninos en el anime (modalidad online)<\/a><\/em><\/li>\n<li><em><a href=\"https:\/\/sede.fg.ull.es\/es\/curso\/detalle\/a21020269\/xi-semana-del-comic-de-la-laguna-ii-taller-de-maquillaje-para-cosplay-cara-y-caracterizacion\" target=\"_blank\" rel=\"noopener\" target=\"_blank\" rel=\"noopener\">II Taller de maquillaje para cosplay: cara y caracterizaci\u00f3n<\/a>.<\/em><\/li>\n<li><a href=\"https:\/\/sede.fg.ull.es\/es\/curso\/detalle\/a21020271\/xi-semana-del-comic-de-la-laguna-encuentro-con-alberto-hernandez-rivero\" target=\"_blank\" rel=\"noopener\" target=\"_blank\" rel=\"noopener\"><em>Encuentro con Alberto Hern\u00e1ndez Rivero.<\/em><\/a><\/li>\n<li><em><a href=\"https:\/\/sede.fg.ull.es\/es\/curso\/detalle\/a21020288\/escepticos-en-el-pub-en-tenerife-n-91-12-3-tiempo-de-brujas-especial-semana-del-comic-de-la-laguna\" target=\"_blank\" rel=\"noopener\" target=\"_blank\" rel=\"noopener\">Esc\u00e9pticos en el Pub en Tenerife n\u00ba 91 (12.3): \u00abTiempo de brujas\u00bb (modalidad presencial).<\/a><\/em><\/li>\n<li><em><a href=\"https:\/\/sede.fg.ull.es\/es\/curso\/detalle\/a21020289\/escepticos-en-el-pub-en-tenerife-n-91-12-3-tiempo-de-brujas-especial-semana-del-comic-de-la-laguna\" target=\"_blank\" rel=\"noopener\" target=\"_blank\" rel=\"noopener\">Esc\u00e9pticos en el Pub en Tenerife n\u00ba 91 (12.3): \u00abTiempo de brujas\u00bb (modalidad online).<\/a><\/em><\/li>\n<li><em><a href=\"https:\/\/sede.fg.ull.es\/es\/curso\/detalle\/a21020290\/xi-semana-del-comic-de-la-laguna-encuentro-con-eduardo-gonzalez-rodriguez\" target=\"_blank\" rel=\"noopener\" target=\"_blank\" rel=\"noopener\">Encuentro con Eduardo Gonz\u00e1lez Rodr\u00edguez (modalidad presencial).<\/a><\/em><\/li>\n<li><em><a href=\"https:\/\/sede.fg.ull.es\/es\/curso\/detalle\/a21020291\/xi-semana-del-comic-de-la-laguna-encuentro-con-eduardo-gonzalez-rodriguez\" target=\"_blank\" rel=\"noopener\" target=\"_blank\" rel=\"noopener\">Encuentro con Eduardo Gonz\u00e1lez Rodr\u00edguez (modalidad online).<\/a><\/em><\/li>\n<li><em><span style=\"color: #000000\"><a href=\"https:\/\/sede.fg.ull.es\/es\/curso\/detalle\/a21020287\/xi-semana-del-comic-de-la-laguna-ii-seminario-zona-negativa\" target=\"_blank\" rel=\"noopener\" target=\"_blank\" rel=\"noopener\">III Seminario \u00abZona Negativa\u00bb<\/a>.<\/span><\/em><\/li>\n<li><em><a href=\"https:\/\/sede.fg.ull.es\/es\/curso\/detalle\/a21020292\/xi-semana-del-comic-de-la-laguna-las-multiples-caras-del-underground\" target=\"_blank\" rel=\"noopener\" target=\"_blank\" rel=\"noopener\">Las m\u00faltiples caras del underground.<\/a><\/em><\/li>\n<li><a href=\"https:\/\/sede.fg.ull.es\/es\/curso\/detalle\/a21020295\/xi-semana-del-comic-de-la-laguna-presentacion-del-tebeo-sorunne\" target=\"_blank\" rel=\"noopener\" target=\"_blank\" rel=\"noopener\"><em>Presentaci\u00f3n del tebeo \u00a0\u00abSorunne\u00bb (modalidad presencial).<\/em><\/a><\/li>\n<li><a href=\"https:\/\/sede.fg.ull.es\/es\/curso\/detalle\/a21020296\/xi-semana-del-comic-de-la-laguna-presentacion-del-tebeo-sorunne\" target=\"_blank\" rel=\"noopener\" target=\"_blank\" rel=\"noopener\"><em>Presentaci\u00f3n del tebeo \u00a0\u00abSorunne\u00bb (modalidad online).<\/em><\/a><\/li>\n<\/ul>\n<p><strong>Contacto: 922 319 616 \/ 922 319 626 \u2013\u00a0<\/strong><a href=\"mailto:extuni@ull.edu.es\" target=\"_blank\" rel=\"noopener\"><strong>extuni@ull.es<\/strong><\/a><\/p>\n","protected":false},"excerpt":{"rendered":"<p>Und\u00e9cima edici\u00f3n del evento universitario lagunero dedicado al noveno arte, en el que se conmemorar\u00e1 el d\u00e9cimo aniversario de la creaci\u00f3n de esta iniciativa, de la mano del Aula Cultural \u00abRadio Campus\u00bb y de LAGENDA del ocio de Tenerife. En la actualidad la Semana del C\u00f3mic de La Laguna est\u00e1 organizada por la emisora universitaria,&#8230;<\/p>\n","protected":false},"author":65,"featured_media":21575,"comment_status":"closed","ping_status":"closed","template":"","tags":[4259,780,779,3668,977,3812,3692,4263,3751,4265,1680,4264],"tribe_events_cat":[472,344,471,4,3],"acf":[],"yoast_head":"<!-- This site is optimized with the Yoast SEO plugin v21.3 - https:\/\/yoast.com\/wordpress\/plugins\/seo\/ -->\n<title>XI Semana del C\u00f3mic de La Laguna - ULL - Agenda<\/title>\n<meta name=\"robots\" content=\"index, follow, max-snippet:-1, max-image-preview:large, max-video-preview:-1\" \/>\n<link rel=\"canonical\" href=\"https:\/\/www.ull.es\/portal\/agenda\/evento\/xi-semana-del-comic-de-la-laguna\/\" \/>\n<meta property=\"og:locale\" content=\"es_ES\" \/>\n<meta property=\"og:type\" content=\"article\" \/>\n<meta property=\"og:title\" content=\"XI Semana del C\u00f3mic de La Laguna - ULL - Agenda\" \/>\n<meta property=\"og:description\" content=\"Und\u00e9cima edici\u00f3n del evento universitario lagunero dedicado al noveno arte, en el que se conmemorar\u00e1 el d\u00e9cimo aniversario de la creaci\u00f3n de esta iniciativa, de la mano del Aula Cultural \u00abRadio Campus\u00bb y de LAGENDA del ocio de Tenerife. En la actualidad la Semana del C\u00f3mic de La Laguna est\u00e1 organizada por la emisora universitaria,...\" \/>\n<meta property=\"og:url\" content=\"https:\/\/www.ull.es\/portal\/agenda\/evento\/xi-semana-del-comic-de-la-laguna\/\" \/>\n<meta property=\"og:site_name\" content=\"ULL - Agenda\" \/>\n<meta property=\"article:modified_time\" content=\"2021-12-09T12:27:45+00:00\" \/>\n<meta property=\"og:image\" content=\"https:\/\/www.ull.es\/portal\/agenda\/wp-content\/uploads\/sites\/12\/2021\/10\/2cartel-700-x-350.jpg\" \/>\n\t<meta property=\"og:image:width\" content=\"700\" \/>\n\t<meta property=\"og:image:height\" content=\"350\" \/>\n\t<meta property=\"og:image:type\" content=\"image\/jpeg\" \/>\n<meta name=\"twitter:card\" content=\"summary_large_image\" \/>\n<meta name=\"twitter:label1\" content=\"Tiempo de lectura\" \/>\n\t<meta name=\"twitter:data1\" content=\"2 minutos\" \/>\n<script type=\"application\/ld+json\" class=\"yoast-schema-graph\">{\"@context\":\"https:\/\/schema.org\",\"@graph\":[{\"@type\":\"WebPage\",\"@id\":\"https:\/\/www.ull.es\/portal\/agenda\/evento\/xi-semana-del-comic-de-la-laguna\/\",\"url\":\"https:\/\/www.ull.es\/portal\/agenda\/evento\/xi-semana-del-comic-de-la-laguna\/\",\"name\":\"XI Semana del C\u00f3mic de La Laguna - ULL - Agenda\",\"isPartOf\":{\"@id\":\"https:\/\/www.ull.es\/portal\/agenda\/#website\"},\"datePublished\":\"2021-10-27T12:08:05+00:00\",\"dateModified\":\"2021-12-09T12:27:45+00:00\",\"breadcrumb\":{\"@id\":\"https:\/\/www.ull.es\/portal\/agenda\/evento\/xi-semana-del-comic-de-la-laguna\/#breadcrumb\"},\"inLanguage\":\"es\",\"potentialAction\":[{\"@type\":\"ReadAction\",\"target\":[\"https:\/\/www.ull.es\/portal\/agenda\/evento\/xi-semana-del-comic-de-la-laguna\/\"]}]},{\"@type\":\"BreadcrumbList\",\"@id\":\"https:\/\/www.ull.es\/portal\/agenda\/evento\/xi-semana-del-comic-de-la-laguna\/#breadcrumb\",\"itemListElement\":[{\"@type\":\"ListItem\",\"position\":1,\"name\":\"Portada\",\"item\":\"https:\/\/www.ull.es\/portal\/agenda\/\"},{\"@type\":\"ListItem\",\"position\":2,\"name\":\"XI Semana del C\u00f3mic de La Laguna\"}]},{\"@type\":\"WebSite\",\"@id\":\"https:\/\/www.ull.es\/portal\/agenda\/#website\",\"url\":\"https:\/\/www.ull.es\/portal\/agenda\/\",\"name\":\"ULL - Agenda\",\"description\":\"\",\"potentialAction\":[{\"@type\":\"SearchAction\",\"target\":{\"@type\":\"EntryPoint\",\"urlTemplate\":\"https:\/\/www.ull.es\/portal\/agenda\/?s={search_term_string}\"},\"query-input\":\"required name=search_term_string\"}],\"inLanguage\":\"es\"}]}<\/script>\n<!-- \/ Yoast SEO plugin. -->","yoast_head_json":{"title":"XI Semana del C\u00f3mic de La Laguna - ULL - Agenda","robots":{"index":"index","follow":"follow","max-snippet":"max-snippet:-1","max-image-preview":"max-image-preview:large","max-video-preview":"max-video-preview:-1"},"canonical":"https:\/\/www.ull.es\/portal\/agenda\/evento\/xi-semana-del-comic-de-la-laguna\/","og_locale":"es_ES","og_type":"article","og_title":"XI Semana del C\u00f3mic de La Laguna - ULL - Agenda","og_description":"Und\u00e9cima edici\u00f3n del evento universitario lagunero dedicado al noveno arte, en el que se conmemorar\u00e1 el d\u00e9cimo aniversario de la creaci\u00f3n de esta iniciativa, de la mano del Aula Cultural \u00abRadio Campus\u00bb y de LAGENDA del ocio de Tenerife. En la actualidad la Semana del C\u00f3mic de La Laguna est\u00e1 organizada por la emisora universitaria,...","og_url":"https:\/\/www.ull.es\/portal\/agenda\/evento\/xi-semana-del-comic-de-la-laguna\/","og_site_name":"ULL - Agenda","article_modified_time":"2021-12-09T12:27:45+00:00","og_image":[{"width":700,"height":350,"url":"https:\/\/www.ull.es\/portal\/agenda\/wp-content\/uploads\/sites\/12\/2021\/10\/2cartel-700-x-350.jpg","type":"image\/jpeg"}],"twitter_card":"summary_large_image","twitter_misc":{"Tiempo de lectura":"2 minutos"},"schema":{"@context":"https:\/\/schema.org","@graph":[{"@type":"WebPage","@id":"https:\/\/www.ull.es\/portal\/agenda\/evento\/xi-semana-del-comic-de-la-laguna\/","url":"https:\/\/www.ull.es\/portal\/agenda\/evento\/xi-semana-del-comic-de-la-laguna\/","name":"XI Semana del C\u00f3mic de La Laguna - ULL - Agenda","isPartOf":{"@id":"https:\/\/www.ull.es\/portal\/agenda\/#website"},"datePublished":"2021-10-27T12:08:05+00:00","dateModified":"2021-12-09T12:27:45+00:00","breadcrumb":{"@id":"https:\/\/www.ull.es\/portal\/agenda\/evento\/xi-semana-del-comic-de-la-laguna\/#breadcrumb"},"inLanguage":"es","potentialAction":[{"@type":"ReadAction","target":["https:\/\/www.ull.es\/portal\/agenda\/evento\/xi-semana-del-comic-de-la-laguna\/"]}]},{"@type":"BreadcrumbList","@id":"https:\/\/www.ull.es\/portal\/agenda\/evento\/xi-semana-del-comic-de-la-laguna\/#breadcrumb","itemListElement":[{"@type":"ListItem","position":1,"name":"Portada","item":"https:\/\/www.ull.es\/portal\/agenda\/"},{"@type":"ListItem","position":2,"name":"XI Semana del C\u00f3mic de La Laguna"}]},{"@type":"WebSite","@id":"https:\/\/www.ull.es\/portal\/agenda\/#website","url":"https:\/\/www.ull.es\/portal\/agenda\/","name":"ULL - Agenda","description":"","potentialAction":[{"@type":"SearchAction","target":{"@type":"EntryPoint","urlTemplate":"https:\/\/www.ull.es\/portal\/agenda\/?s={search_term_string}"},"query-input":"required name=search_term_string"}],"inLanguage":"es"}]}},"_links":{"self":[{"href":"https:\/\/www.ull.es\/portal\/agenda\/wp-json\/wp\/v2\/tribe_events\/21527"}],"collection":[{"href":"https:\/\/www.ull.es\/portal\/agenda\/wp-json\/wp\/v2\/tribe_events"}],"about":[{"href":"https:\/\/www.ull.es\/portal\/agenda\/wp-json\/wp\/v2\/types\/tribe_events"}],"author":[{"embeddable":true,"href":"https:\/\/www.ull.es\/portal\/agenda\/wp-json\/wp\/v2\/users\/65"}],"replies":[{"embeddable":true,"href":"https:\/\/www.ull.es\/portal\/agenda\/wp-json\/wp\/v2\/comments?post=21527"}],"version-history":[{"count":19,"href":"https:\/\/www.ull.es\/portal\/agenda\/wp-json\/wp\/v2\/tribe_events\/21527\/revisions"}],"predecessor-version":[{"id":22209,"href":"https:\/\/www.ull.es\/portal\/agenda\/wp-json\/wp\/v2\/tribe_events\/21527\/revisions\/22209"}],"wp:featuredmedia":[{"embeddable":true,"href":"https:\/\/www.ull.es\/portal\/agenda\/wp-json\/wp\/v2\/media\/21575"}],"wp:attachment":[{"href":"https:\/\/www.ull.es\/portal\/agenda\/wp-json\/wp\/v2\/media?parent=21527"}],"wp:term":[{"taxonomy":"post_tag","embeddable":true,"href":"https:\/\/www.ull.es\/portal\/agenda\/wp-json\/wp\/v2\/tags?post=21527"},{"taxonomy":"tribe_events_cat","embeddable":true,"href":"https:\/\/www.ull.es\/portal\/agenda\/wp-json\/wp\/v2\/tribe_events_cat?post=21527"}],"curies":[{"name":"wp","href":"https:\/\/api.w.org\/{rel}","templated":true}]}}