{"id":23023,"date":"2022-02-24T12:55:19","date_gmt":"2022-02-24T12:55:19","guid":{"rendered":"https:\/\/www.ull.es\/portal\/agenda\/?post_type=tribe_events&#038;p=23023"},"modified":"2022-06-03T10:08:07","modified_gmt":"2022-06-03T10:08:07","slug":"prevencion-y-actuacion-ante-conductas-suicidas-en-ninos-ninas-y-adolecentes","status":"publish","type":"tribe_events","link":"https:\/\/www.ull.es\/portal\/agenda\/evento\/prevencion-y-actuacion-ante-conductas-suicidas-en-ninos-ninas-y-adolecentes\/","title":{"rendered":"Prevenci\u00f3n y actuaci\u00f3n ante conductas suicidas en ni\u00f1os, ni\u00f1as y adolecentes"},"content":{"rendered":"<p>Curso de Extensi\u00f3n Universitaria organizado por el Vicerrectorado de Cultura, Participaci\u00f3n Social y Campus Ofra y La Palma en colaboraci\u00f3n con el<strong>\u00a0Ayuntamiento de Santiago del Teide<\/strong>, dentro de la programaci\u00f3n de la convocatoria de Cursos de Extensi\u00f3n Universitaria en el \u00e1mbito municipal\u00a0<a href=\"https:\/\/www.ull.es\/cultura\/cursos-extension-universitaria\/cursos-de-ayuntamientos\/\" target=\"_blank\" rel=\"noopener\" target=\"_blank\" rel=\"noopener\">\u201cAyuntamientos 2022\u201d<\/a>, que se celebrar\u00e1 en\u00a0<strong>modalidad online <\/strong>los d\u00edas <strong>20, 21 y 22 de junio de 2022<\/strong>.<\/p>\n<p>Objetivos:<\/p>\n<p>&#8211; Capacitar a los alumnos de nociones b\u00e1sicas para la detecci\u00f3n y gesti\u00f3n del riesgo suicida y con ello prevenir el riesgo de suicidio en ni\u00f1os, ni\u00f1as y adolescentes.<br \/>\n&#8211; Adquirir competencias y habilidades para el correcto abordaje y manejo del ni\u00f1o, ni\u00f1a o adolescente con conducta suicida.<\/p>\n<p>Metodolog\u00eda docente: Clases te\u00f3ricas impartidas por los docentes especializado en poblaci\u00f3n infanto-juvenil y la realizaci\u00f3n ejercicios de car\u00e1cter pr\u00e1ctico, en sesiones participativas e interactivas con el alumnado para conocer y vincular contenidos a la problem\u00e1tica presentada en el municipio.<\/p>\n<p>Dirigido a alumnado de la Universidad interesados en ampliar sus conocimientos en este tema, profesionales de distintos de a\u0301mbitos: profesionales de Servicios Sociales, campo de la salud y la educacio\u0301n; y madres y padres que tienen intere\u0301s en recibir informacio\u0301n respecto a co\u0301mo detectar y prevenir posibles conductas suicidas en ni\u00f1os, ni\u00f1as y adolescentes.<\/p>\n<p>Dirigen:<\/p>\n<ul>\n<li>Juan Manuel Bethencourt P\u00e9rez. Profesor Titular de Universidad, Departamento de Psicolog\u00eda Cl\u00ednica, Psicobiolog\u00eda y Metodolog\u00eda de la ULL.<\/li>\n<li>Silvia P\u00e9rez Rodr\u00edguez. Doctora en Psicolog\u00eda Cl\u00ednica y de la Salud.<\/li>\n<\/ul>\n<p><strong>CERTIFICADO DE ASISTENCIA, APTITUD Y RECONOCIMIENTO POR CR\u00c9DITO ECTS<\/strong><\/p>\n<p>La ULL, a trav\u00e9s del Vicerrectorado de Cultura, Participaci\u00f3n Social y Campus Ofra y La Palma, emitir\u00e1 un certificado de asistencia a todas aquellas personas que asistan a un m\u00ednimo del 80% de las horas lectivas presenciales. Asimismo, aquellas personas que superen el trabajo aut\u00f3nomo del alumnado, recibir\u00e1n un certificado de asistencia y aprovechamiento, reconocible a su vez por un cr\u00e9dito ECTS.<\/p>\n<p><a href=\"https:\/\/sede.fg.ull.es\/es\/curso\/detalle\/a22020049\/prevencion-y-actuacion-ante-conductas-suicidas-en-ni-os-ni-as-y-adolecentes\" target=\"_blank\" rel=\"noopener noreferrer\" target=\"_blank\" rel=\"noopener\"><strong><u>Consulta el programa e inscr\u00edbete aqu\u00ed.<\/u><\/strong><\/a><\/p>\n<p><span style=\"color: #ff0000\"><strong>\u00a1PLAZAS AGOTADAS!<\/strong><\/span><\/p>\n<p><strong>Contacto: 922 319 616 \/ 922 319 626 \u2013\u00a0<\/strong><a href=\"mailto:extuni@ull.edu.es\" target=\"_blank\" rel=\"noopener\"><strong>extuni@ull.es<\/strong><\/a><\/p>\n","protected":false},"excerpt":{"rendered":"<p>Curso de Extensi\u00f3n Universitaria organizado por el Vicerrectorado de Cultura, Participaci\u00f3n Social y Campus Ofra y La Palma en colaboraci\u00f3n con el\u00a0Ayuntamiento de Santiago del Teide, dentro de la programaci\u00f3n de la convocatoria de Cursos de Extensi\u00f3n Universitaria en el \u00e1mbito municipal\u00a0\u201cAyuntamientos 2022\u201d, que se celebrar\u00e1 en\u00a0modalidad online los d\u00edas 20, 21 y 22 de&#8230;<\/p>\n","protected":false},"author":43,"featured_media":23024,"comment_status":"closed","ping_status":"closed","template":"","tags":[4259,4477,4478,4475,977,3812,2408],"tribe_events_cat":[472,469,4,186],"acf":[],"yoast_head":"<!-- This site is optimized with the Yoast SEO plugin v21.3 - https:\/\/yoast.com\/wordpress\/plugins\/seo\/ -->\n<title>Prevenci\u00f3n y actuaci\u00f3n ante conductas suicidas en ni\u00f1os, ni\u00f1as y adolecentes - ULL - Agenda<\/title>\n<meta name=\"robots\" content=\"index, follow, max-snippet:-1, max-image-preview:large, max-video-preview:-1\" \/>\n<link rel=\"canonical\" href=\"https:\/\/www.ull.es\/portal\/agenda\/evento\/prevencion-y-actuacion-ante-conductas-suicidas-en-ninos-ninas-y-adolecentes\/\" \/>\n<meta property=\"og:locale\" content=\"es_ES\" \/>\n<meta property=\"og:type\" content=\"article\" \/>\n<meta property=\"og:title\" content=\"Prevenci\u00f3n y actuaci\u00f3n ante conductas suicidas en ni\u00f1os, ni\u00f1as y adolecentes - ULL - Agenda\" \/>\n<meta property=\"og:description\" content=\"Curso de Extensi\u00f3n Universitaria organizado por el Vicerrectorado de Cultura, Participaci\u00f3n Social y Campus Ofra y La Palma en colaboraci\u00f3n con el\u00a0Ayuntamiento de Santiago del Teide, dentro de la programaci\u00f3n de la convocatoria de Cursos de Extensi\u00f3n Universitaria en el \u00e1mbito municipal\u00a0\u201cAyuntamientos 2022\u201d, que se celebrar\u00e1 en\u00a0modalidad online los d\u00edas 20, 21 y 22 de...\" \/>\n<meta property=\"og:url\" content=\"https:\/\/www.ull.es\/portal\/agenda\/evento\/prevencion-y-actuacion-ante-conductas-suicidas-en-ninos-ninas-y-adolecentes\/\" \/>\n<meta property=\"og:site_name\" content=\"ULL - Agenda\" \/>\n<meta property=\"article:modified_time\" content=\"2022-06-03T10:08:07+00:00\" \/>\n<meta property=\"og:image\" content=\"https:\/\/www.ull.es\/portal\/agenda\/wp-content\/uploads\/sites\/12\/2022\/02\/Banner-SantiagodelTeide-3.png\" \/>\n\t<meta property=\"og:image:width\" content=\"700\" \/>\n\t<meta property=\"og:image:height\" content=\"350\" \/>\n\t<meta property=\"og:image:type\" content=\"image\/png\" \/>\n<meta name=\"twitter:card\" content=\"summary_large_image\" \/>\n<meta name=\"twitter:label1\" content=\"Tiempo de lectura\" \/>\n\t<meta name=\"twitter:data1\" content=\"2 minutos\" \/>\n<script type=\"application\/ld+json\" class=\"yoast-schema-graph\">{\"@context\":\"https:\/\/schema.org\",\"@graph\":[{\"@type\":\"WebPage\",\"@id\":\"https:\/\/www.ull.es\/portal\/agenda\/evento\/prevencion-y-actuacion-ante-conductas-suicidas-en-ninos-ninas-y-adolecentes\/\",\"url\":\"https:\/\/www.ull.es\/portal\/agenda\/evento\/prevencion-y-actuacion-ante-conductas-suicidas-en-ninos-ninas-y-adolecentes\/\",\"name\":\"Prevenci\u00f3n y actuaci\u00f3n ante conductas suicidas en ni\u00f1os, ni\u00f1as y adolecentes - ULL - Agenda\",\"isPartOf\":{\"@id\":\"https:\/\/www.ull.es\/portal\/agenda\/#website\"},\"datePublished\":\"2022-02-24T12:55:19+00:00\",\"dateModified\":\"2022-06-03T10:08:07+00:00\",\"breadcrumb\":{\"@id\":\"https:\/\/www.ull.es\/portal\/agenda\/evento\/prevencion-y-actuacion-ante-conductas-suicidas-en-ninos-ninas-y-adolecentes\/#breadcrumb\"},\"inLanguage\":\"es\",\"potentialAction\":[{\"@type\":\"ReadAction\",\"target\":[\"https:\/\/www.ull.es\/portal\/agenda\/evento\/prevencion-y-actuacion-ante-conductas-suicidas-en-ninos-ninas-y-adolecentes\/\"]}]},{\"@type\":\"BreadcrumbList\",\"@id\":\"https:\/\/www.ull.es\/portal\/agenda\/evento\/prevencion-y-actuacion-ante-conductas-suicidas-en-ninos-ninas-y-adolecentes\/#breadcrumb\",\"itemListElement\":[{\"@type\":\"ListItem\",\"position\":1,\"name\":\"Portada\",\"item\":\"https:\/\/www.ull.es\/portal\/agenda\/\"},{\"@type\":\"ListItem\",\"position\":2,\"name\":\"Prevenci\u00f3n y actuaci\u00f3n ante conductas suicidas en ni\u00f1os, ni\u00f1as y adolecentes\"}]},{\"@type\":\"WebSite\",\"@id\":\"https:\/\/www.ull.es\/portal\/agenda\/#website\",\"url\":\"https:\/\/www.ull.es\/portal\/agenda\/\",\"name\":\"ULL - Agenda\",\"description\":\"\",\"potentialAction\":[{\"@type\":\"SearchAction\",\"target\":{\"@type\":\"EntryPoint\",\"urlTemplate\":\"https:\/\/www.ull.es\/portal\/agenda\/?s={search_term_string}\"},\"query-input\":\"required name=search_term_string\"}],\"inLanguage\":\"es\"}]}<\/script>\n<!-- \/ Yoast SEO plugin. -->","yoast_head_json":{"title":"Prevenci\u00f3n y actuaci\u00f3n ante conductas suicidas en ni\u00f1os, ni\u00f1as y adolecentes - ULL - Agenda","robots":{"index":"index","follow":"follow","max-snippet":"max-snippet:-1","max-image-preview":"max-image-preview:large","max-video-preview":"max-video-preview:-1"},"canonical":"https:\/\/www.ull.es\/portal\/agenda\/evento\/prevencion-y-actuacion-ante-conductas-suicidas-en-ninos-ninas-y-adolecentes\/","og_locale":"es_ES","og_type":"article","og_title":"Prevenci\u00f3n y actuaci\u00f3n ante conductas suicidas en ni\u00f1os, ni\u00f1as y adolecentes - ULL - Agenda","og_description":"Curso de Extensi\u00f3n Universitaria organizado por el Vicerrectorado de Cultura, Participaci\u00f3n Social y Campus Ofra y La Palma en colaboraci\u00f3n con el\u00a0Ayuntamiento de Santiago del Teide, dentro de la programaci\u00f3n de la convocatoria de Cursos de Extensi\u00f3n Universitaria en el \u00e1mbito municipal\u00a0\u201cAyuntamientos 2022\u201d, que se celebrar\u00e1 en\u00a0modalidad online los d\u00edas 20, 21 y 22 de...","og_url":"https:\/\/www.ull.es\/portal\/agenda\/evento\/prevencion-y-actuacion-ante-conductas-suicidas-en-ninos-ninas-y-adolecentes\/","og_site_name":"ULL - Agenda","article_modified_time":"2022-06-03T10:08:07+00:00","og_image":[{"width":700,"height":350,"url":"https:\/\/www.ull.es\/portal\/agenda\/wp-content\/uploads\/sites\/12\/2022\/02\/Banner-SantiagodelTeide-3.png","type":"image\/png"}],"twitter_card":"summary_large_image","twitter_misc":{"Tiempo de lectura":"2 minutos"},"schema":{"@context":"https:\/\/schema.org","@graph":[{"@type":"WebPage","@id":"https:\/\/www.ull.es\/portal\/agenda\/evento\/prevencion-y-actuacion-ante-conductas-suicidas-en-ninos-ninas-y-adolecentes\/","url":"https:\/\/www.ull.es\/portal\/agenda\/evento\/prevencion-y-actuacion-ante-conductas-suicidas-en-ninos-ninas-y-adolecentes\/","name":"Prevenci\u00f3n y actuaci\u00f3n ante conductas suicidas en ni\u00f1os, ni\u00f1as y adolecentes - ULL - Agenda","isPartOf":{"@id":"https:\/\/www.ull.es\/portal\/agenda\/#website"},"datePublished":"2022-02-24T12:55:19+00:00","dateModified":"2022-06-03T10:08:07+00:00","breadcrumb":{"@id":"https:\/\/www.ull.es\/portal\/agenda\/evento\/prevencion-y-actuacion-ante-conductas-suicidas-en-ninos-ninas-y-adolecentes\/#breadcrumb"},"inLanguage":"es","potentialAction":[{"@type":"ReadAction","target":["https:\/\/www.ull.es\/portal\/agenda\/evento\/prevencion-y-actuacion-ante-conductas-suicidas-en-ninos-ninas-y-adolecentes\/"]}]},{"@type":"BreadcrumbList","@id":"https:\/\/www.ull.es\/portal\/agenda\/evento\/prevencion-y-actuacion-ante-conductas-suicidas-en-ninos-ninas-y-adolecentes\/#breadcrumb","itemListElement":[{"@type":"ListItem","position":1,"name":"Portada","item":"https:\/\/www.ull.es\/portal\/agenda\/"},{"@type":"ListItem","position":2,"name":"Prevenci\u00f3n y actuaci\u00f3n ante conductas suicidas en ni\u00f1os, ni\u00f1as y adolecentes"}]},{"@type":"WebSite","@id":"https:\/\/www.ull.es\/portal\/agenda\/#website","url":"https:\/\/www.ull.es\/portal\/agenda\/","name":"ULL - Agenda","description":"","potentialAction":[{"@type":"SearchAction","target":{"@type":"EntryPoint","urlTemplate":"https:\/\/www.ull.es\/portal\/agenda\/?s={search_term_string}"},"query-input":"required name=search_term_string"}],"inLanguage":"es"}]}},"_links":{"self":[{"href":"https:\/\/www.ull.es\/portal\/agenda\/wp-json\/wp\/v2\/tribe_events\/23023"}],"collection":[{"href":"https:\/\/www.ull.es\/portal\/agenda\/wp-json\/wp\/v2\/tribe_events"}],"about":[{"href":"https:\/\/www.ull.es\/portal\/agenda\/wp-json\/wp\/v2\/types\/tribe_events"}],"author":[{"embeddable":true,"href":"https:\/\/www.ull.es\/portal\/agenda\/wp-json\/wp\/v2\/users\/43"}],"replies":[{"embeddable":true,"href":"https:\/\/www.ull.es\/portal\/agenda\/wp-json\/wp\/v2\/comments?post=23023"}],"version-history":[{"count":4,"href":"https:\/\/www.ull.es\/portal\/agenda\/wp-json\/wp\/v2\/tribe_events\/23023\/revisions"}],"predecessor-version":[{"id":24875,"href":"https:\/\/www.ull.es\/portal\/agenda\/wp-json\/wp\/v2\/tribe_events\/23023\/revisions\/24875"}],"wp:featuredmedia":[{"embeddable":true,"href":"https:\/\/www.ull.es\/portal\/agenda\/wp-json\/wp\/v2\/media\/23024"}],"wp:attachment":[{"href":"https:\/\/www.ull.es\/portal\/agenda\/wp-json\/wp\/v2\/media?parent=23023"}],"wp:term":[{"taxonomy":"post_tag","embeddable":true,"href":"https:\/\/www.ull.es\/portal\/agenda\/wp-json\/wp\/v2\/tags?post=23023"},{"taxonomy":"tribe_events_cat","embeddable":true,"href":"https:\/\/www.ull.es\/portal\/agenda\/wp-json\/wp\/v2\/tribe_events_cat?post=23023"}],"curies":[{"name":"wp","href":"https:\/\/api.w.org\/{rel}","templated":true}]}}