{"id":25064,"date":"2022-06-10T13:38:22","date_gmt":"2022-06-10T13:38:22","guid":{"rendered":"https:\/\/www.ull.es\/portal\/agenda\/?post_type=tribe_events&#038;p=25064"},"modified":"2022-06-13T10:50:02","modified_gmt":"2022-06-13T10:50:02","slug":"simposio-internacional-hacia-la-construccion-de-un-derecho-transnacional-del-trabajo-y-de-la-seguridad-social","status":"publish","type":"tribe_events","link":"https:\/\/www.ull.es\/portal\/agenda\/evento\/simposio-internacional-hacia-la-construccion-de-un-derecho-transnacional-del-trabajo-y-de-la-seguridad-social\/","title":{"rendered":"Simposio Internacional Hacia la construcci\u00f3n de un\u00a0Derecho Transnacional del Trabajo y de la Seguridad Social"},"content":{"rendered":"<div>El \u00c1rea de Derecho del Trabajo y de la Seguridad Social de la Universidad de La Laguna, acoge y organiza, en colaboraci\u00f3n con las Universidades del Pa\u00eds Vasco, Valencia y Sevilla, el Simposio Internacional <b>Hacia la construcci\u00f3n de un\u00a0Derecho Transnacional del Trabajo y de la Seguridad Social<\/b>, donde se analizar\u00e1 la creciente internacionalizaci\u00f3n\u00a0de las normas laborales y las nuevas respuestas jur\u00eddicas a la mundializaci\u00f3n del trabajo. Se abordar\u00e1n cuestiones derivadas del contrato de trabajo internacional y la prevenci\u00f3n de abusos y las nuevas condiciones de trabajo en los desplazamientos temporales de trabajadores en el seno de la UE, el reconocimiento e impacto de los derechos colectivos del trabajo en el \u00e1mbito transnacional y las cuestiones de Seguridad Social Europea e Internacional derivadas de la prestaci\u00f3n internacional del trabajo.<\/div>\n<div>\n<div><\/div>\n<div>El congreso se celebrar\u00e1 los d\u00edas 23 y 24 de junio en el Aula Magna del Edificio Central de la Universidad (sala de los Rectores). Se celebra en modalidad presencial con retransmisi\u00f3n on line. Se requiere inscripci\u00f3n previa en el enlace que aparece en el programa.<\/div>\n<\/div>\n<div><a href=\"https:\/\/drive.google.com\/file\/d\/1LChWIk82QYUEIhYwjK0_VQlpGmSHbW2q\/view?usp=sharing\" target=\"_blank\" rel=\"noopener\" target=\"_blank\" rel=\"noopener\">Programa<\/a><\/div>\n","protected":false},"excerpt":{"rendered":"<p>El \u00c1rea de Derecho del Trabajo y de la Seguridad Social de la Universidad de La Laguna, acoge y organiza, en colaboraci\u00f3n con las Universidades del Pa\u00eds Vasco, Valencia y Sevilla, el Simposio Internacional Hacia la construcci\u00f3n de un\u00a0Derecho Transnacional del Trabajo y de la Seguridad Social, donde se analizar\u00e1 la creciente internacionalizaci\u00f3n\u00a0de las normas&#8230;<\/p>\n","protected":false},"author":65,"featured_media":25078,"comment_status":"closed","ping_status":"closed","template":"","tags":[],"tribe_events_cat":[4,865,191],"acf":[],"yoast_head":"<!-- This site is optimized with the Yoast SEO plugin v21.3 - https:\/\/yoast.com\/wordpress\/plugins\/seo\/ -->\n<title>Simposio Internacional Hacia la construcci\u00f3n de un\u00a0Derecho Transnacional del Trabajo y de la Seguridad Social - ULL - Agenda<\/title>\n<meta name=\"robots\" content=\"index, follow, max-snippet:-1, max-image-preview:large, max-video-preview:-1\" \/>\n<link rel=\"canonical\" href=\"https:\/\/www.ull.es\/portal\/agenda\/evento\/simposio-internacional-hacia-la-construccion-de-un-derecho-transnacional-del-trabajo-y-de-la-seguridad-social\/\" \/>\n<meta property=\"og:locale\" content=\"es_ES\" \/>\n<meta property=\"og:type\" content=\"article\" \/>\n<meta property=\"og:title\" content=\"Simposio Internacional Hacia la construcci\u00f3n de un\u00a0Derecho Transnacional del Trabajo y de la Seguridad Social - ULL - Agenda\" \/>\n<meta property=\"og:description\" content=\"El \u00c1rea de Derecho del Trabajo y de la Seguridad Social de la Universidad de La Laguna, acoge y organiza, en colaboraci\u00f3n con las Universidades del Pa\u00eds Vasco, Valencia y Sevilla, el Simposio Internacional Hacia la construcci\u00f3n de un\u00a0Derecho Transnacional del Trabajo y de la Seguridad Social, donde se analizar\u00e1 la creciente internacionalizaci\u00f3n\u00a0de las normas...\" \/>\n<meta property=\"og:url\" content=\"https:\/\/www.ull.es\/portal\/agenda\/evento\/simposio-internacional-hacia-la-construccion-de-un-derecho-transnacional-del-trabajo-y-de-la-seguridad-social\/\" \/>\n<meta property=\"og:site_name\" content=\"ULL - Agenda\" \/>\n<meta property=\"article:modified_time\" content=\"2022-06-13T10:50:02+00:00\" \/>\n<meta property=\"og:image\" content=\"https:\/\/www.ull.es\/portal\/agenda\/wp-content\/uploads\/sites\/12\/2022\/06\/Simposio-Internacional-Hacia-la-construccio\u0301n-de-un-Derecho-Transnacional-del-Trabajo-y-de-la-Seguridad-Social_Banner-evento.png\" \/>\n\t<meta property=\"og:image:width\" content=\"700\" \/>\n\t<meta property=\"og:image:height\" content=\"350\" \/>\n\t<meta property=\"og:image:type\" content=\"image\/png\" \/>\n<meta name=\"twitter:card\" content=\"summary_large_image\" \/>\n<meta name=\"twitter:label1\" content=\"Tiempo de lectura\" \/>\n\t<meta name=\"twitter:data1\" content=\"1 minuto\" \/>\n<script type=\"application\/ld+json\" class=\"yoast-schema-graph\">{\"@context\":\"https:\/\/schema.org\",\"@graph\":[{\"@type\":\"WebPage\",\"@id\":\"https:\/\/www.ull.es\/portal\/agenda\/evento\/simposio-internacional-hacia-la-construccion-de-un-derecho-transnacional-del-trabajo-y-de-la-seguridad-social\/\",\"url\":\"https:\/\/www.ull.es\/portal\/agenda\/evento\/simposio-internacional-hacia-la-construccion-de-un-derecho-transnacional-del-trabajo-y-de-la-seguridad-social\/\",\"name\":\"Simposio Internacional Hacia la construcci\u00f3n de un\u00a0Derecho Transnacional del Trabajo y de la Seguridad Social - ULL - Agenda\",\"isPartOf\":{\"@id\":\"https:\/\/www.ull.es\/portal\/agenda\/#website\"},\"datePublished\":\"2022-06-10T13:38:22+00:00\",\"dateModified\":\"2022-06-13T10:50:02+00:00\",\"breadcrumb\":{\"@id\":\"https:\/\/www.ull.es\/portal\/agenda\/evento\/simposio-internacional-hacia-la-construccion-de-un-derecho-transnacional-del-trabajo-y-de-la-seguridad-social\/#breadcrumb\"},\"inLanguage\":\"es\",\"potentialAction\":[{\"@type\":\"ReadAction\",\"target\":[\"https:\/\/www.ull.es\/portal\/agenda\/evento\/simposio-internacional-hacia-la-construccion-de-un-derecho-transnacional-del-trabajo-y-de-la-seguridad-social\/\"]}]},{\"@type\":\"BreadcrumbList\",\"@id\":\"https:\/\/www.ull.es\/portal\/agenda\/evento\/simposio-internacional-hacia-la-construccion-de-un-derecho-transnacional-del-trabajo-y-de-la-seguridad-social\/#breadcrumb\",\"itemListElement\":[{\"@type\":\"ListItem\",\"position\":1,\"name\":\"Portada\",\"item\":\"https:\/\/www.ull.es\/portal\/agenda\/\"},{\"@type\":\"ListItem\",\"position\":2,\"name\":\"Simposio Internacional Hacia la construcci\u00f3n de un\u00a0Derecho Transnacional del Trabajo y de la Seguridad Social\"}]},{\"@type\":\"WebSite\",\"@id\":\"https:\/\/www.ull.es\/portal\/agenda\/#website\",\"url\":\"https:\/\/www.ull.es\/portal\/agenda\/\",\"name\":\"ULL - Agenda\",\"description\":\"\",\"potentialAction\":[{\"@type\":\"SearchAction\",\"target\":{\"@type\":\"EntryPoint\",\"urlTemplate\":\"https:\/\/www.ull.es\/portal\/agenda\/?s={search_term_string}\"},\"query-input\":\"required name=search_term_string\"}],\"inLanguage\":\"es\"}]}<\/script>\n<!-- \/ Yoast SEO plugin. -->","yoast_head_json":{"title":"Simposio Internacional Hacia la construcci\u00f3n de un\u00a0Derecho Transnacional del Trabajo y de la Seguridad Social - ULL - Agenda","robots":{"index":"index","follow":"follow","max-snippet":"max-snippet:-1","max-image-preview":"max-image-preview:large","max-video-preview":"max-video-preview:-1"},"canonical":"https:\/\/www.ull.es\/portal\/agenda\/evento\/simposio-internacional-hacia-la-construccion-de-un-derecho-transnacional-del-trabajo-y-de-la-seguridad-social\/","og_locale":"es_ES","og_type":"article","og_title":"Simposio Internacional Hacia la construcci\u00f3n de un\u00a0Derecho Transnacional del Trabajo y de la Seguridad Social - ULL - Agenda","og_description":"El \u00c1rea de Derecho del Trabajo y de la Seguridad Social de la Universidad de La Laguna, acoge y organiza, en colaboraci\u00f3n con las Universidades del Pa\u00eds Vasco, Valencia y Sevilla, el Simposio Internacional Hacia la construcci\u00f3n de un\u00a0Derecho Transnacional del Trabajo y de la Seguridad Social, donde se analizar\u00e1 la creciente internacionalizaci\u00f3n\u00a0de las normas...","og_url":"https:\/\/www.ull.es\/portal\/agenda\/evento\/simposio-internacional-hacia-la-construccion-de-un-derecho-transnacional-del-trabajo-y-de-la-seguridad-social\/","og_site_name":"ULL - Agenda","article_modified_time":"2022-06-13T10:50:02+00:00","og_image":[{"width":700,"height":350,"url":"https:\/\/www.ull.es\/portal\/agenda\/wp-content\/uploads\/sites\/12\/2022\/06\/Simposio-Internacional-Hacia-la-construccio\u0301n-de-un-Derecho-Transnacional-del-Trabajo-y-de-la-Seguridad-Social_Banner-evento.png","type":"image\/png"}],"twitter_card":"summary_large_image","twitter_misc":{"Tiempo de lectura":"1 minuto"},"schema":{"@context":"https:\/\/schema.org","@graph":[{"@type":"WebPage","@id":"https:\/\/www.ull.es\/portal\/agenda\/evento\/simposio-internacional-hacia-la-construccion-de-un-derecho-transnacional-del-trabajo-y-de-la-seguridad-social\/","url":"https:\/\/www.ull.es\/portal\/agenda\/evento\/simposio-internacional-hacia-la-construccion-de-un-derecho-transnacional-del-trabajo-y-de-la-seguridad-social\/","name":"Simposio Internacional Hacia la construcci\u00f3n de un\u00a0Derecho Transnacional del Trabajo y de la Seguridad Social - ULL - Agenda","isPartOf":{"@id":"https:\/\/www.ull.es\/portal\/agenda\/#website"},"datePublished":"2022-06-10T13:38:22+00:00","dateModified":"2022-06-13T10:50:02+00:00","breadcrumb":{"@id":"https:\/\/www.ull.es\/portal\/agenda\/evento\/simposio-internacional-hacia-la-construccion-de-un-derecho-transnacional-del-trabajo-y-de-la-seguridad-social\/#breadcrumb"},"inLanguage":"es","potentialAction":[{"@type":"ReadAction","target":["https:\/\/www.ull.es\/portal\/agenda\/evento\/simposio-internacional-hacia-la-construccion-de-un-derecho-transnacional-del-trabajo-y-de-la-seguridad-social\/"]}]},{"@type":"BreadcrumbList","@id":"https:\/\/www.ull.es\/portal\/agenda\/evento\/simposio-internacional-hacia-la-construccion-de-un-derecho-transnacional-del-trabajo-y-de-la-seguridad-social\/#breadcrumb","itemListElement":[{"@type":"ListItem","position":1,"name":"Portada","item":"https:\/\/www.ull.es\/portal\/agenda\/"},{"@type":"ListItem","position":2,"name":"Simposio Internacional Hacia la construcci\u00f3n de un\u00a0Derecho Transnacional del Trabajo y de la Seguridad Social"}]},{"@type":"WebSite","@id":"https:\/\/www.ull.es\/portal\/agenda\/#website","url":"https:\/\/www.ull.es\/portal\/agenda\/","name":"ULL - Agenda","description":"","potentialAction":[{"@type":"SearchAction","target":{"@type":"EntryPoint","urlTemplate":"https:\/\/www.ull.es\/portal\/agenda\/?s={search_term_string}"},"query-input":"required name=search_term_string"}],"inLanguage":"es"}]}},"_links":{"self":[{"href":"https:\/\/www.ull.es\/portal\/agenda\/wp-json\/wp\/v2\/tribe_events\/25064"}],"collection":[{"href":"https:\/\/www.ull.es\/portal\/agenda\/wp-json\/wp\/v2\/tribe_events"}],"about":[{"href":"https:\/\/www.ull.es\/portal\/agenda\/wp-json\/wp\/v2\/types\/tribe_events"}],"author":[{"embeddable":true,"href":"https:\/\/www.ull.es\/portal\/agenda\/wp-json\/wp\/v2\/users\/65"}],"replies":[{"embeddable":true,"href":"https:\/\/www.ull.es\/portal\/agenda\/wp-json\/wp\/v2\/comments?post=25064"}],"version-history":[{"count":2,"href":"https:\/\/www.ull.es\/portal\/agenda\/wp-json\/wp\/v2\/tribe_events\/25064\/revisions"}],"predecessor-version":[{"id":25079,"href":"https:\/\/www.ull.es\/portal\/agenda\/wp-json\/wp\/v2\/tribe_events\/25064\/revisions\/25079"}],"wp:featuredmedia":[{"embeddable":true,"href":"https:\/\/www.ull.es\/portal\/agenda\/wp-json\/wp\/v2\/media\/25078"}],"wp:attachment":[{"href":"https:\/\/www.ull.es\/portal\/agenda\/wp-json\/wp\/v2\/media?parent=25064"}],"wp:term":[{"taxonomy":"post_tag","embeddable":true,"href":"https:\/\/www.ull.es\/portal\/agenda\/wp-json\/wp\/v2\/tags?post=25064"},{"taxonomy":"tribe_events_cat","embeddable":true,"href":"https:\/\/www.ull.es\/portal\/agenda\/wp-json\/wp\/v2\/tribe_events_cat?post=25064"}],"curies":[{"name":"wp","href":"https:\/\/api.w.org\/{rel}","templated":true}]}}