{"id":25960,"date":"2022-07-26T07:18:00","date_gmt":"2022-07-26T07:18:00","guid":{"rendered":"https:\/\/www.ull.es\/portal\/agenda\/?post_type=tribe_events&#038;p=25960"},"modified":"2022-09-08T09:11:42","modified_gmt":"2022-09-08T09:11:42","slug":"mariachi-vargas-de-tecalitlan","status":"publish","type":"tribe_events","link":"https:\/\/www.ull.es\/portal\/agenda\/evento\/mariachi-vargas-de-tecalitlan\/","title":{"rendered":"\ud83c\uddf2\ud83c\uddfd Mariachi Vargas de Tecalitl\u00e1n"},"content":{"rendered":"<p>Llega la <strong>III edici\u00f3n de Campus Am\u00e9rica del 10 al 21 de octubre<\/strong>, un espacio de valoraci\u00f3n e impulso de las acciones de internacionalizaci\u00f3n de la Universidad de La Laguna con el continente americano, que coincide con la <strong>actuaci\u00f3n musical del Mariachi Vargas de Tecalitl\u00e1n<\/strong>.<\/p>\n<p>La sexta generaci\u00f3n del Mariachi Vargas de Tecalitl\u00e1n cumple 125 a\u00f1os y, dentro de su gira mundial, llegan a Tenerife para actuar en Pabell\u00f3n Santiago Mart\u00edn el <strong>viernes 21 de octubre<\/strong>. Algunos de sus \u00e9xitos m\u00e1s conocidos son &#8216;Cielito lindo&#8217;, &#8216;La bikina&#8217; o &#8216;El son de la negra&#8217;.<\/p>\n<p>Las entradas pueden adquirirse en este <a href=\"https:\/\/www.tomaticket.es\/es-es\/entradas-mariachi-vargas-tecalitlan-tenerife\" target=\"_blank\" rel=\"noopener\" target=\"_blank\" rel=\"noopener\">enlace<\/a>.<\/p>\n","protected":false},"excerpt":{"rendered":"<p>Llega la III edici\u00f3n de Campus Am\u00e9rica del 10 al 21 de octubre, un espacio de valoraci\u00f3n e impulso de las acciones de internacionalizaci\u00f3n de la Universidad de La Laguna con el continente americano, que coincide con la actuaci\u00f3n musical del Mariachi Vargas de Tecalitl\u00e1n. La sexta generaci\u00f3n del Mariachi Vargas de Tecalitl\u00e1n cumple 125&#8230;<\/p>\n","protected":false},"author":86,"featured_media":25962,"comment_status":"closed","ping_status":"closed","template":"","tags":[246,4739,4740],"tribe_events_cat":[392,4730],"acf":[],"yoast_head":"<!-- This site is optimized with the Yoast SEO plugin v21.3 - https:\/\/yoast.com\/wordpress\/plugins\/seo\/ -->\n<title>\ud83c\uddf2\ud83c\uddfd Mariachi Vargas de Tecalitl\u00e1n - ULL - Agenda<\/title>\n<meta name=\"robots\" content=\"index, follow, max-snippet:-1, max-image-preview:large, max-video-preview:-1\" \/>\n<link rel=\"canonical\" href=\"https:\/\/www.ull.es\/portal\/agenda\/evento\/mariachi-vargas-de-tecalitlan\/\" \/>\n<meta property=\"og:locale\" content=\"es_ES\" \/>\n<meta property=\"og:type\" content=\"article\" \/>\n<meta property=\"og:title\" content=\"\ud83c\uddf2\ud83c\uddfd Mariachi Vargas de Tecalitl\u00e1n - ULL - Agenda\" \/>\n<meta property=\"og:description\" content=\"Llega la III edici\u00f3n de Campus Am\u00e9rica del 10 al 21 de octubre, un espacio de valoraci\u00f3n e impulso de las acciones de internacionalizaci\u00f3n de la Universidad de La Laguna con el continente americano, que coincide con la actuaci\u00f3n musical del Mariachi Vargas de Tecalitl\u00e1n. La sexta generaci\u00f3n del Mariachi Vargas de Tecalitl\u00e1n cumple 125...\" \/>\n<meta property=\"og:url\" content=\"https:\/\/www.ull.es\/portal\/agenda\/evento\/mariachi-vargas-de-tecalitlan\/\" \/>\n<meta property=\"og:site_name\" content=\"ULL - Agenda\" \/>\n<meta property=\"article:modified_time\" content=\"2022-09-08T09:11:42+00:00\" \/>\n<meta property=\"og:image\" content=\"https:\/\/www.ull.es\/portal\/agenda\/wp-content\/uploads\/sites\/12\/2022\/07\/Cultura_mariachi.png\" \/>\n\t<meta property=\"og:image:width\" content=\"700\" \/>\n\t<meta property=\"og:image:height\" content=\"350\" \/>\n\t<meta property=\"og:image:type\" content=\"image\/png\" \/>\n<meta name=\"twitter:card\" content=\"summary_large_image\" \/>\n<meta name=\"twitter:label1\" content=\"Tiempo de lectura\" \/>\n\t<meta name=\"twitter:data1\" content=\"1 minuto\" \/>\n<script type=\"application\/ld+json\" class=\"yoast-schema-graph\">{\"@context\":\"https:\/\/schema.org\",\"@graph\":[{\"@type\":\"WebPage\",\"@id\":\"https:\/\/www.ull.es\/portal\/agenda\/evento\/mariachi-vargas-de-tecalitlan\/\",\"url\":\"https:\/\/www.ull.es\/portal\/agenda\/evento\/mariachi-vargas-de-tecalitlan\/\",\"name\":\"\ud83c\uddf2\ud83c\uddfd Mariachi Vargas de Tecalitl\u00e1n - ULL - Agenda\",\"isPartOf\":{\"@id\":\"https:\/\/www.ull.es\/portal\/agenda\/#website\"},\"datePublished\":\"2022-07-26T07:18:00+00:00\",\"dateModified\":\"2022-09-08T09:11:42+00:00\",\"breadcrumb\":{\"@id\":\"https:\/\/www.ull.es\/portal\/agenda\/evento\/mariachi-vargas-de-tecalitlan\/#breadcrumb\"},\"inLanguage\":\"es\",\"potentialAction\":[{\"@type\":\"ReadAction\",\"target\":[\"https:\/\/www.ull.es\/portal\/agenda\/evento\/mariachi-vargas-de-tecalitlan\/\"]}]},{\"@type\":\"BreadcrumbList\",\"@id\":\"https:\/\/www.ull.es\/portal\/agenda\/evento\/mariachi-vargas-de-tecalitlan\/#breadcrumb\",\"itemListElement\":[{\"@type\":\"ListItem\",\"position\":1,\"name\":\"Portada\",\"item\":\"https:\/\/www.ull.es\/portal\/agenda\/\"},{\"@type\":\"ListItem\",\"position\":2,\"name\":\"\ud83c\uddf2\ud83c\uddfd Mariachi Vargas de Tecalitl\u00e1n\"}]},{\"@type\":\"WebSite\",\"@id\":\"https:\/\/www.ull.es\/portal\/agenda\/#website\",\"url\":\"https:\/\/www.ull.es\/portal\/agenda\/\",\"name\":\"ULL - Agenda\",\"description\":\"\",\"potentialAction\":[{\"@type\":\"SearchAction\",\"target\":{\"@type\":\"EntryPoint\",\"urlTemplate\":\"https:\/\/www.ull.es\/portal\/agenda\/?s={search_term_string}\"},\"query-input\":\"required name=search_term_string\"}],\"inLanguage\":\"es\"}]}<\/script>\n<!-- \/ Yoast SEO plugin. -->","yoast_head_json":{"title":"\ud83c\uddf2\ud83c\uddfd Mariachi Vargas de Tecalitl\u00e1n - ULL - Agenda","robots":{"index":"index","follow":"follow","max-snippet":"max-snippet:-1","max-image-preview":"max-image-preview:large","max-video-preview":"max-video-preview:-1"},"canonical":"https:\/\/www.ull.es\/portal\/agenda\/evento\/mariachi-vargas-de-tecalitlan\/","og_locale":"es_ES","og_type":"article","og_title":"\ud83c\uddf2\ud83c\uddfd Mariachi Vargas de Tecalitl\u00e1n - ULL - Agenda","og_description":"Llega la III edici\u00f3n de Campus Am\u00e9rica del 10 al 21 de octubre, un espacio de valoraci\u00f3n e impulso de las acciones de internacionalizaci\u00f3n de la Universidad de La Laguna con el continente americano, que coincide con la actuaci\u00f3n musical del Mariachi Vargas de Tecalitl\u00e1n. La sexta generaci\u00f3n del Mariachi Vargas de Tecalitl\u00e1n cumple 125...","og_url":"https:\/\/www.ull.es\/portal\/agenda\/evento\/mariachi-vargas-de-tecalitlan\/","og_site_name":"ULL - Agenda","article_modified_time":"2022-09-08T09:11:42+00:00","og_image":[{"width":700,"height":350,"url":"https:\/\/www.ull.es\/portal\/agenda\/wp-content\/uploads\/sites\/12\/2022\/07\/Cultura_mariachi.png","type":"image\/png"}],"twitter_card":"summary_large_image","twitter_misc":{"Tiempo de lectura":"1 minuto"},"schema":{"@context":"https:\/\/schema.org","@graph":[{"@type":"WebPage","@id":"https:\/\/www.ull.es\/portal\/agenda\/evento\/mariachi-vargas-de-tecalitlan\/","url":"https:\/\/www.ull.es\/portal\/agenda\/evento\/mariachi-vargas-de-tecalitlan\/","name":"\ud83c\uddf2\ud83c\uddfd Mariachi Vargas de Tecalitl\u00e1n - ULL - Agenda","isPartOf":{"@id":"https:\/\/www.ull.es\/portal\/agenda\/#website"},"datePublished":"2022-07-26T07:18:00+00:00","dateModified":"2022-09-08T09:11:42+00:00","breadcrumb":{"@id":"https:\/\/www.ull.es\/portal\/agenda\/evento\/mariachi-vargas-de-tecalitlan\/#breadcrumb"},"inLanguage":"es","potentialAction":[{"@type":"ReadAction","target":["https:\/\/www.ull.es\/portal\/agenda\/evento\/mariachi-vargas-de-tecalitlan\/"]}]},{"@type":"BreadcrumbList","@id":"https:\/\/www.ull.es\/portal\/agenda\/evento\/mariachi-vargas-de-tecalitlan\/#breadcrumb","itemListElement":[{"@type":"ListItem","position":1,"name":"Portada","item":"https:\/\/www.ull.es\/portal\/agenda\/"},{"@type":"ListItem","position":2,"name":"\ud83c\uddf2\ud83c\uddfd Mariachi Vargas de Tecalitl\u00e1n"}]},{"@type":"WebSite","@id":"https:\/\/www.ull.es\/portal\/agenda\/#website","url":"https:\/\/www.ull.es\/portal\/agenda\/","name":"ULL - Agenda","description":"","potentialAction":[{"@type":"SearchAction","target":{"@type":"EntryPoint","urlTemplate":"https:\/\/www.ull.es\/portal\/agenda\/?s={search_term_string}"},"query-input":"required name=search_term_string"}],"inLanguage":"es"}]}},"_links":{"self":[{"href":"https:\/\/www.ull.es\/portal\/agenda\/wp-json\/wp\/v2\/tribe_events\/25960"}],"collection":[{"href":"https:\/\/www.ull.es\/portal\/agenda\/wp-json\/wp\/v2\/tribe_events"}],"about":[{"href":"https:\/\/www.ull.es\/portal\/agenda\/wp-json\/wp\/v2\/types\/tribe_events"}],"author":[{"embeddable":true,"href":"https:\/\/www.ull.es\/portal\/agenda\/wp-json\/wp\/v2\/users\/86"}],"replies":[{"embeddable":true,"href":"https:\/\/www.ull.es\/portal\/agenda\/wp-json\/wp\/v2\/comments?post=25960"}],"version-history":[{"count":4,"href":"https:\/\/www.ull.es\/portal\/agenda\/wp-json\/wp\/v2\/tribe_events\/25960\/revisions"}],"predecessor-version":[{"id":26332,"href":"https:\/\/www.ull.es\/portal\/agenda\/wp-json\/wp\/v2\/tribe_events\/25960\/revisions\/26332"}],"wp:featuredmedia":[{"embeddable":true,"href":"https:\/\/www.ull.es\/portal\/agenda\/wp-json\/wp\/v2\/media\/25962"}],"wp:attachment":[{"href":"https:\/\/www.ull.es\/portal\/agenda\/wp-json\/wp\/v2\/media?parent=25960"}],"wp:term":[{"taxonomy":"post_tag","embeddable":true,"href":"https:\/\/www.ull.es\/portal\/agenda\/wp-json\/wp\/v2\/tags?post=25960"},{"taxonomy":"tribe_events_cat","embeddable":true,"href":"https:\/\/www.ull.es\/portal\/agenda\/wp-json\/wp\/v2\/tribe_events_cat?post=25960"}],"curies":[{"name":"wp","href":"https:\/\/api.w.org\/{rel}","templated":true}]}}