{"id":25974,"date":"2022-07-26T10:14:31","date_gmt":"2022-07-26T10:14:31","guid":{"rendered":"https:\/\/www.ull.es\/portal\/agenda\/?post_type=tribe_events&#038;p=25974"},"modified":"2022-10-11T11:36:52","modified_gmt":"2022-10-11T11:36:52","slug":"estrategias-de-comunicacion-en-el-ejercicio-profesional-farmaceutico","status":"publish","type":"tribe_events","link":"https:\/\/www.ull.es\/portal\/agenda\/evento\/estrategias-de-comunicacion-en-el-ejercicio-profesional-farmaceutico\/","title":{"rendered":"Estrategias de comunicaci\u00f3n en el ejercicio profesional farmac\u00e9utico"},"content":{"rendered":"<p>La comunicaci\u00f3n del farmac\u00e9utico con los pacientes\/usuarios, con otros profesionales sanitarios, y con la sociedad en general, es crucial para establecer un c\u00edrculo de confianza que permita mejorar la prevenci\u00f3n y detecci\u00f3n prematura de las enfermedades. La evoluci\u00f3n de nuestra sociedad hace necesario que el profesional farmac\u00e9utico gestione desde la Oficina de Farmacia todas las herramientas de comunicaci\u00f3n actuales, para mejorar y optimizar la atenci\u00f3n personalizada a los pacientes, prestigiar y dar a conocer su actuaci\u00f3n profesional, y aumentar la confianza de la poblaci\u00f3n en general.<\/p>\n<p>Desde la C\u00e1tedra Canaria de Farmacia pretendemos colaborar en la mejora de las habilidades de comunicaci\u00f3n de los profesionales farmac\u00e9uticos, haciendo uso todas las herramientas disponibles desde las m\u00e1s tradicionales a las m\u00e1s actuales. Para ello, hemos seleccionado un panel de expertos que disertar\u00e1n sobre el uso de las diferentes herramientas de comunicaci\u00f3n (RRSS, web, blogs, coaching, etc) en los diferentes \u00e1mbitos de actuaci\u00f3n profesional del farmac\u00e9utico.<\/p>\n<p><a href=\"https:\/\/docs.google.com\/forms\/d\/e\/1FAIpQLScSzI1ssphiWYnr-BBuQfJUEutXnXzANh-gLCrWL_eYxym_kQ\/viewform\" target=\"_blank\" rel=\"noopener\" target=\"_blank\" rel=\"noopener\">Formulario de inscripci\u00f3n<\/a><\/p>\n<p><a href=\"https:\/\/drive.google.com\/file\/d\/1mUqnmqqCRnTBhx8xMJtUj261NWxKlYGy\/view?usp=sharing\" target=\"_blank\" rel=\"noopener\" target=\"_blank\" rel=\"noopener\">Cartel<\/a><\/p>\n<p><a href=\"https:\/\/drive.google.com\/file\/d\/1CxSejKXxjadcb-frzhlkFVgvErQNNZun\/view?usp=sharing\" target=\"_blank\" rel=\"noopener\" target=\"_blank\" rel=\"noopener\">D\u00edptico exterior<\/a><\/p>\n<p><a href=\"https:\/\/drive.google.com\/file\/d\/18vxn6RqNLJm8N2j232yXOv-p1AifEKJp\/view?usp=sharing\" target=\"_blank\" rel=\"noopener\" target=\"_blank\" rel=\"noopener\">D\u00edptico interior<\/a><\/p>\n<p>&nbsp;<\/p>\n","protected":false},"excerpt":{"rendered":"<p>La comunicaci\u00f3n del farmac\u00e9utico con los pacientes\/usuarios, con otros profesionales sanitarios, y con la sociedad en general, es crucial para establecer un c\u00edrculo de confianza que permita mejorar la prevenci\u00f3n y detecci\u00f3n prematura de las enfermedades. La evoluci\u00f3n de nuestra sociedad hace necesario que el profesional farmac\u00e9utico gestione desde la Oficina de Farmacia todas las&#8230;<\/p>\n","protected":false},"author":65,"featured_media":26293,"comment_status":"closed","ping_status":"closed","template":"","tags":[],"tribe_events_cat":[2117,4,2580,191],"acf":[],"yoast_head":"<!-- This site is optimized with the Yoast SEO plugin v21.3 - https:\/\/yoast.com\/wordpress\/plugins\/seo\/ -->\n<title>Estrategias de comunicaci\u00f3n en el ejercicio profesional farmac\u00e9utico - ULL - Agenda<\/title>\n<meta name=\"robots\" content=\"index, follow, max-snippet:-1, max-image-preview:large, max-video-preview:-1\" \/>\n<link rel=\"canonical\" href=\"https:\/\/www.ull.es\/portal\/agenda\/evento\/estrategias-de-comunicacion-en-el-ejercicio-profesional-farmaceutico\/\" \/>\n<meta property=\"og:locale\" content=\"es_ES\" \/>\n<meta property=\"og:type\" content=\"article\" \/>\n<meta property=\"og:title\" content=\"Estrategias de comunicaci\u00f3n en el ejercicio profesional farmac\u00e9utico - ULL - Agenda\" \/>\n<meta property=\"og:description\" content=\"La comunicaci\u00f3n del farmac\u00e9utico con los pacientes\/usuarios, con otros profesionales sanitarios, y con la sociedad en general, es crucial para establecer un c\u00edrculo de confianza que permita mejorar la prevenci\u00f3n y detecci\u00f3n prematura de las enfermedades. La evoluci\u00f3n de nuestra sociedad hace necesario que el profesional farmac\u00e9utico gestione desde la Oficina de Farmacia todas las...\" \/>\n<meta property=\"og:url\" content=\"https:\/\/www.ull.es\/portal\/agenda\/evento\/estrategias-de-comunicacion-en-el-ejercicio-profesional-farmaceutico\/\" \/>\n<meta property=\"og:site_name\" content=\"ULL - Agenda\" \/>\n<meta property=\"article:modified_time\" content=\"2022-10-11T11:36:52+00:00\" \/>\n<meta property=\"og:image\" content=\"https:\/\/www.ull.es\/portal\/agenda\/wp-content\/uploads\/sites\/12\/2022\/07\/Curso-Estrategias-de-Comunicacion.png\" \/>\n\t<meta property=\"og:image:width\" content=\"700\" \/>\n\t<meta property=\"og:image:height\" content=\"350\" \/>\n\t<meta property=\"og:image:type\" content=\"image\/png\" \/>\n<meta name=\"twitter:card\" content=\"summary_large_image\" \/>\n<meta name=\"twitter:label1\" content=\"Tiempo de lectura\" \/>\n\t<meta name=\"twitter:data1\" content=\"1 minuto\" \/>\n<script type=\"application\/ld+json\" class=\"yoast-schema-graph\">{\"@context\":\"https:\/\/schema.org\",\"@graph\":[{\"@type\":\"WebPage\",\"@id\":\"https:\/\/www.ull.es\/portal\/agenda\/evento\/estrategias-de-comunicacion-en-el-ejercicio-profesional-farmaceutico\/\",\"url\":\"https:\/\/www.ull.es\/portal\/agenda\/evento\/estrategias-de-comunicacion-en-el-ejercicio-profesional-farmaceutico\/\",\"name\":\"Estrategias de comunicaci\u00f3n en el ejercicio profesional farmac\u00e9utico - ULL - Agenda\",\"isPartOf\":{\"@id\":\"https:\/\/www.ull.es\/portal\/agenda\/#website\"},\"datePublished\":\"2022-07-26T10:14:31+00:00\",\"dateModified\":\"2022-10-11T11:36:52+00:00\",\"breadcrumb\":{\"@id\":\"https:\/\/www.ull.es\/portal\/agenda\/evento\/estrategias-de-comunicacion-en-el-ejercicio-profesional-farmaceutico\/#breadcrumb\"},\"inLanguage\":\"es\",\"potentialAction\":[{\"@type\":\"ReadAction\",\"target\":[\"https:\/\/www.ull.es\/portal\/agenda\/evento\/estrategias-de-comunicacion-en-el-ejercicio-profesional-farmaceutico\/\"]}]},{\"@type\":\"BreadcrumbList\",\"@id\":\"https:\/\/www.ull.es\/portal\/agenda\/evento\/estrategias-de-comunicacion-en-el-ejercicio-profesional-farmaceutico\/#breadcrumb\",\"itemListElement\":[{\"@type\":\"ListItem\",\"position\":1,\"name\":\"Portada\",\"item\":\"https:\/\/www.ull.es\/portal\/agenda\/\"},{\"@type\":\"ListItem\",\"position\":2,\"name\":\"Estrategias de comunicaci\u00f3n en el ejercicio profesional farmac\u00e9utico\"}]},{\"@type\":\"WebSite\",\"@id\":\"https:\/\/www.ull.es\/portal\/agenda\/#website\",\"url\":\"https:\/\/www.ull.es\/portal\/agenda\/\",\"name\":\"ULL - Agenda\",\"description\":\"\",\"potentialAction\":[{\"@type\":\"SearchAction\",\"target\":{\"@type\":\"EntryPoint\",\"urlTemplate\":\"https:\/\/www.ull.es\/portal\/agenda\/?s={search_term_string}\"},\"query-input\":\"required name=search_term_string\"}],\"inLanguage\":\"es\"}]}<\/script>\n<!-- \/ Yoast SEO plugin. -->","yoast_head_json":{"title":"Estrategias de comunicaci\u00f3n en el ejercicio profesional farmac\u00e9utico - ULL - Agenda","robots":{"index":"index","follow":"follow","max-snippet":"max-snippet:-1","max-image-preview":"max-image-preview:large","max-video-preview":"max-video-preview:-1"},"canonical":"https:\/\/www.ull.es\/portal\/agenda\/evento\/estrategias-de-comunicacion-en-el-ejercicio-profesional-farmaceutico\/","og_locale":"es_ES","og_type":"article","og_title":"Estrategias de comunicaci\u00f3n en el ejercicio profesional farmac\u00e9utico - ULL - Agenda","og_description":"La comunicaci\u00f3n del farmac\u00e9utico con los pacientes\/usuarios, con otros profesionales sanitarios, y con la sociedad en general, es crucial para establecer un c\u00edrculo de confianza que permita mejorar la prevenci\u00f3n y detecci\u00f3n prematura de las enfermedades. La evoluci\u00f3n de nuestra sociedad hace necesario que el profesional farmac\u00e9utico gestione desde la Oficina de Farmacia todas las...","og_url":"https:\/\/www.ull.es\/portal\/agenda\/evento\/estrategias-de-comunicacion-en-el-ejercicio-profesional-farmaceutico\/","og_site_name":"ULL - Agenda","article_modified_time":"2022-10-11T11:36:52+00:00","og_image":[{"width":700,"height":350,"url":"https:\/\/www.ull.es\/portal\/agenda\/wp-content\/uploads\/sites\/12\/2022\/07\/Curso-Estrategias-de-Comunicacion.png","type":"image\/png"}],"twitter_card":"summary_large_image","twitter_misc":{"Tiempo de lectura":"1 minuto"},"schema":{"@context":"https:\/\/schema.org","@graph":[{"@type":"WebPage","@id":"https:\/\/www.ull.es\/portal\/agenda\/evento\/estrategias-de-comunicacion-en-el-ejercicio-profesional-farmaceutico\/","url":"https:\/\/www.ull.es\/portal\/agenda\/evento\/estrategias-de-comunicacion-en-el-ejercicio-profesional-farmaceutico\/","name":"Estrategias de comunicaci\u00f3n en el ejercicio profesional farmac\u00e9utico - ULL - Agenda","isPartOf":{"@id":"https:\/\/www.ull.es\/portal\/agenda\/#website"},"datePublished":"2022-07-26T10:14:31+00:00","dateModified":"2022-10-11T11:36:52+00:00","breadcrumb":{"@id":"https:\/\/www.ull.es\/portal\/agenda\/evento\/estrategias-de-comunicacion-en-el-ejercicio-profesional-farmaceutico\/#breadcrumb"},"inLanguage":"es","potentialAction":[{"@type":"ReadAction","target":["https:\/\/www.ull.es\/portal\/agenda\/evento\/estrategias-de-comunicacion-en-el-ejercicio-profesional-farmaceutico\/"]}]},{"@type":"BreadcrumbList","@id":"https:\/\/www.ull.es\/portal\/agenda\/evento\/estrategias-de-comunicacion-en-el-ejercicio-profesional-farmaceutico\/#breadcrumb","itemListElement":[{"@type":"ListItem","position":1,"name":"Portada","item":"https:\/\/www.ull.es\/portal\/agenda\/"},{"@type":"ListItem","position":2,"name":"Estrategias de comunicaci\u00f3n en el ejercicio profesional farmac\u00e9utico"}]},{"@type":"WebSite","@id":"https:\/\/www.ull.es\/portal\/agenda\/#website","url":"https:\/\/www.ull.es\/portal\/agenda\/","name":"ULL - Agenda","description":"","potentialAction":[{"@type":"SearchAction","target":{"@type":"EntryPoint","urlTemplate":"https:\/\/www.ull.es\/portal\/agenda\/?s={search_term_string}"},"query-input":"required name=search_term_string"}],"inLanguage":"es"}]}},"_links":{"self":[{"href":"https:\/\/www.ull.es\/portal\/agenda\/wp-json\/wp\/v2\/tribe_events\/25974"}],"collection":[{"href":"https:\/\/www.ull.es\/portal\/agenda\/wp-json\/wp\/v2\/tribe_events"}],"about":[{"href":"https:\/\/www.ull.es\/portal\/agenda\/wp-json\/wp\/v2\/types\/tribe_events"}],"author":[{"embeddable":true,"href":"https:\/\/www.ull.es\/portal\/agenda\/wp-json\/wp\/v2\/users\/65"}],"replies":[{"embeddable":true,"href":"https:\/\/www.ull.es\/portal\/agenda\/wp-json\/wp\/v2\/comments?post=25974"}],"version-history":[{"count":5,"href":"https:\/\/www.ull.es\/portal\/agenda\/wp-json\/wp\/v2\/tribe_events\/25974\/revisions"}],"predecessor-version":[{"id":27080,"href":"https:\/\/www.ull.es\/portal\/agenda\/wp-json\/wp\/v2\/tribe_events\/25974\/revisions\/27080"}],"wp:featuredmedia":[{"embeddable":true,"href":"https:\/\/www.ull.es\/portal\/agenda\/wp-json\/wp\/v2\/media\/26293"}],"wp:attachment":[{"href":"https:\/\/www.ull.es\/portal\/agenda\/wp-json\/wp\/v2\/media?parent=25974"}],"wp:term":[{"taxonomy":"post_tag","embeddable":true,"href":"https:\/\/www.ull.es\/portal\/agenda\/wp-json\/wp\/v2\/tags?post=25974"},{"taxonomy":"tribe_events_cat","embeddable":true,"href":"https:\/\/www.ull.es\/portal\/agenda\/wp-json\/wp\/v2\/tribe_events_cat?post=25974"}],"curies":[{"name":"wp","href":"https:\/\/api.w.org\/{rel}","templated":true}]}}