{"id":26013,"date":"2022-07-28T13:43:19","date_gmt":"2022-07-28T13:43:19","guid":{"rendered":"https:\/\/www.ull.es\/portal\/agenda\/?post_type=tribe_events&#038;p=26013"},"modified":"2022-09-27T07:15:43","modified_gmt":"2022-09-27T07:15:43","slug":"exposicion-arte-mexicano-sentir-a-traves-de-la-pintura","status":"publish","type":"tribe_events","link":"https:\/\/www.ull.es\/portal\/agenda\/evento\/exposicion-arte-mexicano-sentir-a-traves-de-la-pintura\/","title":{"rendered":"\ud83c\uddf2\ud83c\uddfd Exposici\u00f3n: \u00abArte mexicano: Sentir a trav\u00e9s de la pintura\u00bb"},"content":{"rendered":"<p>Llega la <strong>III edici\u00f3n de Campus Am\u00e9rica del 10 al 21 de octubre<\/strong>, un espacio de valoraci\u00f3n e impulso de las acciones de internacionalizaci\u00f3n de la Universidad de La Laguna con el continente americano, que contar\u00e1 dentro su programaci\u00f3n cultural, con la <strong>exposici\u00f3n Arte Mexicano; Sentir M\u00e9xico a trav\u00e9s de la pintura<\/strong>.<\/p>\n<p>Esta muestra realizada por Luis Kerch, Tom\u00e1s Gondi y Josafat Miranda se manifiesta la innata creatividad mexicana, el gusto por el bello trato de cualquier material y la plasmaci\u00f3n de vivencias personales; todo ello dentro de un atavismo que trasciende el tiempo y encuentra en el dise\u00f1o de las formas y el color su m\u00e1s sublime expresi\u00f3n. El arte es de todos, si\u00e9ntalo cada cual seg\u00fan su experiencia o sensibilidad. Lo que se nos oferta lo merece.<\/p>\n<p>La <strong>inauguraci\u00f3n de la exposici\u00f3n ser\u00e1 el pr\u00f3ximo jueves 6 de octubre a las 20:00 h,<\/strong> e intervendr\u00e1n Lidia Cabrera P\u00e9rez, Vicerrectora de Proyecci\u00f3n, Internacionalizaci\u00f3n y Cooperaci\u00f3n; Juan Albino M\u00e9ndez P\u00e9rez, Vicerrector de Cultura, Participaci\u00f3n Social, Campus Ofra y La Palma; y Yolanda Cordob\u00e9s Jer\u00f3nimo, Directora Cultural del Consulado Honorario de M\u00e9xico en Canarias.<\/p>\n<p>No obstante, la muestra <strong>estar\u00e1 abierta al p\u00fablico desde el 20 de septiembre hasta el 23 de octubre, de lunes a viernes en horario de 17:00 &#8211; 20:00 horas<\/strong>.<\/p>\n<p>Entrada libre.<\/p>\n<p><a href=\"https:\/\/es.calameo.com\/entre-mares\/read\/006506456b02b2d30755d\" target=\"_blank\" rel=\"noopener\">Cat\u00e1logo de la muestra<\/a><\/p>\n","protected":false},"excerpt":{"rendered":"<p>Llega la III edici\u00f3n de Campus Am\u00e9rica del 10 al 21 de octubre, un espacio de valoraci\u00f3n e impulso de las acciones de internacionalizaci\u00f3n de la Universidad de La Laguna con el continente americano, que contar\u00e1 dentro su programaci\u00f3n cultural, con la exposici\u00f3n Arte Mexicano; Sentir M\u00e9xico a trav\u00e9s de la pintura. Esta muestra realizada&#8230;<\/p>\n","protected":false},"author":86,"featured_media":26050,"comment_status":"closed","ping_status":"closed","template":"","tags":[4748,4733,201],"tribe_events_cat":[392,3987,4730,4,19],"acf":[],"yoast_head":"<!-- This site is optimized with the Yoast SEO plugin v21.3 - https:\/\/yoast.com\/wordpress\/plugins\/seo\/ -->\n<title>\ud83c\uddf2\ud83c\uddfd Exposici\u00f3n: \u00abArte mexicano: Sentir a trav\u00e9s de la pintura\u00bb - ULL - Agenda<\/title>\n<meta name=\"robots\" content=\"index, follow, max-snippet:-1, max-image-preview:large, max-video-preview:-1\" \/>\n<link rel=\"canonical\" href=\"https:\/\/www.ull.es\/portal\/agenda\/evento\/exposicion-arte-mexicano-sentir-a-traves-de-la-pintura\/\" \/>\n<meta property=\"og:locale\" content=\"es_ES\" \/>\n<meta property=\"og:type\" content=\"article\" \/>\n<meta property=\"og:title\" content=\"\ud83c\uddf2\ud83c\uddfd Exposici\u00f3n: \u00abArte mexicano: Sentir a trav\u00e9s de la pintura\u00bb - ULL - Agenda\" \/>\n<meta property=\"og:description\" content=\"Llega la III edici\u00f3n de Campus Am\u00e9rica del 10 al 21 de octubre, un espacio de valoraci\u00f3n e impulso de las acciones de internacionalizaci\u00f3n de la Universidad de La Laguna con el continente americano, que contar\u00e1 dentro su programaci\u00f3n cultural, con la exposici\u00f3n Arte Mexicano; Sentir M\u00e9xico a trav\u00e9s de la pintura. Esta muestra realizada...\" \/>\n<meta property=\"og:url\" content=\"https:\/\/www.ull.es\/portal\/agenda\/evento\/exposicion-arte-mexicano-sentir-a-traves-de-la-pintura\/\" \/>\n<meta property=\"og:site_name\" content=\"ULL - Agenda\" \/>\n<meta property=\"article:modified_time\" content=\"2022-09-27T07:15:43+00:00\" \/>\n<meta property=\"og:image\" content=\"https:\/\/www.ull.es\/portal\/agenda\/wp-content\/uploads\/sites\/12\/2022\/07\/Cultura_Expo-Arte.png\" \/>\n\t<meta property=\"og:image:width\" content=\"700\" \/>\n\t<meta property=\"og:image:height\" content=\"350\" \/>\n\t<meta property=\"og:image:type\" content=\"image\/png\" \/>\n<meta name=\"twitter:card\" content=\"summary_large_image\" \/>\n<meta name=\"twitter:label1\" content=\"Tiempo de lectura\" \/>\n\t<meta name=\"twitter:data1\" content=\"1 minuto\" \/>\n<script type=\"application\/ld+json\" class=\"yoast-schema-graph\">{\"@context\":\"https:\/\/schema.org\",\"@graph\":[{\"@type\":\"WebPage\",\"@id\":\"https:\/\/www.ull.es\/portal\/agenda\/evento\/exposicion-arte-mexicano-sentir-a-traves-de-la-pintura\/\",\"url\":\"https:\/\/www.ull.es\/portal\/agenda\/evento\/exposicion-arte-mexicano-sentir-a-traves-de-la-pintura\/\",\"name\":\"\ud83c\uddf2\ud83c\uddfd Exposici\u00f3n: \u00abArte mexicano: Sentir a trav\u00e9s de la pintura\u00bb - ULL - Agenda\",\"isPartOf\":{\"@id\":\"https:\/\/www.ull.es\/portal\/agenda\/#website\"},\"datePublished\":\"2022-07-28T13:43:19+00:00\",\"dateModified\":\"2022-09-27T07:15:43+00:00\",\"breadcrumb\":{\"@id\":\"https:\/\/www.ull.es\/portal\/agenda\/evento\/exposicion-arte-mexicano-sentir-a-traves-de-la-pintura\/#breadcrumb\"},\"inLanguage\":\"es\",\"potentialAction\":[{\"@type\":\"ReadAction\",\"target\":[\"https:\/\/www.ull.es\/portal\/agenda\/evento\/exposicion-arte-mexicano-sentir-a-traves-de-la-pintura\/\"]}]},{\"@type\":\"BreadcrumbList\",\"@id\":\"https:\/\/www.ull.es\/portal\/agenda\/evento\/exposicion-arte-mexicano-sentir-a-traves-de-la-pintura\/#breadcrumb\",\"itemListElement\":[{\"@type\":\"ListItem\",\"position\":1,\"name\":\"Portada\",\"item\":\"https:\/\/www.ull.es\/portal\/agenda\/\"},{\"@type\":\"ListItem\",\"position\":2,\"name\":\"\ud83c\uddf2\ud83c\uddfd Exposici\u00f3n: \u00abArte mexicano: Sentir a trav\u00e9s de la pintura\u00bb\"}]},{\"@type\":\"WebSite\",\"@id\":\"https:\/\/www.ull.es\/portal\/agenda\/#website\",\"url\":\"https:\/\/www.ull.es\/portal\/agenda\/\",\"name\":\"ULL - Agenda\",\"description\":\"\",\"potentialAction\":[{\"@type\":\"SearchAction\",\"target\":{\"@type\":\"EntryPoint\",\"urlTemplate\":\"https:\/\/www.ull.es\/portal\/agenda\/?s={search_term_string}\"},\"query-input\":\"required name=search_term_string\"}],\"inLanguage\":\"es\"}]}<\/script>\n<!-- \/ Yoast SEO plugin. -->","yoast_head_json":{"title":"\ud83c\uddf2\ud83c\uddfd Exposici\u00f3n: \u00abArte mexicano: Sentir a trav\u00e9s de la pintura\u00bb - ULL - Agenda","robots":{"index":"index","follow":"follow","max-snippet":"max-snippet:-1","max-image-preview":"max-image-preview:large","max-video-preview":"max-video-preview:-1"},"canonical":"https:\/\/www.ull.es\/portal\/agenda\/evento\/exposicion-arte-mexicano-sentir-a-traves-de-la-pintura\/","og_locale":"es_ES","og_type":"article","og_title":"\ud83c\uddf2\ud83c\uddfd Exposici\u00f3n: \u00abArte mexicano: Sentir a trav\u00e9s de la pintura\u00bb - ULL - Agenda","og_description":"Llega la III edici\u00f3n de Campus Am\u00e9rica del 10 al 21 de octubre, un espacio de valoraci\u00f3n e impulso de las acciones de internacionalizaci\u00f3n de la Universidad de La Laguna con el continente americano, que contar\u00e1 dentro su programaci\u00f3n cultural, con la exposici\u00f3n Arte Mexicano; Sentir M\u00e9xico a trav\u00e9s de la pintura. Esta muestra realizada...","og_url":"https:\/\/www.ull.es\/portal\/agenda\/evento\/exposicion-arte-mexicano-sentir-a-traves-de-la-pintura\/","og_site_name":"ULL - Agenda","article_modified_time":"2022-09-27T07:15:43+00:00","og_image":[{"width":700,"height":350,"url":"https:\/\/www.ull.es\/portal\/agenda\/wp-content\/uploads\/sites\/12\/2022\/07\/Cultura_Expo-Arte.png","type":"image\/png"}],"twitter_card":"summary_large_image","twitter_misc":{"Tiempo de lectura":"1 minuto"},"schema":{"@context":"https:\/\/schema.org","@graph":[{"@type":"WebPage","@id":"https:\/\/www.ull.es\/portal\/agenda\/evento\/exposicion-arte-mexicano-sentir-a-traves-de-la-pintura\/","url":"https:\/\/www.ull.es\/portal\/agenda\/evento\/exposicion-arte-mexicano-sentir-a-traves-de-la-pintura\/","name":"\ud83c\uddf2\ud83c\uddfd Exposici\u00f3n: \u00abArte mexicano: Sentir a trav\u00e9s de la pintura\u00bb - ULL - Agenda","isPartOf":{"@id":"https:\/\/www.ull.es\/portal\/agenda\/#website"},"datePublished":"2022-07-28T13:43:19+00:00","dateModified":"2022-09-27T07:15:43+00:00","breadcrumb":{"@id":"https:\/\/www.ull.es\/portal\/agenda\/evento\/exposicion-arte-mexicano-sentir-a-traves-de-la-pintura\/#breadcrumb"},"inLanguage":"es","potentialAction":[{"@type":"ReadAction","target":["https:\/\/www.ull.es\/portal\/agenda\/evento\/exposicion-arte-mexicano-sentir-a-traves-de-la-pintura\/"]}]},{"@type":"BreadcrumbList","@id":"https:\/\/www.ull.es\/portal\/agenda\/evento\/exposicion-arte-mexicano-sentir-a-traves-de-la-pintura\/#breadcrumb","itemListElement":[{"@type":"ListItem","position":1,"name":"Portada","item":"https:\/\/www.ull.es\/portal\/agenda\/"},{"@type":"ListItem","position":2,"name":"\ud83c\uddf2\ud83c\uddfd Exposici\u00f3n: \u00abArte mexicano: Sentir a trav\u00e9s de la pintura\u00bb"}]},{"@type":"WebSite","@id":"https:\/\/www.ull.es\/portal\/agenda\/#website","url":"https:\/\/www.ull.es\/portal\/agenda\/","name":"ULL - Agenda","description":"","potentialAction":[{"@type":"SearchAction","target":{"@type":"EntryPoint","urlTemplate":"https:\/\/www.ull.es\/portal\/agenda\/?s={search_term_string}"},"query-input":"required name=search_term_string"}],"inLanguage":"es"}]}},"_links":{"self":[{"href":"https:\/\/www.ull.es\/portal\/agenda\/wp-json\/wp\/v2\/tribe_events\/26013"}],"collection":[{"href":"https:\/\/www.ull.es\/portal\/agenda\/wp-json\/wp\/v2\/tribe_events"}],"about":[{"href":"https:\/\/www.ull.es\/portal\/agenda\/wp-json\/wp\/v2\/types\/tribe_events"}],"author":[{"embeddable":true,"href":"https:\/\/www.ull.es\/portal\/agenda\/wp-json\/wp\/v2\/users\/86"}],"replies":[{"embeddable":true,"href":"https:\/\/www.ull.es\/portal\/agenda\/wp-json\/wp\/v2\/comments?post=26013"}],"version-history":[{"count":12,"href":"https:\/\/www.ull.es\/portal\/agenda\/wp-json\/wp\/v2\/tribe_events\/26013\/revisions"}],"predecessor-version":[{"id":26660,"href":"https:\/\/www.ull.es\/portal\/agenda\/wp-json\/wp\/v2\/tribe_events\/26013\/revisions\/26660"}],"wp:featuredmedia":[{"embeddable":true,"href":"https:\/\/www.ull.es\/portal\/agenda\/wp-json\/wp\/v2\/media\/26050"}],"wp:attachment":[{"href":"https:\/\/www.ull.es\/portal\/agenda\/wp-json\/wp\/v2\/media?parent=26013"}],"wp:term":[{"taxonomy":"post_tag","embeddable":true,"href":"https:\/\/www.ull.es\/portal\/agenda\/wp-json\/wp\/v2\/tags?post=26013"},{"taxonomy":"tribe_events_cat","embeddable":true,"href":"https:\/\/www.ull.es\/portal\/agenda\/wp-json\/wp\/v2\/tribe_events_cat?post=26013"}],"curies":[{"name":"wp","href":"https:\/\/api.w.org\/{rel}","templated":true}]}}