{"id":26883,"date":"2022-10-03T08:09:03","date_gmt":"2022-10-03T08:09:03","guid":{"rendered":"https:\/\/www.ull.es\/portal\/agenda\/?post_type=tribe_events&#038;p=26883"},"modified":"2022-10-03T08:10:53","modified_gmt":"2022-10-03T08:10:53","slug":"evaluacion-e-intervencion-con-adolescentes-en-conflicto-con-la-ley-penal-en-peru","status":"publish","type":"tribe_events","link":"https:\/\/www.ull.es\/portal\/agenda\/evento\/evaluacion-e-intervencion-con-adolescentes-en-conflicto-con-la-ley-penal-en-peru\/","title":{"rendered":"Evaluaci\u00f3n e intervenci\u00f3n con adolescentes en conflicto con la Ley Penal en Per\u00fa"},"content":{"rendered":"<p>Trabajo descriptivo desde la experiencia y las normas y disposiciones del Programa Nacional de Centros Juveniles del Ministerio de Justicia, a trav\u00e9s de los Centros Juveniles en medio abierto ( SOAS ) que atiende a adolescentes en conflicto con la Ley Penal en Per\u00fa. Se analiza la estad\u00edstica Nacional de Adolescentes con este tipo de problemas conductuales \u2013 legales, desde diversas variables, interpretando cada una de ellas. Adem\u00e1s se Proponen los modelos de intervenci\u00f3n y evaluaci\u00f3n que en la actualidad se est\u00e1n aplicando en todos los centros Juveniles del PRONACEJ.<\/p>\n<p><strong>Ponente:<\/strong> Andr\u00e9s Manrrique<\/p>\n<div>Andr\u00e9s Manrrique es sic\u00f3logo, formador con estudios culminados \u00a0en Maestr\u00eda en Psicolog\u00eda Cl\u00ednica \u00a0y Psicolog\u00eda del ni\u00f1o y del adolescente Graduado en Maestr\u00eda cient\u00edfica. Con estudios de \u00a0especializaci\u00f3n en Orientaci\u00f3n y tutor\u00eda Psico educativa y Familiar para el Manejo de Conflictos.<\/div>\n<div><\/div>\n<div>Estudios de post \u00a0grado en psicolog\u00eda de la Criminalidad y \u00a0Consumo de drogas y otras conductas de Riesgo en el adolescente en conflicto Social. Psic\u00f3logo principal del Centro Juvenil de Diagn\u00f3stico y Rehabilitaci\u00f3n Alfonso Ugarte de la ciudad de Arequipa por m\u00e1s de 17 a\u00f1os.<\/div>\n<div><\/div>\n<div>Ex director Encargado del Centro Juvenil Alfonso Ugarte. Experiencia en peritajes \u00a0psicol\u00f3gicos para diferentes juzgados y fiscal\u00edas de familia. Orientador psicol\u00f3gico de j\u00f3venes en programas preventivos de la Corte Superior de Justicia de Arequipa. Ex Docente de la Universidad Alas peruanas en \u00a0los cursos de Psicopatolog\u00eda y Psicol\u00f3gica de la criminalidad. Docente \u00a0de la Universidad Tecnol\u00f3gica del Per\u00fa.<\/div>\n<div><\/div>\n<div>Docente \u00a0invitado en \u00a0la Escuela de Post Grado Maestria Psicolog\u00eda Forense de la Universidad Nacional de San Agust\u00edn de Arequipa \u00a0 \u00a0Capacitador en temas de violencia juvenil y psicolog\u00eda criminal. Consultor\u00eda psicol\u00f3gica.<\/div>\n<div><\/div>\n<div>Director del Servicio de Orientaci\u00f3n al Adolescente Arequipa \u00a0del PRONACEJ desde el 2015 \u00a0 a la actualidad.<\/div>\n<p>Para poder seguir esta conferencia, pulse este <a href=\"http:\/\/meet.google.com\/pkd-ptty-udi\" target=\"_blank\" rel=\"noopener\" target=\"_blank\" rel=\"noopener\">enlace.<\/a><\/p>\n","protected":false},"excerpt":{"rendered":"<p>Trabajo descriptivo desde la experiencia y las normas y disposiciones del Programa Nacional de Centros Juveniles del Ministerio de Justicia, a trav\u00e9s de los Centros Juveniles en medio abierto ( SOAS ) que atiende a adolescentes en conflicto con la Ley Penal en Per\u00fa. Se analiza la estad\u00edstica Nacional de Adolescentes con este tipo de&#8230;<\/p>\n","protected":false},"author":65,"featured_media":26884,"comment_status":"closed","ping_status":"closed","template":"","tags":[],"tribe_events_cat":[1831,1835],"acf":[],"yoast_head":"<!-- This site is optimized with the Yoast SEO plugin v21.3 - https:\/\/yoast.com\/wordpress\/plugins\/seo\/ -->\n<title>Evaluaci\u00f3n e intervenci\u00f3n con adolescentes en conflicto con la Ley Penal en Per\u00fa - ULL - Agenda<\/title>\n<meta name=\"robots\" content=\"index, follow, max-snippet:-1, max-image-preview:large, max-video-preview:-1\" \/>\n<link rel=\"canonical\" href=\"https:\/\/www.ull.es\/portal\/agenda\/evento\/evaluacion-e-intervencion-con-adolescentes-en-conflicto-con-la-ley-penal-en-peru\/\" \/>\n<meta property=\"og:locale\" content=\"es_ES\" \/>\n<meta property=\"og:type\" content=\"article\" \/>\n<meta property=\"og:title\" content=\"Evaluaci\u00f3n e intervenci\u00f3n con adolescentes en conflicto con la Ley Penal en Per\u00fa - ULL - Agenda\" \/>\n<meta property=\"og:description\" content=\"Trabajo descriptivo desde la experiencia y las normas y disposiciones del Programa Nacional de Centros Juveniles del Ministerio de Justicia, a trav\u00e9s de los Centros Juveniles en medio abierto ( SOAS ) que atiende a adolescentes en conflicto con la Ley Penal en Per\u00fa. Se analiza la estad\u00edstica Nacional de Adolescentes con este tipo de...\" \/>\n<meta property=\"og:url\" content=\"https:\/\/www.ull.es\/portal\/agenda\/evento\/evaluacion-e-intervencion-con-adolescentes-en-conflicto-con-la-ley-penal-en-peru\/\" \/>\n<meta property=\"og:site_name\" content=\"ULL - Agenda\" \/>\n<meta property=\"article:modified_time\" content=\"2022-10-03T08:10:53+00:00\" \/>\n<meta property=\"og:image\" content=\"https:\/\/www.ull.es\/portal\/agenda\/wp-content\/uploads\/sites\/12\/2022\/10\/Andres-Manrrique-e1664784582851.jpg\" \/>\n\t<meta property=\"og:image:width\" content=\"700\" \/>\n\t<meta property=\"og:image:height\" content=\"394\" \/>\n\t<meta property=\"og:image:type\" content=\"image\/jpeg\" \/>\n<meta name=\"twitter:card\" content=\"summary_large_image\" \/>\n<meta name=\"twitter:label1\" content=\"Tiempo de lectura\" \/>\n\t<meta name=\"twitter:data1\" content=\"2 minutos\" \/>\n<script type=\"application\/ld+json\" class=\"yoast-schema-graph\">{\"@context\":\"https:\/\/schema.org\",\"@graph\":[{\"@type\":\"WebPage\",\"@id\":\"https:\/\/www.ull.es\/portal\/agenda\/evento\/evaluacion-e-intervencion-con-adolescentes-en-conflicto-con-la-ley-penal-en-peru\/\",\"url\":\"https:\/\/www.ull.es\/portal\/agenda\/evento\/evaluacion-e-intervencion-con-adolescentes-en-conflicto-con-la-ley-penal-en-peru\/\",\"name\":\"Evaluaci\u00f3n e intervenci\u00f3n con adolescentes en conflicto con la Ley Penal en Per\u00fa - ULL - Agenda\",\"isPartOf\":{\"@id\":\"https:\/\/www.ull.es\/portal\/agenda\/#website\"},\"datePublished\":\"2022-10-03T08:09:03+00:00\",\"dateModified\":\"2022-10-03T08:10:53+00:00\",\"breadcrumb\":{\"@id\":\"https:\/\/www.ull.es\/portal\/agenda\/evento\/evaluacion-e-intervencion-con-adolescentes-en-conflicto-con-la-ley-penal-en-peru\/#breadcrumb\"},\"inLanguage\":\"es\",\"potentialAction\":[{\"@type\":\"ReadAction\",\"target\":[\"https:\/\/www.ull.es\/portal\/agenda\/evento\/evaluacion-e-intervencion-con-adolescentes-en-conflicto-con-la-ley-penal-en-peru\/\"]}]},{\"@type\":\"BreadcrumbList\",\"@id\":\"https:\/\/www.ull.es\/portal\/agenda\/evento\/evaluacion-e-intervencion-con-adolescentes-en-conflicto-con-la-ley-penal-en-peru\/#breadcrumb\",\"itemListElement\":[{\"@type\":\"ListItem\",\"position\":1,\"name\":\"Portada\",\"item\":\"https:\/\/www.ull.es\/portal\/agenda\/\"},{\"@type\":\"ListItem\",\"position\":2,\"name\":\"Evaluaci\u00f3n e intervenci\u00f3n con adolescentes en conflicto con la Ley Penal en Per\u00fa\"}]},{\"@type\":\"WebSite\",\"@id\":\"https:\/\/www.ull.es\/portal\/agenda\/#website\",\"url\":\"https:\/\/www.ull.es\/portal\/agenda\/\",\"name\":\"ULL - Agenda\",\"description\":\"\",\"potentialAction\":[{\"@type\":\"SearchAction\",\"target\":{\"@type\":\"EntryPoint\",\"urlTemplate\":\"https:\/\/www.ull.es\/portal\/agenda\/?s={search_term_string}\"},\"query-input\":\"required name=search_term_string\"}],\"inLanguage\":\"es\"}]}<\/script>\n<!-- \/ Yoast SEO plugin. -->","yoast_head_json":{"title":"Evaluaci\u00f3n e intervenci\u00f3n con adolescentes en conflicto con la Ley Penal en Per\u00fa - ULL - Agenda","robots":{"index":"index","follow":"follow","max-snippet":"max-snippet:-1","max-image-preview":"max-image-preview:large","max-video-preview":"max-video-preview:-1"},"canonical":"https:\/\/www.ull.es\/portal\/agenda\/evento\/evaluacion-e-intervencion-con-adolescentes-en-conflicto-con-la-ley-penal-en-peru\/","og_locale":"es_ES","og_type":"article","og_title":"Evaluaci\u00f3n e intervenci\u00f3n con adolescentes en conflicto con la Ley Penal en Per\u00fa - ULL - Agenda","og_description":"Trabajo descriptivo desde la experiencia y las normas y disposiciones del Programa Nacional de Centros Juveniles del Ministerio de Justicia, a trav\u00e9s de los Centros Juveniles en medio abierto ( SOAS ) que atiende a adolescentes en conflicto con la Ley Penal en Per\u00fa. Se analiza la estad\u00edstica Nacional de Adolescentes con este tipo de...","og_url":"https:\/\/www.ull.es\/portal\/agenda\/evento\/evaluacion-e-intervencion-con-adolescentes-en-conflicto-con-la-ley-penal-en-peru\/","og_site_name":"ULL - Agenda","article_modified_time":"2022-10-03T08:10:53+00:00","og_image":[{"width":700,"height":394,"url":"https:\/\/www.ull.es\/portal\/agenda\/wp-content\/uploads\/sites\/12\/2022\/10\/Andres-Manrrique-e1664784582851.jpg","type":"image\/jpeg"}],"twitter_card":"summary_large_image","twitter_misc":{"Tiempo de lectura":"2 minutos"},"schema":{"@context":"https:\/\/schema.org","@graph":[{"@type":"WebPage","@id":"https:\/\/www.ull.es\/portal\/agenda\/evento\/evaluacion-e-intervencion-con-adolescentes-en-conflicto-con-la-ley-penal-en-peru\/","url":"https:\/\/www.ull.es\/portal\/agenda\/evento\/evaluacion-e-intervencion-con-adolescentes-en-conflicto-con-la-ley-penal-en-peru\/","name":"Evaluaci\u00f3n e intervenci\u00f3n con adolescentes en conflicto con la Ley Penal en Per\u00fa - ULL - Agenda","isPartOf":{"@id":"https:\/\/www.ull.es\/portal\/agenda\/#website"},"datePublished":"2022-10-03T08:09:03+00:00","dateModified":"2022-10-03T08:10:53+00:00","breadcrumb":{"@id":"https:\/\/www.ull.es\/portal\/agenda\/evento\/evaluacion-e-intervencion-con-adolescentes-en-conflicto-con-la-ley-penal-en-peru\/#breadcrumb"},"inLanguage":"es","potentialAction":[{"@type":"ReadAction","target":["https:\/\/www.ull.es\/portal\/agenda\/evento\/evaluacion-e-intervencion-con-adolescentes-en-conflicto-con-la-ley-penal-en-peru\/"]}]},{"@type":"BreadcrumbList","@id":"https:\/\/www.ull.es\/portal\/agenda\/evento\/evaluacion-e-intervencion-con-adolescentes-en-conflicto-con-la-ley-penal-en-peru\/#breadcrumb","itemListElement":[{"@type":"ListItem","position":1,"name":"Portada","item":"https:\/\/www.ull.es\/portal\/agenda\/"},{"@type":"ListItem","position":2,"name":"Evaluaci\u00f3n e intervenci\u00f3n con adolescentes en conflicto con la Ley Penal en Per\u00fa"}]},{"@type":"WebSite","@id":"https:\/\/www.ull.es\/portal\/agenda\/#website","url":"https:\/\/www.ull.es\/portal\/agenda\/","name":"ULL - Agenda","description":"","potentialAction":[{"@type":"SearchAction","target":{"@type":"EntryPoint","urlTemplate":"https:\/\/www.ull.es\/portal\/agenda\/?s={search_term_string}"},"query-input":"required name=search_term_string"}],"inLanguage":"es"}]}},"_links":{"self":[{"href":"https:\/\/www.ull.es\/portal\/agenda\/wp-json\/wp\/v2\/tribe_events\/26883"}],"collection":[{"href":"https:\/\/www.ull.es\/portal\/agenda\/wp-json\/wp\/v2\/tribe_events"}],"about":[{"href":"https:\/\/www.ull.es\/portal\/agenda\/wp-json\/wp\/v2\/types\/tribe_events"}],"author":[{"embeddable":true,"href":"https:\/\/www.ull.es\/portal\/agenda\/wp-json\/wp\/v2\/users\/65"}],"replies":[{"embeddable":true,"href":"https:\/\/www.ull.es\/portal\/agenda\/wp-json\/wp\/v2\/comments?post=26883"}],"version-history":[{"count":2,"href":"https:\/\/www.ull.es\/portal\/agenda\/wp-json\/wp\/v2\/tribe_events\/26883\/revisions"}],"predecessor-version":[{"id":26886,"href":"https:\/\/www.ull.es\/portal\/agenda\/wp-json\/wp\/v2\/tribe_events\/26883\/revisions\/26886"}],"wp:featuredmedia":[{"embeddable":true,"href":"https:\/\/www.ull.es\/portal\/agenda\/wp-json\/wp\/v2\/media\/26884"}],"wp:attachment":[{"href":"https:\/\/www.ull.es\/portal\/agenda\/wp-json\/wp\/v2\/media?parent=26883"}],"wp:term":[{"taxonomy":"post_tag","embeddable":true,"href":"https:\/\/www.ull.es\/portal\/agenda\/wp-json\/wp\/v2\/tags?post=26883"},{"taxonomy":"tribe_events_cat","embeddable":true,"href":"https:\/\/www.ull.es\/portal\/agenda\/wp-json\/wp\/v2\/tribe_events_cat?post=26883"}],"curies":[{"name":"wp","href":"https:\/\/api.w.org\/{rel}","templated":true}]}}