{"id":27052,"date":"2022-10-10T11:48:34","date_gmt":"2022-10-10T11:48:34","guid":{"rendered":"https:\/\/www.ull.es\/portal\/agenda\/?post_type=tribe_events&#038;p=27052"},"modified":"2022-10-24T12:47:28","modified_gmt":"2022-10-24T12:47:28","slug":"la-ull-conmemora-el-dia-internacional-contra-el-cambio-climatico-con-un-foro-de-expertos","status":"publish","type":"tribe_events","link":"https:\/\/www.ull.es\/portal\/agenda\/evento\/la-ull-conmemora-el-dia-internacional-contra-el-cambio-climatico-con-un-foro-de-expertos\/","title":{"rendered":"II Foro Universidad de La Laguna D\u00eda Internacional contra el Cambio Clim\u00e1tico"},"content":{"rendered":"<p>El 24 de octubre se celebra el D\u00eda Internacional contra el Cambio Clim\u00e1tico y un a\u00f1o m\u00e1s, la Universidad de La Laguna ha querido sumarse a esta iniciativa a trav\u00e9s del Vicerrectorado de Infraestructuras y Sostenibilidad, con la colaboraci\u00f3n de la Consejer\u00eda de Transici\u00f3n Ecol\u00f3gica Lucha contra el Cambio Clim\u00e1tico y Planificaci\u00f3n Territorial del Gobierno de Canarias y la Consejer\u00eda Insular del \u00c1rea de Desarrollo Sostenible y Lucha contra el Cambio Clim\u00e1tico del Cabildo de Tenerife, desarrollando un foro de expertos dirigido especialmente a la comunidad universitaria, como a cualquier persona interesada. El evento se celebrar\u00e1 en la Sala de Grados del Aulario General del Campus de Guajara el 24 de octubre de 2022.<\/p>\n<p>La jornada se desarrollar\u00e1 a partir de la exposici\u00f3n de cinco ponencias magistrales que tratar\u00e1n aspectos relacionados con el cambio clim\u00e1tico en el contexto canario. Durante el desarrollo de la jornada tambi\u00e9n se propiciar\u00e1 el intercambio de opiniones entre los asistentes y el equipo docente.<\/p>\n<p>Ponencias:<\/p>\n<ul>\n<li><em>Reflexiones en torno a las islas, el turismo y el cambio clim\u00e1tico. <\/em>Dr. Pedro Dorta Antequera. Profesor Titular de Universidad del \u00e1rea de Geograf\u00eda F\u00edsica y Director C\u00e1tedra Reducci\u00f3n del Riesgo de Desastres y Ciudades Resilientes, Universidad de La Laguna.<\/li>\n<li><em>Comunidades energ\u00e9ticas ciudadanas como herramienta esencial contra el cambio clim\u00e1tico. <\/em>Dr. Ricardo Luis Guerrero Lemus. Catedr\u00e1tico de Universidad del \u00e1rea de F\u00edsica Aplicada, Universidad de La Laguna.<\/li>\n<li><em>El futuro clim\u00e1tico de las islas Canarias a trav\u00e9s de los fen\u00f3menos meteorol\u00f3gicos extremos. <\/em>Dr. Abel L\u00f3pez D\u00edez. Profesor del \u00e1rea de Geograf\u00eda F\u00edsica, Universidad de La Laguna.<\/li>\n<li><em>Cambio Clim\u00e1tico. L\u00edneas estrat\u00e9gicas para contribuir a su mitigaci\u00f3n. <\/em>Dra. Marta Mar\u00eda Dom\u00ednguez Herrera. Profesora Titular de Universidad del \u00e1rea de Ingenier\u00eda de la Construcci\u00f3n y Directora de la C\u00e1tedra de Medio Ambiente y Desarrollo Sostenible Cabildo de Tenerife, Universidad de La Laguna.<\/li>\n<li><em>Gesti\u00f3n de la Movilidad y Cambio Clim\u00e1tico. <\/em>Dra. Rosa Marina Gonz\u00e1lez Marrero. Catedr\u00e1tica de Universidad del \u00e1rea de Fundamentos del An\u00e1lisis Econ\u00f3mico y Directora de la C\u00e1tedra de Econom\u00eda y Movilidad CajaCanarias, Universidad de La Laguna.<\/li>\n<\/ul>\n<p>CERTIFICADO DE ASISTENCIA: La ULL, a trav\u00e9s del Vicerrectorado de Cultura, Participaci\u00f3n Social y Campus Ofra y La Palma, emitir\u00e1 un certificado de asistencia a todas aquellas personas que participen, previa inscripci\u00f3n en la actividad.<\/p>\n<p><a href=\"https:\/\/sede.fg.ull.es\/es\/curso\/detalle\/a22020259\/ii-foro-universidad-de-la-laguna-por-el-dia-internacional-contra-el-cambio-climatico\" target=\"_blank\" rel=\"noopener noreferrer\" target=\"_blank\" rel=\"noopener\"><strong><u>M\u00e1s informaci\u00f3n e inscripci\u00f3n aqu\u00ed.<\/u><\/strong><\/a><\/p>\n<p><a href=\"https:\/\/drive.google.com\/file\/d\/1tYr15QnnFiARKr9a7Py3rtQdmR3mmmy4\/view?usp=sharing\" target=\"_blank\" rel=\"noopener\" target=\"_blank\" rel=\"noopener\">Descargar programa<\/a><\/p>\n<p><a href=\"https:\/\/www.ull.es\/portal\/streaming-ull\/\" target=\"_blank\" rel=\"noopener\" target=\"_blank\" rel=\"noopener\">Streaming en directo<\/a><\/p>\n<p><strong>Contacto: 922 319 616 \/ 922 319 626 \u2013\u00a0<\/strong><a href=\"mailto:extuni@ull.edu.es\" target=\"_blank\" rel=\"noopener\"><strong>extuni@ull.es<\/strong><\/a><\/p>\n","protected":false},"excerpt":{"rendered":"<p>El 24 de octubre se celebra el D\u00eda Internacional contra el Cambio Clim\u00e1tico y un a\u00f1o m\u00e1s, la Universidad de La Laguna ha querido sumarse a esta iniciativa a trav\u00e9s del Vicerrectorado de Infraestructuras y Sostenibilidad, con la colaboraci\u00f3n de la Consejer\u00eda de Transici\u00f3n Ecol\u00f3gica Lucha contra el Cambio Clim\u00e1tico y Planificaci\u00f3n Territorial del Gobierno&#8230;<\/p>\n","protected":false},"author":43,"featured_media":27059,"comment_status":"closed","ping_status":"closed","template":"","tags":[4259,900,977,4788,3812,3751,4723],"tribe_events_cat":[472,2303,4,186],"acf":[],"yoast_head":"<!-- This site is optimized with the Yoast SEO plugin v21.3 - https:\/\/yoast.com\/wordpress\/plugins\/seo\/ -->\n<title>II Foro Universidad de La Laguna D\u00eda Internacional contra el Cambio Clim\u00e1tico - ULL - Agenda<\/title>\n<meta name=\"robots\" content=\"index, follow, max-snippet:-1, max-image-preview:large, max-video-preview:-1\" \/>\n<link rel=\"canonical\" href=\"https:\/\/www.ull.es\/portal\/agenda\/evento\/la-ull-conmemora-el-dia-internacional-contra-el-cambio-climatico-con-un-foro-de-expertos\/\" \/>\n<meta property=\"og:locale\" content=\"es_ES\" \/>\n<meta property=\"og:type\" content=\"article\" \/>\n<meta property=\"og:title\" content=\"II Foro Universidad de La Laguna D\u00eda Internacional contra el Cambio Clim\u00e1tico - ULL - Agenda\" \/>\n<meta property=\"og:description\" content=\"El 24 de octubre se celebra el D\u00eda Internacional contra el Cambio Clim\u00e1tico y un a\u00f1o m\u00e1s, la Universidad de La Laguna ha querido sumarse a esta iniciativa a trav\u00e9s del Vicerrectorado de Infraestructuras y Sostenibilidad, con la colaboraci\u00f3n de la Consejer\u00eda de Transici\u00f3n Ecol\u00f3gica Lucha contra el Cambio Clim\u00e1tico y Planificaci\u00f3n Territorial del Gobierno...\" \/>\n<meta property=\"og:url\" content=\"https:\/\/www.ull.es\/portal\/agenda\/evento\/la-ull-conmemora-el-dia-internacional-contra-el-cambio-climatico-con-un-foro-de-expertos\/\" \/>\n<meta property=\"og:site_name\" content=\"ULL - Agenda\" \/>\n<meta property=\"article:modified_time\" content=\"2022-10-24T12:47:28+00:00\" \/>\n<meta property=\"og:image\" content=\"https:\/\/www.ull.es\/portal\/agenda\/wp-content\/uploads\/sites\/12\/2022\/10\/Bannercambioclimatico-1.jpg\" \/>\n\t<meta property=\"og:image:width\" content=\"700\" \/>\n\t<meta property=\"og:image:height\" content=\"350\" \/>\n\t<meta property=\"og:image:type\" content=\"image\/jpeg\" \/>\n<meta name=\"twitter:card\" content=\"summary_large_image\" \/>\n<meta name=\"twitter:label1\" content=\"Tiempo de lectura\" \/>\n\t<meta name=\"twitter:data1\" content=\"2 minutos\" \/>\n<script type=\"application\/ld+json\" class=\"yoast-schema-graph\">{\"@context\":\"https:\/\/schema.org\",\"@graph\":[{\"@type\":\"WebPage\",\"@id\":\"https:\/\/www.ull.es\/portal\/agenda\/evento\/la-ull-conmemora-el-dia-internacional-contra-el-cambio-climatico-con-un-foro-de-expertos\/\",\"url\":\"https:\/\/www.ull.es\/portal\/agenda\/evento\/la-ull-conmemora-el-dia-internacional-contra-el-cambio-climatico-con-un-foro-de-expertos\/\",\"name\":\"II Foro Universidad de La Laguna D\u00eda Internacional contra el Cambio Clim\u00e1tico - ULL - Agenda\",\"isPartOf\":{\"@id\":\"https:\/\/www.ull.es\/portal\/agenda\/#website\"},\"datePublished\":\"2022-10-10T11:48:34+00:00\",\"dateModified\":\"2022-10-24T12:47:28+00:00\",\"breadcrumb\":{\"@id\":\"https:\/\/www.ull.es\/portal\/agenda\/evento\/la-ull-conmemora-el-dia-internacional-contra-el-cambio-climatico-con-un-foro-de-expertos\/#breadcrumb\"},\"inLanguage\":\"es\",\"potentialAction\":[{\"@type\":\"ReadAction\",\"target\":[\"https:\/\/www.ull.es\/portal\/agenda\/evento\/la-ull-conmemora-el-dia-internacional-contra-el-cambio-climatico-con-un-foro-de-expertos\/\"]}]},{\"@type\":\"BreadcrumbList\",\"@id\":\"https:\/\/www.ull.es\/portal\/agenda\/evento\/la-ull-conmemora-el-dia-internacional-contra-el-cambio-climatico-con-un-foro-de-expertos\/#breadcrumb\",\"itemListElement\":[{\"@type\":\"ListItem\",\"position\":1,\"name\":\"Portada\",\"item\":\"https:\/\/www.ull.es\/portal\/agenda\/\"},{\"@type\":\"ListItem\",\"position\":2,\"name\":\"II Foro Universidad de La Laguna D\u00eda Internacional contra el Cambio Clim\u00e1tico\"}]},{\"@type\":\"WebSite\",\"@id\":\"https:\/\/www.ull.es\/portal\/agenda\/#website\",\"url\":\"https:\/\/www.ull.es\/portal\/agenda\/\",\"name\":\"ULL - Agenda\",\"description\":\"\",\"potentialAction\":[{\"@type\":\"SearchAction\",\"target\":{\"@type\":\"EntryPoint\",\"urlTemplate\":\"https:\/\/www.ull.es\/portal\/agenda\/?s={search_term_string}\"},\"query-input\":\"required name=search_term_string\"}],\"inLanguage\":\"es\"}]}<\/script>\n<!-- \/ Yoast SEO plugin. -->","yoast_head_json":{"title":"II Foro Universidad de La Laguna D\u00eda Internacional contra el Cambio Clim\u00e1tico - ULL - Agenda","robots":{"index":"index","follow":"follow","max-snippet":"max-snippet:-1","max-image-preview":"max-image-preview:large","max-video-preview":"max-video-preview:-1"},"canonical":"https:\/\/www.ull.es\/portal\/agenda\/evento\/la-ull-conmemora-el-dia-internacional-contra-el-cambio-climatico-con-un-foro-de-expertos\/","og_locale":"es_ES","og_type":"article","og_title":"II Foro Universidad de La Laguna D\u00eda Internacional contra el Cambio Clim\u00e1tico - ULL - Agenda","og_description":"El 24 de octubre se celebra el D\u00eda Internacional contra el Cambio Clim\u00e1tico y un a\u00f1o m\u00e1s, la Universidad de La Laguna ha querido sumarse a esta iniciativa a trav\u00e9s del Vicerrectorado de Infraestructuras y Sostenibilidad, con la colaboraci\u00f3n de la Consejer\u00eda de Transici\u00f3n Ecol\u00f3gica Lucha contra el Cambio Clim\u00e1tico y Planificaci\u00f3n Territorial del Gobierno...","og_url":"https:\/\/www.ull.es\/portal\/agenda\/evento\/la-ull-conmemora-el-dia-internacional-contra-el-cambio-climatico-con-un-foro-de-expertos\/","og_site_name":"ULL - Agenda","article_modified_time":"2022-10-24T12:47:28+00:00","og_image":[{"width":700,"height":350,"url":"https:\/\/www.ull.es\/portal\/agenda\/wp-content\/uploads\/sites\/12\/2022\/10\/Bannercambioclimatico-1.jpg","type":"image\/jpeg"}],"twitter_card":"summary_large_image","twitter_misc":{"Tiempo de lectura":"2 minutos"},"schema":{"@context":"https:\/\/schema.org","@graph":[{"@type":"WebPage","@id":"https:\/\/www.ull.es\/portal\/agenda\/evento\/la-ull-conmemora-el-dia-internacional-contra-el-cambio-climatico-con-un-foro-de-expertos\/","url":"https:\/\/www.ull.es\/portal\/agenda\/evento\/la-ull-conmemora-el-dia-internacional-contra-el-cambio-climatico-con-un-foro-de-expertos\/","name":"II Foro Universidad de La Laguna D\u00eda Internacional contra el Cambio Clim\u00e1tico - ULL - Agenda","isPartOf":{"@id":"https:\/\/www.ull.es\/portal\/agenda\/#website"},"datePublished":"2022-10-10T11:48:34+00:00","dateModified":"2022-10-24T12:47:28+00:00","breadcrumb":{"@id":"https:\/\/www.ull.es\/portal\/agenda\/evento\/la-ull-conmemora-el-dia-internacional-contra-el-cambio-climatico-con-un-foro-de-expertos\/#breadcrumb"},"inLanguage":"es","potentialAction":[{"@type":"ReadAction","target":["https:\/\/www.ull.es\/portal\/agenda\/evento\/la-ull-conmemora-el-dia-internacional-contra-el-cambio-climatico-con-un-foro-de-expertos\/"]}]},{"@type":"BreadcrumbList","@id":"https:\/\/www.ull.es\/portal\/agenda\/evento\/la-ull-conmemora-el-dia-internacional-contra-el-cambio-climatico-con-un-foro-de-expertos\/#breadcrumb","itemListElement":[{"@type":"ListItem","position":1,"name":"Portada","item":"https:\/\/www.ull.es\/portal\/agenda\/"},{"@type":"ListItem","position":2,"name":"II Foro Universidad de La Laguna D\u00eda Internacional contra el Cambio Clim\u00e1tico"}]},{"@type":"WebSite","@id":"https:\/\/www.ull.es\/portal\/agenda\/#website","url":"https:\/\/www.ull.es\/portal\/agenda\/","name":"ULL - Agenda","description":"","potentialAction":[{"@type":"SearchAction","target":{"@type":"EntryPoint","urlTemplate":"https:\/\/www.ull.es\/portal\/agenda\/?s={search_term_string}"},"query-input":"required name=search_term_string"}],"inLanguage":"es"}]}},"_links":{"self":[{"href":"https:\/\/www.ull.es\/portal\/agenda\/wp-json\/wp\/v2\/tribe_events\/27052"}],"collection":[{"href":"https:\/\/www.ull.es\/portal\/agenda\/wp-json\/wp\/v2\/tribe_events"}],"about":[{"href":"https:\/\/www.ull.es\/portal\/agenda\/wp-json\/wp\/v2\/types\/tribe_events"}],"author":[{"embeddable":true,"href":"https:\/\/www.ull.es\/portal\/agenda\/wp-json\/wp\/v2\/users\/43"}],"replies":[{"embeddable":true,"href":"https:\/\/www.ull.es\/portal\/agenda\/wp-json\/wp\/v2\/comments?post=27052"}],"version-history":[{"count":10,"href":"https:\/\/www.ull.es\/portal\/agenda\/wp-json\/wp\/v2\/tribe_events\/27052\/revisions"}],"predecessor-version":[{"id":27313,"href":"https:\/\/www.ull.es\/portal\/agenda\/wp-json\/wp\/v2\/tribe_events\/27052\/revisions\/27313"}],"wp:featuredmedia":[{"embeddable":true,"href":"https:\/\/www.ull.es\/portal\/agenda\/wp-json\/wp\/v2\/media\/27059"}],"wp:attachment":[{"href":"https:\/\/www.ull.es\/portal\/agenda\/wp-json\/wp\/v2\/media?parent=27052"}],"wp:term":[{"taxonomy":"post_tag","embeddable":true,"href":"https:\/\/www.ull.es\/portal\/agenda\/wp-json\/wp\/v2\/tags?post=27052"},{"taxonomy":"tribe_events_cat","embeddable":true,"href":"https:\/\/www.ull.es\/portal\/agenda\/wp-json\/wp\/v2\/tribe_events_cat?post=27052"}],"curies":[{"name":"wp","href":"https:\/\/api.w.org\/{rel}","templated":true}]}}