{"id":27372,"date":"2022-10-26T12:54:01","date_gmt":"2022-10-26T12:54:01","guid":{"rendered":"https:\/\/www.ull.es\/portal\/agenda\/?post_type=tribe_events&#038;p=27372"},"modified":"2022-10-27T08:15:33","modified_gmt":"2022-10-27T08:15:33","slug":"xxxviii-semana-de-teologia-providencia-divina-y-sufrimiento-humano","status":"publish","type":"tribe_events","link":"https:\/\/www.ull.es\/portal\/agenda\/evento\/xxxviii-semana-de-teologia-providencia-divina-y-sufrimiento-humano\/","title":{"rendered":"XXXVIII Semana de Teolog\u00eda. Providencia divina y sufrimiento humano"},"content":{"rendered":"<p>Actividad de Extensi\u00f3n Universitaria organizada por el Instituto Superior de Teolog\u00eda de las Islas Canarias (ISTIC), que se celebrar\u00e1 en la Sede del Instituto Superior de Teolog\u00eda entre <strong>el 22 y 24 de noviembre<\/strong> de 2022, en horario de 18:00 a 21:30 horas.<\/p>\n<p>El curso pretende iluminar un constante problema humano del que hemos tenido en los \u00faltimos tiempos una conciencia m\u00e1s viva y profunda. El misterio del mal y, en particular, su reflejo en el sufrimiento humano, de modo particular, el sufrimiento de los inocentes, necesita discernimiento para poder ser presentado y vivido con esperanza y sentido. El curso pretende dos objetivos principales: salir al paso de algunas interpretaciones -por desgracia muy comunes- sobre el sufrimiento humano como castigo divino por el pecado y, en segundo lugar, explicar en su profundidad lo que la Iglesia afirma acerca de la Providencia divina en sus elementos esenciales -aunque particularmente orientado al sufrimiento- dejando de lado las cuestiones discutidas que se refieren habitualmente a cuestiones algo marginales. Las principales claves teol\u00f3gicas para dilucidar la respuesta de Dios al sufrimiento humano est\u00e1n referidas al misterio de la Encarnaci\u00f3n del Logos y a su Pasi\u00f3n y muerte en cruz, comprendidas a la luz de la Tradici\u00f3n de la Iglesia, pero volviendo al sentido originario en los textos b\u00edblicos y a interpretaciones teol\u00f3gicas contempor\u00e1neas que beben de las originarias fuentes de la Tradici\u00f3n Patr\u00edstica.<\/p>\n<p>Para ello utilizaremos, en primer lugar, los textos b\u00edblicos del Antiguo y del Nuevo Testamento, le\u00eddos siguiendo los principios b\u00e1sicos de la ex\u00e9gesis can\u00f3nica. Esto constituir\u00e1 el primer bloque de contenidos del curso. El segundo estar\u00e1 centrado en la revisi\u00f3n del problema del sufrimiento humano a la luz del sufrimiento de Cristo. El tercero, finalmente, constituir\u00e1 el discurso de la Providencia divina, como cuidado y gobierno del mundo, en relaci\u00f3n con el mal moral, el mal f\u00edsico y la salvaci\u00f3n del hombre.<\/p>\n<p>Para la primera parte, adem\u00e1s de Diccionarios b\u00edblicos y comentarios de los diferentes libros de la Escritura, utilizo fundamentalmente dos obras: D. Barth\u00e9lemy, <em>Dios y su imagen <\/em>(Fundaci\u00f3n Maior, Madrid, 2014); A. Sicari, <em>Chiamati per nome<\/em> ((Jaca Book, Milano, 1979). Para la segunda parte recurriremos, principalmente, a la obra de von Balthasar, <em>La teolog\u00eda de los tres d\u00edas<\/em> (Encuentro, Madrid, 2000) y a la luminosa monograf\u00eda de B. Sesbo\u00fc\u00e9, <em>Jesucristo, el \u00fanico mediador<\/em> (Secretariado Trinitario, Salamanca, 1993). Finalmente, para la tercera parte, la Providencia, recurriremos b\u00e1sicamente a dos Historias de los dogmas. La primera de ellas es ya muy antigua, pero sigue siendo muy valiorsa. Dirigida por M. Schmaus y A. Grillmeier, en concreto el vol. IIa: L. Scheffczyk, L., <em>Creaci\u00f3n y Providencia<\/em> (BAC, Madrid, 1974) y la dirigida por B. Sesbo\u00fc\u00e9 con el t\u00edtulo gen\u00e9rico de <em>Historia de los dogmas.<\/em> Nos interesa el vol. 2: B. Sesbo\u00fc\u00e9, <em>El hombre y su salvaci\u00f3n<\/em> (Secretariado Trinitario, Salamanca, 1996). Interesa tambi\u00e9n el tratado sobre la Providencia de Santo Tom\u00e1s en su Summa Teol\u00f3gica y las catequesis que Juan Pablo II dedic\u00f3 al misterio de la Providencia divina en 1986.<\/p>\n<p>Objetivos:<\/p>\n<ul>\n<li>Presentar una clara y completa s\u00edntesis sobre la Providencia divina y el mal en el mundo.<\/li>\n<li>Interpretar los textos del Antiguo Testamento sobre el sufrimiento humano, a la luz de la progresividad de la Revelaci\u00f3n y de la actuaci\u00f3n de Cristo.<\/li>\n<li>Esclarecer el sentido que tiene el castigo divino por el pecado y sus consecuencias.<\/li>\n<li>El sufrimiento de Cristo, clave hermen\u00e9utica para el sufrimiento humano.<\/li>\n<li>Explicaci\u00f3n de las nociones clave: Creaci\u00f3n, Continua, Providencia<\/li>\n<li>Explicar los \u201cmodos\u201d con los que Dios ejerce su gobierno y cuidado de lo creado.<\/li>\n<\/ul>\n<p>Dirige: Julio Antonio Brito Santana. Profesor Titular de Universidad, Departamento de Ingenier\u00eda Inform\u00e1tica y Sistemas de la Universidad de La Laguna.<\/p>\n<p>Imparte: \u00c1ngel Casta\u00f1o F\u00e9lix. Licenciado en Teolog\u00eda Dogm\u00e1tica. Subdirector del Instituto Superior de Ciencias Religiosas, encargado de la Secci\u00f3n a Distancia de la Universidad San D\u00e1maso.<\/p>\n<p><strong>CERTIFICADO DE ASISTENCIA, APTITUD Y RECONOCIMIENTO POR CR\u00c9DITO ECTS<\/strong><\/p>\n<p>La ULL, a trav\u00e9s del Vicerrectorado de Cultura, Participaci\u00f3n Social y Campus Ofra y La Palma, emitir\u00e1 un certificado de asistencia a todas aquellas personas que asistan a un m\u00ednimo del 80% de las horas lectivas presenciales. Asimismo, aquellas personas que superen el trabajo aut\u00f3nomo del alumnado, recibir\u00e1n un certificado de asistencia y aprovechamiento, reconocible a su vez por un cr\u00e9dito ECTS.<\/p>\n<p><a href=\"https:\/\/docs.google.com\/forms\/d\/e\/1FAIpQLSdXK1lgTbjzTw5N7OWfUa1xOBJCH5ZpxhL0hb0IRuKh9vu_1A\/viewform\" target=\"_blank\" rel=\"noopener noreferrer\" target=\"_blank\" rel=\"noopener\"><strong>INSCR\u00cdBETE AQU\u00cd.<\/strong><\/a><\/p>\n<p><a href=\"https:\/\/sites.google.com\/cettenerife.org\/xxxviiisemanadeteologia2022\/inicio\" target=\"_blank\" rel=\"noopener noreferrer\" target=\"_blank\" rel=\"noopener\"><strong>Consulta el programa aqu\u00ed.<\/strong><\/a><\/p>\n<p><strong>Contacto (ISTIC): 922 252 540 \u2013\u00a0<a href=\"mailto:secretaria@cettenerife.org\" target=\"_blank\" rel=\"noopener\">secretaria@cettenerife.org<\/a><\/strong><\/p>\n<p><strong>Contacto (ULL): 922 319 616 \/ 922 319 626 \u2013\u00a0<\/strong><a href=\"mailto:extuni@ull.edu.es\" target=\"_blank\" rel=\"noopener\"><strong>extuni@ull.es<\/strong><\/a><\/p>\n<div class=\"tribe-events-single-event-description tribe-events-content\"><\/div>\n","protected":false},"excerpt":{"rendered":"<p>Actividad de Extensi\u00f3n Universitaria organizada por el Instituto Superior de Teolog\u00eda de las Islas Canarias (ISTIC), que se celebrar\u00e1 en la Sede del Instituto Superior de Teolog\u00eda entre el 22 y 24 de noviembre de 2022, en horario de 18:00 a 21:30 horas. El curso pretende iluminar un constante problema humano del que hemos tenido&#8230;<\/p>\n","protected":false},"author":43,"featured_media":27376,"comment_status":"closed","ping_status":"closed","template":"","tags":[4259,977,3812,3751],"tribe_events_cat":[472,4,186],"acf":[],"yoast_head":"<!-- This site is optimized with the Yoast SEO plugin v21.3 - https:\/\/yoast.com\/wordpress\/plugins\/seo\/ -->\n<title>XXXVIII Semana de Teolog\u00eda. Providencia divina y sufrimiento humano - ULL - Agenda<\/title>\n<meta name=\"robots\" content=\"index, follow, max-snippet:-1, max-image-preview:large, max-video-preview:-1\" \/>\n<link rel=\"canonical\" href=\"https:\/\/www.ull.es\/portal\/agenda\/evento\/xxxviii-semana-de-teologia-providencia-divina-y-sufrimiento-humano\/\" \/>\n<meta property=\"og:locale\" content=\"es_ES\" \/>\n<meta property=\"og:type\" content=\"article\" \/>\n<meta property=\"og:title\" content=\"XXXVIII Semana de Teolog\u00eda. Providencia divina y sufrimiento humano - ULL - Agenda\" \/>\n<meta property=\"og:description\" content=\"Actividad de Extensi\u00f3n Universitaria organizada por el Instituto Superior de Teolog\u00eda de las Islas Canarias (ISTIC), que se celebrar\u00e1 en la Sede del Instituto Superior de Teolog\u00eda entre el 22 y 24 de noviembre de 2022, en horario de 18:00 a 21:30 horas. El curso pretende iluminar un constante problema humano del que hemos tenido...\" \/>\n<meta property=\"og:url\" content=\"https:\/\/www.ull.es\/portal\/agenda\/evento\/xxxviii-semana-de-teologia-providencia-divina-y-sufrimiento-humano\/\" \/>\n<meta property=\"og:site_name\" content=\"ULL - Agenda\" \/>\n<meta property=\"article:modified_time\" content=\"2022-10-27T08:15:33+00:00\" \/>\n<meta property=\"og:image\" content=\"https:\/\/www.ull.es\/portal\/agenda\/wp-content\/uploads\/sites\/12\/2022\/10\/Bannersemanateologia.jpg\" \/>\n\t<meta property=\"og:image:width\" content=\"700\" \/>\n\t<meta property=\"og:image:height\" content=\"350\" \/>\n\t<meta property=\"og:image:type\" content=\"image\/jpeg\" \/>\n<meta name=\"twitter:card\" content=\"summary_large_image\" \/>\n<meta name=\"twitter:label1\" content=\"Tiempo de lectura\" \/>\n\t<meta name=\"twitter:data1\" content=\"4 minutos\" \/>\n<script type=\"application\/ld+json\" class=\"yoast-schema-graph\">{\"@context\":\"https:\/\/schema.org\",\"@graph\":[{\"@type\":\"WebPage\",\"@id\":\"https:\/\/www.ull.es\/portal\/agenda\/evento\/xxxviii-semana-de-teologia-providencia-divina-y-sufrimiento-humano\/\",\"url\":\"https:\/\/www.ull.es\/portal\/agenda\/evento\/xxxviii-semana-de-teologia-providencia-divina-y-sufrimiento-humano\/\",\"name\":\"XXXVIII Semana de Teolog\u00eda. Providencia divina y sufrimiento humano - ULL - Agenda\",\"isPartOf\":{\"@id\":\"https:\/\/www.ull.es\/portal\/agenda\/#website\"},\"datePublished\":\"2022-10-26T12:54:01+00:00\",\"dateModified\":\"2022-10-27T08:15:33+00:00\",\"breadcrumb\":{\"@id\":\"https:\/\/www.ull.es\/portal\/agenda\/evento\/xxxviii-semana-de-teologia-providencia-divina-y-sufrimiento-humano\/#breadcrumb\"},\"inLanguage\":\"es\",\"potentialAction\":[{\"@type\":\"ReadAction\",\"target\":[\"https:\/\/www.ull.es\/portal\/agenda\/evento\/xxxviii-semana-de-teologia-providencia-divina-y-sufrimiento-humano\/\"]}]},{\"@type\":\"BreadcrumbList\",\"@id\":\"https:\/\/www.ull.es\/portal\/agenda\/evento\/xxxviii-semana-de-teologia-providencia-divina-y-sufrimiento-humano\/#breadcrumb\",\"itemListElement\":[{\"@type\":\"ListItem\",\"position\":1,\"name\":\"Portada\",\"item\":\"https:\/\/www.ull.es\/portal\/agenda\/\"},{\"@type\":\"ListItem\",\"position\":2,\"name\":\"XXXVIII Semana de Teolog\u00eda. Providencia divina y sufrimiento humano\"}]},{\"@type\":\"WebSite\",\"@id\":\"https:\/\/www.ull.es\/portal\/agenda\/#website\",\"url\":\"https:\/\/www.ull.es\/portal\/agenda\/\",\"name\":\"ULL - Agenda\",\"description\":\"\",\"potentialAction\":[{\"@type\":\"SearchAction\",\"target\":{\"@type\":\"EntryPoint\",\"urlTemplate\":\"https:\/\/www.ull.es\/portal\/agenda\/?s={search_term_string}\"},\"query-input\":\"required name=search_term_string\"}],\"inLanguage\":\"es\"}]}<\/script>\n<!-- \/ Yoast SEO plugin. -->","yoast_head_json":{"title":"XXXVIII Semana de Teolog\u00eda. Providencia divina y sufrimiento humano - ULL - Agenda","robots":{"index":"index","follow":"follow","max-snippet":"max-snippet:-1","max-image-preview":"max-image-preview:large","max-video-preview":"max-video-preview:-1"},"canonical":"https:\/\/www.ull.es\/portal\/agenda\/evento\/xxxviii-semana-de-teologia-providencia-divina-y-sufrimiento-humano\/","og_locale":"es_ES","og_type":"article","og_title":"XXXVIII Semana de Teolog\u00eda. Providencia divina y sufrimiento humano - ULL - Agenda","og_description":"Actividad de Extensi\u00f3n Universitaria organizada por el Instituto Superior de Teolog\u00eda de las Islas Canarias (ISTIC), que se celebrar\u00e1 en la Sede del Instituto Superior de Teolog\u00eda entre el 22 y 24 de noviembre de 2022, en horario de 18:00 a 21:30 horas. El curso pretende iluminar un constante problema humano del que hemos tenido...","og_url":"https:\/\/www.ull.es\/portal\/agenda\/evento\/xxxviii-semana-de-teologia-providencia-divina-y-sufrimiento-humano\/","og_site_name":"ULL - Agenda","article_modified_time":"2022-10-27T08:15:33+00:00","og_image":[{"width":700,"height":350,"url":"https:\/\/www.ull.es\/portal\/agenda\/wp-content\/uploads\/sites\/12\/2022\/10\/Bannersemanateologia.jpg","type":"image\/jpeg"}],"twitter_card":"summary_large_image","twitter_misc":{"Tiempo de lectura":"4 minutos"},"schema":{"@context":"https:\/\/schema.org","@graph":[{"@type":"WebPage","@id":"https:\/\/www.ull.es\/portal\/agenda\/evento\/xxxviii-semana-de-teologia-providencia-divina-y-sufrimiento-humano\/","url":"https:\/\/www.ull.es\/portal\/agenda\/evento\/xxxviii-semana-de-teologia-providencia-divina-y-sufrimiento-humano\/","name":"XXXVIII Semana de Teolog\u00eda. Providencia divina y sufrimiento humano - ULL - Agenda","isPartOf":{"@id":"https:\/\/www.ull.es\/portal\/agenda\/#website"},"datePublished":"2022-10-26T12:54:01+00:00","dateModified":"2022-10-27T08:15:33+00:00","breadcrumb":{"@id":"https:\/\/www.ull.es\/portal\/agenda\/evento\/xxxviii-semana-de-teologia-providencia-divina-y-sufrimiento-humano\/#breadcrumb"},"inLanguage":"es","potentialAction":[{"@type":"ReadAction","target":["https:\/\/www.ull.es\/portal\/agenda\/evento\/xxxviii-semana-de-teologia-providencia-divina-y-sufrimiento-humano\/"]}]},{"@type":"BreadcrumbList","@id":"https:\/\/www.ull.es\/portal\/agenda\/evento\/xxxviii-semana-de-teologia-providencia-divina-y-sufrimiento-humano\/#breadcrumb","itemListElement":[{"@type":"ListItem","position":1,"name":"Portada","item":"https:\/\/www.ull.es\/portal\/agenda\/"},{"@type":"ListItem","position":2,"name":"XXXVIII Semana de Teolog\u00eda. Providencia divina y sufrimiento humano"}]},{"@type":"WebSite","@id":"https:\/\/www.ull.es\/portal\/agenda\/#website","url":"https:\/\/www.ull.es\/portal\/agenda\/","name":"ULL - Agenda","description":"","potentialAction":[{"@type":"SearchAction","target":{"@type":"EntryPoint","urlTemplate":"https:\/\/www.ull.es\/portal\/agenda\/?s={search_term_string}"},"query-input":"required name=search_term_string"}],"inLanguage":"es"}]}},"_links":{"self":[{"href":"https:\/\/www.ull.es\/portal\/agenda\/wp-json\/wp\/v2\/tribe_events\/27372"}],"collection":[{"href":"https:\/\/www.ull.es\/portal\/agenda\/wp-json\/wp\/v2\/tribe_events"}],"about":[{"href":"https:\/\/www.ull.es\/portal\/agenda\/wp-json\/wp\/v2\/types\/tribe_events"}],"author":[{"embeddable":true,"href":"https:\/\/www.ull.es\/portal\/agenda\/wp-json\/wp\/v2\/users\/43"}],"replies":[{"embeddable":true,"href":"https:\/\/www.ull.es\/portal\/agenda\/wp-json\/wp\/v2\/comments?post=27372"}],"version-history":[{"count":5,"href":"https:\/\/www.ull.es\/portal\/agenda\/wp-json\/wp\/v2\/tribe_events\/27372\/revisions"}],"predecessor-version":[{"id":27379,"href":"https:\/\/www.ull.es\/portal\/agenda\/wp-json\/wp\/v2\/tribe_events\/27372\/revisions\/27379"}],"wp:featuredmedia":[{"embeddable":true,"href":"https:\/\/www.ull.es\/portal\/agenda\/wp-json\/wp\/v2\/media\/27376"}],"wp:attachment":[{"href":"https:\/\/www.ull.es\/portal\/agenda\/wp-json\/wp\/v2\/media?parent=27372"}],"wp:term":[{"taxonomy":"post_tag","embeddable":true,"href":"https:\/\/www.ull.es\/portal\/agenda\/wp-json\/wp\/v2\/tags?post=27372"},{"taxonomy":"tribe_events_cat","embeddable":true,"href":"https:\/\/www.ull.es\/portal\/agenda\/wp-json\/wp\/v2\/tribe_events_cat?post=27372"}],"curies":[{"name":"wp","href":"https:\/\/api.w.org\/{rel}","templated":true}]}}