{"id":27525,"date":"2022-11-04T14:20:34","date_gmt":"2022-11-04T14:20:34","guid":{"rendered":"https:\/\/www.ull.es\/portal\/agenda\/?post_type=tribe_events&#038;p=27525"},"modified":"2022-11-04T14:21:59","modified_gmt":"2022-11-04T14:21:59","slug":"escepticos-en-el-pub-en-tenerife-no-96-13-3-la-relacion-medico-paciente-a-traves-del-comic","status":"publish","type":"tribe_events","link":"https:\/\/www.ull.es\/portal\/agenda\/evento\/escepticos-en-el-pub-en-tenerife-no-96-13-3-la-relacion-medico-paciente-a-traves-del-comic\/","title":{"rendered":"Esc\u00e9pticos en el Pub en Tenerife n\u00ba 96 (13.3): \u00abLa relaci\u00f3n m\u00e9dico-paciente a trav\u00e9s del c\u00f3mic\u00bb"},"content":{"rendered":"<p>Actividad de Extensi\u00f3n Universitaria con motivo de la <em><a href=\"https:\/\/www.ull.es\/portal\/agenda\/evento\/xii-semana-del-comic-de-la-laguna-2\/\" target=\"_blank\" rel=\"noopener\" target=\"_blank\" rel=\"noopener\">XII Semana del C\u00f3mic de La Laguna<\/a><\/em>, organizada por el Aula Cultural de Divulgaci\u00f3n Cient\u00edfica, el Aula Cultural \u00abRadio Campus\u00bb, la C\u00e1tedra Cultural \u00abFrancisco Tom\u00e1s y Valiente\u00bb, la Asociaci\u00f3n cultural de relaciones internacionales \u00abHacer para el Desarrollo\u00bb y Docencia en Derecho Civil, que se celebrar\u00e1 en modalidad online el <strong>2 de diciembre de 2022<\/strong> de 20:00 a 22:00 horas.<\/p>\n<p>La conferencia pretende exponer, a trav\u00e9s de una serie de historias narradas en diversos tebeos, c\u00f3mo se refleja en este arte la relaci\u00f3n entre profesionales de la medicina y sus pacientes.<\/p>\n<p>Imparte: M\u00f3nica Rex Garc\u00eda. Especialista en manga. M\u00e9dico ejerciente. Licenciada en Filosof\u00eda y graduada en Medicina Responsable del \u00e1rea de manga en Zona Negativa.<\/p>\n<p>Dirigen:<\/p>\n<ul>\n<li>Luis Javier Capote P\u00e9rez.. Profesor Contratado Doctor Tipo I de Derecho Civil de la Universidad de La Laguna. Co-Director y miembro fundador del Aula Cultural de Divulgaci\u00f3n Cient\u00edfica de la Universidad de La Laguna.<\/li>\n<li>Eva M\u00aa. Gonz\u00e1lez Lorenzo, Doctora en Ciencias de la Comunicaci\u00f3n, Directora-Gerente de la Asociaci\u00f3n Cultural de Relaciones Internacionales \u201cHacer para el desarrollo\u201d.<\/li>\n<\/ul>\n<p><a href=\"https:\/\/sede.fg.ull.es\/es\/curso\/detalle\/a22020293\/escepticos-en-el-pub-en-tenerife-n-96-13-3-la-relacion-medico-paciente-a-traves-del-comic\" target=\"_blank\" rel=\"noopener noreferrer\" target=\"_blank\" rel=\"noopener\"><strong><u>\u00a0Asistencia gratuita previa inscripci\u00f3n aqu\u00ed.<\/u><\/strong><\/a><\/p>\n<p>CERTIFICADO DE ASISTENCIA: La ULL, a trav\u00e9s del Vicerrectorado de Cultura y Participaci\u00f3n Social, emitir\u00e1 un certificado de asistencia a todas aquellas personas que participen, previa inscripci\u00f3n en la actividad.<\/p>\n<p><strong>Contacto: 922 319 616 \/ 922 319 626 \u2013\u00a0<\/strong><a href=\"mailto:extuni@ull.edu.es\" target=\"_blank\" rel=\"noopener\"><strong>extuni@ull.es<\/strong><\/a><\/p>\n<p>Colaboran: Pub \u00abS\u00f3crates\u00bb, ARP-Sociedad para el Avance del Pensamiento Cr\u00edtico y LAGENDA del ocio de Tenerife.<\/p>\n","protected":false},"excerpt":{"rendered":"<p>Actividad de Extensi\u00f3n Universitaria con motivo de la XII Semana del C\u00f3mic de La Laguna, organizada por el Aula Cultural de Divulgaci\u00f3n Cient\u00edfica, el Aula Cultural \u00abRadio Campus\u00bb, la C\u00e1tedra Cultural \u00abFrancisco Tom\u00e1s y Valiente\u00bb, la Asociaci\u00f3n cultural de relaciones internacionales \u00abHacer para el Desarrollo\u00bb y Docencia en Derecho Civil, que se celebrar\u00e1 en modalidad&#8230;<\/p>\n","protected":false},"author":43,"featured_media":27526,"comment_status":"closed","ping_status":"closed","template":"","tags":[4259,4808,4807,977,3812,3751],"tribe_events_cat":[472,471,4,186],"acf":[],"yoast_head":"<!-- This site is optimized with the Yoast SEO plugin v21.3 - https:\/\/yoast.com\/wordpress\/plugins\/seo\/ -->\n<title>Esc\u00e9pticos en el Pub en Tenerife n\u00ba 96 (13.3): \u00abLa relaci\u00f3n m\u00e9dico-paciente a trav\u00e9s del c\u00f3mic\u00bb - ULL - Agenda<\/title>\n<meta name=\"robots\" content=\"index, follow, max-snippet:-1, max-image-preview:large, max-video-preview:-1\" \/>\n<link rel=\"canonical\" href=\"https:\/\/www.ull.es\/portal\/agenda\/evento\/escepticos-en-el-pub-en-tenerife-no-96-13-3-la-relacion-medico-paciente-a-traves-del-comic\/\" \/>\n<meta property=\"og:locale\" content=\"es_ES\" \/>\n<meta property=\"og:type\" content=\"article\" \/>\n<meta property=\"og:title\" content=\"Esc\u00e9pticos en el Pub en Tenerife n\u00ba 96 (13.3): \u00abLa relaci\u00f3n m\u00e9dico-paciente a trav\u00e9s del c\u00f3mic\u00bb - ULL - Agenda\" \/>\n<meta property=\"og:description\" content=\"Actividad de Extensi\u00f3n Universitaria con motivo de la XII Semana del C\u00f3mic de La Laguna, organizada por el Aula Cultural de Divulgaci\u00f3n Cient\u00edfica, el Aula Cultural \u00abRadio Campus\u00bb, la C\u00e1tedra Cultural \u00abFrancisco Tom\u00e1s y Valiente\u00bb, la Asociaci\u00f3n cultural de relaciones internacionales \u00abHacer para el Desarrollo\u00bb y Docencia en Derecho Civil, que se celebrar\u00e1 en modalidad...\" \/>\n<meta property=\"og:url\" content=\"https:\/\/www.ull.es\/portal\/agenda\/evento\/escepticos-en-el-pub-en-tenerife-no-96-13-3-la-relacion-medico-paciente-a-traves-del-comic\/\" \/>\n<meta property=\"og:site_name\" content=\"ULL - Agenda\" \/>\n<meta property=\"article:modified_time\" content=\"2022-11-04T14:21:59+00:00\" \/>\n<meta property=\"og:image\" content=\"https:\/\/www.ull.es\/portal\/agenda\/wp-content\/uploads\/sites\/12\/2022\/11\/Bannerpub2diciembre.jpg\" \/>\n\t<meta property=\"og:image:width\" content=\"700\" \/>\n\t<meta property=\"og:image:height\" content=\"350\" \/>\n\t<meta property=\"og:image:type\" content=\"image\/jpeg\" \/>\n<meta name=\"twitter:card\" content=\"summary_large_image\" \/>\n<meta name=\"twitter:label1\" content=\"Tiempo de lectura\" \/>\n\t<meta name=\"twitter:data1\" content=\"2 minutos\" \/>\n<script type=\"application\/ld+json\" class=\"yoast-schema-graph\">{\"@context\":\"https:\/\/schema.org\",\"@graph\":[{\"@type\":\"WebPage\",\"@id\":\"https:\/\/www.ull.es\/portal\/agenda\/evento\/escepticos-en-el-pub-en-tenerife-no-96-13-3-la-relacion-medico-paciente-a-traves-del-comic\/\",\"url\":\"https:\/\/www.ull.es\/portal\/agenda\/evento\/escepticos-en-el-pub-en-tenerife-no-96-13-3-la-relacion-medico-paciente-a-traves-del-comic\/\",\"name\":\"Esc\u00e9pticos en el Pub en Tenerife n\u00ba 96 (13.3): \u00abLa relaci\u00f3n m\u00e9dico-paciente a trav\u00e9s del c\u00f3mic\u00bb - ULL - Agenda\",\"isPartOf\":{\"@id\":\"https:\/\/www.ull.es\/portal\/agenda\/#website\"},\"datePublished\":\"2022-11-04T14:20:34+00:00\",\"dateModified\":\"2022-11-04T14:21:59+00:00\",\"breadcrumb\":{\"@id\":\"https:\/\/www.ull.es\/portal\/agenda\/evento\/escepticos-en-el-pub-en-tenerife-no-96-13-3-la-relacion-medico-paciente-a-traves-del-comic\/#breadcrumb\"},\"inLanguage\":\"es\",\"potentialAction\":[{\"@type\":\"ReadAction\",\"target\":[\"https:\/\/www.ull.es\/portal\/agenda\/evento\/escepticos-en-el-pub-en-tenerife-no-96-13-3-la-relacion-medico-paciente-a-traves-del-comic\/\"]}]},{\"@type\":\"BreadcrumbList\",\"@id\":\"https:\/\/www.ull.es\/portal\/agenda\/evento\/escepticos-en-el-pub-en-tenerife-no-96-13-3-la-relacion-medico-paciente-a-traves-del-comic\/#breadcrumb\",\"itemListElement\":[{\"@type\":\"ListItem\",\"position\":1,\"name\":\"Portada\",\"item\":\"https:\/\/www.ull.es\/portal\/agenda\/\"},{\"@type\":\"ListItem\",\"position\":2,\"name\":\"Esc\u00e9pticos en el Pub en Tenerife n\u00ba 96 (13.3): \u00abLa relaci\u00f3n m\u00e9dico-paciente a trav\u00e9s del c\u00f3mic\u00bb\"}]},{\"@type\":\"WebSite\",\"@id\":\"https:\/\/www.ull.es\/portal\/agenda\/#website\",\"url\":\"https:\/\/www.ull.es\/portal\/agenda\/\",\"name\":\"ULL - Agenda\",\"description\":\"\",\"potentialAction\":[{\"@type\":\"SearchAction\",\"target\":{\"@type\":\"EntryPoint\",\"urlTemplate\":\"https:\/\/www.ull.es\/portal\/agenda\/?s={search_term_string}\"},\"query-input\":\"required name=search_term_string\"}],\"inLanguage\":\"es\"}]}<\/script>\n<!-- \/ Yoast SEO plugin. -->","yoast_head_json":{"title":"Esc\u00e9pticos en el Pub en Tenerife n\u00ba 96 (13.3): \u00abLa relaci\u00f3n m\u00e9dico-paciente a trav\u00e9s del c\u00f3mic\u00bb - ULL - Agenda","robots":{"index":"index","follow":"follow","max-snippet":"max-snippet:-1","max-image-preview":"max-image-preview:large","max-video-preview":"max-video-preview:-1"},"canonical":"https:\/\/www.ull.es\/portal\/agenda\/evento\/escepticos-en-el-pub-en-tenerife-no-96-13-3-la-relacion-medico-paciente-a-traves-del-comic\/","og_locale":"es_ES","og_type":"article","og_title":"Esc\u00e9pticos en el Pub en Tenerife n\u00ba 96 (13.3): \u00abLa relaci\u00f3n m\u00e9dico-paciente a trav\u00e9s del c\u00f3mic\u00bb - ULL - Agenda","og_description":"Actividad de Extensi\u00f3n Universitaria con motivo de la XII Semana del C\u00f3mic de La Laguna, organizada por el Aula Cultural de Divulgaci\u00f3n Cient\u00edfica, el Aula Cultural \u00abRadio Campus\u00bb, la C\u00e1tedra Cultural \u00abFrancisco Tom\u00e1s y Valiente\u00bb, la Asociaci\u00f3n cultural de relaciones internacionales \u00abHacer para el Desarrollo\u00bb y Docencia en Derecho Civil, que se celebrar\u00e1 en modalidad...","og_url":"https:\/\/www.ull.es\/portal\/agenda\/evento\/escepticos-en-el-pub-en-tenerife-no-96-13-3-la-relacion-medico-paciente-a-traves-del-comic\/","og_site_name":"ULL - Agenda","article_modified_time":"2022-11-04T14:21:59+00:00","og_image":[{"width":700,"height":350,"url":"https:\/\/www.ull.es\/portal\/agenda\/wp-content\/uploads\/sites\/12\/2022\/11\/Bannerpub2diciembre.jpg","type":"image\/jpeg"}],"twitter_card":"summary_large_image","twitter_misc":{"Tiempo de lectura":"2 minutos"},"schema":{"@context":"https:\/\/schema.org","@graph":[{"@type":"WebPage","@id":"https:\/\/www.ull.es\/portal\/agenda\/evento\/escepticos-en-el-pub-en-tenerife-no-96-13-3-la-relacion-medico-paciente-a-traves-del-comic\/","url":"https:\/\/www.ull.es\/portal\/agenda\/evento\/escepticos-en-el-pub-en-tenerife-no-96-13-3-la-relacion-medico-paciente-a-traves-del-comic\/","name":"Esc\u00e9pticos en el Pub en Tenerife n\u00ba 96 (13.3): \u00abLa relaci\u00f3n m\u00e9dico-paciente a trav\u00e9s del c\u00f3mic\u00bb - ULL - Agenda","isPartOf":{"@id":"https:\/\/www.ull.es\/portal\/agenda\/#website"},"datePublished":"2022-11-04T14:20:34+00:00","dateModified":"2022-11-04T14:21:59+00:00","breadcrumb":{"@id":"https:\/\/www.ull.es\/portal\/agenda\/evento\/escepticos-en-el-pub-en-tenerife-no-96-13-3-la-relacion-medico-paciente-a-traves-del-comic\/#breadcrumb"},"inLanguage":"es","potentialAction":[{"@type":"ReadAction","target":["https:\/\/www.ull.es\/portal\/agenda\/evento\/escepticos-en-el-pub-en-tenerife-no-96-13-3-la-relacion-medico-paciente-a-traves-del-comic\/"]}]},{"@type":"BreadcrumbList","@id":"https:\/\/www.ull.es\/portal\/agenda\/evento\/escepticos-en-el-pub-en-tenerife-no-96-13-3-la-relacion-medico-paciente-a-traves-del-comic\/#breadcrumb","itemListElement":[{"@type":"ListItem","position":1,"name":"Portada","item":"https:\/\/www.ull.es\/portal\/agenda\/"},{"@type":"ListItem","position":2,"name":"Esc\u00e9pticos en el Pub en Tenerife n\u00ba 96 (13.3): \u00abLa relaci\u00f3n m\u00e9dico-paciente a trav\u00e9s del c\u00f3mic\u00bb"}]},{"@type":"WebSite","@id":"https:\/\/www.ull.es\/portal\/agenda\/#website","url":"https:\/\/www.ull.es\/portal\/agenda\/","name":"ULL - Agenda","description":"","potentialAction":[{"@type":"SearchAction","target":{"@type":"EntryPoint","urlTemplate":"https:\/\/www.ull.es\/portal\/agenda\/?s={search_term_string}"},"query-input":"required name=search_term_string"}],"inLanguage":"es"}]}},"_links":{"self":[{"href":"https:\/\/www.ull.es\/portal\/agenda\/wp-json\/wp\/v2\/tribe_events\/27525"}],"collection":[{"href":"https:\/\/www.ull.es\/portal\/agenda\/wp-json\/wp\/v2\/tribe_events"}],"about":[{"href":"https:\/\/www.ull.es\/portal\/agenda\/wp-json\/wp\/v2\/types\/tribe_events"}],"author":[{"embeddable":true,"href":"https:\/\/www.ull.es\/portal\/agenda\/wp-json\/wp\/v2\/users\/43"}],"replies":[{"embeddable":true,"href":"https:\/\/www.ull.es\/portal\/agenda\/wp-json\/wp\/v2\/comments?post=27525"}],"version-history":[{"count":3,"href":"https:\/\/www.ull.es\/portal\/agenda\/wp-json\/wp\/v2\/tribe_events\/27525\/revisions"}],"predecessor-version":[{"id":27529,"href":"https:\/\/www.ull.es\/portal\/agenda\/wp-json\/wp\/v2\/tribe_events\/27525\/revisions\/27529"}],"wp:featuredmedia":[{"embeddable":true,"href":"https:\/\/www.ull.es\/portal\/agenda\/wp-json\/wp\/v2\/media\/27526"}],"wp:attachment":[{"href":"https:\/\/www.ull.es\/portal\/agenda\/wp-json\/wp\/v2\/media?parent=27525"}],"wp:term":[{"taxonomy":"post_tag","embeddable":true,"href":"https:\/\/www.ull.es\/portal\/agenda\/wp-json\/wp\/v2\/tags?post=27525"},{"taxonomy":"tribe_events_cat","embeddable":true,"href":"https:\/\/www.ull.es\/portal\/agenda\/wp-json\/wp\/v2\/tribe_events_cat?post=27525"}],"curies":[{"name":"wp","href":"https:\/\/api.w.org\/{rel}","templated":true}]}}