{"id":27566,"date":"2022-11-07T11:17:06","date_gmt":"2022-11-07T11:17:06","guid":{"rendered":"https:\/\/www.ull.es\/portal\/agenda\/?post_type=tribe_events&#038;p=27566"},"modified":"2022-11-22T14:29:30","modified_gmt":"2022-11-22T14:29:30","slug":"como-conservar-y-valorizar-la-biodiversidad-cultivada-los-casos-de-teno-y-tegueste","status":"publish","type":"tribe_events","link":"https:\/\/www.ull.es\/portal\/agenda\/evento\/como-conservar-y-valorizar-la-biodiversidad-cultivada-los-casos-de-teno-y-tegueste\/","title":{"rendered":"\u00bfC\u00f3mo conservar y valorizar la biodiversidad cultivada? Los casos de Teno y Tegueste"},"content":{"rendered":"<p>Curso de Extensi\u00f3n Universitaria organizado por el Vicerrectorado de Cultura, Participaci\u00f3n Social y Campus Ofra y La Palma en colaboraci\u00f3n con el\u00a0<a href=\"https:\/\/sede.tegueste.es\/\" target=\"_blank\" rel=\"noopener\" target=\"_blank\" rel=\"noopener\">Ayuntamiento de la Villa de Tegueste<\/a>, dentro de la programaci\u00f3n de la convocatoria de Cursos de Extensi\u00f3n Universitaria \u00a0<a href=\"https:\/\/www.ull.es\/cultura\/cursos-extension-universitaria\/universidad-de-otono-de-tegueste\/\" target=\"_blank\" rel=\"noopener noreferrer\" target=\"_blank\" rel=\"noopener\">\u00abUniversidad de Oto\u00f1o de Tegueste 2022\u00bb<\/a>, que se celebrar\u00e1 los d\u00edas\u00a0<strong>28, 29 y 30 de noviembre de 2022<\/strong>\u00a0en el municipio de Tegueste.<\/p>\n<p>Los objetivos concretos que se pretenden alcanzar con este curso son:<\/p>\n<p>&#8211; Aprender a dise\u00f1ar proyectos de desarrollo rural en base a la biodiversidad cultivada, con especial referencia a Tegueste.<br \/>\n&#8211; Conocer c\u00f3mo se realiza la prospecci\u00f3n, recolecci\u00f3n y conservaci\u00f3n del material vegetal.<br \/>\n&#8211; Dise\u00f1ar un plan de desarrollo basado en variedades tradicionales.<\/p>\n<p>Dirigido a alumnado de Ingenier\u00eda Agraria, Biolog\u00eda, Ciencias Ambientales, Geograf\u00eda.<\/p>\n<p>Dirige: Antonio C. Perdomo Molina. Profesor Asociado, \u00c1rea de Producci\u00f3n Vegetal. Departamento de Ingenier\u00eda Agraria y del Medio Natural de la Universidad de La Laguna.<\/p>\n<p><strong>CERTIFICADO DE ASISTENCIA, APTITUD Y RECONOCIMIENTO POR CR\u00c9DITO ECTS<\/strong><\/p>\n<p>La ULL, a trav\u00e9s del Vicerrectorado de Cultura, Participaci\u00f3n Social y Campus Ofra y La Palma, emitir\u00e1 un certificado de asistencia a todas aquellas personas que asistan a un m\u00ednimo del 80% de las horas lectivas presenciales. Asimismo, aquellas personas que superen el trabajo aut\u00f3nomo del alumnado, recibir\u00e1n un certificado de asistencia y aprovechamiento, reconocible a su vez por un cr\u00e9dito ECTS.<\/p>\n<p><a href=\"https:\/\/sede.fg.ull.es\/es\/curso\/detalle\/a22020286\/como-conservar-y-valorizar-la-biodiversidad-cultivada-los-casos-de-teno-y-tegueste\" target=\"_blank\" rel=\"noopener noreferrer\" target=\"_blank\" rel=\"noopener\"><strong><u>Consulta el programa e inscr\u00edbete aqu\u00ed.<\/u><\/strong><\/a><\/p>\n<p><strong>Contacto: 922 319 616 \/ 922 319 626 \u2013\u00a0<\/strong><a href=\"mailto:extuni@ull.edu.es\" target=\"_blank\" rel=\"noopener\"><strong>extuni@ull.es<\/strong><\/a><\/p>\n","protected":false},"excerpt":{"rendered":"<p>Curso de Extensi\u00f3n Universitaria organizado por el Vicerrectorado de Cultura, Participaci\u00f3n Social y Campus Ofra y La Palma en colaboraci\u00f3n con el\u00a0Ayuntamiento de la Villa de Tegueste, dentro de la programaci\u00f3n de la convocatoria de Cursos de Extensi\u00f3n Universitaria \u00a0\u00abUniversidad de Oto\u00f1o de Tegueste 2022\u00bb, que se celebrar\u00e1 los d\u00edas\u00a028, 29 y 30 de noviembre&#8230;<\/p>\n","protected":false},"author":43,"featured_media":27601,"comment_status":"closed","ping_status":"closed","template":"","tags":[4259,977,3812,3751,2469,4809],"tribe_events_cat":[472,4,186,4797],"acf":[],"yoast_head":"<!-- This site is optimized with the Yoast SEO plugin v21.3 - https:\/\/yoast.com\/wordpress\/plugins\/seo\/ -->\n<title>\u00bfC\u00f3mo conservar y valorizar la biodiversidad cultivada? Los casos de Teno y Tegueste - ULL - Agenda<\/title>\n<meta name=\"robots\" content=\"index, follow, max-snippet:-1, max-image-preview:large, max-video-preview:-1\" \/>\n<link rel=\"canonical\" href=\"https:\/\/www.ull.es\/portal\/agenda\/evento\/como-conservar-y-valorizar-la-biodiversidad-cultivada-los-casos-de-teno-y-tegueste\/\" \/>\n<meta property=\"og:locale\" content=\"es_ES\" \/>\n<meta property=\"og:type\" content=\"article\" \/>\n<meta property=\"og:title\" content=\"\u00bfC\u00f3mo conservar y valorizar la biodiversidad cultivada? Los casos de Teno y Tegueste - ULL - Agenda\" \/>\n<meta property=\"og:description\" content=\"Curso de Extensi\u00f3n Universitaria organizado por el Vicerrectorado de Cultura, Participaci\u00f3n Social y Campus Ofra y La Palma en colaboraci\u00f3n con el\u00a0Ayuntamiento de la Villa de Tegueste, dentro de la programaci\u00f3n de la convocatoria de Cursos de Extensi\u00f3n Universitaria \u00a0\u00abUniversidad de Oto\u00f1o de Tegueste 2022\u00bb, que se celebrar\u00e1 los d\u00edas\u00a028, 29 y 30 de noviembre...\" \/>\n<meta property=\"og:url\" content=\"https:\/\/www.ull.es\/portal\/agenda\/evento\/como-conservar-y-valorizar-la-biodiversidad-cultivada-los-casos-de-teno-y-tegueste\/\" \/>\n<meta property=\"og:site_name\" content=\"ULL - Agenda\" \/>\n<meta property=\"article:modified_time\" content=\"2022-11-22T14:29:30+00:00\" \/>\n<meta property=\"og:image\" content=\"https:\/\/www.ull.es\/portal\/agenda\/wp-content\/uploads\/sites\/12\/2022\/11\/4-1.jpg\" \/>\n\t<meta property=\"og:image:width\" content=\"700\" \/>\n\t<meta property=\"og:image:height\" content=\"350\" \/>\n\t<meta property=\"og:image:type\" content=\"image\/jpeg\" \/>\n<meta name=\"twitter:card\" content=\"summary_large_image\" \/>\n<meta name=\"twitter:label1\" content=\"Tiempo de lectura\" \/>\n\t<meta name=\"twitter:data1\" content=\"2 minutos\" \/>\n<script type=\"application\/ld+json\" class=\"yoast-schema-graph\">{\"@context\":\"https:\/\/schema.org\",\"@graph\":[{\"@type\":\"WebPage\",\"@id\":\"https:\/\/www.ull.es\/portal\/agenda\/evento\/como-conservar-y-valorizar-la-biodiversidad-cultivada-los-casos-de-teno-y-tegueste\/\",\"url\":\"https:\/\/www.ull.es\/portal\/agenda\/evento\/como-conservar-y-valorizar-la-biodiversidad-cultivada-los-casos-de-teno-y-tegueste\/\",\"name\":\"\u00bfC\u00f3mo conservar y valorizar la biodiversidad cultivada? Los casos de Teno y Tegueste - ULL - Agenda\",\"isPartOf\":{\"@id\":\"https:\/\/www.ull.es\/portal\/agenda\/#website\"},\"datePublished\":\"2022-11-07T11:17:06+00:00\",\"dateModified\":\"2022-11-22T14:29:30+00:00\",\"breadcrumb\":{\"@id\":\"https:\/\/www.ull.es\/portal\/agenda\/evento\/como-conservar-y-valorizar-la-biodiversidad-cultivada-los-casos-de-teno-y-tegueste\/#breadcrumb\"},\"inLanguage\":\"es\",\"potentialAction\":[{\"@type\":\"ReadAction\",\"target\":[\"https:\/\/www.ull.es\/portal\/agenda\/evento\/como-conservar-y-valorizar-la-biodiversidad-cultivada-los-casos-de-teno-y-tegueste\/\"]}]},{\"@type\":\"BreadcrumbList\",\"@id\":\"https:\/\/www.ull.es\/portal\/agenda\/evento\/como-conservar-y-valorizar-la-biodiversidad-cultivada-los-casos-de-teno-y-tegueste\/#breadcrumb\",\"itemListElement\":[{\"@type\":\"ListItem\",\"position\":1,\"name\":\"Portada\",\"item\":\"https:\/\/www.ull.es\/portal\/agenda\/\"},{\"@type\":\"ListItem\",\"position\":2,\"name\":\"\u00bfC\u00f3mo conservar y valorizar la biodiversidad cultivada? Los casos de Teno y Tegueste\"}]},{\"@type\":\"WebSite\",\"@id\":\"https:\/\/www.ull.es\/portal\/agenda\/#website\",\"url\":\"https:\/\/www.ull.es\/portal\/agenda\/\",\"name\":\"ULL - Agenda\",\"description\":\"\",\"potentialAction\":[{\"@type\":\"SearchAction\",\"target\":{\"@type\":\"EntryPoint\",\"urlTemplate\":\"https:\/\/www.ull.es\/portal\/agenda\/?s={search_term_string}\"},\"query-input\":\"required name=search_term_string\"}],\"inLanguage\":\"es\"}]}<\/script>\n<!-- \/ Yoast SEO plugin. -->","yoast_head_json":{"title":"\u00bfC\u00f3mo conservar y valorizar la biodiversidad cultivada? Los casos de Teno y Tegueste - ULL - Agenda","robots":{"index":"index","follow":"follow","max-snippet":"max-snippet:-1","max-image-preview":"max-image-preview:large","max-video-preview":"max-video-preview:-1"},"canonical":"https:\/\/www.ull.es\/portal\/agenda\/evento\/como-conservar-y-valorizar-la-biodiversidad-cultivada-los-casos-de-teno-y-tegueste\/","og_locale":"es_ES","og_type":"article","og_title":"\u00bfC\u00f3mo conservar y valorizar la biodiversidad cultivada? Los casos de Teno y Tegueste - ULL - Agenda","og_description":"Curso de Extensi\u00f3n Universitaria organizado por el Vicerrectorado de Cultura, Participaci\u00f3n Social y Campus Ofra y La Palma en colaboraci\u00f3n con el\u00a0Ayuntamiento de la Villa de Tegueste, dentro de la programaci\u00f3n de la convocatoria de Cursos de Extensi\u00f3n Universitaria \u00a0\u00abUniversidad de Oto\u00f1o de Tegueste 2022\u00bb, que se celebrar\u00e1 los d\u00edas\u00a028, 29 y 30 de noviembre...","og_url":"https:\/\/www.ull.es\/portal\/agenda\/evento\/como-conservar-y-valorizar-la-biodiversidad-cultivada-los-casos-de-teno-y-tegueste\/","og_site_name":"ULL - Agenda","article_modified_time":"2022-11-22T14:29:30+00:00","og_image":[{"width":700,"height":350,"url":"https:\/\/www.ull.es\/portal\/agenda\/wp-content\/uploads\/sites\/12\/2022\/11\/4-1.jpg","type":"image\/jpeg"}],"twitter_card":"summary_large_image","twitter_misc":{"Tiempo de lectura":"2 minutos"},"schema":{"@context":"https:\/\/schema.org","@graph":[{"@type":"WebPage","@id":"https:\/\/www.ull.es\/portal\/agenda\/evento\/como-conservar-y-valorizar-la-biodiversidad-cultivada-los-casos-de-teno-y-tegueste\/","url":"https:\/\/www.ull.es\/portal\/agenda\/evento\/como-conservar-y-valorizar-la-biodiversidad-cultivada-los-casos-de-teno-y-tegueste\/","name":"\u00bfC\u00f3mo conservar y valorizar la biodiversidad cultivada? Los casos de Teno y Tegueste - ULL - Agenda","isPartOf":{"@id":"https:\/\/www.ull.es\/portal\/agenda\/#website"},"datePublished":"2022-11-07T11:17:06+00:00","dateModified":"2022-11-22T14:29:30+00:00","breadcrumb":{"@id":"https:\/\/www.ull.es\/portal\/agenda\/evento\/como-conservar-y-valorizar-la-biodiversidad-cultivada-los-casos-de-teno-y-tegueste\/#breadcrumb"},"inLanguage":"es","potentialAction":[{"@type":"ReadAction","target":["https:\/\/www.ull.es\/portal\/agenda\/evento\/como-conservar-y-valorizar-la-biodiversidad-cultivada-los-casos-de-teno-y-tegueste\/"]}]},{"@type":"BreadcrumbList","@id":"https:\/\/www.ull.es\/portal\/agenda\/evento\/como-conservar-y-valorizar-la-biodiversidad-cultivada-los-casos-de-teno-y-tegueste\/#breadcrumb","itemListElement":[{"@type":"ListItem","position":1,"name":"Portada","item":"https:\/\/www.ull.es\/portal\/agenda\/"},{"@type":"ListItem","position":2,"name":"\u00bfC\u00f3mo conservar y valorizar la biodiversidad cultivada? Los casos de Teno y Tegueste"}]},{"@type":"WebSite","@id":"https:\/\/www.ull.es\/portal\/agenda\/#website","url":"https:\/\/www.ull.es\/portal\/agenda\/","name":"ULL - Agenda","description":"","potentialAction":[{"@type":"SearchAction","target":{"@type":"EntryPoint","urlTemplate":"https:\/\/www.ull.es\/portal\/agenda\/?s={search_term_string}"},"query-input":"required name=search_term_string"}],"inLanguage":"es"}]}},"_links":{"self":[{"href":"https:\/\/www.ull.es\/portal\/agenda\/wp-json\/wp\/v2\/tribe_events\/27566"}],"collection":[{"href":"https:\/\/www.ull.es\/portal\/agenda\/wp-json\/wp\/v2\/tribe_events"}],"about":[{"href":"https:\/\/www.ull.es\/portal\/agenda\/wp-json\/wp\/v2\/types\/tribe_events"}],"author":[{"embeddable":true,"href":"https:\/\/www.ull.es\/portal\/agenda\/wp-json\/wp\/v2\/users\/43"}],"replies":[{"embeddable":true,"href":"https:\/\/www.ull.es\/portal\/agenda\/wp-json\/wp\/v2\/comments?post=27566"}],"version-history":[{"count":2,"href":"https:\/\/www.ull.es\/portal\/agenda\/wp-json\/wp\/v2\/tribe_events\/27566\/revisions"}],"predecessor-version":[{"id":27978,"href":"https:\/\/www.ull.es\/portal\/agenda\/wp-json\/wp\/v2\/tribe_events\/27566\/revisions\/27978"}],"wp:featuredmedia":[{"embeddable":true,"href":"https:\/\/www.ull.es\/portal\/agenda\/wp-json\/wp\/v2\/media\/27601"}],"wp:attachment":[{"href":"https:\/\/www.ull.es\/portal\/agenda\/wp-json\/wp\/v2\/media?parent=27566"}],"wp:term":[{"taxonomy":"post_tag","embeddable":true,"href":"https:\/\/www.ull.es\/portal\/agenda\/wp-json\/wp\/v2\/tags?post=27566"},{"taxonomy":"tribe_events_cat","embeddable":true,"href":"https:\/\/www.ull.es\/portal\/agenda\/wp-json\/wp\/v2\/tribe_events_cat?post=27566"}],"curies":[{"name":"wp","href":"https:\/\/api.w.org\/{rel}","templated":true}]}}