{"id":27856,"date":"2022-11-17T13:02:38","date_gmt":"2022-11-17T13:02:38","guid":{"rendered":"https:\/\/www.ull.es\/portal\/agenda\/?post_type=tribe_events&#038;p=27856"},"modified":"2022-11-18T14:15:30","modified_gmt":"2022-11-18T14:15:30","slug":"v-jornada-construccion-2030-desarrollo-sostenible-y-digitalizacion-en-el-sector","status":"publish","type":"tribe_events","link":"https:\/\/www.ull.es\/portal\/agenda\/evento\/v-jornada-construccion-2030-desarrollo-sostenible-y-digitalizacion-en-el-sector\/","title":{"rendered":"V Jornada Construcci\u00f3n 2030. Desarrollo Sostenible y Digitalizaci\u00f3n en el Sector"},"content":{"rendered":"<p>Actividad de Extensi\u00f3n Universitaria organizada por la C\u00e1tedra de Medio Ambiente y Desarrollo Sostenible Cabildo de Tenerife \u2013 ULL el Departamento de T\u00e9cnicas y Proyectos en Ingenier\u00eda y Arquitectura de la ULL y la Escuela Superior de Ingenier\u00eda, que se celebrar\u00e1 el <strong>25 de noviembre de 2022<\/strong> en la Sala de Juntas de la Escuela Superior de Ingenier\u00eda (EPSI), Secciones de Arquitectura T\u00e9cnica e Ingenier\u00eda Civil.<\/p>\n<p>Se trata de un encuentro con diversos agentes del sector de la construcci\u00f3n que tienen una visi\u00f3n m\u00e1s sostenible (en su triple dimensi\u00f3n: social, econ\u00f3mica y medioambiental) del sector de la construcci\u00f3n.<\/p>\n<p>El objetivo principal de esta jornada es contribuir al aumento de la sensibilizaci\u00f3n y difusi\u00f3n de las buenas pr\u00e1cticas de RSE en todos los tama\u00f1os empresariales del sector de la construcci\u00f3n.<\/p>\n<div>\n<p>Se tratar\u00e1 diversos temas relacionados con:<\/p>\n<ul>\n<li>Digitalizaci\u00f3n.<\/li>\n<li>Descarbonizaci\u00f3n.<\/li>\n<li>Desarrollo Sostenible (Sostenibilidad).<\/li>\n<li>La contribuci\u00f3n de la RSE al Desarrollo Sostenible.<\/li>\n<li>Taxonom\u00eda del sector.<\/li>\n<\/ul>\n<p>Dirigido a agentes del sector de la construcci\u00f3n.<\/p>\n<\/div>\n<p>Direcci\u00f3n acad\u00e9mica: Marta M\u00aa. Dom\u00edngez Herrera, Profesora Titular de Universidad. Departamento de\u00a0 T\u00e9cnicas y Proyectos en Ingenier\u00eda y Arquitectura. Directora de la C\u00e1tedra Institucional de Medio Ambiente y Desarrollo Sostenible Cabildo de Tenerife \u2013 ULL.<\/p>\n<p><strong>CERTIFICADO DE ASISTENCIA<\/strong>: La ULL, a trav\u00e9s del Vicerrectorado de Cultura, Participaci\u00f3n Social y Campus Ofra y La Palma, emitir\u00e1 un certificado de asistencia a todas aquellas personas que participen, previa inscripci\u00f3n en la actividad.<\/p>\n<p>Asistencia gratuita previa inscripci\u00f3n.\u00a0<a href=\"https:\/\/sede.fg.ull.es\/es\/curso\/detalle\/a22020318\/v-jornada-construccion-2030-desarrollo-sostenible-y-digitalizacion-en-el-sector\" target=\"_blank\" rel=\"noopener\" target=\"_blank\" rel=\"noopener\"><strong><u>Inscr\u00edbete aqu\u00ed.<\/u><\/strong><\/a><\/p>\n<p><strong>Contacto: 922 319 616 \/ 922 319 626 \u2013\u00a0<\/strong><a href=\"mailto:extuni@ull.edu.es\" target=\"_blank\" rel=\"noopener\"><strong>extuni@ull.es<\/strong><\/a><\/p>\n","protected":false},"excerpt":{"rendered":"<p>Actividad de Extensi\u00f3n Universitaria organizada por la C\u00e1tedra de Medio Ambiente y Desarrollo Sostenible Cabildo de Tenerife \u2013 ULL el Departamento de T\u00e9cnicas y Proyectos en Ingenier\u00eda y Arquitectura de la ULL y la Escuela Superior de Ingenier\u00eda, que se celebrar\u00e1 el 25 de noviembre de 2022 en la Sala de Juntas de la Escuela&#8230;<\/p>\n","protected":false},"author":43,"featured_media":27868,"comment_status":"closed","ping_status":"closed","template":"","tags":[4259,977,3812,3751],"tribe_events_cat":[472,3779,4,186],"acf":[],"yoast_head":"<!-- This site is optimized with the Yoast SEO plugin v21.3 - https:\/\/yoast.com\/wordpress\/plugins\/seo\/ -->\n<title>V Jornada Construcci\u00f3n 2030. Desarrollo Sostenible y Digitalizaci\u00f3n en el Sector - ULL - Agenda<\/title>\n<meta name=\"robots\" content=\"index, follow, max-snippet:-1, max-image-preview:large, max-video-preview:-1\" \/>\n<link rel=\"canonical\" href=\"https:\/\/www.ull.es\/portal\/agenda\/evento\/v-jornada-construccion-2030-desarrollo-sostenible-y-digitalizacion-en-el-sector\/\" \/>\n<meta property=\"og:locale\" content=\"es_ES\" \/>\n<meta property=\"og:type\" content=\"article\" \/>\n<meta property=\"og:title\" content=\"V Jornada Construcci\u00f3n 2030. Desarrollo Sostenible y Digitalizaci\u00f3n en el Sector - ULL - Agenda\" \/>\n<meta property=\"og:description\" content=\"Actividad de Extensi\u00f3n Universitaria organizada por la C\u00e1tedra de Medio Ambiente y Desarrollo Sostenible Cabildo de Tenerife \u2013 ULL el Departamento de T\u00e9cnicas y Proyectos en Ingenier\u00eda y Arquitectura de la ULL y la Escuela Superior de Ingenier\u00eda, que se celebrar\u00e1 el 25 de noviembre de 2022 en la Sala de Juntas de la Escuela...\" \/>\n<meta property=\"og:url\" content=\"https:\/\/www.ull.es\/portal\/agenda\/evento\/v-jornada-construccion-2030-desarrollo-sostenible-y-digitalizacion-en-el-sector\/\" \/>\n<meta property=\"og:site_name\" content=\"ULL - Agenda\" \/>\n<meta property=\"article:modified_time\" content=\"2022-11-18T14:15:30+00:00\" \/>\n<meta property=\"og:image\" content=\"https:\/\/www.ull.es\/portal\/agenda\/wp-content\/uploads\/sites\/12\/2022\/11\/BannerConstruccion.png\" \/>\n\t<meta property=\"og:image:width\" content=\"700\" \/>\n\t<meta property=\"og:image:height\" content=\"350\" \/>\n\t<meta property=\"og:image:type\" content=\"image\/png\" \/>\n<meta name=\"twitter:card\" content=\"summary_large_image\" \/>\n<meta name=\"twitter:label1\" content=\"Tiempo de lectura\" \/>\n\t<meta name=\"twitter:data1\" content=\"2 minutos\" \/>\n<script type=\"application\/ld+json\" class=\"yoast-schema-graph\">{\"@context\":\"https:\/\/schema.org\",\"@graph\":[{\"@type\":\"WebPage\",\"@id\":\"https:\/\/www.ull.es\/portal\/agenda\/evento\/v-jornada-construccion-2030-desarrollo-sostenible-y-digitalizacion-en-el-sector\/\",\"url\":\"https:\/\/www.ull.es\/portal\/agenda\/evento\/v-jornada-construccion-2030-desarrollo-sostenible-y-digitalizacion-en-el-sector\/\",\"name\":\"V Jornada Construcci\u00f3n 2030. Desarrollo Sostenible y Digitalizaci\u00f3n en el Sector - ULL - Agenda\",\"isPartOf\":{\"@id\":\"https:\/\/www.ull.es\/portal\/agenda\/#website\"},\"datePublished\":\"2022-11-17T13:02:38+00:00\",\"dateModified\":\"2022-11-18T14:15:30+00:00\",\"breadcrumb\":{\"@id\":\"https:\/\/www.ull.es\/portal\/agenda\/evento\/v-jornada-construccion-2030-desarrollo-sostenible-y-digitalizacion-en-el-sector\/#breadcrumb\"},\"inLanguage\":\"es\",\"potentialAction\":[{\"@type\":\"ReadAction\",\"target\":[\"https:\/\/www.ull.es\/portal\/agenda\/evento\/v-jornada-construccion-2030-desarrollo-sostenible-y-digitalizacion-en-el-sector\/\"]}]},{\"@type\":\"BreadcrumbList\",\"@id\":\"https:\/\/www.ull.es\/portal\/agenda\/evento\/v-jornada-construccion-2030-desarrollo-sostenible-y-digitalizacion-en-el-sector\/#breadcrumb\",\"itemListElement\":[{\"@type\":\"ListItem\",\"position\":1,\"name\":\"Portada\",\"item\":\"https:\/\/www.ull.es\/portal\/agenda\/\"},{\"@type\":\"ListItem\",\"position\":2,\"name\":\"V Jornada Construcci\u00f3n 2030. Desarrollo Sostenible y Digitalizaci\u00f3n en el Sector\"}]},{\"@type\":\"WebSite\",\"@id\":\"https:\/\/www.ull.es\/portal\/agenda\/#website\",\"url\":\"https:\/\/www.ull.es\/portal\/agenda\/\",\"name\":\"ULL - Agenda\",\"description\":\"\",\"potentialAction\":[{\"@type\":\"SearchAction\",\"target\":{\"@type\":\"EntryPoint\",\"urlTemplate\":\"https:\/\/www.ull.es\/portal\/agenda\/?s={search_term_string}\"},\"query-input\":\"required name=search_term_string\"}],\"inLanguage\":\"es\"}]}<\/script>\n<!-- \/ Yoast SEO plugin. -->","yoast_head_json":{"title":"V Jornada Construcci\u00f3n 2030. Desarrollo Sostenible y Digitalizaci\u00f3n en el Sector - ULL - Agenda","robots":{"index":"index","follow":"follow","max-snippet":"max-snippet:-1","max-image-preview":"max-image-preview:large","max-video-preview":"max-video-preview:-1"},"canonical":"https:\/\/www.ull.es\/portal\/agenda\/evento\/v-jornada-construccion-2030-desarrollo-sostenible-y-digitalizacion-en-el-sector\/","og_locale":"es_ES","og_type":"article","og_title":"V Jornada Construcci\u00f3n 2030. Desarrollo Sostenible y Digitalizaci\u00f3n en el Sector - ULL - Agenda","og_description":"Actividad de Extensi\u00f3n Universitaria organizada por la C\u00e1tedra de Medio Ambiente y Desarrollo Sostenible Cabildo de Tenerife \u2013 ULL el Departamento de T\u00e9cnicas y Proyectos en Ingenier\u00eda y Arquitectura de la ULL y la Escuela Superior de Ingenier\u00eda, que se celebrar\u00e1 el 25 de noviembre de 2022 en la Sala de Juntas de la Escuela...","og_url":"https:\/\/www.ull.es\/portal\/agenda\/evento\/v-jornada-construccion-2030-desarrollo-sostenible-y-digitalizacion-en-el-sector\/","og_site_name":"ULL - Agenda","article_modified_time":"2022-11-18T14:15:30+00:00","og_image":[{"width":700,"height":350,"url":"https:\/\/www.ull.es\/portal\/agenda\/wp-content\/uploads\/sites\/12\/2022\/11\/BannerConstruccion.png","type":"image\/png"}],"twitter_card":"summary_large_image","twitter_misc":{"Tiempo de lectura":"2 minutos"},"schema":{"@context":"https:\/\/schema.org","@graph":[{"@type":"WebPage","@id":"https:\/\/www.ull.es\/portal\/agenda\/evento\/v-jornada-construccion-2030-desarrollo-sostenible-y-digitalizacion-en-el-sector\/","url":"https:\/\/www.ull.es\/portal\/agenda\/evento\/v-jornada-construccion-2030-desarrollo-sostenible-y-digitalizacion-en-el-sector\/","name":"V Jornada Construcci\u00f3n 2030. Desarrollo Sostenible y Digitalizaci\u00f3n en el Sector - ULL - Agenda","isPartOf":{"@id":"https:\/\/www.ull.es\/portal\/agenda\/#website"},"datePublished":"2022-11-17T13:02:38+00:00","dateModified":"2022-11-18T14:15:30+00:00","breadcrumb":{"@id":"https:\/\/www.ull.es\/portal\/agenda\/evento\/v-jornada-construccion-2030-desarrollo-sostenible-y-digitalizacion-en-el-sector\/#breadcrumb"},"inLanguage":"es","potentialAction":[{"@type":"ReadAction","target":["https:\/\/www.ull.es\/portal\/agenda\/evento\/v-jornada-construccion-2030-desarrollo-sostenible-y-digitalizacion-en-el-sector\/"]}]},{"@type":"BreadcrumbList","@id":"https:\/\/www.ull.es\/portal\/agenda\/evento\/v-jornada-construccion-2030-desarrollo-sostenible-y-digitalizacion-en-el-sector\/#breadcrumb","itemListElement":[{"@type":"ListItem","position":1,"name":"Portada","item":"https:\/\/www.ull.es\/portal\/agenda\/"},{"@type":"ListItem","position":2,"name":"V Jornada Construcci\u00f3n 2030. Desarrollo Sostenible y Digitalizaci\u00f3n en el Sector"}]},{"@type":"WebSite","@id":"https:\/\/www.ull.es\/portal\/agenda\/#website","url":"https:\/\/www.ull.es\/portal\/agenda\/","name":"ULL - Agenda","description":"","potentialAction":[{"@type":"SearchAction","target":{"@type":"EntryPoint","urlTemplate":"https:\/\/www.ull.es\/portal\/agenda\/?s={search_term_string}"},"query-input":"required name=search_term_string"}],"inLanguage":"es"}]}},"_links":{"self":[{"href":"https:\/\/www.ull.es\/portal\/agenda\/wp-json\/wp\/v2\/tribe_events\/27856"}],"collection":[{"href":"https:\/\/www.ull.es\/portal\/agenda\/wp-json\/wp\/v2\/tribe_events"}],"about":[{"href":"https:\/\/www.ull.es\/portal\/agenda\/wp-json\/wp\/v2\/types\/tribe_events"}],"author":[{"embeddable":true,"href":"https:\/\/www.ull.es\/portal\/agenda\/wp-json\/wp\/v2\/users\/43"}],"replies":[{"embeddable":true,"href":"https:\/\/www.ull.es\/portal\/agenda\/wp-json\/wp\/v2\/comments?post=27856"}],"version-history":[{"count":5,"href":"https:\/\/www.ull.es\/portal\/agenda\/wp-json\/wp\/v2\/tribe_events\/27856\/revisions"}],"predecessor-version":[{"id":27914,"href":"https:\/\/www.ull.es\/portal\/agenda\/wp-json\/wp\/v2\/tribe_events\/27856\/revisions\/27914"}],"wp:featuredmedia":[{"embeddable":true,"href":"https:\/\/www.ull.es\/portal\/agenda\/wp-json\/wp\/v2\/media\/27868"}],"wp:attachment":[{"href":"https:\/\/www.ull.es\/portal\/agenda\/wp-json\/wp\/v2\/media?parent=27856"}],"wp:term":[{"taxonomy":"post_tag","embeddable":true,"href":"https:\/\/www.ull.es\/portal\/agenda\/wp-json\/wp\/v2\/tags?post=27856"},{"taxonomy":"tribe_events_cat","embeddable":true,"href":"https:\/\/www.ull.es\/portal\/agenda\/wp-json\/wp\/v2\/tribe_events_cat?post=27856"}],"curies":[{"name":"wp","href":"https:\/\/api.w.org\/{rel}","templated":true}]}}