{"id":28258,"date":"2022-12-13T10:45:45","date_gmt":"2022-12-13T10:45:45","guid":{"rendered":"https:\/\/www.ull.es\/portal\/agenda\/?post_type=tribe_events&#038;p=28258"},"modified":"2023-10-24T09:41:59","modified_gmt":"2023-10-24T09:41:59","slug":"v-simposio-canario-de-minificcion-sic-parvis-magna-cosmologia-y-minificcion","status":"publish","type":"tribe_events","link":"https:\/\/www.ull.es\/portal\/agenda\/evento\/v-simposio-canario-de-minificcion-sic-parvis-magna-cosmologia-y-minificcion\/","title":{"rendered":"V Simposio Canario de Minificci\u00f3n: \u00abSic parvis magna. Cosmolog\u00eda y Minificci\u00f3n\u00bb"},"content":{"rendered":"<p>Entre las mayores fuentes de inspiraci\u00f3n art\u00edstica y literaria se encuentran, sin lugar a dudas, todas aquellas cuestiones relacionadas con lo que sabemos y con lo que a\u00fan desconocemos sobre el origen y la evoluci\u00f3n del Universo y, asimismo, con todas las posibilidades imaginativas que abre el moderno conocimiento sobre las leyes que rigen la qu\u00edmica y la f\u00edsica de los astros, dentro y fuera de nuestro sistema solar y de nuestra galaxia.<\/p>\n<p>Por supuesto, tambi\u00e9n la minificci\u00f3n (no solo la literaria, sino igualmente la teatral, la cinematogr\u00e1fica y la audiovisual) ha bebido del ampl\u00edsimo cat\u00e1logo de temas y motivos vinculados a las ciencias del cosmos, y ya desde sus or\u00edgenes como supracategor\u00eda creativa y hasta la actualidad; quiz\u00e1, en gran medida, por el inter\u00e9s que suscita la conexi\u00f3n compleja y parad\u00f3jica, pero a la vez l\u00f3gica e ineludible, entre lo micro y lo macro, entre lo inmanente y lo trascendente, entre la mirada hacia lo propio e interno (nosotros y nuestro planeta) y lo ajeno y exterior (otros astros y planetas, otros seres y mundos posibles), entre lo que podemos observar a trav\u00e9s de un microscopio y lo que podemos contemplar mediante un telescopio o, en \u00faltima instancia, entre lo finito y limitado que encarna lo humano y lo eterno e infinito que representa el Universo&#8230; Sic parvis magna.<\/p>\n<p>Con la vocaci\u00f3n de generar una plataforma acad\u00e9mica para el an\u00e1lisis y el estudio de estas influencias del saber astron\u00f3mico sobre la creaci\u00f3n minificcional, nace esta quinta edici\u00f3n del Simposio Canario de Minificci\u00f3n, donde esperamos que la ciencia y el arte y la realidad y la imaginaci\u00f3n se den la mano, eso s\u00ed, la mano de la hormiga, como dir\u00eda Juan Ram\u00f3n Jim\u00e9nez refiri\u00e9ndose a los relatos literarios: \u201c\u00a1Ay, el d\u00eda en que los hombres sepamos todos agrandar una chispa hasta el sol, que un hombre les d\u00e9 concentrado en una chispa, el d\u00eda en que nos demos cuenta que nada tiene tama\u00f1o y que, por lo tanto, basta lo suficiente; el d\u00eda en que comprendamos que nada vale por sus dimensiones \u2012y as\u00ed acaba el rid\u00edculo que vio Micromegas y que yo veo cada d\u00eda\u2012; y que un libro puede reducirse a la mano de una hormiga porque puede amplificarlo la idea y hacerlo el universo!\u00bb<\/p>\n<p>Para m\u00e1s informaci\u00f3n, pulse este <a href=\"https:\/\/drive.google.com\/file\/d\/1_SYsd3RSspugHQKz124HUiQ21J3oxrhA\/view?usp=share_link\" target=\"_blank\" rel=\"noopener\" target=\"_blank\" rel=\"noopener\">enlace.\u00a0<\/a><\/p>\n<p><a href=\"https:\/\/docs.google.com\/document\/d\/1-tTLyIKE9h6WlaCMfs274BuZcNco7Naa\/edit?usp=share_link&amp;ouid=117431771520648191477&amp;rtpof=true&amp;sd=true\" target=\"_blank\" rel=\"noopener\" target=\"_blank\" rel=\"noopener\">Formulario de participaci\u00f3n<\/a><\/p>\n<p><a href=\"https:\/\/drive.google.com\/file\/d\/1dW1-BRWjCUHLoEYoeaL92h6nIW3GDWe3\/view?usp=sharing\" target=\"_blank\" rel=\"noopener\" target=\"_blank\" rel=\"noopener\">Descargar programa<\/a><\/p>\n<p><strong>Los alumnos de la ULL que deseen reconocer la asistencia al V Simposio Canario de Minificci\u00f3n por cr\u00e9ditos ECTS deber\u00e1n realizar su inscripci\u00f3n a trav\u00e9s del Vicerrectorado de Cultura y Extensi\u00f3n Universitaria a trav\u00e9s de <a href=\"https:\/\/sede.fg.ull.es\/es\/curso\/detalle\/a23020243\/v-simposio-canario-de-minificcion-sic-parvis-magna-cosmologia-y-minificcion\" target=\"_blank\" rel=\"noopener\" target=\"_blank\" rel=\"noopener\">este enlace<\/a>.<\/strong><\/p>\n<p>&nbsp;<\/p>\n","protected":false},"excerpt":{"rendered":"<p>Entre las mayores fuentes de inspiraci\u00f3n art\u00edstica y literaria se encuentran, sin lugar a dudas, todas aquellas cuestiones relacionadas con lo que sabemos y con lo que a\u00fan desconocemos sobre el origen y la evoluci\u00f3n del Universo y, asimismo, con todas las posibilidades imaginativas que abre el moderno conocimiento sobre las leyes que rigen la&#8230;<\/p>\n","protected":false},"author":65,"featured_media":28531,"comment_status":"closed","ping_status":"closed","template":"","tags":[4259,977,3812,3751],"tribe_events_cat":[472,471,4,1103,985,473,191],"acf":[],"yoast_head":"<!-- This site is optimized with the Yoast SEO plugin v21.3 - https:\/\/yoast.com\/wordpress\/plugins\/seo\/ -->\n<title>V Simposio Canario de Minificci\u00f3n: &quot;Sic parvis magna. Cosmolog\u00eda y Minificci\u00f3n&quot; - ULL - Agenda<\/title>\n<meta name=\"robots\" content=\"index, follow, max-snippet:-1, max-image-preview:large, max-video-preview:-1\" \/>\n<link rel=\"canonical\" href=\"https:\/\/www.ull.es\/portal\/agenda\/evento\/v-simposio-canario-de-minificcion-sic-parvis-magna-cosmologia-y-minificcion\/\" \/>\n<meta property=\"og:locale\" content=\"es_ES\" \/>\n<meta property=\"og:type\" content=\"article\" \/>\n<meta property=\"og:title\" content=\"V Simposio Canario de Minificci\u00f3n: &quot;Sic parvis magna. Cosmolog\u00eda y Minificci\u00f3n&quot; - ULL - Agenda\" \/>\n<meta property=\"og:description\" content=\"Entre las mayores fuentes de inspiraci\u00f3n art\u00edstica y literaria se encuentran, sin lugar a dudas, todas aquellas cuestiones relacionadas con lo que sabemos y con lo que a\u00fan desconocemos sobre el origen y la evoluci\u00f3n del Universo y, asimismo, con todas las posibilidades imaginativas que abre el moderno conocimiento sobre las leyes que rigen la...\" \/>\n<meta property=\"og:url\" content=\"https:\/\/www.ull.es\/portal\/agenda\/evento\/v-simposio-canario-de-minificcion-sic-parvis-magna-cosmologia-y-minificcion\/\" \/>\n<meta property=\"og:site_name\" content=\"ULL - Agenda\" \/>\n<meta property=\"article:modified_time\" content=\"2023-10-24T09:41:59+00:00\" \/>\n<meta property=\"og:image\" content=\"https:\/\/www.ull.es\/portal\/agenda\/wp-content\/uploads\/sites\/12\/2022\/12\/V-Simposio-Canario-de-Minificcion-Sic-Parvis-Magna_Banner-evento-1.jpg\" \/>\n\t<meta property=\"og:image:width\" content=\"750\" \/>\n\t<meta property=\"og:image:height\" content=\"370\" \/>\n\t<meta property=\"og:image:type\" content=\"image\/jpeg\" \/>\n<meta name=\"twitter:card\" content=\"summary_large_image\" \/>\n<meta name=\"twitter:label1\" content=\"Tiempo de lectura\" \/>\n\t<meta name=\"twitter:data1\" content=\"2 minutos\" \/>\n<script type=\"application\/ld+json\" class=\"yoast-schema-graph\">{\"@context\":\"https:\/\/schema.org\",\"@graph\":[{\"@type\":\"WebPage\",\"@id\":\"https:\/\/www.ull.es\/portal\/agenda\/evento\/v-simposio-canario-de-minificcion-sic-parvis-magna-cosmologia-y-minificcion\/\",\"url\":\"https:\/\/www.ull.es\/portal\/agenda\/evento\/v-simposio-canario-de-minificcion-sic-parvis-magna-cosmologia-y-minificcion\/\",\"name\":\"V Simposio Canario de Minificci\u00f3n: \\\"Sic parvis magna. Cosmolog\u00eda y Minificci\u00f3n\\\" - ULL - Agenda\",\"isPartOf\":{\"@id\":\"https:\/\/www.ull.es\/portal\/agenda\/#website\"},\"datePublished\":\"2022-12-13T10:45:45+00:00\",\"dateModified\":\"2023-10-24T09:41:59+00:00\",\"breadcrumb\":{\"@id\":\"https:\/\/www.ull.es\/portal\/agenda\/evento\/v-simposio-canario-de-minificcion-sic-parvis-magna-cosmologia-y-minificcion\/#breadcrumb\"},\"inLanguage\":\"es\",\"potentialAction\":[{\"@type\":\"ReadAction\",\"target\":[\"https:\/\/www.ull.es\/portal\/agenda\/evento\/v-simposio-canario-de-minificcion-sic-parvis-magna-cosmologia-y-minificcion\/\"]}]},{\"@type\":\"BreadcrumbList\",\"@id\":\"https:\/\/www.ull.es\/portal\/agenda\/evento\/v-simposio-canario-de-minificcion-sic-parvis-magna-cosmologia-y-minificcion\/#breadcrumb\",\"itemListElement\":[{\"@type\":\"ListItem\",\"position\":1,\"name\":\"Portada\",\"item\":\"https:\/\/www.ull.es\/portal\/agenda\/\"},{\"@type\":\"ListItem\",\"position\":2,\"name\":\"V Simposio Canario de Minificci\u00f3n: \u00abSic parvis magna. Cosmolog\u00eda y Minificci\u00f3n\u00bb\"}]},{\"@type\":\"WebSite\",\"@id\":\"https:\/\/www.ull.es\/portal\/agenda\/#website\",\"url\":\"https:\/\/www.ull.es\/portal\/agenda\/\",\"name\":\"ULL - Agenda\",\"description\":\"\",\"potentialAction\":[{\"@type\":\"SearchAction\",\"target\":{\"@type\":\"EntryPoint\",\"urlTemplate\":\"https:\/\/www.ull.es\/portal\/agenda\/?s={search_term_string}\"},\"query-input\":\"required name=search_term_string\"}],\"inLanguage\":\"es\"}]}<\/script>\n<!-- \/ Yoast SEO plugin. -->","yoast_head_json":{"title":"V Simposio Canario de Minificci\u00f3n: \"Sic parvis magna. Cosmolog\u00eda y Minificci\u00f3n\" - ULL - Agenda","robots":{"index":"index","follow":"follow","max-snippet":"max-snippet:-1","max-image-preview":"max-image-preview:large","max-video-preview":"max-video-preview:-1"},"canonical":"https:\/\/www.ull.es\/portal\/agenda\/evento\/v-simposio-canario-de-minificcion-sic-parvis-magna-cosmologia-y-minificcion\/","og_locale":"es_ES","og_type":"article","og_title":"V Simposio Canario de Minificci\u00f3n: \"Sic parvis magna. Cosmolog\u00eda y Minificci\u00f3n\" - ULL - Agenda","og_description":"Entre las mayores fuentes de inspiraci\u00f3n art\u00edstica y literaria se encuentran, sin lugar a dudas, todas aquellas cuestiones relacionadas con lo que sabemos y con lo que a\u00fan desconocemos sobre el origen y la evoluci\u00f3n del Universo y, asimismo, con todas las posibilidades imaginativas que abre el moderno conocimiento sobre las leyes que rigen la...","og_url":"https:\/\/www.ull.es\/portal\/agenda\/evento\/v-simposio-canario-de-minificcion-sic-parvis-magna-cosmologia-y-minificcion\/","og_site_name":"ULL - Agenda","article_modified_time":"2023-10-24T09:41:59+00:00","og_image":[{"width":750,"height":370,"url":"https:\/\/www.ull.es\/portal\/agenda\/wp-content\/uploads\/sites\/12\/2022\/12\/V-Simposio-Canario-de-Minificcion-Sic-Parvis-Magna_Banner-evento-1.jpg","type":"image\/jpeg"}],"twitter_card":"summary_large_image","twitter_misc":{"Tiempo de lectura":"2 minutos"},"schema":{"@context":"https:\/\/schema.org","@graph":[{"@type":"WebPage","@id":"https:\/\/www.ull.es\/portal\/agenda\/evento\/v-simposio-canario-de-minificcion-sic-parvis-magna-cosmologia-y-minificcion\/","url":"https:\/\/www.ull.es\/portal\/agenda\/evento\/v-simposio-canario-de-minificcion-sic-parvis-magna-cosmologia-y-minificcion\/","name":"V Simposio Canario de Minificci\u00f3n: \"Sic parvis magna. Cosmolog\u00eda y Minificci\u00f3n\" - ULL - Agenda","isPartOf":{"@id":"https:\/\/www.ull.es\/portal\/agenda\/#website"},"datePublished":"2022-12-13T10:45:45+00:00","dateModified":"2023-10-24T09:41:59+00:00","breadcrumb":{"@id":"https:\/\/www.ull.es\/portal\/agenda\/evento\/v-simposio-canario-de-minificcion-sic-parvis-magna-cosmologia-y-minificcion\/#breadcrumb"},"inLanguage":"es","potentialAction":[{"@type":"ReadAction","target":["https:\/\/www.ull.es\/portal\/agenda\/evento\/v-simposio-canario-de-minificcion-sic-parvis-magna-cosmologia-y-minificcion\/"]}]},{"@type":"BreadcrumbList","@id":"https:\/\/www.ull.es\/portal\/agenda\/evento\/v-simposio-canario-de-minificcion-sic-parvis-magna-cosmologia-y-minificcion\/#breadcrumb","itemListElement":[{"@type":"ListItem","position":1,"name":"Portada","item":"https:\/\/www.ull.es\/portal\/agenda\/"},{"@type":"ListItem","position":2,"name":"V Simposio Canario de Minificci\u00f3n: \u00abSic parvis magna. Cosmolog\u00eda y Minificci\u00f3n\u00bb"}]},{"@type":"WebSite","@id":"https:\/\/www.ull.es\/portal\/agenda\/#website","url":"https:\/\/www.ull.es\/portal\/agenda\/","name":"ULL - Agenda","description":"","potentialAction":[{"@type":"SearchAction","target":{"@type":"EntryPoint","urlTemplate":"https:\/\/www.ull.es\/portal\/agenda\/?s={search_term_string}"},"query-input":"required name=search_term_string"}],"inLanguage":"es"}]}},"_links":{"self":[{"href":"https:\/\/www.ull.es\/portal\/agenda\/wp-json\/wp\/v2\/tribe_events\/28258"}],"collection":[{"href":"https:\/\/www.ull.es\/portal\/agenda\/wp-json\/wp\/v2\/tribe_events"}],"about":[{"href":"https:\/\/www.ull.es\/portal\/agenda\/wp-json\/wp\/v2\/types\/tribe_events"}],"author":[{"embeddable":true,"href":"https:\/\/www.ull.es\/portal\/agenda\/wp-json\/wp\/v2\/users\/65"}],"replies":[{"embeddable":true,"href":"https:\/\/www.ull.es\/portal\/agenda\/wp-json\/wp\/v2\/comments?post=28258"}],"version-history":[{"count":6,"href":"https:\/\/www.ull.es\/portal\/agenda\/wp-json\/wp\/v2\/tribe_events\/28258\/revisions"}],"predecessor-version":[{"id":32663,"href":"https:\/\/www.ull.es\/portal\/agenda\/wp-json\/wp\/v2\/tribe_events\/28258\/revisions\/32663"}],"wp:featuredmedia":[{"embeddable":true,"href":"https:\/\/www.ull.es\/portal\/agenda\/wp-json\/wp\/v2\/media\/28531"}],"wp:attachment":[{"href":"https:\/\/www.ull.es\/portal\/agenda\/wp-json\/wp\/v2\/media?parent=28258"}],"wp:term":[{"taxonomy":"post_tag","embeddable":true,"href":"https:\/\/www.ull.es\/portal\/agenda\/wp-json\/wp\/v2\/tags?post=28258"},{"taxonomy":"tribe_events_cat","embeddable":true,"href":"https:\/\/www.ull.es\/portal\/agenda\/wp-json\/wp\/v2\/tribe_events_cat?post=28258"}],"curies":[{"name":"wp","href":"https:\/\/api.w.org\/{rel}","templated":true}]}}