{"id":28488,"date":"2023-01-18T08:28:03","date_gmt":"2023-01-18T08:28:03","guid":{"rendered":"https:\/\/www.ull.es\/portal\/agenda\/?post_type=tribe_events&#038;p=28488"},"modified":"2023-05-02T11:51:44","modified_gmt":"2023-05-02T11:51:44","slug":"big-data-extrayendo-conocimiento-de-los-datos","status":"publish","type":"tribe_events","link":"https:\/\/www.ull.es\/portal\/agenda\/evento\/big-data-extrayendo-conocimiento-de-los-datos\/","title":{"rendered":"Big Data. Extrayendo conocimiento de los datos"},"content":{"rendered":"<div class=\"tribe-events-single-event-description tribe-events-content\">\n<p>Curso de Extensi\u00f3n Universitaria organizado por el Vicerrectorado de Cultura, Participaci\u00f3n Social y Campus Ofra y La Palma, dentro de la programaci\u00f3n de la convocatoria de Cursos de Extensi\u00f3n Universitaria <a href=\"https:\/\/www.ull.es\/cultura\/cursos-extension-universitaria\/formaccion\/\" target=\"_blank\" rel=\"noopener noreferrer\" target=\"_blank\" rel=\"noopener\"><strong>FORMACCI\u00d3N 2023<\/strong><\/a>, que se celebrar\u00e1 en modalidad\u00a0<b>presencial\u00a0<\/b>entre el 8 y 12 de mayo de 2023,<strong>\u00a0reconocible por 2 cr\u00e9ditos ECTS<\/strong>.<\/p>\n<p>El curso proporciona la formaci\u00f3n base para introducirse en el campo del big data y en el an\u00e1lisis de datos e interpretaci\u00f3n de los mismos desde una perspectiva pr\u00e1ctica. Los objetivos espec\u00edficos son los siguientes:<br \/>\n&#8211; Valorar la importancia que tienen las t\u00e9cnicas de an\u00e1lisis de datos para la extracci\u00f3n de conocimiento \u00fatil.<br \/>\n&#8211; Reconocer las principales tareas de extracci\u00f3n de conocimiento.<br \/>\n&#8211; Capacitar a los alumnos para poner en pr\u00e1ctica t\u00e9cnicas de extracci\u00f3n de conocimiento desde datos.<br \/>\n&#8211; Fomentar la actitud cr\u00edtica de los alumnos ante las conclusiones que se extraen de los datos.<br \/>\n&#8211; Identificar los peligros y las implicaciones \u00e9ticas y morales que tiene la recopilaci\u00f3n y an\u00e1lisis de datos.<\/p>\n<p>Metodolog\u00eda docente: La metodolog\u00eda docente aplicada en este curso alterna clases te\u00f3ricas, en las que se describen t\u00e9cnicas y sistemas para el an\u00e1lisis de datos, con sesiones pr\u00e1cticas, en las que los alumnos analizan datos de supuestos pr\u00e1cticos para extraer conocimiento a trav\u00e9s de herramientas software del campo del big data. En las sesiones pr\u00e1cticas, los alumnos usar\u00e1n sobre las herramientas software las t\u00e9cnicas y sistemas descritos en las clases te\u00f3ricas. Concretamente, en este curso se presta mayor importancia a las sesiones pr\u00e1cticas, ya que en la aplicaci\u00f3n de las t\u00e9cnicas se resaltan las ventajas de las mismas. Por \u00faltimo, el curso dispondr\u00e1 de foros destinados al debate sobre casos reales de aplicaciones de big data as\u00ed como las implicaciones \u00e9ticas y morales de la recopilaci\u00f3n y an\u00e1lisis de datos.<\/p>\n<\/div>\n<p><strong>A qui\u00e9n va dirigido:<\/strong><\/p>\n<ul>\n<li>Estudiantes que deseen incorporar competencias relacionadas con el an\u00e1lisis e interpretaci\u00f3n de datos.<\/li>\n<li>Personas y profesionales interesados en introducirse en las posibilidades que aportan la aplicaci\u00f3n de t\u00e9cnicas inteligentes para la conversi\u00f3n de informaci\u00f3n en conocimiento.<\/li>\n<li>Empresarios y\/o responsables de PYMES y aut\u00f3nomos que quieren obtener capacidades en el an\u00e1lisis de datos y la extracci\u00f3n de conocimiento de los mismos.<\/li>\n<li>Personas interesadas en el mundo del tratamiento de datos y sus implicaciones.<\/li>\n<\/ul>\n<p>Direcci\u00f3n acad\u00e9mica: Christopher Juan Exp\u00f3sito Izquierdo. Profesor Ayudante Doctor, Departamento de Ingenier\u00eda Inform\u00e1tica y de Sistemas de la Universidad de La Laguna.<\/p>\n<p><strong>CERTIFICADO DE ASISTENCIA, APTITUD Y RECONOCIMIENTO POR CR\u00c9DITO ECTS<\/strong><\/p>\n<div class=\"tribe-events-single-event-description tribe-events-content\">\n<p>La ULL, a trav\u00e9s del Vicerrectorado de Cultura y Extensi\u00f3n Universitaria, emitir\u00e1 un certificado de asistencia a todas aquellas personas que participen en un m\u00ednimo del 80% de las horas lectivas. Asimismo, aquellas personas que superen el trabajo aut\u00f3nomo del alumnado, recibir\u00e1n un certificado de asistencia y aprovechamiento, reconocible a su vez por un 2 cr\u00e9ditos ECTS.<\/p>\n<\/div>\n<div class=\"tribe-events-single-event-description tribe-events-content\">\n<p><a href=\"https:\/\/sede.fg.ull.es\/es\/curso\/detalle\/a23020013\/big-data-extrayendo-conocimiento-de-los-datos\" target=\"_blank\" rel=\"noopener noreferrer\" target=\"_blank\" rel=\"noopener\"><strong><u>Consulta el programa e inscr\u00edbete aqu\u00ed.<\/u><\/strong><\/a><\/p>\n<p><strong>Contacto: 922 319 616 \/ 922 319 626 \u2013\u00a0<\/strong><strong><a href=\"mailto:extuni@ull.edu.es\" target=\"_blank\" rel=\"noopener\">extuni@ull.es<\/a><\/strong><\/p>\n<\/div>\n","protected":false},"excerpt":{"rendered":"<p>Curso de Extensi\u00f3n Universitaria organizado por el Vicerrectorado de Cultura, Participaci\u00f3n Social y Campus Ofra y La Palma, dentro de la programaci\u00f3n de la convocatoria de Cursos de Extensi\u00f3n Universitaria FORMACCI\u00d3N 2023, que se celebrar\u00e1 en modalidad\u00a0presencial\u00a0entre el 8 y 12 de mayo de 2023,\u00a0reconocible por 2 cr\u00e9ditos ECTS. El curso proporciona la formaci\u00f3n base&#8230;<\/p>\n","protected":false},"author":43,"featured_media":28489,"comment_status":"closed","ping_status":"closed","template":"","tags":[4259,601,977,3812,3751],"tribe_events_cat":[472,470,4,186],"acf":[],"yoast_head":"<!-- This site is optimized with the Yoast SEO plugin v21.3 - https:\/\/yoast.com\/wordpress\/plugins\/seo\/ -->\n<title>Big Data. Extrayendo conocimiento de los datos - ULL - Agenda<\/title>\n<meta name=\"robots\" content=\"index, follow, max-snippet:-1, max-image-preview:large, max-video-preview:-1\" \/>\n<link rel=\"canonical\" href=\"https:\/\/www.ull.es\/portal\/agenda\/evento\/big-data-extrayendo-conocimiento-de-los-datos\/\" \/>\n<meta property=\"og:locale\" content=\"es_ES\" \/>\n<meta property=\"og:type\" content=\"article\" \/>\n<meta property=\"og:title\" content=\"Big Data. Extrayendo conocimiento de los datos - ULL - Agenda\" \/>\n<meta property=\"og:description\" content=\"Curso de Extensi\u00f3n Universitaria organizado por el Vicerrectorado de Cultura, Participaci\u00f3n Social y Campus Ofra y La Palma, dentro de la programaci\u00f3n de la convocatoria de Cursos de Extensi\u00f3n Universitaria FORMACCI\u00d3N 2023, que se celebrar\u00e1 en modalidad\u00a0presencial\u00a0entre el 8 y 12 de mayo de 2023,\u00a0reconocible por 2 cr\u00e9ditos ECTS. El curso proporciona la formaci\u00f3n base...\" \/>\n<meta property=\"og:url\" content=\"https:\/\/www.ull.es\/portal\/agenda\/evento\/big-data-extrayendo-conocimiento-de-los-datos\/\" \/>\n<meta property=\"og:site_name\" content=\"ULL - Agenda\" \/>\n<meta property=\"article:modified_time\" content=\"2023-05-02T11:51:44+00:00\" \/>\n<meta property=\"og:image\" content=\"https:\/\/www.ull.es\/portal\/agenda\/wp-content\/uploads\/sites\/12\/2023\/01\/BannerFormACCION-BigData.png\" \/>\n\t<meta property=\"og:image:width\" content=\"700\" \/>\n\t<meta property=\"og:image:height\" content=\"350\" \/>\n\t<meta property=\"og:image:type\" content=\"image\/png\" \/>\n<meta name=\"twitter:card\" content=\"summary_large_image\" \/>\n<meta name=\"twitter:label1\" content=\"Tiempo de lectura\" \/>\n\t<meta name=\"twitter:data1\" content=\"3 minutos\" \/>\n<script type=\"application\/ld+json\" class=\"yoast-schema-graph\">{\"@context\":\"https:\/\/schema.org\",\"@graph\":[{\"@type\":\"WebPage\",\"@id\":\"https:\/\/www.ull.es\/portal\/agenda\/evento\/big-data-extrayendo-conocimiento-de-los-datos\/\",\"url\":\"https:\/\/www.ull.es\/portal\/agenda\/evento\/big-data-extrayendo-conocimiento-de-los-datos\/\",\"name\":\"Big Data. Extrayendo conocimiento de los datos - ULL - Agenda\",\"isPartOf\":{\"@id\":\"https:\/\/www.ull.es\/portal\/agenda\/#website\"},\"datePublished\":\"2023-01-18T08:28:03+00:00\",\"dateModified\":\"2023-05-02T11:51:44+00:00\",\"breadcrumb\":{\"@id\":\"https:\/\/www.ull.es\/portal\/agenda\/evento\/big-data-extrayendo-conocimiento-de-los-datos\/#breadcrumb\"},\"inLanguage\":\"es\",\"potentialAction\":[{\"@type\":\"ReadAction\",\"target\":[\"https:\/\/www.ull.es\/portal\/agenda\/evento\/big-data-extrayendo-conocimiento-de-los-datos\/\"]}]},{\"@type\":\"BreadcrumbList\",\"@id\":\"https:\/\/www.ull.es\/portal\/agenda\/evento\/big-data-extrayendo-conocimiento-de-los-datos\/#breadcrumb\",\"itemListElement\":[{\"@type\":\"ListItem\",\"position\":1,\"name\":\"Portada\",\"item\":\"https:\/\/www.ull.es\/portal\/agenda\/\"},{\"@type\":\"ListItem\",\"position\":2,\"name\":\"Big Data. Extrayendo conocimiento de los datos\"}]},{\"@type\":\"WebSite\",\"@id\":\"https:\/\/www.ull.es\/portal\/agenda\/#website\",\"url\":\"https:\/\/www.ull.es\/portal\/agenda\/\",\"name\":\"ULL - Agenda\",\"description\":\"\",\"potentialAction\":[{\"@type\":\"SearchAction\",\"target\":{\"@type\":\"EntryPoint\",\"urlTemplate\":\"https:\/\/www.ull.es\/portal\/agenda\/?s={search_term_string}\"},\"query-input\":\"required name=search_term_string\"}],\"inLanguage\":\"es\"}]}<\/script>\n<!-- \/ Yoast SEO plugin. -->","yoast_head_json":{"title":"Big Data. Extrayendo conocimiento de los datos - ULL - Agenda","robots":{"index":"index","follow":"follow","max-snippet":"max-snippet:-1","max-image-preview":"max-image-preview:large","max-video-preview":"max-video-preview:-1"},"canonical":"https:\/\/www.ull.es\/portal\/agenda\/evento\/big-data-extrayendo-conocimiento-de-los-datos\/","og_locale":"es_ES","og_type":"article","og_title":"Big Data. Extrayendo conocimiento de los datos - ULL - Agenda","og_description":"Curso de Extensi\u00f3n Universitaria organizado por el Vicerrectorado de Cultura, Participaci\u00f3n Social y Campus Ofra y La Palma, dentro de la programaci\u00f3n de la convocatoria de Cursos de Extensi\u00f3n Universitaria FORMACCI\u00d3N 2023, que se celebrar\u00e1 en modalidad\u00a0presencial\u00a0entre el 8 y 12 de mayo de 2023,\u00a0reconocible por 2 cr\u00e9ditos ECTS. El curso proporciona la formaci\u00f3n base...","og_url":"https:\/\/www.ull.es\/portal\/agenda\/evento\/big-data-extrayendo-conocimiento-de-los-datos\/","og_site_name":"ULL - Agenda","article_modified_time":"2023-05-02T11:51:44+00:00","og_image":[{"width":700,"height":350,"url":"https:\/\/www.ull.es\/portal\/agenda\/wp-content\/uploads\/sites\/12\/2023\/01\/BannerFormACCION-BigData.png","type":"image\/png"}],"twitter_card":"summary_large_image","twitter_misc":{"Tiempo de lectura":"3 minutos"},"schema":{"@context":"https:\/\/schema.org","@graph":[{"@type":"WebPage","@id":"https:\/\/www.ull.es\/portal\/agenda\/evento\/big-data-extrayendo-conocimiento-de-los-datos\/","url":"https:\/\/www.ull.es\/portal\/agenda\/evento\/big-data-extrayendo-conocimiento-de-los-datos\/","name":"Big Data. Extrayendo conocimiento de los datos - ULL - Agenda","isPartOf":{"@id":"https:\/\/www.ull.es\/portal\/agenda\/#website"},"datePublished":"2023-01-18T08:28:03+00:00","dateModified":"2023-05-02T11:51:44+00:00","breadcrumb":{"@id":"https:\/\/www.ull.es\/portal\/agenda\/evento\/big-data-extrayendo-conocimiento-de-los-datos\/#breadcrumb"},"inLanguage":"es","potentialAction":[{"@type":"ReadAction","target":["https:\/\/www.ull.es\/portal\/agenda\/evento\/big-data-extrayendo-conocimiento-de-los-datos\/"]}]},{"@type":"BreadcrumbList","@id":"https:\/\/www.ull.es\/portal\/agenda\/evento\/big-data-extrayendo-conocimiento-de-los-datos\/#breadcrumb","itemListElement":[{"@type":"ListItem","position":1,"name":"Portada","item":"https:\/\/www.ull.es\/portal\/agenda\/"},{"@type":"ListItem","position":2,"name":"Big Data. Extrayendo conocimiento de los datos"}]},{"@type":"WebSite","@id":"https:\/\/www.ull.es\/portal\/agenda\/#website","url":"https:\/\/www.ull.es\/portal\/agenda\/","name":"ULL - Agenda","description":"","potentialAction":[{"@type":"SearchAction","target":{"@type":"EntryPoint","urlTemplate":"https:\/\/www.ull.es\/portal\/agenda\/?s={search_term_string}"},"query-input":"required name=search_term_string"}],"inLanguage":"es"}]}},"_links":{"self":[{"href":"https:\/\/www.ull.es\/portal\/agenda\/wp-json\/wp\/v2\/tribe_events\/28488"}],"collection":[{"href":"https:\/\/www.ull.es\/portal\/agenda\/wp-json\/wp\/v2\/tribe_events"}],"about":[{"href":"https:\/\/www.ull.es\/portal\/agenda\/wp-json\/wp\/v2\/types\/tribe_events"}],"author":[{"embeddable":true,"href":"https:\/\/www.ull.es\/portal\/agenda\/wp-json\/wp\/v2\/users\/43"}],"replies":[{"embeddable":true,"href":"https:\/\/www.ull.es\/portal\/agenda\/wp-json\/wp\/v2\/comments?post=28488"}],"version-history":[{"count":4,"href":"https:\/\/www.ull.es\/portal\/agenda\/wp-json\/wp\/v2\/tribe_events\/28488\/revisions"}],"predecessor-version":[{"id":30315,"href":"https:\/\/www.ull.es\/portal\/agenda\/wp-json\/wp\/v2\/tribe_events\/28488\/revisions\/30315"}],"wp:featuredmedia":[{"embeddable":true,"href":"https:\/\/www.ull.es\/portal\/agenda\/wp-json\/wp\/v2\/media\/28489"}],"wp:attachment":[{"href":"https:\/\/www.ull.es\/portal\/agenda\/wp-json\/wp\/v2\/media?parent=28488"}],"wp:term":[{"taxonomy":"post_tag","embeddable":true,"href":"https:\/\/www.ull.es\/portal\/agenda\/wp-json\/wp\/v2\/tags?post=28488"},{"taxonomy":"tribe_events_cat","embeddable":true,"href":"https:\/\/www.ull.es\/portal\/agenda\/wp-json\/wp\/v2\/tribe_events_cat?post=28488"}],"curies":[{"name":"wp","href":"https:\/\/api.w.org\/{rel}","templated":true}]}}