{"id":28777,"date":"2023-02-06T14:05:09","date_gmt":"2023-02-06T14:05:09","guid":{"rendered":"https:\/\/www.ull.es\/portal\/agenda\/?post_type=tribe_events&#038;p=28777"},"modified":"2023-06-20T07:45:35","modified_gmt":"2023-06-20T07:45:35","slug":"xxx-jornadas-internacionales-universitarias-de-tecnologia-educativa-2","status":"publish","type":"tribe_events","link":"https:\/\/www.ull.es\/portal\/agenda\/evento\/xxx-jornadas-internacionales-universitarias-de-tecnologia-educativa-2\/","title":{"rendered":"XXX Jornadas Internacionales Universitarias de Tecnolog\u00eda Educativa"},"content":{"rendered":"<p>Las XXX Jornadas Internacionales Universitarias de Tecnolog\u00eda Educativa (JUTE23 Tenerife), se llevar\u00e1n a cabo en un evento h\u00edbrido en la Facultad de Educaci\u00f3n, entre el 22 y 23 de junio. Cuenta con un programa que abarca diferentes ponencias y mesas redondas con autoridades relevantes, tanto del \u00e1mbito nacional como internacional, en las que debatir\u00e1n sobre diversos retos que se plantean en torno a la docencia e investigaci\u00f3n en tecnolog\u00eda educativa.<\/p>\n<p>La primera mesa se centrar\u00e1 en los \u00faltimos 30 a\u00f1os de investigaci\u00f3n en tecnolog\u00eda educativa, contando con referentes relevantes en este \u00e1mbito,<br \/>\ncomo Julio Cabero (Catedr\u00e1tico de Did\u00e1ctica y organizaci\u00f3n escolar de la universidad de sevilla), Francisco Garc\u00eda Pe\u00f1alvo (Catedr\u00e1tico de Inform\u00e1tica y Autom\u00e1tica en la Universidad de Salamanca), Juana Sancho (Catedr\u00e1tica em\u00e9rita de Tecnolog\u00edas Educativas del Departamento de Did\u00e1ctica y Organizaci\u00f3n Educativa de la Universidad de Barcelona) y Carina Gonz\u00e1lez (Catedr\u00e1tica de Arquitectura y Tecnolog\u00eda de Computadores en la Universidad de La Laguna)<\/p>\n<p>La segunda mesa, que tendr\u00e1 lugar en el segundo d\u00edas de las jornadas, se centrar\u00e1 en la docencia con tecnolog\u00eda educativa en los planes de estudio<br \/>\nde educaci\u00f3n, contando as\u00ed con Jes\u00fas Salinas (Catedr\u00e1tico de Tecnolog\u00eda Educativa en la Universidad de las Islas Baleares), Mar\u00eda Paz Prendes (Catedr\u00e1tica de Tecnolog\u00eda Educativa en la Universidad de Murcia), Cristina Alonso (Profesora Titular de Tecnolog\u00eda Educativa en la Universidad de Barcelona) y Jes\u00fas Valverde (Profesor Titular y Director del Campus Virtual de la Universidad de Extremadura).<\/p>\n<p>La tercera y \u00faltima mesa redonda se destinar\u00e1 a abordar la tem\u00e1tica de la investigaci\u00f3n y docencia con tecnolog\u00eda educativa en el \u00e1mbito iberoamericano, contando con la compa\u00f1\u00eda de referentes como Mariana Maggio (Directora de la Maestr\u00eda en Tecnolog\u00eda Educativa de la Universidad de Buenos Aires), Magdalena Claro (profesora de la facultad de Educaci\u00f3n en la Pontificia Universidad Cat\u00f3lica de Chile), Fernando Albuquerque (Profesor de Tecnolog\u00eda Educativa en la Universidad de Lisboa), Juan de Pablos (Catedr\u00e1tico de Did\u00e1ctica y Organizaci\u00f3n Escolar en la Universidad de Sevilla), y Mar\u00eda Soledad Ram\u00edrez Montoya (Profesora del Institute for the Future in Education del Tecnol\u00f3gico de Monterrey, M\u00e9xico).<\/p>\n<p><a href=\"https:\/\/bit.ly\/ProgramaDigitalJUTE23Tenerife\" target=\"_blank\" rel=\"noopener\" target=\"_blank\" rel=\"noopener\">Programa<\/a><\/p>\n<p>Para m\u00e1s informaci\u00f3n, pulse este <a href=\"https:\/\/jute2023.webs.ull.es\/\" target=\"_blank\" rel=\"noopener\" target=\"_blank\" rel=\"noopener\">enlace.\u00a0<\/a><\/p>\n","protected":false},"excerpt":{"rendered":"<p>Las XXX Jornadas Internacionales Universitarias de Tecnolog\u00eda Educativa (JUTE23 Tenerife), se llevar\u00e1n a cabo en un evento h\u00edbrido en la Facultad de Educaci\u00f3n, entre el 22 y 23 de junio. Cuenta con un programa que abarca diferentes ponencias y mesas redondas con autoridades relevantes, tanto del \u00e1mbito nacional como internacional, en las que debatir\u00e1n sobre&#8230;<\/p>\n","protected":false},"author":65,"featured_media":28845,"comment_status":"closed","ping_status":"closed","template":"","tags":[],"tribe_events_cat":[4,367,4667,815,191],"acf":[],"yoast_head":"<!-- This site is optimized with the Yoast SEO plugin v21.3 - https:\/\/yoast.com\/wordpress\/plugins\/seo\/ -->\n<title>XXX Jornadas Internacionales Universitarias de Tecnolog\u00eda Educativa - ULL - Agenda<\/title>\n<meta name=\"robots\" content=\"index, follow, max-snippet:-1, max-image-preview:large, max-video-preview:-1\" \/>\n<link rel=\"canonical\" href=\"https:\/\/www.ull.es\/portal\/agenda\/evento\/xxx-jornadas-internacionales-universitarias-de-tecnologia-educativa-2\/\" \/>\n<meta property=\"og:locale\" content=\"es_ES\" \/>\n<meta property=\"og:type\" content=\"article\" \/>\n<meta property=\"og:title\" content=\"XXX Jornadas Internacionales Universitarias de Tecnolog\u00eda Educativa - ULL - Agenda\" \/>\n<meta property=\"og:description\" content=\"Las XXX Jornadas Internacionales Universitarias de Tecnolog\u00eda Educativa (JUTE23 Tenerife), se llevar\u00e1n a cabo en un evento h\u00edbrido en la Facultad de Educaci\u00f3n, entre el 22 y 23 de junio. Cuenta con un programa que abarca diferentes ponencias y mesas redondas con autoridades relevantes, tanto del \u00e1mbito nacional como internacional, en las que debatir\u00e1n sobre...\" \/>\n<meta property=\"og:url\" content=\"https:\/\/www.ull.es\/portal\/agenda\/evento\/xxx-jornadas-internacionales-universitarias-de-tecnologia-educativa-2\/\" \/>\n<meta property=\"og:site_name\" content=\"ULL - Agenda\" \/>\n<meta property=\"article:modified_time\" content=\"2023-06-20T07:45:35+00:00\" \/>\n<meta property=\"og:image\" content=\"https:\/\/www.ull.es\/portal\/agenda\/wp-content\/uploads\/sites\/12\/2023\/02\/XXX-JJ-Internacionales-Universitarias-de-Tecnologia-Educativa_Banner-evento.png\" \/>\n\t<meta property=\"og:image:width\" content=\"750\" \/>\n\t<meta property=\"og:image:height\" content=\"370\" \/>\n\t<meta property=\"og:image:type\" content=\"image\/png\" \/>\n<meta name=\"twitter:card\" content=\"summary_large_image\" \/>\n<meta name=\"twitter:label1\" content=\"Tiempo de lectura\" \/>\n\t<meta name=\"twitter:data1\" content=\"2 minutos\" \/>\n<script type=\"application\/ld+json\" class=\"yoast-schema-graph\">{\"@context\":\"https:\/\/schema.org\",\"@graph\":[{\"@type\":\"WebPage\",\"@id\":\"https:\/\/www.ull.es\/portal\/agenda\/evento\/xxx-jornadas-internacionales-universitarias-de-tecnologia-educativa-2\/\",\"url\":\"https:\/\/www.ull.es\/portal\/agenda\/evento\/xxx-jornadas-internacionales-universitarias-de-tecnologia-educativa-2\/\",\"name\":\"XXX Jornadas Internacionales Universitarias de Tecnolog\u00eda Educativa - ULL - Agenda\",\"isPartOf\":{\"@id\":\"https:\/\/www.ull.es\/portal\/agenda\/#website\"},\"datePublished\":\"2023-02-06T14:05:09+00:00\",\"dateModified\":\"2023-06-20T07:45:35+00:00\",\"breadcrumb\":{\"@id\":\"https:\/\/www.ull.es\/portal\/agenda\/evento\/xxx-jornadas-internacionales-universitarias-de-tecnologia-educativa-2\/#breadcrumb\"},\"inLanguage\":\"es\",\"potentialAction\":[{\"@type\":\"ReadAction\",\"target\":[\"https:\/\/www.ull.es\/portal\/agenda\/evento\/xxx-jornadas-internacionales-universitarias-de-tecnologia-educativa-2\/\"]}]},{\"@type\":\"BreadcrumbList\",\"@id\":\"https:\/\/www.ull.es\/portal\/agenda\/evento\/xxx-jornadas-internacionales-universitarias-de-tecnologia-educativa-2\/#breadcrumb\",\"itemListElement\":[{\"@type\":\"ListItem\",\"position\":1,\"name\":\"Portada\",\"item\":\"https:\/\/www.ull.es\/portal\/agenda\/\"},{\"@type\":\"ListItem\",\"position\":2,\"name\":\"XXX Jornadas Internacionales Universitarias de Tecnolog\u00eda Educativa\"}]},{\"@type\":\"WebSite\",\"@id\":\"https:\/\/www.ull.es\/portal\/agenda\/#website\",\"url\":\"https:\/\/www.ull.es\/portal\/agenda\/\",\"name\":\"ULL - Agenda\",\"description\":\"\",\"potentialAction\":[{\"@type\":\"SearchAction\",\"target\":{\"@type\":\"EntryPoint\",\"urlTemplate\":\"https:\/\/www.ull.es\/portal\/agenda\/?s={search_term_string}\"},\"query-input\":\"required name=search_term_string\"}],\"inLanguage\":\"es\"}]}<\/script>\n<!-- \/ Yoast SEO plugin. -->","yoast_head_json":{"title":"XXX Jornadas Internacionales Universitarias de Tecnolog\u00eda Educativa - ULL - Agenda","robots":{"index":"index","follow":"follow","max-snippet":"max-snippet:-1","max-image-preview":"max-image-preview:large","max-video-preview":"max-video-preview:-1"},"canonical":"https:\/\/www.ull.es\/portal\/agenda\/evento\/xxx-jornadas-internacionales-universitarias-de-tecnologia-educativa-2\/","og_locale":"es_ES","og_type":"article","og_title":"XXX Jornadas Internacionales Universitarias de Tecnolog\u00eda Educativa - ULL - Agenda","og_description":"Las XXX Jornadas Internacionales Universitarias de Tecnolog\u00eda Educativa (JUTE23 Tenerife), se llevar\u00e1n a cabo en un evento h\u00edbrido en la Facultad de Educaci\u00f3n, entre el 22 y 23 de junio. Cuenta con un programa que abarca diferentes ponencias y mesas redondas con autoridades relevantes, tanto del \u00e1mbito nacional como internacional, en las que debatir\u00e1n sobre...","og_url":"https:\/\/www.ull.es\/portal\/agenda\/evento\/xxx-jornadas-internacionales-universitarias-de-tecnologia-educativa-2\/","og_site_name":"ULL - Agenda","article_modified_time":"2023-06-20T07:45:35+00:00","og_image":[{"width":750,"height":370,"url":"https:\/\/www.ull.es\/portal\/agenda\/wp-content\/uploads\/sites\/12\/2023\/02\/XXX-JJ-Internacionales-Universitarias-de-Tecnologia-Educativa_Banner-evento.png","type":"image\/png"}],"twitter_card":"summary_large_image","twitter_misc":{"Tiempo de lectura":"2 minutos"},"schema":{"@context":"https:\/\/schema.org","@graph":[{"@type":"WebPage","@id":"https:\/\/www.ull.es\/portal\/agenda\/evento\/xxx-jornadas-internacionales-universitarias-de-tecnologia-educativa-2\/","url":"https:\/\/www.ull.es\/portal\/agenda\/evento\/xxx-jornadas-internacionales-universitarias-de-tecnologia-educativa-2\/","name":"XXX Jornadas Internacionales Universitarias de Tecnolog\u00eda Educativa - ULL - Agenda","isPartOf":{"@id":"https:\/\/www.ull.es\/portal\/agenda\/#website"},"datePublished":"2023-02-06T14:05:09+00:00","dateModified":"2023-06-20T07:45:35+00:00","breadcrumb":{"@id":"https:\/\/www.ull.es\/portal\/agenda\/evento\/xxx-jornadas-internacionales-universitarias-de-tecnologia-educativa-2\/#breadcrumb"},"inLanguage":"es","potentialAction":[{"@type":"ReadAction","target":["https:\/\/www.ull.es\/portal\/agenda\/evento\/xxx-jornadas-internacionales-universitarias-de-tecnologia-educativa-2\/"]}]},{"@type":"BreadcrumbList","@id":"https:\/\/www.ull.es\/portal\/agenda\/evento\/xxx-jornadas-internacionales-universitarias-de-tecnologia-educativa-2\/#breadcrumb","itemListElement":[{"@type":"ListItem","position":1,"name":"Portada","item":"https:\/\/www.ull.es\/portal\/agenda\/"},{"@type":"ListItem","position":2,"name":"XXX Jornadas Internacionales Universitarias de Tecnolog\u00eda Educativa"}]},{"@type":"WebSite","@id":"https:\/\/www.ull.es\/portal\/agenda\/#website","url":"https:\/\/www.ull.es\/portal\/agenda\/","name":"ULL - Agenda","description":"","potentialAction":[{"@type":"SearchAction","target":{"@type":"EntryPoint","urlTemplate":"https:\/\/www.ull.es\/portal\/agenda\/?s={search_term_string}"},"query-input":"required name=search_term_string"}],"inLanguage":"es"}]}},"_links":{"self":[{"href":"https:\/\/www.ull.es\/portal\/agenda\/wp-json\/wp\/v2\/tribe_events\/28777"}],"collection":[{"href":"https:\/\/www.ull.es\/portal\/agenda\/wp-json\/wp\/v2\/tribe_events"}],"about":[{"href":"https:\/\/www.ull.es\/portal\/agenda\/wp-json\/wp\/v2\/types\/tribe_events"}],"author":[{"embeddable":true,"href":"https:\/\/www.ull.es\/portal\/agenda\/wp-json\/wp\/v2\/users\/65"}],"replies":[{"embeddable":true,"href":"https:\/\/www.ull.es\/portal\/agenda\/wp-json\/wp\/v2\/comments?post=28777"}],"version-history":[{"count":2,"href":"https:\/\/www.ull.es\/portal\/agenda\/wp-json\/wp\/v2\/tribe_events\/28777\/revisions"}],"predecessor-version":[{"id":31040,"href":"https:\/\/www.ull.es\/portal\/agenda\/wp-json\/wp\/v2\/tribe_events\/28777\/revisions\/31040"}],"wp:featuredmedia":[{"embeddable":true,"href":"https:\/\/www.ull.es\/portal\/agenda\/wp-json\/wp\/v2\/media\/28845"}],"wp:attachment":[{"href":"https:\/\/www.ull.es\/portal\/agenda\/wp-json\/wp\/v2\/media?parent=28777"}],"wp:term":[{"taxonomy":"post_tag","embeddable":true,"href":"https:\/\/www.ull.es\/portal\/agenda\/wp-json\/wp\/v2\/tags?post=28777"},{"taxonomy":"tribe_events_cat","embeddable":true,"href":"https:\/\/www.ull.es\/portal\/agenda\/wp-json\/wp\/v2\/tribe_events_cat?post=28777"}],"curies":[{"name":"wp","href":"https:\/\/api.w.org\/{rel}","templated":true}]}}