{"id":29241,"date":"2023-03-06T14:25:29","date_gmt":"2023-03-06T14:25:29","guid":{"rendered":"https:\/\/www.ull.es\/portal\/agenda\/?post_type=tribe_events&#038;p=29241"},"modified":"2023-05-08T10:50:06","modified_gmt":"2023-05-08T10:50:06","slug":"viabilidad-de-proyectos-empresariales","status":"publish","type":"tribe_events","link":"https:\/\/www.ull.es\/portal\/agenda\/evento\/viabilidad-de-proyectos-empresariales\/","title":{"rendered":"Viabilidad de proyectos empresariales"},"content":{"rendered":"<p>Curso de Extensi\u00f3n Universitaria organizado por el Vicerrectorado de Cultura, Participaci\u00f3n Social y Campus Ofra y La Palma en colaboraci\u00f3n con el<strong> Ayuntamiento de Candelaria<\/strong>, dentro de la programaci\u00f3n de la convocatoria de Cursos de Extensi\u00f3n Universitaria en el \u00e1mbito municipal\u00a0<a href=\"https:\/\/www.ull.es\/cultura\/cursos-extension-universitaria\/cursos-de-ayuntamientos\/\" target=\"_blank\" rel=\"noopener\" target=\"_blank\" rel=\"noopener\">\u201cAyuntamientos 2023\u201d<\/a>, que se celebrar\u00e1 en el municipio de Candelaria los d\u00edas <strong>26, 27 y 28 de junio de 2023<\/strong>.<\/p>\n<p>Objetivos:<\/p>\n<p>El alumnado aprender\u00e1 a realizar la planificaci\u00f3n econ\u00f3mico \u2013 financiera de un proyecto, ya sea una empresa, una inversi\u00f3n o un nuevo producto o servicio a partir de hip\u00f3tesis realistas sobre la evoluci\u00f3n del proyecto en los pr\u00f3ximo a\u00f1os. Analizar\u00e1n distintas formas de financiaci\u00f3n en funci\u00f3n del coste del dinero en el tiempo e identificar\u00e1n modelos que permitan determinar la valoraci\u00f3n de la empresa o del proyecto, minimizando el riesgo. El curso prepara a los participantes para analizar opciones y tomar decisiones de una forma 100% pr\u00e1ctica y profesional.<\/p>\n<p>Metodolog\u00eda docente: Clases pr\u00e1cticas, siendo los supuestos basados en casos reales el hilo conductor.<\/p>\n<p>Dirigido a emprendedores potenciales que quieran evaluar que sus proyectos sean viables, rentables y convenientes. Estudiantes de cualquier titulaci\u00f3n que deseen ejercer una actividad profesional como aut\u00f3nomo o a trav\u00e9s de pyme.<\/p>\n<p>Direcci\u00f3n acad\u00e9mica: Alicia Correa Rodr\u00edguez. Profesora Titular, Departamento de Econom\u00eda, Contabilidad y Finanzas de la Universidad de La Laguna.<\/p>\n<p><strong>CERTIFICADO DE ASISTENCIA, APTITUD Y RECONOCIMIENTO POR CR\u00c9DITO ECTS<\/strong><\/p>\n<p>La ULL, a trav\u00e9s del Vicerrectorado de Cultura y Extensi\u00f3n Universitaria, emitir\u00e1 un certificado de asistencia a todas aquellas personas que asistan a un m\u00ednimo del 80% de las horas lectivas presenciales. Asimismo, aquellas personas que superen el trabajo aut\u00f3nomo del alumnado, recibir\u00e1n un certificado de asistencia y aprovechamiento, reconocible a su vez por un cr\u00e9dito ECTS.<\/p>\n<p><a href=\"https:\/\/sede.fg.ull.es\/es\/curso\/detalle\/a23020095\/viabilidad-de-proyectos-empresariales\" target=\"_blank\" rel=\"noopener\" target=\"_blank\" rel=\"noopener\"><strong><u>Consulta el programa e inscr\u00edbete aqu\u00ed.<\/u><\/strong><\/a><\/p>\n<p><strong>Contacto: 922 319 616 \/ 922 319 626 \u2013\u00a0<\/strong><a href=\"mailto:extuni@ull.edu.es\" target=\"_blank\" rel=\"noopener\"><strong>extuni@ull.es<\/strong><\/a><\/p>\n","protected":false},"excerpt":{"rendered":"<p>Curso de Extensi\u00f3n Universitaria organizado por el Vicerrectorado de Cultura, Participaci\u00f3n Social y Campus Ofra y La Palma en colaboraci\u00f3n con el Ayuntamiento de Candelaria, dentro de la programaci\u00f3n de la convocatoria de Cursos de Extensi\u00f3n Universitaria en el \u00e1mbito municipal\u00a0\u201cAyuntamientos 2023\u201d, que se celebrar\u00e1 en el municipio de Candelaria los d\u00edas 26, 27 y&#8230;<\/p>\n","protected":false},"author":43,"featured_media":30422,"comment_status":"closed","ping_status":"closed","template":"","tags":[4259,4485,977,3812,4851],"tribe_events_cat":[472,469,4,186],"acf":[],"yoast_head":"<!-- This site is optimized with the Yoast SEO plugin v21.3 - https:\/\/yoast.com\/wordpress\/plugins\/seo\/ -->\n<title>Viabilidad de proyectos empresariales - ULL - Agenda<\/title>\n<meta name=\"robots\" content=\"index, follow, max-snippet:-1, max-image-preview:large, max-video-preview:-1\" \/>\n<link rel=\"canonical\" href=\"https:\/\/www.ull.es\/portal\/agenda\/evento\/viabilidad-de-proyectos-empresariales\/\" \/>\n<meta property=\"og:locale\" content=\"es_ES\" \/>\n<meta property=\"og:type\" content=\"article\" \/>\n<meta property=\"og:title\" content=\"Viabilidad de proyectos empresariales - ULL - Agenda\" \/>\n<meta property=\"og:description\" content=\"Curso de Extensi\u00f3n Universitaria organizado por el Vicerrectorado de Cultura, Participaci\u00f3n Social y Campus Ofra y La Palma en colaboraci\u00f3n con el Ayuntamiento de Candelaria, dentro de la programaci\u00f3n de la convocatoria de Cursos de Extensi\u00f3n Universitaria en el \u00e1mbito municipal\u00a0\u201cAyuntamientos 2023\u201d, que se celebrar\u00e1 en el municipio de Candelaria los d\u00edas 26, 27 y...\" \/>\n<meta property=\"og:url\" content=\"https:\/\/www.ull.es\/portal\/agenda\/evento\/viabilidad-de-proyectos-empresariales\/\" \/>\n<meta property=\"og:site_name\" content=\"ULL - Agenda\" \/>\n<meta property=\"article:modified_time\" content=\"2023-05-08T10:50:06+00:00\" \/>\n<meta property=\"og:image\" content=\"https:\/\/www.ull.es\/portal\/agenda\/wp-content\/uploads\/sites\/12\/2023\/03\/BannerCandelaria.png\" \/>\n\t<meta property=\"og:image:width\" content=\"700\" \/>\n\t<meta property=\"og:image:height\" content=\"350\" \/>\n\t<meta property=\"og:image:type\" content=\"image\/png\" \/>\n<meta name=\"twitter:card\" content=\"summary_large_image\" \/>\n<meta name=\"twitter:label1\" content=\"Tiempo de lectura\" \/>\n\t<meta name=\"twitter:data1\" content=\"2 minutos\" \/>\n<script type=\"application\/ld+json\" class=\"yoast-schema-graph\">{\"@context\":\"https:\/\/schema.org\",\"@graph\":[{\"@type\":\"WebPage\",\"@id\":\"https:\/\/www.ull.es\/portal\/agenda\/evento\/viabilidad-de-proyectos-empresariales\/\",\"url\":\"https:\/\/www.ull.es\/portal\/agenda\/evento\/viabilidad-de-proyectos-empresariales\/\",\"name\":\"Viabilidad de proyectos empresariales - ULL - Agenda\",\"isPartOf\":{\"@id\":\"https:\/\/www.ull.es\/portal\/agenda\/#website\"},\"datePublished\":\"2023-03-06T14:25:29+00:00\",\"dateModified\":\"2023-05-08T10:50:06+00:00\",\"breadcrumb\":{\"@id\":\"https:\/\/www.ull.es\/portal\/agenda\/evento\/viabilidad-de-proyectos-empresariales\/#breadcrumb\"},\"inLanguage\":\"es\",\"potentialAction\":[{\"@type\":\"ReadAction\",\"target\":[\"https:\/\/www.ull.es\/portal\/agenda\/evento\/viabilidad-de-proyectos-empresariales\/\"]}]},{\"@type\":\"BreadcrumbList\",\"@id\":\"https:\/\/www.ull.es\/portal\/agenda\/evento\/viabilidad-de-proyectos-empresariales\/#breadcrumb\",\"itemListElement\":[{\"@type\":\"ListItem\",\"position\":1,\"name\":\"Portada\",\"item\":\"https:\/\/www.ull.es\/portal\/agenda\/\"},{\"@type\":\"ListItem\",\"position\":2,\"name\":\"Viabilidad de proyectos empresariales\"}]},{\"@type\":\"WebSite\",\"@id\":\"https:\/\/www.ull.es\/portal\/agenda\/#website\",\"url\":\"https:\/\/www.ull.es\/portal\/agenda\/\",\"name\":\"ULL - Agenda\",\"description\":\"\",\"potentialAction\":[{\"@type\":\"SearchAction\",\"target\":{\"@type\":\"EntryPoint\",\"urlTemplate\":\"https:\/\/www.ull.es\/portal\/agenda\/?s={search_term_string}\"},\"query-input\":\"required name=search_term_string\"}],\"inLanguage\":\"es\"}]}<\/script>\n<!-- \/ Yoast SEO plugin. -->","yoast_head_json":{"title":"Viabilidad de proyectos empresariales - ULL - Agenda","robots":{"index":"index","follow":"follow","max-snippet":"max-snippet:-1","max-image-preview":"max-image-preview:large","max-video-preview":"max-video-preview:-1"},"canonical":"https:\/\/www.ull.es\/portal\/agenda\/evento\/viabilidad-de-proyectos-empresariales\/","og_locale":"es_ES","og_type":"article","og_title":"Viabilidad de proyectos empresariales - ULL - Agenda","og_description":"Curso de Extensi\u00f3n Universitaria organizado por el Vicerrectorado de Cultura, Participaci\u00f3n Social y Campus Ofra y La Palma en colaboraci\u00f3n con el Ayuntamiento de Candelaria, dentro de la programaci\u00f3n de la convocatoria de Cursos de Extensi\u00f3n Universitaria en el \u00e1mbito municipal\u00a0\u201cAyuntamientos 2023\u201d, que se celebrar\u00e1 en el municipio de Candelaria los d\u00edas 26, 27 y...","og_url":"https:\/\/www.ull.es\/portal\/agenda\/evento\/viabilidad-de-proyectos-empresariales\/","og_site_name":"ULL - Agenda","article_modified_time":"2023-05-08T10:50:06+00:00","og_image":[{"width":700,"height":350,"url":"https:\/\/www.ull.es\/portal\/agenda\/wp-content\/uploads\/sites\/12\/2023\/03\/BannerCandelaria.png","type":"image\/png"}],"twitter_card":"summary_large_image","twitter_misc":{"Tiempo de lectura":"2 minutos"},"schema":{"@context":"https:\/\/schema.org","@graph":[{"@type":"WebPage","@id":"https:\/\/www.ull.es\/portal\/agenda\/evento\/viabilidad-de-proyectos-empresariales\/","url":"https:\/\/www.ull.es\/portal\/agenda\/evento\/viabilidad-de-proyectos-empresariales\/","name":"Viabilidad de proyectos empresariales - ULL - Agenda","isPartOf":{"@id":"https:\/\/www.ull.es\/portal\/agenda\/#website"},"datePublished":"2023-03-06T14:25:29+00:00","dateModified":"2023-05-08T10:50:06+00:00","breadcrumb":{"@id":"https:\/\/www.ull.es\/portal\/agenda\/evento\/viabilidad-de-proyectos-empresariales\/#breadcrumb"},"inLanguage":"es","potentialAction":[{"@type":"ReadAction","target":["https:\/\/www.ull.es\/portal\/agenda\/evento\/viabilidad-de-proyectos-empresariales\/"]}]},{"@type":"BreadcrumbList","@id":"https:\/\/www.ull.es\/portal\/agenda\/evento\/viabilidad-de-proyectos-empresariales\/#breadcrumb","itemListElement":[{"@type":"ListItem","position":1,"name":"Portada","item":"https:\/\/www.ull.es\/portal\/agenda\/"},{"@type":"ListItem","position":2,"name":"Viabilidad de proyectos empresariales"}]},{"@type":"WebSite","@id":"https:\/\/www.ull.es\/portal\/agenda\/#website","url":"https:\/\/www.ull.es\/portal\/agenda\/","name":"ULL - Agenda","description":"","potentialAction":[{"@type":"SearchAction","target":{"@type":"EntryPoint","urlTemplate":"https:\/\/www.ull.es\/portal\/agenda\/?s={search_term_string}"},"query-input":"required name=search_term_string"}],"inLanguage":"es"}]}},"_links":{"self":[{"href":"https:\/\/www.ull.es\/portal\/agenda\/wp-json\/wp\/v2\/tribe_events\/29241"}],"collection":[{"href":"https:\/\/www.ull.es\/portal\/agenda\/wp-json\/wp\/v2\/tribe_events"}],"about":[{"href":"https:\/\/www.ull.es\/portal\/agenda\/wp-json\/wp\/v2\/types\/tribe_events"}],"author":[{"embeddable":true,"href":"https:\/\/www.ull.es\/portal\/agenda\/wp-json\/wp\/v2\/users\/43"}],"replies":[{"embeddable":true,"href":"https:\/\/www.ull.es\/portal\/agenda\/wp-json\/wp\/v2\/comments?post=29241"}],"version-history":[{"count":5,"href":"https:\/\/www.ull.es\/portal\/agenda\/wp-json\/wp\/v2\/tribe_events\/29241\/revisions"}],"predecessor-version":[{"id":30423,"href":"https:\/\/www.ull.es\/portal\/agenda\/wp-json\/wp\/v2\/tribe_events\/29241\/revisions\/30423"}],"wp:featuredmedia":[{"embeddable":true,"href":"https:\/\/www.ull.es\/portal\/agenda\/wp-json\/wp\/v2\/media\/30422"}],"wp:attachment":[{"href":"https:\/\/www.ull.es\/portal\/agenda\/wp-json\/wp\/v2\/media?parent=29241"}],"wp:term":[{"taxonomy":"post_tag","embeddable":true,"href":"https:\/\/www.ull.es\/portal\/agenda\/wp-json\/wp\/v2\/tags?post=29241"},{"taxonomy":"tribe_events_cat","embeddable":true,"href":"https:\/\/www.ull.es\/portal\/agenda\/wp-json\/wp\/v2\/tribe_events_cat?post=29241"}],"curies":[{"name":"wp","href":"https:\/\/api.w.org\/{rel}","templated":true}]}}