{"id":29300,"date":"2023-03-07T11:05:42","date_gmt":"2023-03-07T11:05:42","guid":{"rendered":"https:\/\/www.ull.es\/portal\/agenda\/?post_type=tribe_events&#038;p=29300"},"modified":"2023-05-02T11:56:11","modified_gmt":"2023-05-02T11:56:11","slug":"prevencion-y-gestion-descentralizada-de-biorresiduos-mediante-compostaje-domestico-y-comunitario","status":"publish","type":"tribe_events","link":"https:\/\/www.ull.es\/portal\/agenda\/evento\/prevencion-y-gestion-descentralizada-de-biorresiduos-mediante-compostaje-domestico-y-comunitario\/","title":{"rendered":"Prevenci\u00f3n y gesti\u00f3n descentralizada de biorresiduos mediante compostaje dom\u00e9stico y comunitario"},"content":{"rendered":"<p>Curso de Extensi\u00f3n Universitaria organizado por el Vicerrectorado de Cultura, Participaci\u00f3n Social y Campus Ofra y La Palma en colaboraci\u00f3n con el<strong> Ayuntamiento de Santiago del Teide<\/strong>, dentro de la programaci\u00f3n de la convocatoria de Cursos de Extensi\u00f3n Universitaria en el \u00e1mbito municipal\u00a0<a href=\"https:\/\/www.ull.es\/cultura\/cursos-extension-universitaria\/cursos-de-ayuntamientos\/\" target=\"_blank\" rel=\"noopener\" target=\"_blank\" rel=\"noopener\">\u201cAyuntamientos 2023\u201d<\/a>, que se celebrar\u00e1 en modalidad <strong>online<\/strong> los d\u00edas <strong>23, 24 y 25 de mayo de 2023<\/strong>.<\/p>\n<p>Objetivos:<\/p>\n<ul>\n<li>Ofrecer formaci\u00f3n te\u00f3rico-pr\u00e1ctica introductoria b\u00e1sica para el adecuado manejo, funcionamiento y resultados de las zonas de compostaje dom\u00e9stico o comunitario en las que puedan participar o estar a su cargo a escala municipal.<\/li>\n<li>Identificar las principales fuentes de biorresiduos en los municipios y el potencial de aprovechamiento.<\/li>\n<li>Dar a conocer diferentes sistemas de compostaje dom\u00e9stico y comunitario y sus caracter\u00edsticas.<\/li>\n<li>Aplicar los conocimientos a casos reales de gesti\u00f3n y seguimiento de biorresiduos mediante sistemas de compostaje local dom\u00e9stico y comunitario.<\/li>\n<li>Conseguir poner en pr\u00e1ctica principios de comunicaci\u00f3n y dinamizaci\u00f3n ciudadana en torno al compostaje.<\/li>\n<\/ul>\n<p>Metodolog\u00eda docente: Combinaci\u00f3n de sesiones te\u00f3ricas con ejercicios pr\u00e1cticos.<\/p>\n<p>Dirigido a personas interesadas en la prevenci\u00f3n y gesti\u00f3n de residuos en general y en el compostaje de los biorresiduos en particular. Miembros de la comunidad universitaria y centros educativos. T\u00e9cnicos de administraciones p\u00fablicas interesadas en la prevenci\u00f3n y reducci\u00f3n de residuos s\u00f3lidos urbanos, as\u00ed como en participaci\u00f3n ciudadana. Profesionales, pol\u00edticos y equipos de gobierno con responsabilidades en pol\u00edticas de gesti\u00f3n de residuos, desarrollo comunitario y econom\u00eda social y solidaria.<\/p>\n<p>Direcci\u00f3n acad\u00e9mica: Carlos Jim\u00e9nez Mart\u00ednez. Profesor Contratado Doctor, Departamento de Bellas Artes de la Universidad de La Laguna.<\/p>\n<p><strong>CERTIFICADO DE ASISTENCIA, APTITUD Y RECONOCIMIENTO POR CR\u00c9DITO ECTS<\/strong><\/p>\n<p>La ULL, a trav\u00e9s del Vicerrectorado de Cultura y Extensi\u00f3n Universitaria, emitir\u00e1 un certificado de asistencia a todas aquellas personas que asistan a un m\u00ednimo del 80% de las horas lectivas presenciales. Asimismo, aquellas personas que superen el trabajo aut\u00f3nomo del alumnado, recibir\u00e1n un certificado de asistencia y aprovechamiento, reconocible a su vez por un cr\u00e9dito ECTS.<\/p>\n<p><a href=\"https:\/\/sede.fg.ull.es\/es\/curso\/detalle\/a23020079\/prevencion-y-gestion-descentralizada-de-biorresiduos-mediante-compostaje-domestico-y-comunitario\" target=\"_blank\" rel=\"noopener\" target=\"_blank\" rel=\"noopener\"><strong><u>Consulta el programa e inscr\u00edbete aqu\u00ed.<\/u><\/strong><\/a><\/p>\n<p><strong>Contacto: 922 319 616 \/ 922 319 626 \u2013\u00a0<\/strong><a href=\"mailto:extuni@ull.edu.es\" target=\"_blank\" rel=\"noopener\"><strong>extuni@ull.es<\/strong><\/a><\/p>\n","protected":false},"excerpt":{"rendered":"<p>Curso de Extensi\u00f3n Universitaria organizado por el Vicerrectorado de Cultura, Participaci\u00f3n Social y Campus Ofra y La Palma en colaboraci\u00f3n con el Ayuntamiento de Santiago del Teide, dentro de la programaci\u00f3n de la convocatoria de Cursos de Extensi\u00f3n Universitaria en el \u00e1mbito municipal\u00a0\u201cAyuntamientos 2023\u201d, que se celebrar\u00e1 en modalidad online los d\u00edas 23, 24 y&#8230;<\/p>\n","protected":false},"author":43,"featured_media":29399,"comment_status":"closed","ping_status":"closed","template":"","tags":[4259,4475,977,3812,4855,3751],"tribe_events_cat":[472,469,4,186],"acf":[],"yoast_head":"<!-- This site is optimized with the Yoast SEO plugin v21.3 - https:\/\/yoast.com\/wordpress\/plugins\/seo\/ -->\n<title>Prevenci\u00f3n y gesti\u00f3n descentralizada de biorresiduos mediante compostaje dom\u00e9stico y comunitario - ULL - Agenda<\/title>\n<meta name=\"robots\" content=\"index, follow, max-snippet:-1, max-image-preview:large, max-video-preview:-1\" \/>\n<link rel=\"canonical\" href=\"https:\/\/www.ull.es\/portal\/agenda\/evento\/prevencion-y-gestion-descentralizada-de-biorresiduos-mediante-compostaje-domestico-y-comunitario\/\" \/>\n<meta property=\"og:locale\" content=\"es_ES\" \/>\n<meta property=\"og:type\" content=\"article\" \/>\n<meta property=\"og:title\" content=\"Prevenci\u00f3n y gesti\u00f3n descentralizada de biorresiduos mediante compostaje dom\u00e9stico y comunitario - ULL - Agenda\" \/>\n<meta property=\"og:description\" content=\"Curso de Extensi\u00f3n Universitaria organizado por el Vicerrectorado de Cultura, Participaci\u00f3n Social y Campus Ofra y La Palma en colaboraci\u00f3n con el Ayuntamiento de Santiago del Teide, dentro de la programaci\u00f3n de la convocatoria de Cursos de Extensi\u00f3n Universitaria en el \u00e1mbito municipal\u00a0\u201cAyuntamientos 2023\u201d, que se celebrar\u00e1 en modalidad online los d\u00edas 23, 24 y...\" \/>\n<meta property=\"og:url\" content=\"https:\/\/www.ull.es\/portal\/agenda\/evento\/prevencion-y-gestion-descentralizada-de-biorresiduos-mediante-compostaje-domestico-y-comunitario\/\" \/>\n<meta property=\"og:site_name\" content=\"ULL - Agenda\" \/>\n<meta property=\"article:modified_time\" content=\"2023-05-02T11:56:11+00:00\" \/>\n<meta property=\"og:image\" content=\"https:\/\/www.ull.es\/portal\/agenda\/wp-content\/uploads\/sites\/12\/2023\/03\/34.png\" \/>\n\t<meta property=\"og:image:width\" content=\"700\" \/>\n\t<meta property=\"og:image:height\" content=\"350\" \/>\n\t<meta property=\"og:image:type\" content=\"image\/png\" \/>\n<meta name=\"twitter:card\" content=\"summary_large_image\" \/>\n<meta name=\"twitter:label1\" content=\"Tiempo de lectura\" \/>\n\t<meta name=\"twitter:data1\" content=\"2 minutos\" \/>\n<script type=\"application\/ld+json\" class=\"yoast-schema-graph\">{\"@context\":\"https:\/\/schema.org\",\"@graph\":[{\"@type\":\"WebPage\",\"@id\":\"https:\/\/www.ull.es\/portal\/agenda\/evento\/prevencion-y-gestion-descentralizada-de-biorresiduos-mediante-compostaje-domestico-y-comunitario\/\",\"url\":\"https:\/\/www.ull.es\/portal\/agenda\/evento\/prevencion-y-gestion-descentralizada-de-biorresiduos-mediante-compostaje-domestico-y-comunitario\/\",\"name\":\"Prevenci\u00f3n y gesti\u00f3n descentralizada de biorresiduos mediante compostaje dom\u00e9stico y comunitario - ULL - Agenda\",\"isPartOf\":{\"@id\":\"https:\/\/www.ull.es\/portal\/agenda\/#website\"},\"datePublished\":\"2023-03-07T11:05:42+00:00\",\"dateModified\":\"2023-05-02T11:56:11+00:00\",\"breadcrumb\":{\"@id\":\"https:\/\/www.ull.es\/portal\/agenda\/evento\/prevencion-y-gestion-descentralizada-de-biorresiduos-mediante-compostaje-domestico-y-comunitario\/#breadcrumb\"},\"inLanguage\":\"es\",\"potentialAction\":[{\"@type\":\"ReadAction\",\"target\":[\"https:\/\/www.ull.es\/portal\/agenda\/evento\/prevencion-y-gestion-descentralizada-de-biorresiduos-mediante-compostaje-domestico-y-comunitario\/\"]}]},{\"@type\":\"BreadcrumbList\",\"@id\":\"https:\/\/www.ull.es\/portal\/agenda\/evento\/prevencion-y-gestion-descentralizada-de-biorresiduos-mediante-compostaje-domestico-y-comunitario\/#breadcrumb\",\"itemListElement\":[{\"@type\":\"ListItem\",\"position\":1,\"name\":\"Portada\",\"item\":\"https:\/\/www.ull.es\/portal\/agenda\/\"},{\"@type\":\"ListItem\",\"position\":2,\"name\":\"Prevenci\u00f3n y gesti\u00f3n descentralizada de biorresiduos mediante compostaje dom\u00e9stico y comunitario\"}]},{\"@type\":\"WebSite\",\"@id\":\"https:\/\/www.ull.es\/portal\/agenda\/#website\",\"url\":\"https:\/\/www.ull.es\/portal\/agenda\/\",\"name\":\"ULL - Agenda\",\"description\":\"\",\"potentialAction\":[{\"@type\":\"SearchAction\",\"target\":{\"@type\":\"EntryPoint\",\"urlTemplate\":\"https:\/\/www.ull.es\/portal\/agenda\/?s={search_term_string}\"},\"query-input\":\"required name=search_term_string\"}],\"inLanguage\":\"es\"}]}<\/script>\n<!-- \/ Yoast SEO plugin. -->","yoast_head_json":{"title":"Prevenci\u00f3n y gesti\u00f3n descentralizada de biorresiduos mediante compostaje dom\u00e9stico y comunitario - ULL - Agenda","robots":{"index":"index","follow":"follow","max-snippet":"max-snippet:-1","max-image-preview":"max-image-preview:large","max-video-preview":"max-video-preview:-1"},"canonical":"https:\/\/www.ull.es\/portal\/agenda\/evento\/prevencion-y-gestion-descentralizada-de-biorresiduos-mediante-compostaje-domestico-y-comunitario\/","og_locale":"es_ES","og_type":"article","og_title":"Prevenci\u00f3n y gesti\u00f3n descentralizada de biorresiduos mediante compostaje dom\u00e9stico y comunitario - ULL - Agenda","og_description":"Curso de Extensi\u00f3n Universitaria organizado por el Vicerrectorado de Cultura, Participaci\u00f3n Social y Campus Ofra y La Palma en colaboraci\u00f3n con el Ayuntamiento de Santiago del Teide, dentro de la programaci\u00f3n de la convocatoria de Cursos de Extensi\u00f3n Universitaria en el \u00e1mbito municipal\u00a0\u201cAyuntamientos 2023\u201d, que se celebrar\u00e1 en modalidad online los d\u00edas 23, 24 y...","og_url":"https:\/\/www.ull.es\/portal\/agenda\/evento\/prevencion-y-gestion-descentralizada-de-biorresiduos-mediante-compostaje-domestico-y-comunitario\/","og_site_name":"ULL - Agenda","article_modified_time":"2023-05-02T11:56:11+00:00","og_image":[{"width":700,"height":350,"url":"https:\/\/www.ull.es\/portal\/agenda\/wp-content\/uploads\/sites\/12\/2023\/03\/34.png","type":"image\/png"}],"twitter_card":"summary_large_image","twitter_misc":{"Tiempo de lectura":"2 minutos"},"schema":{"@context":"https:\/\/schema.org","@graph":[{"@type":"WebPage","@id":"https:\/\/www.ull.es\/portal\/agenda\/evento\/prevencion-y-gestion-descentralizada-de-biorresiduos-mediante-compostaje-domestico-y-comunitario\/","url":"https:\/\/www.ull.es\/portal\/agenda\/evento\/prevencion-y-gestion-descentralizada-de-biorresiduos-mediante-compostaje-domestico-y-comunitario\/","name":"Prevenci\u00f3n y gesti\u00f3n descentralizada de biorresiduos mediante compostaje dom\u00e9stico y comunitario - ULL - Agenda","isPartOf":{"@id":"https:\/\/www.ull.es\/portal\/agenda\/#website"},"datePublished":"2023-03-07T11:05:42+00:00","dateModified":"2023-05-02T11:56:11+00:00","breadcrumb":{"@id":"https:\/\/www.ull.es\/portal\/agenda\/evento\/prevencion-y-gestion-descentralizada-de-biorresiduos-mediante-compostaje-domestico-y-comunitario\/#breadcrumb"},"inLanguage":"es","potentialAction":[{"@type":"ReadAction","target":["https:\/\/www.ull.es\/portal\/agenda\/evento\/prevencion-y-gestion-descentralizada-de-biorresiduos-mediante-compostaje-domestico-y-comunitario\/"]}]},{"@type":"BreadcrumbList","@id":"https:\/\/www.ull.es\/portal\/agenda\/evento\/prevencion-y-gestion-descentralizada-de-biorresiduos-mediante-compostaje-domestico-y-comunitario\/#breadcrumb","itemListElement":[{"@type":"ListItem","position":1,"name":"Portada","item":"https:\/\/www.ull.es\/portal\/agenda\/"},{"@type":"ListItem","position":2,"name":"Prevenci\u00f3n y gesti\u00f3n descentralizada de biorresiduos mediante compostaje dom\u00e9stico y comunitario"}]},{"@type":"WebSite","@id":"https:\/\/www.ull.es\/portal\/agenda\/#website","url":"https:\/\/www.ull.es\/portal\/agenda\/","name":"ULL - Agenda","description":"","potentialAction":[{"@type":"SearchAction","target":{"@type":"EntryPoint","urlTemplate":"https:\/\/www.ull.es\/portal\/agenda\/?s={search_term_string}"},"query-input":"required name=search_term_string"}],"inLanguage":"es"}]}},"_links":{"self":[{"href":"https:\/\/www.ull.es\/portal\/agenda\/wp-json\/wp\/v2\/tribe_events\/29300"}],"collection":[{"href":"https:\/\/www.ull.es\/portal\/agenda\/wp-json\/wp\/v2\/tribe_events"}],"about":[{"href":"https:\/\/www.ull.es\/portal\/agenda\/wp-json\/wp\/v2\/types\/tribe_events"}],"author":[{"embeddable":true,"href":"https:\/\/www.ull.es\/portal\/agenda\/wp-json\/wp\/v2\/users\/43"}],"replies":[{"embeddable":true,"href":"https:\/\/www.ull.es\/portal\/agenda\/wp-json\/wp\/v2\/comments?post=29300"}],"version-history":[{"count":3,"href":"https:\/\/www.ull.es\/portal\/agenda\/wp-json\/wp\/v2\/tribe_events\/29300\/revisions"}],"predecessor-version":[{"id":30321,"href":"https:\/\/www.ull.es\/portal\/agenda\/wp-json\/wp\/v2\/tribe_events\/29300\/revisions\/30321"}],"wp:featuredmedia":[{"embeddable":true,"href":"https:\/\/www.ull.es\/portal\/agenda\/wp-json\/wp\/v2\/media\/29399"}],"wp:attachment":[{"href":"https:\/\/www.ull.es\/portal\/agenda\/wp-json\/wp\/v2\/media?parent=29300"}],"wp:term":[{"taxonomy":"post_tag","embeddable":true,"href":"https:\/\/www.ull.es\/portal\/agenda\/wp-json\/wp\/v2\/tags?post=29300"},{"taxonomy":"tribe_events_cat","embeddable":true,"href":"https:\/\/www.ull.es\/portal\/agenda\/wp-json\/wp\/v2\/tribe_events_cat?post=29300"}],"curies":[{"name":"wp","href":"https:\/\/api.w.org\/{rel}","templated":true}]}}