{"id":29305,"date":"2023-03-07T11:20:57","date_gmt":"2023-03-07T11:20:57","guid":{"rendered":"https:\/\/www.ull.es\/portal\/agenda\/?post_type=tribe_events&#038;p=29305"},"modified":"2023-07-07T09:08:33","modified_gmt":"2023-07-07T09:08:33","slug":"intervencion-centrada-en-la-familia-para-trabajo-con-ninos-con-neae-y-nee-3","status":"publish","type":"tribe_events","link":"https:\/\/www.ull.es\/portal\/agenda\/evento\/intervencion-centrada-en-la-familia-para-trabajo-con-ninos-con-neae-y-nee-3\/","title":{"rendered":"Intervenci\u00f3n centrada en la familia para trabajo con ni\u00f1os con NEAE y NEE"},"content":{"rendered":"<p>Curso de Extensi\u00f3n Universitaria organizado por el Vicerrectorado de Cultura, Participaci\u00f3n Social y Campus Ofra y La Palma en colaboraci\u00f3n con el<strong>\u00a0Ayuntamiento de Santiago del Teide<\/strong>, dentro de la programaci\u00f3n de la convocatoria de Cursos de Extensi\u00f3n Universitaria en el \u00e1mbito municipal\u00a0<a href=\"https:\/\/www.ull.es\/cultura\/cursos-extension-universitaria\/cursos-de-ayuntamientos\/\" target=\"_blank\" rel=\"noopener\" target=\"_blank\" rel=\"noopener\">\u201cAyuntamientos 2023\u201d<\/a>, que se celebrar\u00e1 en modalidad\u00a0<strong>online<\/strong> los d\u00edas\u00a0<strong>12, 13 y 14 de julio de 2023<\/strong>.<\/p>\n<p>Objetivos:<\/p>\n<ul>\n<li>Conocer el concepto de familia y tipos de familias.<\/li>\n<li>Valorar el papel de la familia en el desarrollo y bienestar de los ni\u00f1os con NEAE y NEE.<\/li>\n<li>Conocer el concepto de calidad de vida familiar.<\/li>\n<li>Comprender las reacciones emociones de las familias tras el diagn\u00f3stico de su hijo\/a.<\/li>\n<li>Conocer los modelos de intervenci\u00f3n con las familias de ni\u00f1os con NEAE y NEE.<\/li>\n<li>Conocer los modelos de relaci\u00f3n entre familias y profesionales.<\/li>\n<\/ul>\n<p>Metodolog\u00eda docente: Se utilizar\u00e1 una metodolog\u00eda abierta y flexible, basada en un enfoque centrado en el alumnado. Se pretende que, mediante las explicaciones te\u00f3ricas de los conceptos, el alumnado desarrolle tareas adecuadamente programadas. Adem\u00e1s que pueda usar, desarrollar, adquirir y consolidar las destrezas y conocimientos propios de la tem\u00e1tica.<\/p>\n<p>Dirigido al alumnado Grado de Pedagog\u00eda, Grado de Maestro en Educaci\u00f3n Infantil, Grado en Educaci\u00f3n Primaria, Licenciado\/a en Psicopedagog\u00eda, Grado en Psicolog\u00eda, Grado en Trabajo Social, Grado en Logopedia, profesionales del \u00e1mbito socio-sanitario y educativo, y personas interesadas en este tema.<\/p>\n<p>Direcci\u00f3n acad\u00e9mica: Mar\u00eda del Carmen Rodr\u00edguez Jim\u00e9nez. Profesora Contratada Doctora. Departamento de Did\u00e1ctica e Investigaci\u00f3n Educativa de la Universidad de La Laguna.<\/p>\n<p><strong>CERTIFICADO DE ASISTENCIA, APTITUD Y RECONOCIMIENTO POR CR\u00c9DITO ECTS<\/strong><\/p>\n<p>La ULL, a trav\u00e9s del Vicerrectorado de Cultura y Extensi\u00f3n Universitaria, emitir\u00e1 un certificado de asistencia a todas aquellas personas que asistan a un m\u00ednimo del 80% de las horas lectivas presenciales. Asimismo, aquellas personas que superen el trabajo aut\u00f3nomo del alumnado, recibir\u00e1n un certificado de asistencia y aprovechamiento, reconocible a su vez por un cr\u00e9dito ECTS.<\/p>\n<p><a href=\"https:\/\/sede.fg.ull.es\/es\/curso\/detalle\/a23020075\/intervencion-centrada-en-la-familia-para-trabajo-con-ni-os-con-neae-y-nee\" target=\"_blank\" rel=\"noopener\" target=\"_blank\" rel=\"noopener\"><strong><u>Consulta el programa e inscr\u00edbete aqu\u00ed.<\/u><\/strong><\/a><\/p>\n<p><strong><span style=\"color: #ff0000\">\u00a1PLAZAS AGOTADAS!<\/span><\/strong><\/p>\n<p><strong>Contacto: 922 319 616 \/ 922 319 626 \u2013\u00a0<\/strong><a href=\"mailto:extuni@ull.edu.es\" target=\"_blank\" rel=\"noopener\"><strong>extuni@ull.es<\/strong><\/a><\/p>\n","protected":false},"excerpt":{"rendered":"<p>Curso de Extensi\u00f3n Universitaria organizado por el Vicerrectorado de Cultura, Participaci\u00f3n Social y Campus Ofra y La Palma en colaboraci\u00f3n con el\u00a0Ayuntamiento de Santiago del Teide, dentro de la programaci\u00f3n de la convocatoria de Cursos de Extensi\u00f3n Universitaria en el \u00e1mbito municipal\u00a0\u201cAyuntamientos 2023\u201d, que se celebrar\u00e1 en modalidad\u00a0online los d\u00edas\u00a012, 13 y 14 de julio&#8230;<\/p>\n","protected":false},"author":43,"featured_media":29403,"comment_status":"closed","ping_status":"closed","template":"","tags":[4259,4475,977,3812,4855,3751],"tribe_events_cat":[472,469,4,186],"acf":[],"yoast_head":"<!-- This site is optimized with the Yoast SEO plugin v21.3 - https:\/\/yoast.com\/wordpress\/plugins\/seo\/ -->\n<title>Intervenci\u00f3n centrada en la familia para trabajo con ni\u00f1os con NEAE y NEE - ULL - Agenda<\/title>\n<meta name=\"robots\" content=\"index, follow, max-snippet:-1, max-image-preview:large, max-video-preview:-1\" \/>\n<link rel=\"canonical\" href=\"https:\/\/www.ull.es\/portal\/agenda\/evento\/intervencion-centrada-en-la-familia-para-trabajo-con-ninos-con-neae-y-nee-3\/\" \/>\n<meta property=\"og:locale\" content=\"es_ES\" \/>\n<meta property=\"og:type\" content=\"article\" \/>\n<meta property=\"og:title\" content=\"Intervenci\u00f3n centrada en la familia para trabajo con ni\u00f1os con NEAE y NEE - ULL - Agenda\" \/>\n<meta property=\"og:description\" content=\"Curso de Extensi\u00f3n Universitaria organizado por el Vicerrectorado de Cultura, Participaci\u00f3n Social y Campus Ofra y La Palma en colaboraci\u00f3n con el\u00a0Ayuntamiento de Santiago del Teide, dentro de la programaci\u00f3n de la convocatoria de Cursos de Extensi\u00f3n Universitaria en el \u00e1mbito municipal\u00a0\u201cAyuntamientos 2023\u201d, que se celebrar\u00e1 en modalidad\u00a0online los d\u00edas\u00a012, 13 y 14 de julio...\" \/>\n<meta property=\"og:url\" content=\"https:\/\/www.ull.es\/portal\/agenda\/evento\/intervencion-centrada-en-la-familia-para-trabajo-con-ninos-con-neae-y-nee-3\/\" \/>\n<meta property=\"og:site_name\" content=\"ULL - Agenda\" \/>\n<meta property=\"article:modified_time\" content=\"2023-07-07T09:08:33+00:00\" \/>\n<meta property=\"og:image\" content=\"https:\/\/www.ull.es\/portal\/agenda\/wp-content\/uploads\/sites\/12\/2023\/03\/30.png\" \/>\n\t<meta property=\"og:image:width\" content=\"700\" \/>\n\t<meta property=\"og:image:height\" content=\"350\" \/>\n\t<meta property=\"og:image:type\" content=\"image\/png\" \/>\n<meta name=\"twitter:card\" content=\"summary_large_image\" \/>\n<meta name=\"twitter:label1\" content=\"Tiempo de lectura\" \/>\n\t<meta name=\"twitter:data1\" content=\"2 minutos\" \/>\n<script type=\"application\/ld+json\" class=\"yoast-schema-graph\">{\"@context\":\"https:\/\/schema.org\",\"@graph\":[{\"@type\":\"WebPage\",\"@id\":\"https:\/\/www.ull.es\/portal\/agenda\/evento\/intervencion-centrada-en-la-familia-para-trabajo-con-ninos-con-neae-y-nee-3\/\",\"url\":\"https:\/\/www.ull.es\/portal\/agenda\/evento\/intervencion-centrada-en-la-familia-para-trabajo-con-ninos-con-neae-y-nee-3\/\",\"name\":\"Intervenci\u00f3n centrada en la familia para trabajo con ni\u00f1os con NEAE y NEE - ULL - Agenda\",\"isPartOf\":{\"@id\":\"https:\/\/www.ull.es\/portal\/agenda\/#website\"},\"datePublished\":\"2023-03-07T11:20:57+00:00\",\"dateModified\":\"2023-07-07T09:08:33+00:00\",\"breadcrumb\":{\"@id\":\"https:\/\/www.ull.es\/portal\/agenda\/evento\/intervencion-centrada-en-la-familia-para-trabajo-con-ninos-con-neae-y-nee-3\/#breadcrumb\"},\"inLanguage\":\"es\",\"potentialAction\":[{\"@type\":\"ReadAction\",\"target\":[\"https:\/\/www.ull.es\/portal\/agenda\/evento\/intervencion-centrada-en-la-familia-para-trabajo-con-ninos-con-neae-y-nee-3\/\"]}]},{\"@type\":\"BreadcrumbList\",\"@id\":\"https:\/\/www.ull.es\/portal\/agenda\/evento\/intervencion-centrada-en-la-familia-para-trabajo-con-ninos-con-neae-y-nee-3\/#breadcrumb\",\"itemListElement\":[{\"@type\":\"ListItem\",\"position\":1,\"name\":\"Portada\",\"item\":\"https:\/\/www.ull.es\/portal\/agenda\/\"},{\"@type\":\"ListItem\",\"position\":2,\"name\":\"Intervenci\u00f3n centrada en la familia para trabajo con ni\u00f1os con NEAE y NEE\"}]},{\"@type\":\"WebSite\",\"@id\":\"https:\/\/www.ull.es\/portal\/agenda\/#website\",\"url\":\"https:\/\/www.ull.es\/portal\/agenda\/\",\"name\":\"ULL - Agenda\",\"description\":\"\",\"potentialAction\":[{\"@type\":\"SearchAction\",\"target\":{\"@type\":\"EntryPoint\",\"urlTemplate\":\"https:\/\/www.ull.es\/portal\/agenda\/?s={search_term_string}\"},\"query-input\":\"required name=search_term_string\"}],\"inLanguage\":\"es\"}]}<\/script>\n<!-- \/ Yoast SEO plugin. -->","yoast_head_json":{"title":"Intervenci\u00f3n centrada en la familia para trabajo con ni\u00f1os con NEAE y NEE - ULL - Agenda","robots":{"index":"index","follow":"follow","max-snippet":"max-snippet:-1","max-image-preview":"max-image-preview:large","max-video-preview":"max-video-preview:-1"},"canonical":"https:\/\/www.ull.es\/portal\/agenda\/evento\/intervencion-centrada-en-la-familia-para-trabajo-con-ninos-con-neae-y-nee-3\/","og_locale":"es_ES","og_type":"article","og_title":"Intervenci\u00f3n centrada en la familia para trabajo con ni\u00f1os con NEAE y NEE - ULL - Agenda","og_description":"Curso de Extensi\u00f3n Universitaria organizado por el Vicerrectorado de Cultura, Participaci\u00f3n Social y Campus Ofra y La Palma en colaboraci\u00f3n con el\u00a0Ayuntamiento de Santiago del Teide, dentro de la programaci\u00f3n de la convocatoria de Cursos de Extensi\u00f3n Universitaria en el \u00e1mbito municipal\u00a0\u201cAyuntamientos 2023\u201d, que se celebrar\u00e1 en modalidad\u00a0online los d\u00edas\u00a012, 13 y 14 de julio...","og_url":"https:\/\/www.ull.es\/portal\/agenda\/evento\/intervencion-centrada-en-la-familia-para-trabajo-con-ninos-con-neae-y-nee-3\/","og_site_name":"ULL - Agenda","article_modified_time":"2023-07-07T09:08:33+00:00","og_image":[{"width":700,"height":350,"url":"https:\/\/www.ull.es\/portal\/agenda\/wp-content\/uploads\/sites\/12\/2023\/03\/30.png","type":"image\/png"}],"twitter_card":"summary_large_image","twitter_misc":{"Tiempo de lectura":"2 minutos"},"schema":{"@context":"https:\/\/schema.org","@graph":[{"@type":"WebPage","@id":"https:\/\/www.ull.es\/portal\/agenda\/evento\/intervencion-centrada-en-la-familia-para-trabajo-con-ninos-con-neae-y-nee-3\/","url":"https:\/\/www.ull.es\/portal\/agenda\/evento\/intervencion-centrada-en-la-familia-para-trabajo-con-ninos-con-neae-y-nee-3\/","name":"Intervenci\u00f3n centrada en la familia para trabajo con ni\u00f1os con NEAE y NEE - ULL - Agenda","isPartOf":{"@id":"https:\/\/www.ull.es\/portal\/agenda\/#website"},"datePublished":"2023-03-07T11:20:57+00:00","dateModified":"2023-07-07T09:08:33+00:00","breadcrumb":{"@id":"https:\/\/www.ull.es\/portal\/agenda\/evento\/intervencion-centrada-en-la-familia-para-trabajo-con-ninos-con-neae-y-nee-3\/#breadcrumb"},"inLanguage":"es","potentialAction":[{"@type":"ReadAction","target":["https:\/\/www.ull.es\/portal\/agenda\/evento\/intervencion-centrada-en-la-familia-para-trabajo-con-ninos-con-neae-y-nee-3\/"]}]},{"@type":"BreadcrumbList","@id":"https:\/\/www.ull.es\/portal\/agenda\/evento\/intervencion-centrada-en-la-familia-para-trabajo-con-ninos-con-neae-y-nee-3\/#breadcrumb","itemListElement":[{"@type":"ListItem","position":1,"name":"Portada","item":"https:\/\/www.ull.es\/portal\/agenda\/"},{"@type":"ListItem","position":2,"name":"Intervenci\u00f3n centrada en la familia para trabajo con ni\u00f1os con NEAE y NEE"}]},{"@type":"WebSite","@id":"https:\/\/www.ull.es\/portal\/agenda\/#website","url":"https:\/\/www.ull.es\/portal\/agenda\/","name":"ULL - Agenda","description":"","potentialAction":[{"@type":"SearchAction","target":{"@type":"EntryPoint","urlTemplate":"https:\/\/www.ull.es\/portal\/agenda\/?s={search_term_string}"},"query-input":"required name=search_term_string"}],"inLanguage":"es"}]}},"_links":{"self":[{"href":"https:\/\/www.ull.es\/portal\/agenda\/wp-json\/wp\/v2\/tribe_events\/29305"}],"collection":[{"href":"https:\/\/www.ull.es\/portal\/agenda\/wp-json\/wp\/v2\/tribe_events"}],"about":[{"href":"https:\/\/www.ull.es\/portal\/agenda\/wp-json\/wp\/v2\/types\/tribe_events"}],"author":[{"embeddable":true,"href":"https:\/\/www.ull.es\/portal\/agenda\/wp-json\/wp\/v2\/users\/43"}],"replies":[{"embeddable":true,"href":"https:\/\/www.ull.es\/portal\/agenda\/wp-json\/wp\/v2\/comments?post=29305"}],"version-history":[{"count":4,"href":"https:\/\/www.ull.es\/portal\/agenda\/wp-json\/wp\/v2\/tribe_events\/29305\/revisions"}],"predecessor-version":[{"id":31241,"href":"https:\/\/www.ull.es\/portal\/agenda\/wp-json\/wp\/v2\/tribe_events\/29305\/revisions\/31241"}],"wp:featuredmedia":[{"embeddable":true,"href":"https:\/\/www.ull.es\/portal\/agenda\/wp-json\/wp\/v2\/media\/29403"}],"wp:attachment":[{"href":"https:\/\/www.ull.es\/portal\/agenda\/wp-json\/wp\/v2\/media?parent=29305"}],"wp:term":[{"taxonomy":"post_tag","embeddable":true,"href":"https:\/\/www.ull.es\/portal\/agenda\/wp-json\/wp\/v2\/tags?post=29305"},{"taxonomy":"tribe_events_cat","embeddable":true,"href":"https:\/\/www.ull.es\/portal\/agenda\/wp-json\/wp\/v2\/tribe_events_cat?post=29305"}],"curies":[{"name":"wp","href":"https:\/\/api.w.org\/{rel}","templated":true}]}}