{"id":29331,"date":"2023-03-07T12:11:21","date_gmt":"2023-03-07T12:11:21","guid":{"rendered":"https:\/\/www.ull.es\/portal\/agenda\/?post_type=tribe_events&#038;p=29331"},"modified":"2023-10-04T08:24:13","modified_gmt":"2023-10-04T08:24:13","slug":"patrimonio-historico-y-cultural-de-canarias","status":"publish","type":"tribe_events","link":"https:\/\/www.ull.es\/portal\/agenda\/evento\/patrimonio-historico-y-cultural-de-canarias\/","title":{"rendered":"Patrimonio hist\u00f3rico y cultural de Canarias"},"content":{"rendered":"<p>Curso de Extensi\u00f3n Universitaria organizado por el Vicerrectorado de Cultura, Participaci\u00f3n Social y Campus Ofra y La Palma en colaboraci\u00f3n con el<strong>\u00a0Ayuntamiento de El Rosario<\/strong>, dentro de la programaci\u00f3n de la convocatoria de Cursos de Extensi\u00f3n Universitaria en el \u00e1mbito municipal\u00a0<a href=\"https:\/\/www.ull.es\/cultura\/cursos-extension-universitaria\/cursos-de-ayuntamientos\/\" target=\"_blank\" rel=\"noopener\" target=\"_blank\" rel=\"noopener\">\u201cAyuntamientos 2023\u201d<\/a>, que se celebrar\u00e1 en el municipio de El Rosario los d\u00edas <strong>17, 18 y 19 de octubre de 2023<\/strong>.<\/p>\n<p>Objetivos: Dotar al alumnado de unas bases para el fomento de su participaci\u00f3n activa en la protecci\u00f3n del patrimonio cultural en su entorno.<\/p>\n<p>Metodolog\u00eda docente: Conferencias participativas con estudios de caso intercalados, seguidas de un debate con la audiencia.<\/p>\n<p>Dirigido a cualquier persona interesada en los mecanismos para la conservaci\u00f3n, promoci\u00f3n y difusi\u00f3n del patrimonio cultural, con especial atenci\u00f3n al que conforma la identidad canaria en general y la de su propio municipio en particular.<\/p>\n<p>Direcci\u00f3n acad\u00e9mica:<\/p>\n<ul>\n<li>Luis Javier Capote P\u00e9rez. Profesor de Derecho Civil, Departamento de Disciplinas Jur\u00eddicas B\u00e1sicas de la Universidad de La Laguna. Miembro de la C\u00e1tedra UNESCO \u00abCultural Property Protection\u00bb de la Universidad de Opole. Miembro del comit\u00e9 editorial de la \u00abSantander Art &amp; Culture Law Review\u00bb.<\/li>\n<li>Eva M\u00aa. Gonz\u00e1lez Lorenzo. Licenciada en Ciencias Pol\u00edticas y Sociales. DEA en Sociolog\u00eda. Doctora en Ciencias de la Informaci\u00f3n. Directora gerente de una ONG.<\/li>\n<\/ul>\n<p><strong>CERTIFICADO DE ASISTENCIA, APTITUD Y RECONOCIMIENTO POR CR\u00c9DITO ECTS<\/strong><\/p>\n<p>La ULL, a trav\u00e9s del Vicerrectorado de Cultura y Extensi\u00f3n Universitaria, emitir\u00e1 un certificado de asistencia a todas aquellas personas que asistan a un m\u00ednimo del 80% de las horas lectivas presenciales. Asimismo, aquellas personas que superen el trabajo aut\u00f3nomo del alumnado, recibir\u00e1n un certificado de asistencia y aprovechamiento, reconocible a su vez por un cr\u00e9dito ECTS.<\/p>\n<p><a href=\"https:\/\/sede.fg.ull.es\/es\/curso\/detalle\/a23020062\/patrimonio-historico-y-cultural-de-canarias\" target=\"_blank\" rel=\"noopener\" target=\"_blank\" rel=\"noopener\"><strong><u>Consulta el programa e inscr\u00edbete aqu\u00ed.<\/u><\/strong><\/a><\/p>\n<p><strong>Contacto: 922 319 616 \/ 922 319 626 \u2013\u00a0<\/strong><a href=\"mailto:extuni@ull.edu.es\" target=\"_blank\" rel=\"noopener\"><strong>extuni@ull.es<\/strong><\/a><\/p>\n","protected":false},"excerpt":{"rendered":"<p>Curso de Extensi\u00f3n Universitaria organizado por el Vicerrectorado de Cultura, Participaci\u00f3n Social y Campus Ofra y La Palma en colaboraci\u00f3n con el\u00a0Ayuntamiento de El Rosario, dentro de la programaci\u00f3n de la convocatoria de Cursos de Extensi\u00f3n Universitaria en el \u00e1mbito municipal\u00a0\u201cAyuntamientos 2023\u201d, que se celebrar\u00e1 en el municipio de El Rosario los d\u00edas 17, 18&#8230;<\/p>\n","protected":false},"author":43,"featured_media":32346,"comment_status":"closed","ping_status":"closed","template":"","tags":[4259,4519,977,3812,4852],"tribe_events_cat":[472,469,4,186],"acf":[],"yoast_head":"<!-- This site is optimized with the Yoast SEO plugin v21.3 - https:\/\/yoast.com\/wordpress\/plugins\/seo\/ -->\n<title>Patrimonio hist\u00f3rico y cultural de Canarias - ULL - Agenda<\/title>\n<meta name=\"robots\" content=\"index, follow, max-snippet:-1, max-image-preview:large, max-video-preview:-1\" \/>\n<link rel=\"canonical\" href=\"https:\/\/www.ull.es\/portal\/agenda\/evento\/patrimonio-historico-y-cultural-de-canarias\/\" \/>\n<meta property=\"og:locale\" content=\"es_ES\" \/>\n<meta property=\"og:type\" content=\"article\" \/>\n<meta property=\"og:title\" content=\"Patrimonio hist\u00f3rico y cultural de Canarias - ULL - Agenda\" \/>\n<meta property=\"og:description\" content=\"Curso de Extensi\u00f3n Universitaria organizado por el Vicerrectorado de Cultura, Participaci\u00f3n Social y Campus Ofra y La Palma en colaboraci\u00f3n con el\u00a0Ayuntamiento de El Rosario, dentro de la programaci\u00f3n de la convocatoria de Cursos de Extensi\u00f3n Universitaria en el \u00e1mbito municipal\u00a0\u201cAyuntamientos 2023\u201d, que se celebrar\u00e1 en el municipio de El Rosario los d\u00edas 17, 18...\" \/>\n<meta property=\"og:url\" content=\"https:\/\/www.ull.es\/portal\/agenda\/evento\/patrimonio-historico-y-cultural-de-canarias\/\" \/>\n<meta property=\"og:site_name\" content=\"ULL - Agenda\" \/>\n<meta property=\"article:modified_time\" content=\"2023-10-04T08:24:13+00:00\" \/>\n<meta property=\"og:image\" content=\"https:\/\/www.ull.es\/portal\/agenda\/wp-content\/uploads\/sites\/12\/2023\/03\/BannerRosario.png\" \/>\n\t<meta property=\"og:image:width\" content=\"700\" \/>\n\t<meta property=\"og:image:height\" content=\"350\" \/>\n\t<meta property=\"og:image:type\" content=\"image\/png\" \/>\n<meta name=\"twitter:card\" content=\"summary_large_image\" \/>\n<meta name=\"twitter:label1\" content=\"Tiempo de lectura\" \/>\n\t<meta name=\"twitter:data1\" content=\"2 minutos\" \/>\n<script type=\"application\/ld+json\" class=\"yoast-schema-graph\">{\"@context\":\"https:\/\/schema.org\",\"@graph\":[{\"@type\":\"WebPage\",\"@id\":\"https:\/\/www.ull.es\/portal\/agenda\/evento\/patrimonio-historico-y-cultural-de-canarias\/\",\"url\":\"https:\/\/www.ull.es\/portal\/agenda\/evento\/patrimonio-historico-y-cultural-de-canarias\/\",\"name\":\"Patrimonio hist\u00f3rico y cultural de Canarias - ULL - Agenda\",\"isPartOf\":{\"@id\":\"https:\/\/www.ull.es\/portal\/agenda\/#website\"},\"datePublished\":\"2023-03-07T12:11:21+00:00\",\"dateModified\":\"2023-10-04T08:24:13+00:00\",\"breadcrumb\":{\"@id\":\"https:\/\/www.ull.es\/portal\/agenda\/evento\/patrimonio-historico-y-cultural-de-canarias\/#breadcrumb\"},\"inLanguage\":\"es\",\"potentialAction\":[{\"@type\":\"ReadAction\",\"target\":[\"https:\/\/www.ull.es\/portal\/agenda\/evento\/patrimonio-historico-y-cultural-de-canarias\/\"]}]},{\"@type\":\"BreadcrumbList\",\"@id\":\"https:\/\/www.ull.es\/portal\/agenda\/evento\/patrimonio-historico-y-cultural-de-canarias\/#breadcrumb\",\"itemListElement\":[{\"@type\":\"ListItem\",\"position\":1,\"name\":\"Portada\",\"item\":\"https:\/\/www.ull.es\/portal\/agenda\/\"},{\"@type\":\"ListItem\",\"position\":2,\"name\":\"Patrimonio hist\u00f3rico y cultural de Canarias\"}]},{\"@type\":\"WebSite\",\"@id\":\"https:\/\/www.ull.es\/portal\/agenda\/#website\",\"url\":\"https:\/\/www.ull.es\/portal\/agenda\/\",\"name\":\"ULL - Agenda\",\"description\":\"\",\"potentialAction\":[{\"@type\":\"SearchAction\",\"target\":{\"@type\":\"EntryPoint\",\"urlTemplate\":\"https:\/\/www.ull.es\/portal\/agenda\/?s={search_term_string}\"},\"query-input\":\"required name=search_term_string\"}],\"inLanguage\":\"es\"}]}<\/script>\n<!-- \/ Yoast SEO plugin. -->","yoast_head_json":{"title":"Patrimonio hist\u00f3rico y cultural de Canarias - ULL - Agenda","robots":{"index":"index","follow":"follow","max-snippet":"max-snippet:-1","max-image-preview":"max-image-preview:large","max-video-preview":"max-video-preview:-1"},"canonical":"https:\/\/www.ull.es\/portal\/agenda\/evento\/patrimonio-historico-y-cultural-de-canarias\/","og_locale":"es_ES","og_type":"article","og_title":"Patrimonio hist\u00f3rico y cultural de Canarias - ULL - Agenda","og_description":"Curso de Extensi\u00f3n Universitaria organizado por el Vicerrectorado de Cultura, Participaci\u00f3n Social y Campus Ofra y La Palma en colaboraci\u00f3n con el\u00a0Ayuntamiento de El Rosario, dentro de la programaci\u00f3n de la convocatoria de Cursos de Extensi\u00f3n Universitaria en el \u00e1mbito municipal\u00a0\u201cAyuntamientos 2023\u201d, que se celebrar\u00e1 en el municipio de El Rosario los d\u00edas 17, 18...","og_url":"https:\/\/www.ull.es\/portal\/agenda\/evento\/patrimonio-historico-y-cultural-de-canarias\/","og_site_name":"ULL - Agenda","article_modified_time":"2023-10-04T08:24:13+00:00","og_image":[{"width":700,"height":350,"url":"https:\/\/www.ull.es\/portal\/agenda\/wp-content\/uploads\/sites\/12\/2023\/03\/BannerRosario.png","type":"image\/png"}],"twitter_card":"summary_large_image","twitter_misc":{"Tiempo de lectura":"2 minutos"},"schema":{"@context":"https:\/\/schema.org","@graph":[{"@type":"WebPage","@id":"https:\/\/www.ull.es\/portal\/agenda\/evento\/patrimonio-historico-y-cultural-de-canarias\/","url":"https:\/\/www.ull.es\/portal\/agenda\/evento\/patrimonio-historico-y-cultural-de-canarias\/","name":"Patrimonio hist\u00f3rico y cultural de Canarias - ULL - Agenda","isPartOf":{"@id":"https:\/\/www.ull.es\/portal\/agenda\/#website"},"datePublished":"2023-03-07T12:11:21+00:00","dateModified":"2023-10-04T08:24:13+00:00","breadcrumb":{"@id":"https:\/\/www.ull.es\/portal\/agenda\/evento\/patrimonio-historico-y-cultural-de-canarias\/#breadcrumb"},"inLanguage":"es","potentialAction":[{"@type":"ReadAction","target":["https:\/\/www.ull.es\/portal\/agenda\/evento\/patrimonio-historico-y-cultural-de-canarias\/"]}]},{"@type":"BreadcrumbList","@id":"https:\/\/www.ull.es\/portal\/agenda\/evento\/patrimonio-historico-y-cultural-de-canarias\/#breadcrumb","itemListElement":[{"@type":"ListItem","position":1,"name":"Portada","item":"https:\/\/www.ull.es\/portal\/agenda\/"},{"@type":"ListItem","position":2,"name":"Patrimonio hist\u00f3rico y cultural de Canarias"}]},{"@type":"WebSite","@id":"https:\/\/www.ull.es\/portal\/agenda\/#website","url":"https:\/\/www.ull.es\/portal\/agenda\/","name":"ULL - Agenda","description":"","potentialAction":[{"@type":"SearchAction","target":{"@type":"EntryPoint","urlTemplate":"https:\/\/www.ull.es\/portal\/agenda\/?s={search_term_string}"},"query-input":"required name=search_term_string"}],"inLanguage":"es"}]}},"_links":{"self":[{"href":"https:\/\/www.ull.es\/portal\/agenda\/wp-json\/wp\/v2\/tribe_events\/29331"}],"collection":[{"href":"https:\/\/www.ull.es\/portal\/agenda\/wp-json\/wp\/v2\/tribe_events"}],"about":[{"href":"https:\/\/www.ull.es\/portal\/agenda\/wp-json\/wp\/v2\/types\/tribe_events"}],"author":[{"embeddable":true,"href":"https:\/\/www.ull.es\/portal\/agenda\/wp-json\/wp\/v2\/users\/43"}],"replies":[{"embeddable":true,"href":"https:\/\/www.ull.es\/portal\/agenda\/wp-json\/wp\/v2\/comments?post=29331"}],"version-history":[{"count":5,"href":"https:\/\/www.ull.es\/portal\/agenda\/wp-json\/wp\/v2\/tribe_events\/29331\/revisions"}],"predecessor-version":[{"id":32347,"href":"https:\/\/www.ull.es\/portal\/agenda\/wp-json\/wp\/v2\/tribe_events\/29331\/revisions\/32347"}],"wp:featuredmedia":[{"embeddable":true,"href":"https:\/\/www.ull.es\/portal\/agenda\/wp-json\/wp\/v2\/media\/32346"}],"wp:attachment":[{"href":"https:\/\/www.ull.es\/portal\/agenda\/wp-json\/wp\/v2\/media?parent=29331"}],"wp:term":[{"taxonomy":"post_tag","embeddable":true,"href":"https:\/\/www.ull.es\/portal\/agenda\/wp-json\/wp\/v2\/tags?post=29331"},{"taxonomy":"tribe_events_cat","embeddable":true,"href":"https:\/\/www.ull.es\/portal\/agenda\/wp-json\/wp\/v2\/tribe_events_cat?post=29331"}],"curies":[{"name":"wp","href":"https:\/\/api.w.org\/{rel}","templated":true}]}}