{"id":29348,"date":"2023-03-07T12:34:03","date_gmt":"2023-03-07T12:34:03","guid":{"rendered":"https:\/\/www.ull.es\/portal\/agenda\/?post_type=tribe_events&#038;p=29348"},"modified":"2023-09-25T07:23:21","modified_gmt":"2023-09-25T07:23:21","slug":"las-setas-silvestres-de-tenerife-recoleccion-identificacion-y-deshidratado-para-su-conservacion","status":"publish","type":"tribe_events","link":"https:\/\/www.ull.es\/portal\/agenda\/evento\/las-setas-silvestres-de-tenerife-recoleccion-identificacion-y-deshidratado-para-su-conservacion\/","title":{"rendered":"Las setas silvestres de Tenerife: recolecci\u00f3n, identificaci\u00f3n y deshidratado para su conservaci\u00f3n"},"content":{"rendered":"<p>Curso de Extensi\u00f3n Universitaria organizado por el Vicerrectorado de Cultura, Participaci\u00f3n Social y Campus Ofra y La Palma en colaboraci\u00f3n con el<strong>\u00a0Ayuntamiento de El Rosario<\/strong>, dentro de la programaci\u00f3n de la convocatoria de Cursos de Extensi\u00f3n Universitaria en el \u00e1mbito municipal\u00a0<a href=\"https:\/\/www.ull.es\/cultura\/cursos-extension-universitaria\/cursos-de-ayuntamientos\/\" target=\"_blank\" rel=\"noopener\" target=\"_blank\" rel=\"noopener\">\u201cAyuntamientos 2023\u201d<\/a>, que se celebrar\u00e1 en el municipio de El Rosario los d\u00edas\u00a0<strong>8, 9 y 10 de noviembre de 2023<\/strong>.<\/p>\n<p>Objetivos:<\/p>\n<ul>\n<li>Proporcionar al alumnado las claves de identificaci\u00f3n en el reconocimiento de g\u00e9neros y especies de setas.<\/li>\n<li>Dotar al alumnado de las normas que rigen la recolecci\u00f3n de setas silvestres en Tenerife.<\/li>\n<li>Conocer la t\u00e9cnica para la conservaci\u00f3n de setas.<\/li>\n<\/ul>\n<p>Metodolog\u00eda docente: Clases te\u00f3ricas en el aula apoyadas en material fotogr\u00e1fico y pr\u00e1cticas de reconocimiento de setas silvestres mediante la identificaci\u00f3n de esporadas, los aspectos morfol\u00f3gico y microscop\u00eda. Se empleara una metodolog\u00eda aplicada, intercalando la clase te\u00f3rica con la explicaci\u00f3n de car\u00e1cter pr\u00e1ctico y basada en el modelo de ense\u00f1anza MECA (Modelo de Ense\u00f1anza Centrada en el Alumnado).<\/p>\n<p>Dirigido a estudiantes de biolog\u00eda, ciencias ambientales, agrarias; y personas aficionadas e interesadas en el mundo de las setas.<\/p>\n<p>Direcci\u00f3n acad\u00e9mica: Antonio C. Perdomo Molina. Profesor asociado, Departamento de Ingenier\u00eda Agraria y del Medio Natural de la Universidad de La Laguna.<\/p>\n<p><strong>CERTIFICADO DE ASISTENCIA, APTITUD Y RECONOCIMIENTO POR CR\u00c9DITO ECTS<\/strong><\/p>\n<p>La ULL, a trav\u00e9s del Vicerrectorado de Cultura y Extensi\u00f3n Universitaria, emitir\u00e1 un certificado de asistencia a todas aquellas personas que asistan a un m\u00ednimo del 80% de las horas lectivas presenciales. Asimismo, aquellas personas que superen el trabajo aut\u00f3nomo del alumnado, recibir\u00e1n un certificado de asistencia y aprovechamiento, reconocible a su vez por un cr\u00e9dito ECTS.<\/p>\n<p><a href=\"https:\/\/sede.fg.ull.es\/es\/curso\/detalle\/a23020063\/las-setas-silvestres-de-tenerife-recoleccion-identificacion-y-deshidratado-para-su-conservacion\" target=\"_blank\" rel=\"noopener\" target=\"_blank\" rel=\"noopener\"><strong><u>Consulta el programa e inscr\u00edbete aqu\u00ed.<\/u><\/strong><\/a><\/p>\n<p><span style=\"color: #ff0000\"><strong>\u00a1PLAZAS AGOTADAS!<\/strong><\/span><\/p>\n<p><strong>Contacto: 922 319 616 \/ 922 319 626 \u2013\u00a0<\/strong><a href=\"mailto:extuni@ull.edu.es\" target=\"_blank\" rel=\"noopener\"><strong>extuni@ull.es<\/strong><\/a><\/p>\n","protected":false},"excerpt":{"rendered":"<p>Curso de Extensi\u00f3n Universitaria organizado por el Vicerrectorado de Cultura, Participaci\u00f3n Social y Campus Ofra y La Palma en colaboraci\u00f3n con el\u00a0Ayuntamiento de El Rosario, dentro de la programaci\u00f3n de la convocatoria de Cursos de Extensi\u00f3n Universitaria en el \u00e1mbito municipal\u00a0\u201cAyuntamientos 2023\u201d, que se celebrar\u00e1 en el municipio de El Rosario los d\u00edas\u00a08, 9 y&#8230;<\/p>\n","protected":false},"author":43,"featured_media":29389,"comment_status":"closed","ping_status":"closed","template":"","tags":[4259,4519,977,3812,4852],"tribe_events_cat":[472,469,4,186],"acf":[],"yoast_head":"<!-- This site is optimized with the Yoast SEO plugin v21.3 - https:\/\/yoast.com\/wordpress\/plugins\/seo\/ -->\n<title>Las setas silvestres de Tenerife: recolecci\u00f3n, identificaci\u00f3n y deshidratado para su conservaci\u00f3n - ULL - Agenda<\/title>\n<meta name=\"robots\" content=\"index, follow, max-snippet:-1, max-image-preview:large, max-video-preview:-1\" \/>\n<link rel=\"canonical\" href=\"https:\/\/www.ull.es\/portal\/agenda\/evento\/las-setas-silvestres-de-tenerife-recoleccion-identificacion-y-deshidratado-para-su-conservacion\/\" \/>\n<meta property=\"og:locale\" content=\"es_ES\" \/>\n<meta property=\"og:type\" content=\"article\" \/>\n<meta property=\"og:title\" content=\"Las setas silvestres de Tenerife: recolecci\u00f3n, identificaci\u00f3n y deshidratado para su conservaci\u00f3n - ULL - Agenda\" \/>\n<meta property=\"og:description\" content=\"Curso de Extensi\u00f3n Universitaria organizado por el Vicerrectorado de Cultura, Participaci\u00f3n Social y Campus Ofra y La Palma en colaboraci\u00f3n con el\u00a0Ayuntamiento de El Rosario, dentro de la programaci\u00f3n de la convocatoria de Cursos de Extensi\u00f3n Universitaria en el \u00e1mbito municipal\u00a0\u201cAyuntamientos 2023\u201d, que se celebrar\u00e1 en el municipio de El Rosario los d\u00edas\u00a08, 9 y...\" \/>\n<meta property=\"og:url\" content=\"https:\/\/www.ull.es\/portal\/agenda\/evento\/las-setas-silvestres-de-tenerife-recoleccion-identificacion-y-deshidratado-para-su-conservacion\/\" \/>\n<meta property=\"og:site_name\" content=\"ULL - Agenda\" \/>\n<meta property=\"article:modified_time\" content=\"2023-09-25T07:23:21+00:00\" \/>\n<meta property=\"og:image\" content=\"https:\/\/www.ull.es\/portal\/agenda\/wp-content\/uploads\/sites\/12\/2023\/03\/29.png\" \/>\n\t<meta property=\"og:image:width\" content=\"700\" \/>\n\t<meta property=\"og:image:height\" content=\"350\" \/>\n\t<meta property=\"og:image:type\" content=\"image\/png\" \/>\n<meta name=\"twitter:card\" content=\"summary_large_image\" \/>\n<meta name=\"twitter:label1\" content=\"Tiempo de lectura\" \/>\n\t<meta name=\"twitter:data1\" content=\"2 minutos\" \/>\n<script type=\"application\/ld+json\" class=\"yoast-schema-graph\">{\"@context\":\"https:\/\/schema.org\",\"@graph\":[{\"@type\":\"WebPage\",\"@id\":\"https:\/\/www.ull.es\/portal\/agenda\/evento\/las-setas-silvestres-de-tenerife-recoleccion-identificacion-y-deshidratado-para-su-conservacion\/\",\"url\":\"https:\/\/www.ull.es\/portal\/agenda\/evento\/las-setas-silvestres-de-tenerife-recoleccion-identificacion-y-deshidratado-para-su-conservacion\/\",\"name\":\"Las setas silvestres de Tenerife: recolecci\u00f3n, identificaci\u00f3n y deshidratado para su conservaci\u00f3n - ULL - Agenda\",\"isPartOf\":{\"@id\":\"https:\/\/www.ull.es\/portal\/agenda\/#website\"},\"datePublished\":\"2023-03-07T12:34:03+00:00\",\"dateModified\":\"2023-09-25T07:23:21+00:00\",\"breadcrumb\":{\"@id\":\"https:\/\/www.ull.es\/portal\/agenda\/evento\/las-setas-silvestres-de-tenerife-recoleccion-identificacion-y-deshidratado-para-su-conservacion\/#breadcrumb\"},\"inLanguage\":\"es\",\"potentialAction\":[{\"@type\":\"ReadAction\",\"target\":[\"https:\/\/www.ull.es\/portal\/agenda\/evento\/las-setas-silvestres-de-tenerife-recoleccion-identificacion-y-deshidratado-para-su-conservacion\/\"]}]},{\"@type\":\"BreadcrumbList\",\"@id\":\"https:\/\/www.ull.es\/portal\/agenda\/evento\/las-setas-silvestres-de-tenerife-recoleccion-identificacion-y-deshidratado-para-su-conservacion\/#breadcrumb\",\"itemListElement\":[{\"@type\":\"ListItem\",\"position\":1,\"name\":\"Portada\",\"item\":\"https:\/\/www.ull.es\/portal\/agenda\/\"},{\"@type\":\"ListItem\",\"position\":2,\"name\":\"Las setas silvestres de Tenerife: recolecci\u00f3n, identificaci\u00f3n y deshidratado para su conservaci\u00f3n\"}]},{\"@type\":\"WebSite\",\"@id\":\"https:\/\/www.ull.es\/portal\/agenda\/#website\",\"url\":\"https:\/\/www.ull.es\/portal\/agenda\/\",\"name\":\"ULL - Agenda\",\"description\":\"\",\"potentialAction\":[{\"@type\":\"SearchAction\",\"target\":{\"@type\":\"EntryPoint\",\"urlTemplate\":\"https:\/\/www.ull.es\/portal\/agenda\/?s={search_term_string}\"},\"query-input\":\"required name=search_term_string\"}],\"inLanguage\":\"es\"}]}<\/script>\n<!-- \/ Yoast SEO plugin. -->","yoast_head_json":{"title":"Las setas silvestres de Tenerife: recolecci\u00f3n, identificaci\u00f3n y deshidratado para su conservaci\u00f3n - ULL - Agenda","robots":{"index":"index","follow":"follow","max-snippet":"max-snippet:-1","max-image-preview":"max-image-preview:large","max-video-preview":"max-video-preview:-1"},"canonical":"https:\/\/www.ull.es\/portal\/agenda\/evento\/las-setas-silvestres-de-tenerife-recoleccion-identificacion-y-deshidratado-para-su-conservacion\/","og_locale":"es_ES","og_type":"article","og_title":"Las setas silvestres de Tenerife: recolecci\u00f3n, identificaci\u00f3n y deshidratado para su conservaci\u00f3n - ULL - Agenda","og_description":"Curso de Extensi\u00f3n Universitaria organizado por el Vicerrectorado de Cultura, Participaci\u00f3n Social y Campus Ofra y La Palma en colaboraci\u00f3n con el\u00a0Ayuntamiento de El Rosario, dentro de la programaci\u00f3n de la convocatoria de Cursos de Extensi\u00f3n Universitaria en el \u00e1mbito municipal\u00a0\u201cAyuntamientos 2023\u201d, que se celebrar\u00e1 en el municipio de El Rosario los d\u00edas\u00a08, 9 y...","og_url":"https:\/\/www.ull.es\/portal\/agenda\/evento\/las-setas-silvestres-de-tenerife-recoleccion-identificacion-y-deshidratado-para-su-conservacion\/","og_site_name":"ULL - Agenda","article_modified_time":"2023-09-25T07:23:21+00:00","og_image":[{"width":700,"height":350,"url":"https:\/\/www.ull.es\/portal\/agenda\/wp-content\/uploads\/sites\/12\/2023\/03\/29.png","type":"image\/png"}],"twitter_card":"summary_large_image","twitter_misc":{"Tiempo de lectura":"2 minutos"},"schema":{"@context":"https:\/\/schema.org","@graph":[{"@type":"WebPage","@id":"https:\/\/www.ull.es\/portal\/agenda\/evento\/las-setas-silvestres-de-tenerife-recoleccion-identificacion-y-deshidratado-para-su-conservacion\/","url":"https:\/\/www.ull.es\/portal\/agenda\/evento\/las-setas-silvestres-de-tenerife-recoleccion-identificacion-y-deshidratado-para-su-conservacion\/","name":"Las setas silvestres de Tenerife: recolecci\u00f3n, identificaci\u00f3n y deshidratado para su conservaci\u00f3n - ULL - Agenda","isPartOf":{"@id":"https:\/\/www.ull.es\/portal\/agenda\/#website"},"datePublished":"2023-03-07T12:34:03+00:00","dateModified":"2023-09-25T07:23:21+00:00","breadcrumb":{"@id":"https:\/\/www.ull.es\/portal\/agenda\/evento\/las-setas-silvestres-de-tenerife-recoleccion-identificacion-y-deshidratado-para-su-conservacion\/#breadcrumb"},"inLanguage":"es","potentialAction":[{"@type":"ReadAction","target":["https:\/\/www.ull.es\/portal\/agenda\/evento\/las-setas-silvestres-de-tenerife-recoleccion-identificacion-y-deshidratado-para-su-conservacion\/"]}]},{"@type":"BreadcrumbList","@id":"https:\/\/www.ull.es\/portal\/agenda\/evento\/las-setas-silvestres-de-tenerife-recoleccion-identificacion-y-deshidratado-para-su-conservacion\/#breadcrumb","itemListElement":[{"@type":"ListItem","position":1,"name":"Portada","item":"https:\/\/www.ull.es\/portal\/agenda\/"},{"@type":"ListItem","position":2,"name":"Las setas silvestres de Tenerife: recolecci\u00f3n, identificaci\u00f3n y deshidratado para su conservaci\u00f3n"}]},{"@type":"WebSite","@id":"https:\/\/www.ull.es\/portal\/agenda\/#website","url":"https:\/\/www.ull.es\/portal\/agenda\/","name":"ULL - Agenda","description":"","potentialAction":[{"@type":"SearchAction","target":{"@type":"EntryPoint","urlTemplate":"https:\/\/www.ull.es\/portal\/agenda\/?s={search_term_string}"},"query-input":"required name=search_term_string"}],"inLanguage":"es"}]}},"_links":{"self":[{"href":"https:\/\/www.ull.es\/portal\/agenda\/wp-json\/wp\/v2\/tribe_events\/29348"}],"collection":[{"href":"https:\/\/www.ull.es\/portal\/agenda\/wp-json\/wp\/v2\/tribe_events"}],"about":[{"href":"https:\/\/www.ull.es\/portal\/agenda\/wp-json\/wp\/v2\/types\/tribe_events"}],"author":[{"embeddable":true,"href":"https:\/\/www.ull.es\/portal\/agenda\/wp-json\/wp\/v2\/users\/43"}],"replies":[{"embeddable":true,"href":"https:\/\/www.ull.es\/portal\/agenda\/wp-json\/wp\/v2\/comments?post=29348"}],"version-history":[{"count":6,"href":"https:\/\/www.ull.es\/portal\/agenda\/wp-json\/wp\/v2\/tribe_events\/29348\/revisions"}],"predecessor-version":[{"id":32157,"href":"https:\/\/www.ull.es\/portal\/agenda\/wp-json\/wp\/v2\/tribe_events\/29348\/revisions\/32157"}],"wp:featuredmedia":[{"embeddable":true,"href":"https:\/\/www.ull.es\/portal\/agenda\/wp-json\/wp\/v2\/media\/29389"}],"wp:attachment":[{"href":"https:\/\/www.ull.es\/portal\/agenda\/wp-json\/wp\/v2\/media?parent=29348"}],"wp:term":[{"taxonomy":"post_tag","embeddable":true,"href":"https:\/\/www.ull.es\/portal\/agenda\/wp-json\/wp\/v2\/tags?post=29348"},{"taxonomy":"tribe_events_cat","embeddable":true,"href":"https:\/\/www.ull.es\/portal\/agenda\/wp-json\/wp\/v2\/tribe_events_cat?post=29348"}],"curies":[{"name":"wp","href":"https:\/\/api.w.org\/{rel}","templated":true}]}}