{"id":29521,"date":"2023-03-10T11:40:40","date_gmt":"2023-03-10T11:40:40","guid":{"rendered":"https:\/\/www.ull.es\/portal\/agenda\/?post_type=tribe_events&#038;p=29521"},"modified":"2023-03-10T11:42:55","modified_gmt":"2023-03-10T11:42:55","slug":"la-gran-conversacion-la-iglesia-arde-la-crisis-del-cristianismo-hoy-entre-la-agonia-y-el-resurgimiento","status":"publish","type":"tribe_events","link":"https:\/\/www.ull.es\/portal\/agenda\/evento\/la-gran-conversacion-la-iglesia-arde-la-crisis-del-cristianismo-hoy-entre-la-agonia-y-el-resurgimiento\/","title":{"rendered":"La gran Conversaci\u00f3n. \u00abLa Iglesia arde. La crisis del cristianismo hoy: entre la agon\u00eda y el resurgimiento\u00bb"},"content":{"rendered":"<p>Actividad de Extensi\u00f3n Universitaria organizada por el Instituto Superior de Teolog\u00eda de las Islas Canarias (ISTIC), que se celebrar\u00e1 en modalidad online entre los d\u00edas 17 de abril al 29 de mayo de 2023.<\/p>\n<p>\u201cLa gran conversaci\u00f3n es el di\u00e1logo que todos los grandes hombres de Occidente han venido manteniendo entre s\u00ed\u2026 al menos hasta el d\u00eda de hoy, articulando as\u00ed la esencia de nuestra cultura\u201d. El humanismo es di\u00e1logo, ya Quevedo hablaba de escuchar a los muertos con los ojos, en sus conocidos versos. Lo determinante no es nuestra habilidad para soltar una cita erudita oportuna en una conversaci\u00f3n, sino la capacidad de captar esas voces que est\u00e1n hablando a nuestro alrededor, de estar \u201cpresentes\u201d en el mundo, si no las captamos o entendemos estamos ausentes. S\u00f3lo a trav\u00e9s de la \u201cgran conversaci\u00f3n\u201d participamos de esa rep\u00fablica del saber, del tejido que configura nuestro mundo, de lo que somos. Pero m\u00e1s importante que el captar esas voces, o participar de manera presente, es que es un medio para alcanzar el conocimiento de nosotros mismos, de nuestra verdad. Ese contacto con los grandes hombres, la confrontaci\u00f3n con el pasado, nos sit\u00faa en nosotros. \u201cSomos una conversaci\u00f3n\u201d, nos dice Gadamer.<\/p>\n<p>El objetivo que perseguimos consiste en ofrecer la oportunidad de insertarse y participar de esta Gran conversaci\u00f3n, a trav\u00e9s de un seminario de lecturas, o de grandes libros, como se le suele llamar.<\/p>\n<p>Por medio de esta Gran conversaci\u00f3n queremos brindar el espacio para experimentar esa lectura compartida: leer, pensar y compartir.<\/p>\n<p>Leemos porque nuestra vida no nos basta para saberla vivir. Higinio Mar\u00edn lo dice de manera excepcional: \u201cEl lector se parece a Ulises, que necesit\u00f3 bajar a los infiernos para preguntarle al difunto vidente Tiresias el camino de regreso a \u00cdtaca. Pero como los muertos eran espectros sin memoria, para que recobraran los recuerdos hab\u00eda que darles de beber la sangre ofrecida en un sacrificio. El lector tambi\u00e9n viaja de regreso sin conocer la ruta, y tambi\u00e9n los libros son como espectros fr\u00edos: solo la sangre de quien se aparta de la agitaci\u00f3n para leerlos les devuelve la vida. A cambio, se pueden escuchar las historias de otras vidas y de otros mundos que son como acertijos donde adivinar la propia vida y su camino\u201d.<\/p>\n<p>La lectura nos ayuda a pensar: como un amor, nos pone en entredicho. As\u00ed como el amor, la lectura requiere de grandes dosis de humildad y buen humor. Lee quien quiere atravesar muchos mundos en su mundo. Los buenos libros nos otorgan m\u00e1s pixeles, vemos la realidad con mayor resoluci\u00f3n. Imaginar mundos posibles ya es una forma de habitarlos, trae de la mano imaginar posibles modos de habitar nuestro mundo. Al leer nos exponemos, un libro es como un oc\u00e9ano que nos impele a nadar o hundirnos, secuestran nuestra atenci\u00f3n y nos brindan ese \u201ctempo\u201d preciso para pensar, so\u00f1ar, sentir.<\/p>\n<p>Por lo que corresponde a compartir, esta perspectiva nos libra del peligro latente, o la beater\u00eda de ensalzar el libro y lectura, que a veces m\u00e1s que alentar la cultura, la desalienta. No se trata de una afectaci\u00f3n. Hay vidas bastante redondas \u00a0\u00a0\u00a0\u00a0 que no han rozado a Zubiri, Cervantes o a Proust, y todos conocemos algunas. Por lo que debemos decir que la lectura no es una condici\u00f3n sine qua non. Los libros en s\u00ed mismos, no cultivan. Somos esa rara planta que se cultiva a s\u00ed misma en el roce con los dem\u00e1s y lo real, por m\u00e1s que el contexto, la familia, la educaci\u00f3n formal nos condicionen. Al final es en la primera persona donde decidimos, donde escogemos o nos dejamos arrastrar. Pero esto no resta un \u00e1pice al valor de la lectura, si bien lo importante es pensar y sentir mucho y bien. La lectura posiblemente es un potenciador de ambos.<\/p>\n<p>En este seminario se ofrece el libro <em>La Iglesia arde. La crisis del cristianismo hoy: entre la agon\u00eda y el resurgimiento<\/em> de Andrea Riccardi. Arpa Editores (Barcelona 2022).<\/p>\n<p>Objetivos espec\u00edficos:<\/p>\n<ul>\n<li>Introducir a los alumnos en la <em>Gran Conversaci\u00f3n<\/em> de grandes autores y obras.<\/li>\n<li>Leer, pensar y compartir.<\/li>\n<li>Enfrentarse a las preguntas fundamentales de la existencia a trav\u00e9s de la lectura.<\/li>\n<li>Desarrolla en acto la capacidad de juicio de hacerse cargo de esas preguntas humanas que atraviesan la existencia.<\/li>\n<li>Ejercitarse en la b\u00fasqueda de la verdad a trav\u00e9s de la lectura reflexiva y el di\u00e1logo.<\/li>\n<\/ul>\n<p>Direcci\u00f3n acad\u00e9mica:<\/p>\n<ul>\n<li>Olga Mar\u00eda Alegre de la Rosa. Catedr\u00e1tica de Universidad. Departamento de Did\u00e1cticas Especiales de la Universidad de La Laguna.<\/li>\n<li>Gerardo Trujillo Ca\u00f1ellas. Profesor de filosof\u00eda del Instituto Superior de Teolog\u00eda de las Islas Canarias (ISTIC).<\/li>\n<\/ul>\n<p><strong><a href=\"https:\/\/sites.google.com\/cettenerife.org\/granconversacion-iglesia-arde\/inicio\" target=\"_blank\" rel=\"noopener\" target=\"_blank\" rel=\"noopener\">Consultar programa aqu\u00ed.<\/a><\/strong><\/p>\n<p><a href=\"https:\/\/docs.google.com\/forms\/d\/e\/1FAIpQLSeYyspBb5W0KorAph4PzAIxwZvXybHSDgkfCWooOLk6nrMODA\/viewform\" target=\"_blank\" rel=\"noopener noreferrer\" target=\"_blank\" rel=\"noopener\"><strong>INSCR\u00cdBETE AQU\u00cd.<\/strong><\/a><\/p>\n<p><strong>CERTIFICADO DE ASISTENCIA, APTITUD Y RECONOCIMIENTO POR CR\u00c9DITO ECTS<\/strong><\/p>\n<p>La ULL, a trav\u00e9s del Vicerrectorado de Cultura, Participaci\u00f3n Social y Campus Ofra y La Palma, emitir\u00e1 un certificado de asistencia a todas aquellas personas que asistan al 100% de las horas lectivas. Asimismo, aquellas personas que superen el trabajo aut\u00f3nomo del alumnado, recibir\u00e1n un certificado de asistencia y aprovechamiento, reconocible a su vez por un cr\u00e9dito ECTS.<\/p>\n<p><strong>Contacto (ISTIC): 922 252 540 \u2013\u00a0<a href=\"mailto:secretaria@cettenerife.org\" target=\"_blank\" rel=\"noopener\">secretaria@cettenerife.org<\/a><\/strong><\/p>\n<p><strong>Contacto (VRS-ULL): 922 319 616 \/ 922 319 626 \u2013\u00a0<\/strong><a href=\"mailto:extuni@ull.edu.es\" target=\"_blank\" rel=\"noopener\"><strong>extuni@ull.es<\/strong><\/a><\/p>\n","protected":false},"excerpt":{"rendered":"<p>Actividad de Extensi\u00f3n Universitaria organizada por el Instituto Superior de Teolog\u00eda de las Islas Canarias (ISTIC), que se celebrar\u00e1 en modalidad online entre los d\u00edas 17 de abril al 29 de mayo de 2023. \u201cLa gran conversaci\u00f3n es el di\u00e1logo que todos los grandes hombres de Occidente han venido manteniendo entre s\u00ed\u2026 al menos hasta&#8230;<\/p>\n","protected":false},"author":43,"featured_media":29522,"comment_status":"closed","ping_status":"closed","template":"","tags":[4259,977,3812,3751],"tribe_events_cat":[472,4,186],"acf":[],"yoast_head":"<!-- This site is optimized with the Yoast SEO plugin v21.3 - https:\/\/yoast.com\/wordpress\/plugins\/seo\/ -->\n<title>La gran Conversaci\u00f3n. &quot;La Iglesia arde. La crisis del cristianismo hoy: entre la agon\u00eda y el resurgimiento&quot; - ULL - Agenda<\/title>\n<meta name=\"robots\" content=\"index, follow, max-snippet:-1, max-image-preview:large, max-video-preview:-1\" \/>\n<link rel=\"canonical\" href=\"https:\/\/www.ull.es\/portal\/agenda\/evento\/la-gran-conversacion-la-iglesia-arde-la-crisis-del-cristianismo-hoy-entre-la-agonia-y-el-resurgimiento\/\" \/>\n<meta property=\"og:locale\" content=\"es_ES\" \/>\n<meta property=\"og:type\" content=\"article\" \/>\n<meta property=\"og:title\" content=\"La gran Conversaci\u00f3n. &quot;La Iglesia arde. La crisis del cristianismo hoy: entre la agon\u00eda y el resurgimiento&quot; - ULL - Agenda\" \/>\n<meta property=\"og:description\" content=\"Actividad de Extensi\u00f3n Universitaria organizada por el Instituto Superior de Teolog\u00eda de las Islas Canarias (ISTIC), que se celebrar\u00e1 en modalidad online entre los d\u00edas 17 de abril al 29 de mayo de 2023. \u201cLa gran conversaci\u00f3n es el di\u00e1logo que todos los grandes hombres de Occidente han venido manteniendo entre s\u00ed\u2026 al menos hasta...\" \/>\n<meta property=\"og:url\" content=\"https:\/\/www.ull.es\/portal\/agenda\/evento\/la-gran-conversacion-la-iglesia-arde-la-crisis-del-cristianismo-hoy-entre-la-agonia-y-el-resurgimiento\/\" \/>\n<meta property=\"og:site_name\" content=\"ULL - Agenda\" \/>\n<meta property=\"article:modified_time\" content=\"2023-03-10T11:42:55+00:00\" \/>\n<meta property=\"og:image\" content=\"https:\/\/www.ull.es\/portal\/agenda\/wp-content\/uploads\/sites\/12\/2023\/03\/BannerISTIC.png\" \/>\n\t<meta property=\"og:image:width\" content=\"700\" \/>\n\t<meta property=\"og:image:height\" content=\"350\" \/>\n\t<meta property=\"og:image:type\" content=\"image\/png\" \/>\n<meta name=\"twitter:card\" content=\"summary_large_image\" \/>\n<meta name=\"twitter:label1\" content=\"Tiempo de lectura\" \/>\n\t<meta name=\"twitter:data1\" content=\"4 minutos\" \/>\n<script type=\"application\/ld+json\" class=\"yoast-schema-graph\">{\"@context\":\"https:\/\/schema.org\",\"@graph\":[{\"@type\":\"WebPage\",\"@id\":\"https:\/\/www.ull.es\/portal\/agenda\/evento\/la-gran-conversacion-la-iglesia-arde-la-crisis-del-cristianismo-hoy-entre-la-agonia-y-el-resurgimiento\/\",\"url\":\"https:\/\/www.ull.es\/portal\/agenda\/evento\/la-gran-conversacion-la-iglesia-arde-la-crisis-del-cristianismo-hoy-entre-la-agonia-y-el-resurgimiento\/\",\"name\":\"La gran Conversaci\u00f3n. \\\"La Iglesia arde. La crisis del cristianismo hoy: entre la agon\u00eda y el resurgimiento\\\" - ULL - Agenda\",\"isPartOf\":{\"@id\":\"https:\/\/www.ull.es\/portal\/agenda\/#website\"},\"datePublished\":\"2023-03-10T11:40:40+00:00\",\"dateModified\":\"2023-03-10T11:42:55+00:00\",\"breadcrumb\":{\"@id\":\"https:\/\/www.ull.es\/portal\/agenda\/evento\/la-gran-conversacion-la-iglesia-arde-la-crisis-del-cristianismo-hoy-entre-la-agonia-y-el-resurgimiento\/#breadcrumb\"},\"inLanguage\":\"es\",\"potentialAction\":[{\"@type\":\"ReadAction\",\"target\":[\"https:\/\/www.ull.es\/portal\/agenda\/evento\/la-gran-conversacion-la-iglesia-arde-la-crisis-del-cristianismo-hoy-entre-la-agonia-y-el-resurgimiento\/\"]}]},{\"@type\":\"BreadcrumbList\",\"@id\":\"https:\/\/www.ull.es\/portal\/agenda\/evento\/la-gran-conversacion-la-iglesia-arde-la-crisis-del-cristianismo-hoy-entre-la-agonia-y-el-resurgimiento\/#breadcrumb\",\"itemListElement\":[{\"@type\":\"ListItem\",\"position\":1,\"name\":\"Portada\",\"item\":\"https:\/\/www.ull.es\/portal\/agenda\/\"},{\"@type\":\"ListItem\",\"position\":2,\"name\":\"La gran Conversaci\u00f3n. \u00abLa Iglesia arde. La crisis del cristianismo hoy: entre la agon\u00eda y el resurgimiento\u00bb\"}]},{\"@type\":\"WebSite\",\"@id\":\"https:\/\/www.ull.es\/portal\/agenda\/#website\",\"url\":\"https:\/\/www.ull.es\/portal\/agenda\/\",\"name\":\"ULL - Agenda\",\"description\":\"\",\"potentialAction\":[{\"@type\":\"SearchAction\",\"target\":{\"@type\":\"EntryPoint\",\"urlTemplate\":\"https:\/\/www.ull.es\/portal\/agenda\/?s={search_term_string}\"},\"query-input\":\"required name=search_term_string\"}],\"inLanguage\":\"es\"}]}<\/script>\n<!-- \/ Yoast SEO plugin. -->","yoast_head_json":{"title":"La gran Conversaci\u00f3n. \"La Iglesia arde. La crisis del cristianismo hoy: entre la agon\u00eda y el resurgimiento\" - ULL - Agenda","robots":{"index":"index","follow":"follow","max-snippet":"max-snippet:-1","max-image-preview":"max-image-preview:large","max-video-preview":"max-video-preview:-1"},"canonical":"https:\/\/www.ull.es\/portal\/agenda\/evento\/la-gran-conversacion-la-iglesia-arde-la-crisis-del-cristianismo-hoy-entre-la-agonia-y-el-resurgimiento\/","og_locale":"es_ES","og_type":"article","og_title":"La gran Conversaci\u00f3n. \"La Iglesia arde. La crisis del cristianismo hoy: entre la agon\u00eda y el resurgimiento\" - ULL - Agenda","og_description":"Actividad de Extensi\u00f3n Universitaria organizada por el Instituto Superior de Teolog\u00eda de las Islas Canarias (ISTIC), que se celebrar\u00e1 en modalidad online entre los d\u00edas 17 de abril al 29 de mayo de 2023. \u201cLa gran conversaci\u00f3n es el di\u00e1logo que todos los grandes hombres de Occidente han venido manteniendo entre s\u00ed\u2026 al menos hasta...","og_url":"https:\/\/www.ull.es\/portal\/agenda\/evento\/la-gran-conversacion-la-iglesia-arde-la-crisis-del-cristianismo-hoy-entre-la-agonia-y-el-resurgimiento\/","og_site_name":"ULL - Agenda","article_modified_time":"2023-03-10T11:42:55+00:00","og_image":[{"width":700,"height":350,"url":"https:\/\/www.ull.es\/portal\/agenda\/wp-content\/uploads\/sites\/12\/2023\/03\/BannerISTIC.png","type":"image\/png"}],"twitter_card":"summary_large_image","twitter_misc":{"Tiempo de lectura":"4 minutos"},"schema":{"@context":"https:\/\/schema.org","@graph":[{"@type":"WebPage","@id":"https:\/\/www.ull.es\/portal\/agenda\/evento\/la-gran-conversacion-la-iglesia-arde-la-crisis-del-cristianismo-hoy-entre-la-agonia-y-el-resurgimiento\/","url":"https:\/\/www.ull.es\/portal\/agenda\/evento\/la-gran-conversacion-la-iglesia-arde-la-crisis-del-cristianismo-hoy-entre-la-agonia-y-el-resurgimiento\/","name":"La gran Conversaci\u00f3n. \"La Iglesia arde. La crisis del cristianismo hoy: entre la agon\u00eda y el resurgimiento\" - ULL - Agenda","isPartOf":{"@id":"https:\/\/www.ull.es\/portal\/agenda\/#website"},"datePublished":"2023-03-10T11:40:40+00:00","dateModified":"2023-03-10T11:42:55+00:00","breadcrumb":{"@id":"https:\/\/www.ull.es\/portal\/agenda\/evento\/la-gran-conversacion-la-iglesia-arde-la-crisis-del-cristianismo-hoy-entre-la-agonia-y-el-resurgimiento\/#breadcrumb"},"inLanguage":"es","potentialAction":[{"@type":"ReadAction","target":["https:\/\/www.ull.es\/portal\/agenda\/evento\/la-gran-conversacion-la-iglesia-arde-la-crisis-del-cristianismo-hoy-entre-la-agonia-y-el-resurgimiento\/"]}]},{"@type":"BreadcrumbList","@id":"https:\/\/www.ull.es\/portal\/agenda\/evento\/la-gran-conversacion-la-iglesia-arde-la-crisis-del-cristianismo-hoy-entre-la-agonia-y-el-resurgimiento\/#breadcrumb","itemListElement":[{"@type":"ListItem","position":1,"name":"Portada","item":"https:\/\/www.ull.es\/portal\/agenda\/"},{"@type":"ListItem","position":2,"name":"La gran Conversaci\u00f3n. \u00abLa Iglesia arde. La crisis del cristianismo hoy: entre la agon\u00eda y el resurgimiento\u00bb"}]},{"@type":"WebSite","@id":"https:\/\/www.ull.es\/portal\/agenda\/#website","url":"https:\/\/www.ull.es\/portal\/agenda\/","name":"ULL - Agenda","description":"","potentialAction":[{"@type":"SearchAction","target":{"@type":"EntryPoint","urlTemplate":"https:\/\/www.ull.es\/portal\/agenda\/?s={search_term_string}"},"query-input":"required name=search_term_string"}],"inLanguage":"es"}]}},"_links":{"self":[{"href":"https:\/\/www.ull.es\/portal\/agenda\/wp-json\/wp\/v2\/tribe_events\/29521"}],"collection":[{"href":"https:\/\/www.ull.es\/portal\/agenda\/wp-json\/wp\/v2\/tribe_events"}],"about":[{"href":"https:\/\/www.ull.es\/portal\/agenda\/wp-json\/wp\/v2\/types\/tribe_events"}],"author":[{"embeddable":true,"href":"https:\/\/www.ull.es\/portal\/agenda\/wp-json\/wp\/v2\/users\/43"}],"replies":[{"embeddable":true,"href":"https:\/\/www.ull.es\/portal\/agenda\/wp-json\/wp\/v2\/comments?post=29521"}],"version-history":[{"count":4,"href":"https:\/\/www.ull.es\/portal\/agenda\/wp-json\/wp\/v2\/tribe_events\/29521\/revisions"}],"predecessor-version":[{"id":29526,"href":"https:\/\/www.ull.es\/portal\/agenda\/wp-json\/wp\/v2\/tribe_events\/29521\/revisions\/29526"}],"wp:featuredmedia":[{"embeddable":true,"href":"https:\/\/www.ull.es\/portal\/agenda\/wp-json\/wp\/v2\/media\/29522"}],"wp:attachment":[{"href":"https:\/\/www.ull.es\/portal\/agenda\/wp-json\/wp\/v2\/media?parent=29521"}],"wp:term":[{"taxonomy":"post_tag","embeddable":true,"href":"https:\/\/www.ull.es\/portal\/agenda\/wp-json\/wp\/v2\/tags?post=29521"},{"taxonomy":"tribe_events_cat","embeddable":true,"href":"https:\/\/www.ull.es\/portal\/agenda\/wp-json\/wp\/v2\/tribe_events_cat?post=29521"}],"curies":[{"name":"wp","href":"https:\/\/api.w.org\/{rel}","templated":true}]}}