{"id":29645,"date":"2023-03-16T14:20:19","date_gmt":"2023-03-16T14:20:19","guid":{"rendered":"https:\/\/www.ull.es\/portal\/agenda\/?post_type=tribe_events&#038;p=29645"},"modified":"2023-04-25T12:27:32","modified_gmt":"2023-04-25T12:27:32","slug":"i-jornadas-sobre-desarrollo-de-la-carrera-profesional-y-empleabilidad-del-alumnado-de-educacion","status":"publish","type":"tribe_events","link":"https:\/\/www.ull.es\/portal\/agenda\/evento\/i-jornadas-sobre-desarrollo-de-la-carrera-profesional-y-empleabilidad-del-alumnado-de-educacion\/","title":{"rendered":"I Jornadas sobre desarrollo de la carrera profesional y empleabilidad del alumnado de Educaci\u00f3n"},"content":{"rendered":"<p>El Laboratorio de Orientaci\u00f3n y Tutor\u00eda Universitaria de la Universidad de La Laguna organiza las I Jornadas sobre Desarrollo de la Carrera Profesional y Empleabilidad del Alumnado de la Facultad de Educaci\u00f3n, dirigidas preferentemente a los estudiantes de \u00faltimos cursos de grado.<\/p>\n<p>Con estas Jornadas se pretende profundizar y reforzar un aspecto clave del futuro de los j\u00f3venes, como es el desarrollo de competencias profesionales y la preparaci\u00f3n para el acceso al mercado de trabajo. Esta formaci\u00f3n para el trabajo le permite al alumnado clarificar y poner en pr\u00e1ctica estrategias para afrontar el acceso y adaptaci\u00f3n a un mercado de trabajo competitivo y global, en el que las reglas de juego cambian constantemente. Por eso consideramos que estas Jornadas pueden aportar a los estudiantes, futuros trabajadores, una preparaci\u00f3n importante para posicionarse ante el reto de insertarse en el mercado de trabajo.<\/p>\n<p>Los objetivos de estas Jornadas se centran en:<\/p>\n<ul>\n<li>Orientar al alumnado acerca de las diferentes salidas profesionales.<\/li>\n<li>Valorar la importancia de la formaci\u00f3n para el desarrollo profesional.<\/li>\n<li>Conocer las competencias m\u00e1s importantes para el desarrollo profesional.<\/li>\n<li>Conectar al alumnado con el mundo empresarial.<\/li>\n<li>Dotar al alumnado de estrategias para afrontar los procesos de acceso al<br \/>\nmundo laboral.<\/li>\n<li>Profundizar a trav\u00e9s de los relatos de antiguos estudiantes c\u00f3mo han sido sus<br \/>\ntrayectorias de desarrollo profesional.<\/li>\n<\/ul>\n<p><a href=\"https:\/\/drive.google.com\/file\/d\/1rMpk-TeYrYk0QVb_86GufWEIknVSrsUm\/view?usp=share_link\" target=\"_blank\" rel=\"noopener\" target=\"_blank\" rel=\"noopener\">Programa<\/a><\/p>\n<p><a href=\"https:\/\/drive.google.com\/file\/d\/1XAhf_HdLmwwIxH7yVYTDSd5KjTrSPhEJ\/view?usp=share_link\" target=\"_blank\" rel=\"noopener\" target=\"_blank\" rel=\"noopener\">Cartel<\/a><\/p>\n<p><a href=\"https:\/\/docs.google.com\/forms\/d\/e\/1FAIpQLSef3Ml_op5EdYvhuFTandzfHgPOfyJdiSUVs1tuiQQwqVyQIg\/viewform\" target=\"_blank\" rel=\"noopener\" target=\"_blank\" rel=\"noopener\">Inscripci\u00f3n<\/a><\/p>\n","protected":false},"excerpt":{"rendered":"<p>El Laboratorio de Orientaci\u00f3n y Tutor\u00eda Universitaria de la Universidad de La Laguna organiza las I Jornadas sobre Desarrollo de la Carrera Profesional y Empleabilidad del Alumnado de la Facultad de Educaci\u00f3n, dirigidas preferentemente a los estudiantes de \u00faltimos cursos de grado. Con estas Jornadas se pretende profundizar y reforzar un aspecto clave del futuro&#8230;<\/p>\n","protected":false},"author":65,"featured_media":29702,"comment_status":"closed","ping_status":"closed","template":"","tags":[],"tribe_events_cat":[4,815,186,191],"acf":[],"yoast_head":"<!-- This site is optimized with the Yoast SEO plugin v21.3 - https:\/\/yoast.com\/wordpress\/plugins\/seo\/ -->\n<title>I Jornadas sobre desarrollo de la carrera profesional y empleabilidad del alumnado de Educaci\u00f3n - ULL - Agenda<\/title>\n<meta name=\"robots\" content=\"index, follow, max-snippet:-1, max-image-preview:large, max-video-preview:-1\" \/>\n<link rel=\"canonical\" href=\"https:\/\/www.ull.es\/portal\/agenda\/evento\/i-jornadas-sobre-desarrollo-de-la-carrera-profesional-y-empleabilidad-del-alumnado-de-educacion\/\" \/>\n<meta property=\"og:locale\" content=\"es_ES\" \/>\n<meta property=\"og:type\" content=\"article\" \/>\n<meta property=\"og:title\" content=\"I Jornadas sobre desarrollo de la carrera profesional y empleabilidad del alumnado de Educaci\u00f3n - ULL - Agenda\" \/>\n<meta property=\"og:description\" content=\"El Laboratorio de Orientaci\u00f3n y Tutor\u00eda Universitaria de la Universidad de La Laguna organiza las I Jornadas sobre Desarrollo de la Carrera Profesional y Empleabilidad del Alumnado de la Facultad de Educaci\u00f3n, dirigidas preferentemente a los estudiantes de \u00faltimos cursos de grado. Con estas Jornadas se pretende profundizar y reforzar un aspecto clave del futuro...\" \/>\n<meta property=\"og:url\" content=\"https:\/\/www.ull.es\/portal\/agenda\/evento\/i-jornadas-sobre-desarrollo-de-la-carrera-profesional-y-empleabilidad-del-alumnado-de-educacion\/\" \/>\n<meta property=\"og:site_name\" content=\"ULL - Agenda\" \/>\n<meta property=\"article:modified_time\" content=\"2023-04-25T12:27:32+00:00\" \/>\n<meta property=\"og:image\" content=\"https:\/\/www.ull.es\/portal\/agenda\/wp-content\/uploads\/sites\/12\/2023\/03\/I-Jornadas-carrera-profesional-y-empleabilidad-educacion_Banner-evento.png\" \/>\n\t<meta property=\"og:image:width\" content=\"750\" \/>\n\t<meta property=\"og:image:height\" content=\"370\" \/>\n\t<meta property=\"og:image:type\" content=\"image\/png\" \/>\n<meta name=\"twitter:card\" content=\"summary_large_image\" \/>\n<meta name=\"twitter:label1\" content=\"Tiempo de lectura\" \/>\n\t<meta name=\"twitter:data1\" content=\"1 minuto\" \/>\n<script type=\"application\/ld+json\" class=\"yoast-schema-graph\">{\"@context\":\"https:\/\/schema.org\",\"@graph\":[{\"@type\":\"WebPage\",\"@id\":\"https:\/\/www.ull.es\/portal\/agenda\/evento\/i-jornadas-sobre-desarrollo-de-la-carrera-profesional-y-empleabilidad-del-alumnado-de-educacion\/\",\"url\":\"https:\/\/www.ull.es\/portal\/agenda\/evento\/i-jornadas-sobre-desarrollo-de-la-carrera-profesional-y-empleabilidad-del-alumnado-de-educacion\/\",\"name\":\"I Jornadas sobre desarrollo de la carrera profesional y empleabilidad del alumnado de Educaci\u00f3n - ULL - Agenda\",\"isPartOf\":{\"@id\":\"https:\/\/www.ull.es\/portal\/agenda\/#website\"},\"datePublished\":\"2023-03-16T14:20:19+00:00\",\"dateModified\":\"2023-04-25T12:27:32+00:00\",\"breadcrumb\":{\"@id\":\"https:\/\/www.ull.es\/portal\/agenda\/evento\/i-jornadas-sobre-desarrollo-de-la-carrera-profesional-y-empleabilidad-del-alumnado-de-educacion\/#breadcrumb\"},\"inLanguage\":\"es\",\"potentialAction\":[{\"@type\":\"ReadAction\",\"target\":[\"https:\/\/www.ull.es\/portal\/agenda\/evento\/i-jornadas-sobre-desarrollo-de-la-carrera-profesional-y-empleabilidad-del-alumnado-de-educacion\/\"]}]},{\"@type\":\"BreadcrumbList\",\"@id\":\"https:\/\/www.ull.es\/portal\/agenda\/evento\/i-jornadas-sobre-desarrollo-de-la-carrera-profesional-y-empleabilidad-del-alumnado-de-educacion\/#breadcrumb\",\"itemListElement\":[{\"@type\":\"ListItem\",\"position\":1,\"name\":\"Portada\",\"item\":\"https:\/\/www.ull.es\/portal\/agenda\/\"},{\"@type\":\"ListItem\",\"position\":2,\"name\":\"I Jornadas sobre desarrollo de la carrera profesional y empleabilidad del alumnado de Educaci\u00f3n\"}]},{\"@type\":\"WebSite\",\"@id\":\"https:\/\/www.ull.es\/portal\/agenda\/#website\",\"url\":\"https:\/\/www.ull.es\/portal\/agenda\/\",\"name\":\"ULL - Agenda\",\"description\":\"\",\"potentialAction\":[{\"@type\":\"SearchAction\",\"target\":{\"@type\":\"EntryPoint\",\"urlTemplate\":\"https:\/\/www.ull.es\/portal\/agenda\/?s={search_term_string}\"},\"query-input\":\"required name=search_term_string\"}],\"inLanguage\":\"es\"}]}<\/script>\n<!-- \/ Yoast SEO plugin. -->","yoast_head_json":{"title":"I Jornadas sobre desarrollo de la carrera profesional y empleabilidad del alumnado de Educaci\u00f3n - ULL - Agenda","robots":{"index":"index","follow":"follow","max-snippet":"max-snippet:-1","max-image-preview":"max-image-preview:large","max-video-preview":"max-video-preview:-1"},"canonical":"https:\/\/www.ull.es\/portal\/agenda\/evento\/i-jornadas-sobre-desarrollo-de-la-carrera-profesional-y-empleabilidad-del-alumnado-de-educacion\/","og_locale":"es_ES","og_type":"article","og_title":"I Jornadas sobre desarrollo de la carrera profesional y empleabilidad del alumnado de Educaci\u00f3n - ULL - Agenda","og_description":"El Laboratorio de Orientaci\u00f3n y Tutor\u00eda Universitaria de la Universidad de La Laguna organiza las I Jornadas sobre Desarrollo de la Carrera Profesional y Empleabilidad del Alumnado de la Facultad de Educaci\u00f3n, dirigidas preferentemente a los estudiantes de \u00faltimos cursos de grado. Con estas Jornadas se pretende profundizar y reforzar un aspecto clave del futuro...","og_url":"https:\/\/www.ull.es\/portal\/agenda\/evento\/i-jornadas-sobre-desarrollo-de-la-carrera-profesional-y-empleabilidad-del-alumnado-de-educacion\/","og_site_name":"ULL - Agenda","article_modified_time":"2023-04-25T12:27:32+00:00","og_image":[{"width":750,"height":370,"url":"https:\/\/www.ull.es\/portal\/agenda\/wp-content\/uploads\/sites\/12\/2023\/03\/I-Jornadas-carrera-profesional-y-empleabilidad-educacion_Banner-evento.png","type":"image\/png"}],"twitter_card":"summary_large_image","twitter_misc":{"Tiempo de lectura":"1 minuto"},"schema":{"@context":"https:\/\/schema.org","@graph":[{"@type":"WebPage","@id":"https:\/\/www.ull.es\/portal\/agenda\/evento\/i-jornadas-sobre-desarrollo-de-la-carrera-profesional-y-empleabilidad-del-alumnado-de-educacion\/","url":"https:\/\/www.ull.es\/portal\/agenda\/evento\/i-jornadas-sobre-desarrollo-de-la-carrera-profesional-y-empleabilidad-del-alumnado-de-educacion\/","name":"I Jornadas sobre desarrollo de la carrera profesional y empleabilidad del alumnado de Educaci\u00f3n - ULL - Agenda","isPartOf":{"@id":"https:\/\/www.ull.es\/portal\/agenda\/#website"},"datePublished":"2023-03-16T14:20:19+00:00","dateModified":"2023-04-25T12:27:32+00:00","breadcrumb":{"@id":"https:\/\/www.ull.es\/portal\/agenda\/evento\/i-jornadas-sobre-desarrollo-de-la-carrera-profesional-y-empleabilidad-del-alumnado-de-educacion\/#breadcrumb"},"inLanguage":"es","potentialAction":[{"@type":"ReadAction","target":["https:\/\/www.ull.es\/portal\/agenda\/evento\/i-jornadas-sobre-desarrollo-de-la-carrera-profesional-y-empleabilidad-del-alumnado-de-educacion\/"]}]},{"@type":"BreadcrumbList","@id":"https:\/\/www.ull.es\/portal\/agenda\/evento\/i-jornadas-sobre-desarrollo-de-la-carrera-profesional-y-empleabilidad-del-alumnado-de-educacion\/#breadcrumb","itemListElement":[{"@type":"ListItem","position":1,"name":"Portada","item":"https:\/\/www.ull.es\/portal\/agenda\/"},{"@type":"ListItem","position":2,"name":"I Jornadas sobre desarrollo de la carrera profesional y empleabilidad del alumnado de Educaci\u00f3n"}]},{"@type":"WebSite","@id":"https:\/\/www.ull.es\/portal\/agenda\/#website","url":"https:\/\/www.ull.es\/portal\/agenda\/","name":"ULL - Agenda","description":"","potentialAction":[{"@type":"SearchAction","target":{"@type":"EntryPoint","urlTemplate":"https:\/\/www.ull.es\/portal\/agenda\/?s={search_term_string}"},"query-input":"required name=search_term_string"}],"inLanguage":"es"}]}},"_links":{"self":[{"href":"https:\/\/www.ull.es\/portal\/agenda\/wp-json\/wp\/v2\/tribe_events\/29645"}],"collection":[{"href":"https:\/\/www.ull.es\/portal\/agenda\/wp-json\/wp\/v2\/tribe_events"}],"about":[{"href":"https:\/\/www.ull.es\/portal\/agenda\/wp-json\/wp\/v2\/types\/tribe_events"}],"author":[{"embeddable":true,"href":"https:\/\/www.ull.es\/portal\/agenda\/wp-json\/wp\/v2\/users\/65"}],"replies":[{"embeddable":true,"href":"https:\/\/www.ull.es\/portal\/agenda\/wp-json\/wp\/v2\/comments?post=29645"}],"version-history":[{"count":4,"href":"https:\/\/www.ull.es\/portal\/agenda\/wp-json\/wp\/v2\/tribe_events\/29645\/revisions"}],"predecessor-version":[{"id":29650,"href":"https:\/\/www.ull.es\/portal\/agenda\/wp-json\/wp\/v2\/tribe_events\/29645\/revisions\/29650"}],"wp:featuredmedia":[{"embeddable":true,"href":"https:\/\/www.ull.es\/portal\/agenda\/wp-json\/wp\/v2\/media\/29702"}],"wp:attachment":[{"href":"https:\/\/www.ull.es\/portal\/agenda\/wp-json\/wp\/v2\/media?parent=29645"}],"wp:term":[{"taxonomy":"post_tag","embeddable":true,"href":"https:\/\/www.ull.es\/portal\/agenda\/wp-json\/wp\/v2\/tags?post=29645"},{"taxonomy":"tribe_events_cat","embeddable":true,"href":"https:\/\/www.ull.es\/portal\/agenda\/wp-json\/wp\/v2\/tribe_events_cat?post=29645"}],"curies":[{"name":"wp","href":"https:\/\/api.w.org\/{rel}","templated":true}]}}