{"id":29716,"date":"2023-03-22T12:26:57","date_gmt":"2023-03-22T12:26:57","guid":{"rendered":"https:\/\/www.ull.es\/portal\/agenda\/?post_type=tribe_events&#038;p=29716"},"modified":"2023-03-23T12:23:03","modified_gmt":"2023-03-23T12:23:03","slug":"el-encuentro-necesario-entre-la-etica-y-la-inteligencia-artificial","status":"publish","type":"tribe_events","link":"https:\/\/www.ull.es\/portal\/agenda\/evento\/el-encuentro-necesario-entre-la-etica-y-la-inteligencia-artificial\/","title":{"rendered":"El encuentro (necesario) entre la \u00e9tica y la Inteligencia Artificial"},"content":{"rendered":"<p>El Aula Cultural de Filosof\u00eda, con la colaboraci\u00f3n de la Secci\u00f3n de Filolog\u00eda, organizan este curso que se celebrar\u00e1 en la Facultad de Humanidades los d\u00edas, 24, 25 y 26 de abril de 2023.<\/p>\n<p>La Inteligencia Artificial (IA) ha asumido el protagonismo de la Cuarta Revoluci\u00f3n Industrial. Constituye una tecnolog\u00eda disruptiva que suministra numerosas oportunidades en diversos espacios, sin embargo, tambi\u00e9n acarrea considerables riesgos. En ese sentido, nos sit\u00faa en un escenario atravesado por numerosos desaf\u00edos que exigen un conocimiento desde la \u00e9tica. Este curso ofrece una introducci\u00f3n a la \u00e9tica aplicada a la IA, a la vez que dedica unos espacios reflexivos a problem\u00e1ticas que suelen pasar desapercibidas o que no han despertado demasiado inter\u00e9s: sobreestimaci\u00f3n de la tecnolog\u00eda, sostenibilidad integral e inclusi\u00f3n cient\u00edfica.<\/p>\n<p>La metodolog\u00eda ser\u00e1 abierta y flexible. Combinando la lecci\u00f3n magistral con la realizaci\u00f3n de casos pr\u00e1cticos, se pretende que el alumno pueda adquirir los fundamentos para la reflexi\u00f3n \u00e9tica sobre las Inteligencias Artificiales.<\/p>\n<p>Dirigido al alumnado universitario o reci\u00e9n titulado, especialmente en Filosof\u00eda, Ingenier\u00eda o disciplinas afines.<\/p>\n<p>Imparte: Antonio Luis Terrones Rodr\u00edguez. Investigador posdoctoral, Universitat de Valencia \/ IFS, CSIC.<\/p>\n<p>Direcci\u00f3n acad\u00e9mica:<\/p>\n<ul>\n<li>Mar\u00eda Rosario Hern\u00e1ndez Borges. Profesora Contratada Doctora. Departamento de Historia de la Filosof\u00eda, la Educaci\u00f3n y el Lenguaje de la Universidad de La Laguna.<\/li>\n<li>V\u00edctor Salvador Garc\u00eda Alem\u00e1n. Personal Investigador en Formaci\u00f3n (PIF).<\/li>\n<\/ul>\n<p>Coordinaci\u00f3n: Miguel Mandujano Estrada. Profesor Contratado Doctor. Departamento de Historia de la Filosof\u00eda, la Educaci\u00f3n y el Lenguaje de la Universidad de La Laguna.<\/p>\n<p><strong>CERTIFICADO DE ASISTENCIA, APTITUD Y RECONOCIMIENTO POR CR\u00c9DITO ECTS<\/strong><\/p>\n<p>La ULL, a trav\u00e9s del Vicerrectorado de Cultura, Participaci\u00f3n Social y Campus Ofra y La Palma, emitir\u00e1 un certificado de asistencia a todas aquellas personas que asistan a un m\u00ednimo del 80% de las horas lectivas presenciales. Asimismo, aquellas personas que superen el trabajo aut\u00f3nomo del alumnado, recibir\u00e1n un certificado de asistencia y aprovechamiento, reconocible a su vez por un cr\u00e9dito ECTS.<\/p>\n<p><a href=\"https:\/\/sede.fg.ull.es\/es\/curso\/detalle\/a23020135\/el-encuentro-necesario-entre-la-etica-y-la-inteligencia-artificial\" target=\"_blank\" rel=\"noopener noreferrer\" target=\"_blank\" rel=\"noopener\"><strong><u>M\u00e1s informaci\u00f3n y matr\u00edcula aqu\u00ed.<\/u><\/strong><\/a><\/p>\n<p><strong>Contacto: 922 319 616 \/ 922 319 626 \u2013\u00a0<\/strong><a href=\"mailto:extuni@ull.edu.es\" target=\"_blank\" rel=\"noopener\"><strong>extuni@ull.es<\/strong><\/a><\/p>\n","protected":false},"excerpt":{"rendered":"<p>El Aula Cultural de Filosof\u00eda, con la colaboraci\u00f3n de la Secci\u00f3n de Filolog\u00eda, organizan este curso que se celebrar\u00e1 en la Facultad de Humanidades los d\u00edas, 24, 25 y 26 de abril de 2023. La Inteligencia Artificial (IA) ha asumido el protagonismo de la Cuarta Revoluci\u00f3n Industrial. Constituye una tecnolog\u00eda disruptiva que suministra numerosas oportunidades&#8230;<\/p>\n","protected":false},"author":43,"featured_media":29717,"comment_status":"closed","ping_status":"closed","template":"","tags":[4259,977,3812,4697,4862,3751],"tribe_events_cat":[472,471,4,186],"acf":[],"yoast_head":"<!-- This site is optimized with the Yoast SEO plugin v21.3 - https:\/\/yoast.com\/wordpress\/plugins\/seo\/ -->\n<title>El encuentro (necesario) entre la \u00e9tica y la Inteligencia Artificial - ULL - Agenda<\/title>\n<meta name=\"robots\" content=\"index, follow, max-snippet:-1, max-image-preview:large, max-video-preview:-1\" \/>\n<link rel=\"canonical\" href=\"https:\/\/www.ull.es\/portal\/agenda\/evento\/el-encuentro-necesario-entre-la-etica-y-la-inteligencia-artificial\/\" \/>\n<meta property=\"og:locale\" content=\"es_ES\" \/>\n<meta property=\"og:type\" content=\"article\" \/>\n<meta property=\"og:title\" content=\"El encuentro (necesario) entre la \u00e9tica y la Inteligencia Artificial - ULL - Agenda\" \/>\n<meta property=\"og:description\" content=\"El Aula Cultural de Filosof\u00eda, con la colaboraci\u00f3n de la Secci\u00f3n de Filolog\u00eda, organizan este curso que se celebrar\u00e1 en la Facultad de Humanidades los d\u00edas, 24, 25 y 26 de abril de 2023. La Inteligencia Artificial (IA) ha asumido el protagonismo de la Cuarta Revoluci\u00f3n Industrial. Constituye una tecnolog\u00eda disruptiva que suministra numerosas oportunidades...\" \/>\n<meta property=\"og:url\" content=\"https:\/\/www.ull.es\/portal\/agenda\/evento\/el-encuentro-necesario-entre-la-etica-y-la-inteligencia-artificial\/\" \/>\n<meta property=\"og:site_name\" content=\"ULL - Agenda\" \/>\n<meta property=\"article:modified_time\" content=\"2023-03-23T12:23:03+00:00\" \/>\n<meta property=\"og:image\" content=\"https:\/\/www.ull.es\/portal\/agenda\/wp-content\/uploads\/sites\/12\/2023\/03\/BannerEticaIA.png\" \/>\n\t<meta property=\"og:image:width\" content=\"700\" \/>\n\t<meta property=\"og:image:height\" content=\"350\" \/>\n\t<meta property=\"og:image:type\" content=\"image\/png\" \/>\n<meta name=\"twitter:card\" content=\"summary_large_image\" \/>\n<meta name=\"twitter:label1\" content=\"Tiempo de lectura\" \/>\n\t<meta name=\"twitter:data1\" content=\"2 minutos\" \/>\n<script type=\"application\/ld+json\" class=\"yoast-schema-graph\">{\"@context\":\"https:\/\/schema.org\",\"@graph\":[{\"@type\":\"WebPage\",\"@id\":\"https:\/\/www.ull.es\/portal\/agenda\/evento\/el-encuentro-necesario-entre-la-etica-y-la-inteligencia-artificial\/\",\"url\":\"https:\/\/www.ull.es\/portal\/agenda\/evento\/el-encuentro-necesario-entre-la-etica-y-la-inteligencia-artificial\/\",\"name\":\"El encuentro (necesario) entre la \u00e9tica y la Inteligencia Artificial - ULL - Agenda\",\"isPartOf\":{\"@id\":\"https:\/\/www.ull.es\/portal\/agenda\/#website\"},\"datePublished\":\"2023-03-22T12:26:57+00:00\",\"dateModified\":\"2023-03-23T12:23:03+00:00\",\"breadcrumb\":{\"@id\":\"https:\/\/www.ull.es\/portal\/agenda\/evento\/el-encuentro-necesario-entre-la-etica-y-la-inteligencia-artificial\/#breadcrumb\"},\"inLanguage\":\"es\",\"potentialAction\":[{\"@type\":\"ReadAction\",\"target\":[\"https:\/\/www.ull.es\/portal\/agenda\/evento\/el-encuentro-necesario-entre-la-etica-y-la-inteligencia-artificial\/\"]}]},{\"@type\":\"BreadcrumbList\",\"@id\":\"https:\/\/www.ull.es\/portal\/agenda\/evento\/el-encuentro-necesario-entre-la-etica-y-la-inteligencia-artificial\/#breadcrumb\",\"itemListElement\":[{\"@type\":\"ListItem\",\"position\":1,\"name\":\"Portada\",\"item\":\"https:\/\/www.ull.es\/portal\/agenda\/\"},{\"@type\":\"ListItem\",\"position\":2,\"name\":\"El encuentro (necesario) entre la \u00e9tica y la Inteligencia Artificial\"}]},{\"@type\":\"WebSite\",\"@id\":\"https:\/\/www.ull.es\/portal\/agenda\/#website\",\"url\":\"https:\/\/www.ull.es\/portal\/agenda\/\",\"name\":\"ULL - Agenda\",\"description\":\"\",\"potentialAction\":[{\"@type\":\"SearchAction\",\"target\":{\"@type\":\"EntryPoint\",\"urlTemplate\":\"https:\/\/www.ull.es\/portal\/agenda\/?s={search_term_string}\"},\"query-input\":\"required name=search_term_string\"}],\"inLanguage\":\"es\"}]}<\/script>\n<!-- \/ Yoast SEO plugin. -->","yoast_head_json":{"title":"El encuentro (necesario) entre la \u00e9tica y la Inteligencia Artificial - ULL - Agenda","robots":{"index":"index","follow":"follow","max-snippet":"max-snippet:-1","max-image-preview":"max-image-preview:large","max-video-preview":"max-video-preview:-1"},"canonical":"https:\/\/www.ull.es\/portal\/agenda\/evento\/el-encuentro-necesario-entre-la-etica-y-la-inteligencia-artificial\/","og_locale":"es_ES","og_type":"article","og_title":"El encuentro (necesario) entre la \u00e9tica y la Inteligencia Artificial - ULL - Agenda","og_description":"El Aula Cultural de Filosof\u00eda, con la colaboraci\u00f3n de la Secci\u00f3n de Filolog\u00eda, organizan este curso que se celebrar\u00e1 en la Facultad de Humanidades los d\u00edas, 24, 25 y 26 de abril de 2023. La Inteligencia Artificial (IA) ha asumido el protagonismo de la Cuarta Revoluci\u00f3n Industrial. Constituye una tecnolog\u00eda disruptiva que suministra numerosas oportunidades...","og_url":"https:\/\/www.ull.es\/portal\/agenda\/evento\/el-encuentro-necesario-entre-la-etica-y-la-inteligencia-artificial\/","og_site_name":"ULL - Agenda","article_modified_time":"2023-03-23T12:23:03+00:00","og_image":[{"width":700,"height":350,"url":"https:\/\/www.ull.es\/portal\/agenda\/wp-content\/uploads\/sites\/12\/2023\/03\/BannerEticaIA.png","type":"image\/png"}],"twitter_card":"summary_large_image","twitter_misc":{"Tiempo de lectura":"2 minutos"},"schema":{"@context":"https:\/\/schema.org","@graph":[{"@type":"WebPage","@id":"https:\/\/www.ull.es\/portal\/agenda\/evento\/el-encuentro-necesario-entre-la-etica-y-la-inteligencia-artificial\/","url":"https:\/\/www.ull.es\/portal\/agenda\/evento\/el-encuentro-necesario-entre-la-etica-y-la-inteligencia-artificial\/","name":"El encuentro (necesario) entre la \u00e9tica y la Inteligencia Artificial - ULL - Agenda","isPartOf":{"@id":"https:\/\/www.ull.es\/portal\/agenda\/#website"},"datePublished":"2023-03-22T12:26:57+00:00","dateModified":"2023-03-23T12:23:03+00:00","breadcrumb":{"@id":"https:\/\/www.ull.es\/portal\/agenda\/evento\/el-encuentro-necesario-entre-la-etica-y-la-inteligencia-artificial\/#breadcrumb"},"inLanguage":"es","potentialAction":[{"@type":"ReadAction","target":["https:\/\/www.ull.es\/portal\/agenda\/evento\/el-encuentro-necesario-entre-la-etica-y-la-inteligencia-artificial\/"]}]},{"@type":"BreadcrumbList","@id":"https:\/\/www.ull.es\/portal\/agenda\/evento\/el-encuentro-necesario-entre-la-etica-y-la-inteligencia-artificial\/#breadcrumb","itemListElement":[{"@type":"ListItem","position":1,"name":"Portada","item":"https:\/\/www.ull.es\/portal\/agenda\/"},{"@type":"ListItem","position":2,"name":"El encuentro (necesario) entre la \u00e9tica y la Inteligencia Artificial"}]},{"@type":"WebSite","@id":"https:\/\/www.ull.es\/portal\/agenda\/#website","url":"https:\/\/www.ull.es\/portal\/agenda\/","name":"ULL - Agenda","description":"","potentialAction":[{"@type":"SearchAction","target":{"@type":"EntryPoint","urlTemplate":"https:\/\/www.ull.es\/portal\/agenda\/?s={search_term_string}"},"query-input":"required name=search_term_string"}],"inLanguage":"es"}]}},"_links":{"self":[{"href":"https:\/\/www.ull.es\/portal\/agenda\/wp-json\/wp\/v2\/tribe_events\/29716"}],"collection":[{"href":"https:\/\/www.ull.es\/portal\/agenda\/wp-json\/wp\/v2\/tribe_events"}],"about":[{"href":"https:\/\/www.ull.es\/portal\/agenda\/wp-json\/wp\/v2\/types\/tribe_events"}],"author":[{"embeddable":true,"href":"https:\/\/www.ull.es\/portal\/agenda\/wp-json\/wp\/v2\/users\/43"}],"replies":[{"embeddable":true,"href":"https:\/\/www.ull.es\/portal\/agenda\/wp-json\/wp\/v2\/comments?post=29716"}],"version-history":[{"count":3,"href":"https:\/\/www.ull.es\/portal\/agenda\/wp-json\/wp\/v2\/tribe_events\/29716\/revisions"}],"predecessor-version":[{"id":29739,"href":"https:\/\/www.ull.es\/portal\/agenda\/wp-json\/wp\/v2\/tribe_events\/29716\/revisions\/29739"}],"wp:featuredmedia":[{"embeddable":true,"href":"https:\/\/www.ull.es\/portal\/agenda\/wp-json\/wp\/v2\/media\/29717"}],"wp:attachment":[{"href":"https:\/\/www.ull.es\/portal\/agenda\/wp-json\/wp\/v2\/media?parent=29716"}],"wp:term":[{"taxonomy":"post_tag","embeddable":true,"href":"https:\/\/www.ull.es\/portal\/agenda\/wp-json\/wp\/v2\/tags?post=29716"},{"taxonomy":"tribe_events_cat","embeddable":true,"href":"https:\/\/www.ull.es\/portal\/agenda\/wp-json\/wp\/v2\/tribe_events_cat?post=29716"}],"curies":[{"name":"wp","href":"https:\/\/api.w.org\/{rel}","templated":true}]}}