{"id":29896,"date":"2023-04-10T13:36:31","date_gmt":"2023-04-10T13:36:31","guid":{"rendered":"https:\/\/www.ull.es\/portal\/agenda\/?post_type=tribe_events&#038;p=29896"},"modified":"2023-04-19T14:02:58","modified_gmt":"2023-04-19T14:02:58","slug":"concierto-de-las-bandas-del-primer-y-segundo-ciclo-de-ensenanzas-profesionales-del-cpm","status":"publish","type":"tribe_events","link":"https:\/\/www.ull.es\/portal\/agenda\/evento\/concierto-de-las-bandas-del-primer-y-segundo-ciclo-de-ensenanzas-profesionales-del-cpm\/","title":{"rendered":"Concierto de las Bandas del Primer y Segundo Ciclo de Ense\u00f1anzas Profesionales del Conservatorio Profesional de M\u00fasica"},"content":{"rendered":"<div>\n<p>El Conservatorio Profesional de M\u00fasica de Santa Cruz de Tenerife en colaboraci\u00f3n con el Paraninfo de la Universidad de la Laguna, organiza el Concierto que se celebrar\u00e1 el domingo 23 de abril a las 18:00, en el que se rinde homenaje a la m\u00fasica compuesta para Banda Sinf\u00f3nica y en la que actuar\u00e1n 2 de las 4 Bandas Sinf\u00f3nicas que tiene nuestro Conservatorio.<\/p>\n<p>Como ya es habitual, el CPMT, como parte de su proyecto educativo, desea fomentar en el alumnado la participaci\u00f3n en actividades motivadoras fuera de su \u00e1mbito habitual y es por ello por lo que se organiza este Concierto con las Bandas del 1er. Ciclo (1\u00ba y 2\u00ba) dirigida por Domingo Abreu y la del 2\u00ba Ciclo (3\u00ba y 4\u00ba) dirigida por Javier Llopis, en uno de los espacios culturales m\u00e1s emblem\u00e1ticos de nuestra isla, \u201cEl Paraninfo\u201d de la Universidad de La Laguna. El programa del concierto comenzar\u00e1 con la Banda del 1\u00ba Ciclo, que interpretar\u00e1 un variado repertorio con piezas de Robert W. Smith, Agust\u00edn Ramos, Ted Huggens y Ferrer Ferran.<\/p>\n<\/div>\n<div><\/div>\n<div>\n<p>Seguidamente la Banda del 2\u00ba Ciclo cerrar\u00e1 el concierto con un programa en el que fusionar\u00e1 el color de la m\u00fasica valenciana con la m\u00fasica m\u00e1s tradicional del repertorio internacional sinf\u00f3nico para banda.<\/p>\n<p>Banda de 1\u00ba Ciclo del Conservatorio Profesional de M\u00fasica de Santa Cruz de Tenerife.<br \/>\nDirector: Domingo Abreu<\/p>\n<\/div>\n<div>Programa<\/div>\n<div>AGUST\u00cdN RAMOS MELOD\u00cdA EN FA (Tromb\u00f3n solista: Sa\u00fal Andr\u00e9s Rosa Viera)<\/div>\n<div>TED HUGGENS ADAGIETTO FOR FLUTE (Flauta solista: Paola Garc\u00eda Garc\u00eda)<\/div>\n<div>FERRER FERRAN PEPITO GRILLO (Clarinete solista: Dora Iwerama G\u00f3mez Figueras)<\/div>\n<div>\n<p>ROBERT WILLIAM SMITH ENCANTO<\/p>\n<p>Banda de 2\u00ba Ciclo del Conservatorio Profesional de M\u00fasica de Santa Cruz de Tenerife<\/p>\n<\/div>\n<div>Director: JAVIER LLOPIS PROGRAMA MANUEL MORALES M\u00daSICA Y VINOS (Pasodoble de Concierto)<\/div>\n<div>Programa<br \/>\nJAMES BARNES ALVAMAR (Overture)<br \/>\nFERRER FERR\u00c1N EL BOLERO DE CARMELO<br \/>\nJACOB DE HAAN ROSS ROY<\/div>\n<div><\/div>\n<div dir=\"ltr\">\n<div class=\"gmail_default\"><a href=\"http:\/\/www.tomaticket.es\/recintos\/paraninfo-ull\" target=\"_blank\" rel=\"noopener\" target=\"_blank\" rel=\"noopener\">Entrada general<\/a>: 5 \u20ac\u00a0 \/ Estudiantes: 3 \u20ac.<\/div>\n<\/div>\n","protected":false},"excerpt":{"rendered":"<p>El Conservatorio Profesional de M\u00fasica de Santa Cruz de Tenerife en colaboraci\u00f3n con el Paraninfo de la Universidad de la Laguna, organiza el Concierto que se celebrar\u00e1 el domingo 23 de abril a las 18:00, en el que se rinde homenaje a la m\u00fasica compuesta para Banda Sinf\u00f3nica y en la que actuar\u00e1n 2 de&#8230;<\/p>\n","protected":false},"author":65,"featured_media":30090,"comment_status":"closed","ping_status":"closed","template":"","tags":[],"tribe_events_cat":[3987,4,343,4691,191],"acf":[],"yoast_head":"<!-- This site is optimized with the Yoast SEO plugin v21.3 - https:\/\/yoast.com\/wordpress\/plugins\/seo\/ -->\n<title>Concierto de las Bandas del Primer y Segundo Ciclo de Ense\u00f1anzas Profesionales del Conservatorio Profesional de M\u00fasica - ULL - Agenda<\/title>\n<meta name=\"robots\" content=\"index, follow, max-snippet:-1, max-image-preview:large, max-video-preview:-1\" \/>\n<link rel=\"canonical\" href=\"https:\/\/www.ull.es\/portal\/agenda\/evento\/concierto-de-las-bandas-del-primer-y-segundo-ciclo-de-ensenanzas-profesionales-del-cpm\/\" \/>\n<meta property=\"og:locale\" content=\"es_ES\" \/>\n<meta property=\"og:type\" content=\"article\" \/>\n<meta property=\"og:title\" content=\"Concierto de las Bandas del Primer y Segundo Ciclo de Ense\u00f1anzas Profesionales del Conservatorio Profesional de M\u00fasica - ULL - Agenda\" \/>\n<meta property=\"og:description\" content=\"El Conservatorio Profesional de M\u00fasica de Santa Cruz de Tenerife en colaboraci\u00f3n con el Paraninfo de la Universidad de la Laguna, organiza el Concierto que se celebrar\u00e1 el domingo 23 de abril a las 18:00, en el que se rinde homenaje a la m\u00fasica compuesta para Banda Sinf\u00f3nica y en la que actuar\u00e1n 2 de...\" \/>\n<meta property=\"og:url\" content=\"https:\/\/www.ull.es\/portal\/agenda\/evento\/concierto-de-las-bandas-del-primer-y-segundo-ciclo-de-ensenanzas-profesionales-del-cpm\/\" \/>\n<meta property=\"og:site_name\" content=\"ULL - Agenda\" \/>\n<meta property=\"article:modified_time\" content=\"2023-04-19T14:02:58+00:00\" \/>\n<meta property=\"og:image\" content=\"https:\/\/www.ull.es\/portal\/agenda\/wp-content\/uploads\/sites\/12\/2023\/04\/Concierto-bandas-1-y-2-Conservatorio-Profesional_Banner-evento-1.jpg\" \/>\n\t<meta property=\"og:image:width\" content=\"750\" \/>\n\t<meta property=\"og:image:height\" content=\"370\" \/>\n\t<meta property=\"og:image:type\" content=\"image\/jpeg\" \/>\n<meta name=\"twitter:card\" content=\"summary_large_image\" \/>\n<meta name=\"twitter:label1\" content=\"Tiempo de lectura\" \/>\n\t<meta name=\"twitter:data1\" content=\"2 minutos\" \/>\n<script type=\"application\/ld+json\" class=\"yoast-schema-graph\">{\"@context\":\"https:\/\/schema.org\",\"@graph\":[{\"@type\":\"WebPage\",\"@id\":\"https:\/\/www.ull.es\/portal\/agenda\/evento\/concierto-de-las-bandas-del-primer-y-segundo-ciclo-de-ensenanzas-profesionales-del-cpm\/\",\"url\":\"https:\/\/www.ull.es\/portal\/agenda\/evento\/concierto-de-las-bandas-del-primer-y-segundo-ciclo-de-ensenanzas-profesionales-del-cpm\/\",\"name\":\"Concierto de las Bandas del Primer y Segundo Ciclo de Ense\u00f1anzas Profesionales del Conservatorio Profesional de M\u00fasica - ULL - Agenda\",\"isPartOf\":{\"@id\":\"https:\/\/www.ull.es\/portal\/agenda\/#website\"},\"datePublished\":\"2023-04-10T13:36:31+00:00\",\"dateModified\":\"2023-04-19T14:02:58+00:00\",\"breadcrumb\":{\"@id\":\"https:\/\/www.ull.es\/portal\/agenda\/evento\/concierto-de-las-bandas-del-primer-y-segundo-ciclo-de-ensenanzas-profesionales-del-cpm\/#breadcrumb\"},\"inLanguage\":\"es\",\"potentialAction\":[{\"@type\":\"ReadAction\",\"target\":[\"https:\/\/www.ull.es\/portal\/agenda\/evento\/concierto-de-las-bandas-del-primer-y-segundo-ciclo-de-ensenanzas-profesionales-del-cpm\/\"]}]},{\"@type\":\"BreadcrumbList\",\"@id\":\"https:\/\/www.ull.es\/portal\/agenda\/evento\/concierto-de-las-bandas-del-primer-y-segundo-ciclo-de-ensenanzas-profesionales-del-cpm\/#breadcrumb\",\"itemListElement\":[{\"@type\":\"ListItem\",\"position\":1,\"name\":\"Portada\",\"item\":\"https:\/\/www.ull.es\/portal\/agenda\/\"},{\"@type\":\"ListItem\",\"position\":2,\"name\":\"Concierto de las Bandas del Primer y Segundo Ciclo de Ense\u00f1anzas Profesionales del Conservatorio Profesional de M\u00fasica\"}]},{\"@type\":\"WebSite\",\"@id\":\"https:\/\/www.ull.es\/portal\/agenda\/#website\",\"url\":\"https:\/\/www.ull.es\/portal\/agenda\/\",\"name\":\"ULL - Agenda\",\"description\":\"\",\"potentialAction\":[{\"@type\":\"SearchAction\",\"target\":{\"@type\":\"EntryPoint\",\"urlTemplate\":\"https:\/\/www.ull.es\/portal\/agenda\/?s={search_term_string}\"},\"query-input\":\"required name=search_term_string\"}],\"inLanguage\":\"es\"}]}<\/script>\n<!-- \/ Yoast SEO plugin. -->","yoast_head_json":{"title":"Concierto de las Bandas del Primer y Segundo Ciclo de Ense\u00f1anzas Profesionales del Conservatorio Profesional de M\u00fasica - ULL - Agenda","robots":{"index":"index","follow":"follow","max-snippet":"max-snippet:-1","max-image-preview":"max-image-preview:large","max-video-preview":"max-video-preview:-1"},"canonical":"https:\/\/www.ull.es\/portal\/agenda\/evento\/concierto-de-las-bandas-del-primer-y-segundo-ciclo-de-ensenanzas-profesionales-del-cpm\/","og_locale":"es_ES","og_type":"article","og_title":"Concierto de las Bandas del Primer y Segundo Ciclo de Ense\u00f1anzas Profesionales del Conservatorio Profesional de M\u00fasica - ULL - Agenda","og_description":"El Conservatorio Profesional de M\u00fasica de Santa Cruz de Tenerife en colaboraci\u00f3n con el Paraninfo de la Universidad de la Laguna, organiza el Concierto que se celebrar\u00e1 el domingo 23 de abril a las 18:00, en el que se rinde homenaje a la m\u00fasica compuesta para Banda Sinf\u00f3nica y en la que actuar\u00e1n 2 de...","og_url":"https:\/\/www.ull.es\/portal\/agenda\/evento\/concierto-de-las-bandas-del-primer-y-segundo-ciclo-de-ensenanzas-profesionales-del-cpm\/","og_site_name":"ULL - Agenda","article_modified_time":"2023-04-19T14:02:58+00:00","og_image":[{"width":750,"height":370,"url":"https:\/\/www.ull.es\/portal\/agenda\/wp-content\/uploads\/sites\/12\/2023\/04\/Concierto-bandas-1-y-2-Conservatorio-Profesional_Banner-evento-1.jpg","type":"image\/jpeg"}],"twitter_card":"summary_large_image","twitter_misc":{"Tiempo de lectura":"2 minutos"},"schema":{"@context":"https:\/\/schema.org","@graph":[{"@type":"WebPage","@id":"https:\/\/www.ull.es\/portal\/agenda\/evento\/concierto-de-las-bandas-del-primer-y-segundo-ciclo-de-ensenanzas-profesionales-del-cpm\/","url":"https:\/\/www.ull.es\/portal\/agenda\/evento\/concierto-de-las-bandas-del-primer-y-segundo-ciclo-de-ensenanzas-profesionales-del-cpm\/","name":"Concierto de las Bandas del Primer y Segundo Ciclo de Ense\u00f1anzas Profesionales del Conservatorio Profesional de M\u00fasica - ULL - Agenda","isPartOf":{"@id":"https:\/\/www.ull.es\/portal\/agenda\/#website"},"datePublished":"2023-04-10T13:36:31+00:00","dateModified":"2023-04-19T14:02:58+00:00","breadcrumb":{"@id":"https:\/\/www.ull.es\/portal\/agenda\/evento\/concierto-de-las-bandas-del-primer-y-segundo-ciclo-de-ensenanzas-profesionales-del-cpm\/#breadcrumb"},"inLanguage":"es","potentialAction":[{"@type":"ReadAction","target":["https:\/\/www.ull.es\/portal\/agenda\/evento\/concierto-de-las-bandas-del-primer-y-segundo-ciclo-de-ensenanzas-profesionales-del-cpm\/"]}]},{"@type":"BreadcrumbList","@id":"https:\/\/www.ull.es\/portal\/agenda\/evento\/concierto-de-las-bandas-del-primer-y-segundo-ciclo-de-ensenanzas-profesionales-del-cpm\/#breadcrumb","itemListElement":[{"@type":"ListItem","position":1,"name":"Portada","item":"https:\/\/www.ull.es\/portal\/agenda\/"},{"@type":"ListItem","position":2,"name":"Concierto de las Bandas del Primer y Segundo Ciclo de Ense\u00f1anzas Profesionales del Conservatorio Profesional de M\u00fasica"}]},{"@type":"WebSite","@id":"https:\/\/www.ull.es\/portal\/agenda\/#website","url":"https:\/\/www.ull.es\/portal\/agenda\/","name":"ULL - Agenda","description":"","potentialAction":[{"@type":"SearchAction","target":{"@type":"EntryPoint","urlTemplate":"https:\/\/www.ull.es\/portal\/agenda\/?s={search_term_string}"},"query-input":"required name=search_term_string"}],"inLanguage":"es"}]}},"_links":{"self":[{"href":"https:\/\/www.ull.es\/portal\/agenda\/wp-json\/wp\/v2\/tribe_events\/29896"}],"collection":[{"href":"https:\/\/www.ull.es\/portal\/agenda\/wp-json\/wp\/v2\/tribe_events"}],"about":[{"href":"https:\/\/www.ull.es\/portal\/agenda\/wp-json\/wp\/v2\/types\/tribe_events"}],"author":[{"embeddable":true,"href":"https:\/\/www.ull.es\/portal\/agenda\/wp-json\/wp\/v2\/users\/65"}],"replies":[{"embeddable":true,"href":"https:\/\/www.ull.es\/portal\/agenda\/wp-json\/wp\/v2\/comments?post=29896"}],"version-history":[{"count":6,"href":"https:\/\/www.ull.es\/portal\/agenda\/wp-json\/wp\/v2\/tribe_events\/29896\/revisions"}],"predecessor-version":[{"id":30091,"href":"https:\/\/www.ull.es\/portal\/agenda\/wp-json\/wp\/v2\/tribe_events\/29896\/revisions\/30091"}],"wp:featuredmedia":[{"embeddable":true,"href":"https:\/\/www.ull.es\/portal\/agenda\/wp-json\/wp\/v2\/media\/30090"}],"wp:attachment":[{"href":"https:\/\/www.ull.es\/portal\/agenda\/wp-json\/wp\/v2\/media?parent=29896"}],"wp:term":[{"taxonomy":"post_tag","embeddable":true,"href":"https:\/\/www.ull.es\/portal\/agenda\/wp-json\/wp\/v2\/tags?post=29896"},{"taxonomy":"tribe_events_cat","embeddable":true,"href":"https:\/\/www.ull.es\/portal\/agenda\/wp-json\/wp\/v2\/tribe_events_cat?post=29896"}],"curies":[{"name":"wp","href":"https:\/\/api.w.org\/{rel}","templated":true}]}}