{"id":29953,"date":"2023-04-13T10:51:13","date_gmt":"2023-04-13T10:51:13","guid":{"rendered":"https:\/\/www.ull.es\/portal\/agenda\/?post_type=tribe_events&#038;p=29953"},"modified":"2023-04-20T10:45:33","modified_gmt":"2023-04-20T10:45:33","slug":"seminario-los-movimientos-migratorios-en-la-union-europea","status":"publish","type":"tribe_events","link":"https:\/\/www.ull.es\/portal\/agenda\/evento\/seminario-los-movimientos-migratorios-en-la-union-europea\/","title":{"rendered":"Seminario: Los movimientos migratorios en la Uni\u00f3n Europea"},"content":{"rendered":"<p>El Centro de Documentaci\u00f3n Europea organiza el seminario: El desaf\u00edo de los movimientos migratorios en la Uni\u00f3n Europea desde la perspectiva del respeto a los derechos humanos que se celebrar\u00e1 en el Aula Tom\u00e1s y Valiente de la Facultad de Derecho del a Universidad de La Laguna, el viernes 21 de abril a las 11:30 horas.<\/p>\n<p><span style=\"font-weight: 400;\">Los movimientos migratorios siguen constituyendo un desaf\u00edo para la\u00a0 Uni\u00f3n Europea y va a continuar siendo as\u00ed. El cambio clim\u00e1tico, la inestabilidad\u00a0 pol\u00edtica y las diferencias econ\u00f3micas van a seguir empujando a miles de personas\u00a0 a intentar llegar a Europa. La Uni\u00f3n Europa debe respetar el Derecho\u00a0 internacional y su propio Derecho en materia de protecci\u00f3n internacional de la\u00a0 persona migrante. Al mismo tiempo, est\u00e1 preocupada por frenar cualquier tipo de\u00a0 migraci\u00f3n irregular. Dentro de las grandes l\u00edneas del Nuevo Pacto de Migraci\u00f3n\u00a0 y Asilo (colaboraci\u00f3n con terceros pa\u00edses, gesti\u00f3n de las fronteras exteriores y\u00a0 normas internas de solidaridad) aflora la necesidad de respetar los derechos\u00a0 humanos de las personas migrantes. En este seminario vamos a abordar este\u00a0 problema desde una perspectiva hol\u00edstica y centr\u00e1ndonos en dos de las v\u00edas\u00a0 principales de movilidad hacia la Uni\u00f3n Europea: a trav\u00e9s de Ceuta y Melilla, y a\u00a0 trav\u00e9s de Canarias.\u00a0<\/span><\/p>\n<p>Programa<\/p>\n<p><b>11:30 h. Presentaci\u00f3n\u00a0<\/b><\/p>\n<p><b>11:45 h. <\/b><b><i>La Uni\u00f3n Europea ante la movilidad humana hacia el territorio de sus Estados miembros<\/i><\/b><i><span style=\"font-weight: 400;\">, <\/span><\/i><span style=\"font-weight: 400;\">por Jos\u00e9 Antonio Moreno D\u00edaz, experto en dict\u00e1menes\u00a0 en migraci\u00f3n y asilo del Consejo Econ\u00f3mico y Social de la Uni\u00f3n Europea\u00a0<\/span><\/p>\n<p><b>12:15 h. <\/b><b><i>La migraci\u00f3n a Europa por las ciudades de Ceuta y Melilla<\/i><\/b><span style=\"font-weight: 400;\">, por\u00a0 Carolina Soler Garc\u00eda, Profesora Contratada Doctora de Derecho Internacional\u00a0 P\u00fablico y Relaciones Internacionales de la Universidad de Alicante\u00a0<\/span><\/p>\n<p><b>12:45 h. <\/b><b><i>Especificidades de la ruta de \u00c1frica occidental a Canarias en la\u00a0 pol\u00edtica migratoria de la Uni\u00f3n Europea<\/i><\/b><span style=\"font-weight: 400;\">, por Txema Santana, asesor en\u00a0 migraciones para el Gobierno de Canarias\u00a0<\/span><\/p>\n<p><b>13:15 h. Debate abierto al p\u00fablico<\/b><\/p>\n","protected":false},"excerpt":{"rendered":"<p>El Centro de Documentaci\u00f3n Europea organiza el seminario: El desaf\u00edo de los movimientos migratorios en la Uni\u00f3n Europea desde la perspectiva del respeto a los derechos humanos que se celebrar\u00e1 en el Aula Tom\u00e1s y Valiente de la Facultad de Derecho del a Universidad de La Laguna, el viernes 21 de abril a las 11:30&#8230;<\/p>\n","protected":false},"author":65,"featured_media":30100,"comment_status":"closed","ping_status":"closed","template":"","tags":[],"tribe_events_cat":[841,4,865,191],"acf":[],"yoast_head":"<!-- This site is optimized with the Yoast SEO plugin v21.3 - https:\/\/yoast.com\/wordpress\/plugins\/seo\/ -->\n<title>Seminario: Los movimientos migratorios en la Uni\u00f3n Europea - ULL - Agenda<\/title>\n<meta name=\"robots\" content=\"index, follow, max-snippet:-1, max-image-preview:large, max-video-preview:-1\" \/>\n<link rel=\"canonical\" href=\"https:\/\/www.ull.es\/portal\/agenda\/evento\/seminario-los-movimientos-migratorios-en-la-union-europea\/\" \/>\n<meta property=\"og:locale\" content=\"es_ES\" \/>\n<meta property=\"og:type\" content=\"article\" \/>\n<meta property=\"og:title\" content=\"Seminario: Los movimientos migratorios en la Uni\u00f3n Europea - ULL - Agenda\" \/>\n<meta property=\"og:description\" content=\"El Centro de Documentaci\u00f3n Europea organiza el seminario: El desaf\u00edo de los movimientos migratorios en la Uni\u00f3n Europea desde la perspectiva del respeto a los derechos humanos que se celebrar\u00e1 en el Aula Tom\u00e1s y Valiente de la Facultad de Derecho del a Universidad de La Laguna, el viernes 21 de abril a las 11:30...\" \/>\n<meta property=\"og:url\" content=\"https:\/\/www.ull.es\/portal\/agenda\/evento\/seminario-los-movimientos-migratorios-en-la-union-europea\/\" \/>\n<meta property=\"og:site_name\" content=\"ULL - Agenda\" \/>\n<meta property=\"article:modified_time\" content=\"2023-04-20T10:45:33+00:00\" \/>\n<meta property=\"og:image\" content=\"https:\/\/www.ull.es\/portal\/agenda\/wp-content\/uploads\/sites\/12\/2023\/04\/Cartel-MigracionesUE-2.png\" \/>\n\t<meta property=\"og:image:width\" content=\"1920\" \/>\n\t<meta property=\"og:image:height\" content=\"960\" \/>\n\t<meta property=\"og:image:type\" content=\"image\/png\" \/>\n<meta name=\"twitter:card\" content=\"summary_large_image\" \/>\n<meta name=\"twitter:label1\" content=\"Tiempo de lectura\" \/>\n\t<meta name=\"twitter:data1\" content=\"2 minutos\" \/>\n<script type=\"application\/ld+json\" class=\"yoast-schema-graph\">{\"@context\":\"https:\/\/schema.org\",\"@graph\":[{\"@type\":\"WebPage\",\"@id\":\"https:\/\/www.ull.es\/portal\/agenda\/evento\/seminario-los-movimientos-migratorios-en-la-union-europea\/\",\"url\":\"https:\/\/www.ull.es\/portal\/agenda\/evento\/seminario-los-movimientos-migratorios-en-la-union-europea\/\",\"name\":\"Seminario: Los movimientos migratorios en la Uni\u00f3n Europea - ULL - Agenda\",\"isPartOf\":{\"@id\":\"https:\/\/www.ull.es\/portal\/agenda\/#website\"},\"datePublished\":\"2023-04-13T10:51:13+00:00\",\"dateModified\":\"2023-04-20T10:45:33+00:00\",\"breadcrumb\":{\"@id\":\"https:\/\/www.ull.es\/portal\/agenda\/evento\/seminario-los-movimientos-migratorios-en-la-union-europea\/#breadcrumb\"},\"inLanguage\":\"es\",\"potentialAction\":[{\"@type\":\"ReadAction\",\"target\":[\"https:\/\/www.ull.es\/portal\/agenda\/evento\/seminario-los-movimientos-migratorios-en-la-union-europea\/\"]}]},{\"@type\":\"BreadcrumbList\",\"@id\":\"https:\/\/www.ull.es\/portal\/agenda\/evento\/seminario-los-movimientos-migratorios-en-la-union-europea\/#breadcrumb\",\"itemListElement\":[{\"@type\":\"ListItem\",\"position\":1,\"name\":\"Portada\",\"item\":\"https:\/\/www.ull.es\/portal\/agenda\/\"},{\"@type\":\"ListItem\",\"position\":2,\"name\":\"Seminario: Los movimientos migratorios en la Uni\u00f3n Europea\"}]},{\"@type\":\"WebSite\",\"@id\":\"https:\/\/www.ull.es\/portal\/agenda\/#website\",\"url\":\"https:\/\/www.ull.es\/portal\/agenda\/\",\"name\":\"ULL - Agenda\",\"description\":\"\",\"potentialAction\":[{\"@type\":\"SearchAction\",\"target\":{\"@type\":\"EntryPoint\",\"urlTemplate\":\"https:\/\/www.ull.es\/portal\/agenda\/?s={search_term_string}\"},\"query-input\":\"required name=search_term_string\"}],\"inLanguage\":\"es\"}]}<\/script>\n<!-- \/ Yoast SEO plugin. -->","yoast_head_json":{"title":"Seminario: Los movimientos migratorios en la Uni\u00f3n Europea - ULL - Agenda","robots":{"index":"index","follow":"follow","max-snippet":"max-snippet:-1","max-image-preview":"max-image-preview:large","max-video-preview":"max-video-preview:-1"},"canonical":"https:\/\/www.ull.es\/portal\/agenda\/evento\/seminario-los-movimientos-migratorios-en-la-union-europea\/","og_locale":"es_ES","og_type":"article","og_title":"Seminario: Los movimientos migratorios en la Uni\u00f3n Europea - ULL - Agenda","og_description":"El Centro de Documentaci\u00f3n Europea organiza el seminario: El desaf\u00edo de los movimientos migratorios en la Uni\u00f3n Europea desde la perspectiva del respeto a los derechos humanos que se celebrar\u00e1 en el Aula Tom\u00e1s y Valiente de la Facultad de Derecho del a Universidad de La Laguna, el viernes 21 de abril a las 11:30...","og_url":"https:\/\/www.ull.es\/portal\/agenda\/evento\/seminario-los-movimientos-migratorios-en-la-union-europea\/","og_site_name":"ULL - Agenda","article_modified_time":"2023-04-20T10:45:33+00:00","og_image":[{"width":1920,"height":960,"url":"https:\/\/www.ull.es\/portal\/agenda\/wp-content\/uploads\/sites\/12\/2023\/04\/Cartel-MigracionesUE-2.png","type":"image\/png"}],"twitter_card":"summary_large_image","twitter_misc":{"Tiempo de lectura":"2 minutos"},"schema":{"@context":"https:\/\/schema.org","@graph":[{"@type":"WebPage","@id":"https:\/\/www.ull.es\/portal\/agenda\/evento\/seminario-los-movimientos-migratorios-en-la-union-europea\/","url":"https:\/\/www.ull.es\/portal\/agenda\/evento\/seminario-los-movimientos-migratorios-en-la-union-europea\/","name":"Seminario: Los movimientos migratorios en la Uni\u00f3n Europea - ULL - Agenda","isPartOf":{"@id":"https:\/\/www.ull.es\/portal\/agenda\/#website"},"datePublished":"2023-04-13T10:51:13+00:00","dateModified":"2023-04-20T10:45:33+00:00","breadcrumb":{"@id":"https:\/\/www.ull.es\/portal\/agenda\/evento\/seminario-los-movimientos-migratorios-en-la-union-europea\/#breadcrumb"},"inLanguage":"es","potentialAction":[{"@type":"ReadAction","target":["https:\/\/www.ull.es\/portal\/agenda\/evento\/seminario-los-movimientos-migratorios-en-la-union-europea\/"]}]},{"@type":"BreadcrumbList","@id":"https:\/\/www.ull.es\/portal\/agenda\/evento\/seminario-los-movimientos-migratorios-en-la-union-europea\/#breadcrumb","itemListElement":[{"@type":"ListItem","position":1,"name":"Portada","item":"https:\/\/www.ull.es\/portal\/agenda\/"},{"@type":"ListItem","position":2,"name":"Seminario: Los movimientos migratorios en la Uni\u00f3n Europea"}]},{"@type":"WebSite","@id":"https:\/\/www.ull.es\/portal\/agenda\/#website","url":"https:\/\/www.ull.es\/portal\/agenda\/","name":"ULL - Agenda","description":"","potentialAction":[{"@type":"SearchAction","target":{"@type":"EntryPoint","urlTemplate":"https:\/\/www.ull.es\/portal\/agenda\/?s={search_term_string}"},"query-input":"required name=search_term_string"}],"inLanguage":"es"}]}},"_links":{"self":[{"href":"https:\/\/www.ull.es\/portal\/agenda\/wp-json\/wp\/v2\/tribe_events\/29953"}],"collection":[{"href":"https:\/\/www.ull.es\/portal\/agenda\/wp-json\/wp\/v2\/tribe_events"}],"about":[{"href":"https:\/\/www.ull.es\/portal\/agenda\/wp-json\/wp\/v2\/types\/tribe_events"}],"author":[{"embeddable":true,"href":"https:\/\/www.ull.es\/portal\/agenda\/wp-json\/wp\/v2\/users\/65"}],"replies":[{"embeddable":true,"href":"https:\/\/www.ull.es\/portal\/agenda\/wp-json\/wp\/v2\/comments?post=29953"}],"version-history":[{"count":1,"href":"https:\/\/www.ull.es\/portal\/agenda\/wp-json\/wp\/v2\/tribe_events\/29953\/revisions"}],"predecessor-version":[{"id":29956,"href":"https:\/\/www.ull.es\/portal\/agenda\/wp-json\/wp\/v2\/tribe_events\/29953\/revisions\/29956"}],"wp:featuredmedia":[{"embeddable":true,"href":"https:\/\/www.ull.es\/portal\/agenda\/wp-json\/wp\/v2\/media\/30100"}],"wp:attachment":[{"href":"https:\/\/www.ull.es\/portal\/agenda\/wp-json\/wp\/v2\/media?parent=29953"}],"wp:term":[{"taxonomy":"post_tag","embeddable":true,"href":"https:\/\/www.ull.es\/portal\/agenda\/wp-json\/wp\/v2\/tags?post=29953"},{"taxonomy":"tribe_events_cat","embeddable":true,"href":"https:\/\/www.ull.es\/portal\/agenda\/wp-json\/wp\/v2\/tribe_events_cat?post=29953"}],"curies":[{"name":"wp","href":"https:\/\/api.w.org\/{rel}","templated":true}]}}