{"id":29995,"date":"2023-04-17T08:04:59","date_gmt":"2023-04-17T08:04:59","guid":{"rendered":"https:\/\/www.ull.es\/portal\/agenda\/?post_type=tribe_events&#038;p=29995"},"modified":"2023-04-25T11:25:05","modified_gmt":"2023-04-25T11:25:05","slug":"de-la-curiosidad-infantil-a-la-conquista-del-espacio-mi-viaje-en-el-mundo-stem","status":"publish","type":"tribe_events","link":"https:\/\/www.ull.es\/portal\/agenda\/evento\/de-la-curiosidad-infantil-a-la-conquista-del-espacio-mi-viaje-en-el-mundo-stem\/","title":{"rendered":"Sara Garc\u00eda Alonso, astronauta: &#8216;De la curiosidad infantil a la conquista del espacio: Mi viaje en el mundo STEM&#8217;"},"content":{"rendered":"<p>En esta inspiradora charla, Sara Garc\u00eda Alonso compartir\u00e1 su viaje, que partiendo de la curiosidad que sent\u00eda desde ni\u00f1a, la llev\u00f3 a perseguir una profesi\u00f3n vinculada a la ciencia y la tecnolog\u00eda. Hablar\u00e1 de las dudas y reflexiones que surgieron en su mente al tomar la decisi\u00f3n de elegir\u00a0 estudiar una carrera y c\u00f3mo afrontar los desaf\u00edos acad\u00e9micos. Tambi\u00e9n compartir\u00e1 su experiencia de su paso por la universidad, no solo centrada en sus estudios, sino en c\u00f3mo su participaci\u00f3n en asociaciones, la formaci\u00f3n complementaria, el trabajo en laboratorios y la realizaci\u00f3n de pr\u00e1cticas, contribuyeron a encontrar su vocaci\u00f3n. Contar\u00e1\u00a0 su decisi\u00f3n de realizar un doctorado y dedicarse a la investigaci\u00f3n cient\u00edfica centrada en la investigaci\u00f3n contra el c\u00e1ncer. Adem\u00e1s, la ponente compartir\u00e1 su emocionante experiencia al presentarse como astronauta, relatando el proceso de selecci\u00f3n y c\u00f3mo ha sido su preparaci\u00f3n para enfrentarse a los retos del espacio.<\/p>\n<p>Sara Garc\u00eda Alonso estudi\u00f3 Biotecnolog\u00eda en la Universidad de Le\u00f3n (2007-2012), donde se licenci\u00f3 primera de su promoci\u00f3n, obteniendo dos premios a la excelencia acad\u00e9mica. Continu\u00f3 su especializaci\u00f3n en la misma universidad, mediante un M\u00e1ster en Investigaci\u00f3n (2013). Durante ese per\u00edodo de tiempo, se form\u00f3 en distintos laboratorios, como el Instituto de Desarrollo Ganadero (INDEGA) o el Instituto de Biomedicina (IBIOMED), ambos en Le\u00f3n, as\u00ed como en el Centro Nacional de Biotecnolog\u00eda (CNB) en Madrid. Posteriormente, se traslad\u00f3 al Centro de Investigaci\u00f3n del C\u00e1ncer de Salamanca (2013-2018), donde se doctor\u00f3 cum laude en Biolog\u00eda molecular del C\u00e1ncer y Medicina Traslacional, obteniendo el Premio Extraordinario de Doctorado a la mejor tesis doctoral en Medicina, por la Universidad de Salamanca. Durante su etapa predoctoral, trabaj\u00f3 en la identificaci\u00f3n de dianas terap\u00e9uticas y mecanismos de resistencia a f\u00e1rmacos en diferentes tipos de c\u00e1ncer, como el c\u00e1ncer de mama y de ovario.<\/p>\n<p>En 2019, se incorpor\u00f3 como investigadora postdoctoral en el Centro Nacional de Investigaciones Oncol\u00f3gicas (CNIO), primero con una Beca Juan de la Cierva y posteriormente con una Ayuda de la Asociaci\u00f3n Espa\u00f1ola contra el C\u00e1ncer. Actualmente es investigadora en plantilla y lidera un proyecto para descubrir nuevos f\u00e1rmacos contra el c\u00e1ncer de pulm\u00f3n y de p\u00e1ncreas, en el laboratorio del bioqu\u00edmico espa\u00f1ol Mariano Barbacid. El 23 de noviembre de 2022, fue seleccionada por la Agencia Espacial Europea (ESA), entre casi 23.000 candidatos, para la promoci\u00f3n de astronautas de 2022 (en calidad de reserva), convirti\u00e9ndose en la primera mujer espa\u00f1ola candidata a astronauta.<\/p>\n<p><a href=\"https:\/\/drive.google.com\/file\/d\/1K_fFqn0rj_nygQRFfkWESZZMKdrqjFnF\/view?usp=share_link\" target=\"_blank\" rel=\"noopener\" target=\"_blank\" rel=\"noopener\">Cartel<\/a><\/p>\n","protected":false},"excerpt":{"rendered":"<p>En esta inspiradora charla, Sara Garc\u00eda Alonso compartir\u00e1 su viaje, que partiendo de la curiosidad que sent\u00eda desde ni\u00f1a, la llev\u00f3 a perseguir una profesi\u00f3n vinculada a la ciencia y la tecnolog\u00eda. Hablar\u00e1 de las dudas y reflexiones que surgieron en su mente al tomar la decisi\u00f3n de elegir\u00a0 estudiar una carrera y c\u00f3mo afrontar&#8230;<\/p>\n","protected":false},"author":65,"featured_media":30040,"comment_status":"closed","ping_status":"closed","template":"","tags":[],"tribe_events_cat":[4,5,186,191],"acf":[],"yoast_head":"<!-- This site is optimized with the Yoast SEO plugin v21.3 - https:\/\/yoast.com\/wordpress\/plugins\/seo\/ -->\n<title>Sara Garc\u00eda Alonso, astronauta: &#039;De la curiosidad infantil a la conquista del espacio: Mi viaje en el mundo STEM&#039; - ULL - Agenda<\/title>\n<meta name=\"robots\" content=\"index, follow, max-snippet:-1, max-image-preview:large, max-video-preview:-1\" \/>\n<link rel=\"canonical\" href=\"https:\/\/www.ull.es\/portal\/agenda\/evento\/de-la-curiosidad-infantil-a-la-conquista-del-espacio-mi-viaje-en-el-mundo-stem\/\" \/>\n<meta property=\"og:locale\" content=\"es_ES\" \/>\n<meta property=\"og:type\" content=\"article\" \/>\n<meta property=\"og:title\" content=\"Sara Garc\u00eda Alonso, astronauta: &#039;De la curiosidad infantil a la conquista del espacio: Mi viaje en el mundo STEM&#039; - ULL - Agenda\" \/>\n<meta property=\"og:description\" content=\"En esta inspiradora charla, Sara Garc\u00eda Alonso compartir\u00e1 su viaje, que partiendo de la curiosidad que sent\u00eda desde ni\u00f1a, la llev\u00f3 a perseguir una profesi\u00f3n vinculada a la ciencia y la tecnolog\u00eda. Hablar\u00e1 de las dudas y reflexiones que surgieron en su mente al tomar la decisi\u00f3n de elegir\u00a0 estudiar una carrera y c\u00f3mo afrontar...\" \/>\n<meta property=\"og:url\" content=\"https:\/\/www.ull.es\/portal\/agenda\/evento\/de-la-curiosidad-infantil-a-la-conquista-del-espacio-mi-viaje-en-el-mundo-stem\/\" \/>\n<meta property=\"og:site_name\" content=\"ULL - Agenda\" \/>\n<meta property=\"article:modified_time\" content=\"2023-04-25T11:25:05+00:00\" \/>\n<meta property=\"og:image\" content=\"https:\/\/www.ull.es\/portal\/agenda\/wp-content\/uploads\/sites\/12\/2023\/04\/De-la-curiosidad-infantil-a-la-conquista-del-espacio_Banner-evento.jpg\" \/>\n\t<meta property=\"og:image:width\" content=\"750\" \/>\n\t<meta property=\"og:image:height\" content=\"370\" \/>\n\t<meta property=\"og:image:type\" content=\"image\/jpeg\" \/>\n<meta name=\"twitter:card\" content=\"summary_large_image\" \/>\n<meta name=\"twitter:label1\" content=\"Tiempo de lectura\" \/>\n\t<meta name=\"twitter:data1\" content=\"2 minutos\" \/>\n<script type=\"application\/ld+json\" class=\"yoast-schema-graph\">{\"@context\":\"https:\/\/schema.org\",\"@graph\":[{\"@type\":\"WebPage\",\"@id\":\"https:\/\/www.ull.es\/portal\/agenda\/evento\/de-la-curiosidad-infantil-a-la-conquista-del-espacio-mi-viaje-en-el-mundo-stem\/\",\"url\":\"https:\/\/www.ull.es\/portal\/agenda\/evento\/de-la-curiosidad-infantil-a-la-conquista-del-espacio-mi-viaje-en-el-mundo-stem\/\",\"name\":\"Sara Garc\u00eda Alonso, astronauta: 'De la curiosidad infantil a la conquista del espacio: Mi viaje en el mundo STEM' - ULL - Agenda\",\"isPartOf\":{\"@id\":\"https:\/\/www.ull.es\/portal\/agenda\/#website\"},\"datePublished\":\"2023-04-17T08:04:59+00:00\",\"dateModified\":\"2023-04-25T11:25:05+00:00\",\"breadcrumb\":{\"@id\":\"https:\/\/www.ull.es\/portal\/agenda\/evento\/de-la-curiosidad-infantil-a-la-conquista-del-espacio-mi-viaje-en-el-mundo-stem\/#breadcrumb\"},\"inLanguage\":\"es\",\"potentialAction\":[{\"@type\":\"ReadAction\",\"target\":[\"https:\/\/www.ull.es\/portal\/agenda\/evento\/de-la-curiosidad-infantil-a-la-conquista-del-espacio-mi-viaje-en-el-mundo-stem\/\"]}]},{\"@type\":\"BreadcrumbList\",\"@id\":\"https:\/\/www.ull.es\/portal\/agenda\/evento\/de-la-curiosidad-infantil-a-la-conquista-del-espacio-mi-viaje-en-el-mundo-stem\/#breadcrumb\",\"itemListElement\":[{\"@type\":\"ListItem\",\"position\":1,\"name\":\"Portada\",\"item\":\"https:\/\/www.ull.es\/portal\/agenda\/\"},{\"@type\":\"ListItem\",\"position\":2,\"name\":\"Sara Garc\u00eda Alonso, astronauta: &#8216;De la curiosidad infantil a la conquista del espacio: Mi viaje en el mundo STEM&#8217;\"}]},{\"@type\":\"WebSite\",\"@id\":\"https:\/\/www.ull.es\/portal\/agenda\/#website\",\"url\":\"https:\/\/www.ull.es\/portal\/agenda\/\",\"name\":\"ULL - Agenda\",\"description\":\"\",\"potentialAction\":[{\"@type\":\"SearchAction\",\"target\":{\"@type\":\"EntryPoint\",\"urlTemplate\":\"https:\/\/www.ull.es\/portal\/agenda\/?s={search_term_string}\"},\"query-input\":\"required name=search_term_string\"}],\"inLanguage\":\"es\"}]}<\/script>\n<!-- \/ Yoast SEO plugin. -->","yoast_head_json":{"title":"Sara Garc\u00eda Alonso, astronauta: 'De la curiosidad infantil a la conquista del espacio: Mi viaje en el mundo STEM' - ULL - Agenda","robots":{"index":"index","follow":"follow","max-snippet":"max-snippet:-1","max-image-preview":"max-image-preview:large","max-video-preview":"max-video-preview:-1"},"canonical":"https:\/\/www.ull.es\/portal\/agenda\/evento\/de-la-curiosidad-infantil-a-la-conquista-del-espacio-mi-viaje-en-el-mundo-stem\/","og_locale":"es_ES","og_type":"article","og_title":"Sara Garc\u00eda Alonso, astronauta: 'De la curiosidad infantil a la conquista del espacio: Mi viaje en el mundo STEM' - ULL - Agenda","og_description":"En esta inspiradora charla, Sara Garc\u00eda Alonso compartir\u00e1 su viaje, que partiendo de la curiosidad que sent\u00eda desde ni\u00f1a, la llev\u00f3 a perseguir una profesi\u00f3n vinculada a la ciencia y la tecnolog\u00eda. Hablar\u00e1 de las dudas y reflexiones que surgieron en su mente al tomar la decisi\u00f3n de elegir\u00a0 estudiar una carrera y c\u00f3mo afrontar...","og_url":"https:\/\/www.ull.es\/portal\/agenda\/evento\/de-la-curiosidad-infantil-a-la-conquista-del-espacio-mi-viaje-en-el-mundo-stem\/","og_site_name":"ULL - Agenda","article_modified_time":"2023-04-25T11:25:05+00:00","og_image":[{"width":750,"height":370,"url":"https:\/\/www.ull.es\/portal\/agenda\/wp-content\/uploads\/sites\/12\/2023\/04\/De-la-curiosidad-infantil-a-la-conquista-del-espacio_Banner-evento.jpg","type":"image\/jpeg"}],"twitter_card":"summary_large_image","twitter_misc":{"Tiempo de lectura":"2 minutos"},"schema":{"@context":"https:\/\/schema.org","@graph":[{"@type":"WebPage","@id":"https:\/\/www.ull.es\/portal\/agenda\/evento\/de-la-curiosidad-infantil-a-la-conquista-del-espacio-mi-viaje-en-el-mundo-stem\/","url":"https:\/\/www.ull.es\/portal\/agenda\/evento\/de-la-curiosidad-infantil-a-la-conquista-del-espacio-mi-viaje-en-el-mundo-stem\/","name":"Sara Garc\u00eda Alonso, astronauta: 'De la curiosidad infantil a la conquista del espacio: Mi viaje en el mundo STEM' - ULL - Agenda","isPartOf":{"@id":"https:\/\/www.ull.es\/portal\/agenda\/#website"},"datePublished":"2023-04-17T08:04:59+00:00","dateModified":"2023-04-25T11:25:05+00:00","breadcrumb":{"@id":"https:\/\/www.ull.es\/portal\/agenda\/evento\/de-la-curiosidad-infantil-a-la-conquista-del-espacio-mi-viaje-en-el-mundo-stem\/#breadcrumb"},"inLanguage":"es","potentialAction":[{"@type":"ReadAction","target":["https:\/\/www.ull.es\/portal\/agenda\/evento\/de-la-curiosidad-infantil-a-la-conquista-del-espacio-mi-viaje-en-el-mundo-stem\/"]}]},{"@type":"BreadcrumbList","@id":"https:\/\/www.ull.es\/portal\/agenda\/evento\/de-la-curiosidad-infantil-a-la-conquista-del-espacio-mi-viaje-en-el-mundo-stem\/#breadcrumb","itemListElement":[{"@type":"ListItem","position":1,"name":"Portada","item":"https:\/\/www.ull.es\/portal\/agenda\/"},{"@type":"ListItem","position":2,"name":"Sara Garc\u00eda Alonso, astronauta: &#8216;De la curiosidad infantil a la conquista del espacio: Mi viaje en el mundo STEM&#8217;"}]},{"@type":"WebSite","@id":"https:\/\/www.ull.es\/portal\/agenda\/#website","url":"https:\/\/www.ull.es\/portal\/agenda\/","name":"ULL - Agenda","description":"","potentialAction":[{"@type":"SearchAction","target":{"@type":"EntryPoint","urlTemplate":"https:\/\/www.ull.es\/portal\/agenda\/?s={search_term_string}"},"query-input":"required name=search_term_string"}],"inLanguage":"es"}]}},"_links":{"self":[{"href":"https:\/\/www.ull.es\/portal\/agenda\/wp-json\/wp\/v2\/tribe_events\/29995"}],"collection":[{"href":"https:\/\/www.ull.es\/portal\/agenda\/wp-json\/wp\/v2\/tribe_events"}],"about":[{"href":"https:\/\/www.ull.es\/portal\/agenda\/wp-json\/wp\/v2\/types\/tribe_events"}],"author":[{"embeddable":true,"href":"https:\/\/www.ull.es\/portal\/agenda\/wp-json\/wp\/v2\/users\/65"}],"replies":[{"embeddable":true,"href":"https:\/\/www.ull.es\/portal\/agenda\/wp-json\/wp\/v2\/comments?post=29995"}],"version-history":[{"count":5,"href":"https:\/\/www.ull.es\/portal\/agenda\/wp-json\/wp\/v2\/tribe_events\/29995\/revisions"}],"predecessor-version":[{"id":30181,"href":"https:\/\/www.ull.es\/portal\/agenda\/wp-json\/wp\/v2\/tribe_events\/29995\/revisions\/30181"}],"wp:featuredmedia":[{"embeddable":true,"href":"https:\/\/www.ull.es\/portal\/agenda\/wp-json\/wp\/v2\/media\/30040"}],"wp:attachment":[{"href":"https:\/\/www.ull.es\/portal\/agenda\/wp-json\/wp\/v2\/media?parent=29995"}],"wp:term":[{"taxonomy":"post_tag","embeddable":true,"href":"https:\/\/www.ull.es\/portal\/agenda\/wp-json\/wp\/v2\/tags?post=29995"},{"taxonomy":"tribe_events_cat","embeddable":true,"href":"https:\/\/www.ull.es\/portal\/agenda\/wp-json\/wp\/v2\/tribe_events_cat?post=29995"}],"curies":[{"name":"wp","href":"https:\/\/api.w.org\/{rel}","templated":true}]}}