{"id":30004,"date":"2023-04-18T08:01:59","date_gmt":"2023-04-18T08:01:59","guid":{"rendered":"https:\/\/www.ull.es\/portal\/agenda\/?post_type=tribe_events&#038;p=30004"},"modified":"2023-04-27T10:50:25","modified_gmt":"2023-04-27T10:50:25","slug":"acto-de-toma-de-posesion-de-don-francisco-javier-garcia-rodriguez-como-rector-magnifico","status":"publish","type":"tribe_events","link":"https:\/\/www.ull.es\/portal\/agenda\/evento\/acto-de-toma-de-posesion-de-don-francisco-javier-garcia-rodriguez-como-rector-magnifico\/","title":{"rendered":"Acto de toma de posesi\u00f3n de Don Francisco Javier Garc\u00eda Rodr\u00edguez como Rector Magn\u00edfico"},"content":{"rendered":"<p>El Paraninfo Universitario acoge el jueves 27 de abril a las 9:00 horas el solemne acto de toma de posesi\u00f3n como Rector Magn\u00edfico del Doctor Don Francisco Javier Garc\u00eda Rodr\u00edguez, elegido el pasado 13 de abril en los comicios celebrados en la instituci\u00f3n acad\u00e9mica. De acuerdo con la nueva Ley Org\u00e1nica del Sistema Universitario su mandato ser\u00e1 de seis a\u00f1os.<\/p>\n<p>Puede seguir este evento, pulsando este <a href=\"https:\/\/www.ull.es\/portal\/streaming-ull\/\" target=\"_blank\" rel=\"noopener\" target=\"_blank\" rel=\"noopener\">enlace.<\/a><\/p>\n<p><a href=\"https:\/\/drive.google.com\/file\/d\/10QEdLKmagmLSg-5l2vOzZZLTeLrnGmOk\/view?usp=share_link\" target=\"_blank\" rel=\"noopener\" target=\"_blank\" rel=\"noopener\">Programa<\/a><\/p>\n<p><a href=\"https:\/\/drive.google.com\/file\/d\/1RtScTFT1BpJy5-dA3j5JhIQYbNANDrTC\/view?usp=share_link\" target=\"_blank\" rel=\"noopener\" target=\"_blank\" rel=\"noopener\">Discurso de toma de posesi\u00f3n del Rector Francisco Javier Garc\u00eda Rodr\u00edguez<\/a><\/p>\n<p><a href=\"https:\/\/drive.google.com\/drive\/folders\/1eT5n9i3EU-avk4vduK0ru21AlIFlVfAh?usp=share_link\" target=\"_blank\" rel=\"noopener\" target=\"_blank\" rel=\"noopener\">Galer\u00eda fotogr\u00e1fica<\/a><\/p>\n<p>&nbsp;<\/p>\n","protected":false},"excerpt":{"rendered":"<p>El Paraninfo Universitario acoge el jueves 27 de abril a las 9:00 horas el solemne acto de toma de posesi\u00f3n como Rector Magn\u00edfico del Doctor Don Francisco Javier Garc\u00eda Rodr\u00edguez, elegido el pasado 13 de abril en los comicios celebrados en la instituci\u00f3n acad\u00e9mica. De acuerdo con la nueva Ley Org\u00e1nica del Sistema Universitario su&#8230;<\/p>\n","protected":false},"author":65,"featured_media":30005,"comment_status":"closed","ping_status":"closed","template":"","tags":[983,4867],"tribe_events_cat":[4,189,186,188,187,185],"acf":[],"yoast_head":"<!-- This site is optimized with the Yoast SEO plugin v21.3 - https:\/\/yoast.com\/wordpress\/plugins\/seo\/ -->\n<title>Acto de toma de posesi\u00f3n de Don Francisco Javier Garc\u00eda Rodr\u00edguez como Rector Magn\u00edfico - ULL - Agenda<\/title>\n<meta name=\"robots\" content=\"index, follow, max-snippet:-1, max-image-preview:large, max-video-preview:-1\" \/>\n<link rel=\"canonical\" href=\"https:\/\/www.ull.es\/portal\/agenda\/evento\/acto-de-toma-de-posesion-de-don-francisco-javier-garcia-rodriguez-como-rector-magnifico\/\" \/>\n<meta property=\"og:locale\" content=\"es_ES\" \/>\n<meta property=\"og:type\" content=\"article\" \/>\n<meta property=\"og:title\" content=\"Acto de toma de posesi\u00f3n de Don Francisco Javier Garc\u00eda Rodr\u00edguez como Rector Magn\u00edfico - ULL - Agenda\" \/>\n<meta property=\"og:description\" content=\"El Paraninfo Universitario acoge el jueves 27 de abril a las 9:00 horas el solemne acto de toma de posesi\u00f3n como Rector Magn\u00edfico del Doctor Don Francisco Javier Garc\u00eda Rodr\u00edguez, elegido el pasado 13 de abril en los comicios celebrados en la instituci\u00f3n acad\u00e9mica. De acuerdo con la nueva Ley Org\u00e1nica del Sistema Universitario su...\" \/>\n<meta property=\"og:url\" content=\"https:\/\/www.ull.es\/portal\/agenda\/evento\/acto-de-toma-de-posesion-de-don-francisco-javier-garcia-rodriguez-como-rector-magnifico\/\" \/>\n<meta property=\"og:site_name\" content=\"ULL - Agenda\" \/>\n<meta property=\"article:modified_time\" content=\"2023-04-27T10:50:25+00:00\" \/>\n<meta property=\"og:image\" content=\"https:\/\/www.ull.es\/portal\/agenda\/wp-content\/uploads\/sites\/12\/2023\/04\/Acto-de-toma-de-posesion-Rector_Banner-eventos_1-1.png\" \/>\n\t<meta property=\"og:image:width\" content=\"750\" \/>\n\t<meta property=\"og:image:height\" content=\"370\" \/>\n\t<meta property=\"og:image:type\" content=\"image\/png\" \/>\n<meta name=\"twitter:card\" content=\"summary_large_image\" \/>\n<meta name=\"twitter:label1\" content=\"Tiempo de lectura\" \/>\n\t<meta name=\"twitter:data1\" content=\"1 minuto\" \/>\n<script type=\"application\/ld+json\" class=\"yoast-schema-graph\">{\"@context\":\"https:\/\/schema.org\",\"@graph\":[{\"@type\":\"WebPage\",\"@id\":\"https:\/\/www.ull.es\/portal\/agenda\/evento\/acto-de-toma-de-posesion-de-don-francisco-javier-garcia-rodriguez-como-rector-magnifico\/\",\"url\":\"https:\/\/www.ull.es\/portal\/agenda\/evento\/acto-de-toma-de-posesion-de-don-francisco-javier-garcia-rodriguez-como-rector-magnifico\/\",\"name\":\"Acto de toma de posesi\u00f3n de Don Francisco Javier Garc\u00eda Rodr\u00edguez como Rector Magn\u00edfico - ULL - Agenda\",\"isPartOf\":{\"@id\":\"https:\/\/www.ull.es\/portal\/agenda\/#website\"},\"datePublished\":\"2023-04-18T08:01:59+00:00\",\"dateModified\":\"2023-04-27T10:50:25+00:00\",\"breadcrumb\":{\"@id\":\"https:\/\/www.ull.es\/portal\/agenda\/evento\/acto-de-toma-de-posesion-de-don-francisco-javier-garcia-rodriguez-como-rector-magnifico\/#breadcrumb\"},\"inLanguage\":\"es\",\"potentialAction\":[{\"@type\":\"ReadAction\",\"target\":[\"https:\/\/www.ull.es\/portal\/agenda\/evento\/acto-de-toma-de-posesion-de-don-francisco-javier-garcia-rodriguez-como-rector-magnifico\/\"]}]},{\"@type\":\"BreadcrumbList\",\"@id\":\"https:\/\/www.ull.es\/portal\/agenda\/evento\/acto-de-toma-de-posesion-de-don-francisco-javier-garcia-rodriguez-como-rector-magnifico\/#breadcrumb\",\"itemListElement\":[{\"@type\":\"ListItem\",\"position\":1,\"name\":\"Portada\",\"item\":\"https:\/\/www.ull.es\/portal\/agenda\/\"},{\"@type\":\"ListItem\",\"position\":2,\"name\":\"Acto de toma de posesi\u00f3n de Don Francisco Javier Garc\u00eda Rodr\u00edguez como Rector Magn\u00edfico\"}]},{\"@type\":\"WebSite\",\"@id\":\"https:\/\/www.ull.es\/portal\/agenda\/#website\",\"url\":\"https:\/\/www.ull.es\/portal\/agenda\/\",\"name\":\"ULL - Agenda\",\"description\":\"\",\"potentialAction\":[{\"@type\":\"SearchAction\",\"target\":{\"@type\":\"EntryPoint\",\"urlTemplate\":\"https:\/\/www.ull.es\/portal\/agenda\/?s={search_term_string}\"},\"query-input\":\"required name=search_term_string\"}],\"inLanguage\":\"es\"}]}<\/script>\n<!-- \/ Yoast SEO plugin. -->","yoast_head_json":{"title":"Acto de toma de posesi\u00f3n de Don Francisco Javier Garc\u00eda Rodr\u00edguez como Rector Magn\u00edfico - ULL - Agenda","robots":{"index":"index","follow":"follow","max-snippet":"max-snippet:-1","max-image-preview":"max-image-preview:large","max-video-preview":"max-video-preview:-1"},"canonical":"https:\/\/www.ull.es\/portal\/agenda\/evento\/acto-de-toma-de-posesion-de-don-francisco-javier-garcia-rodriguez-como-rector-magnifico\/","og_locale":"es_ES","og_type":"article","og_title":"Acto de toma de posesi\u00f3n de Don Francisco Javier Garc\u00eda Rodr\u00edguez como Rector Magn\u00edfico - ULL - Agenda","og_description":"El Paraninfo Universitario acoge el jueves 27 de abril a las 9:00 horas el solemne acto de toma de posesi\u00f3n como Rector Magn\u00edfico del Doctor Don Francisco Javier Garc\u00eda Rodr\u00edguez, elegido el pasado 13 de abril en los comicios celebrados en la instituci\u00f3n acad\u00e9mica. De acuerdo con la nueva Ley Org\u00e1nica del Sistema Universitario su...","og_url":"https:\/\/www.ull.es\/portal\/agenda\/evento\/acto-de-toma-de-posesion-de-don-francisco-javier-garcia-rodriguez-como-rector-magnifico\/","og_site_name":"ULL - Agenda","article_modified_time":"2023-04-27T10:50:25+00:00","og_image":[{"width":750,"height":370,"url":"https:\/\/www.ull.es\/portal\/agenda\/wp-content\/uploads\/sites\/12\/2023\/04\/Acto-de-toma-de-posesion-Rector_Banner-eventos_1-1.png","type":"image\/png"}],"twitter_card":"summary_large_image","twitter_misc":{"Tiempo de lectura":"1 minuto"},"schema":{"@context":"https:\/\/schema.org","@graph":[{"@type":"WebPage","@id":"https:\/\/www.ull.es\/portal\/agenda\/evento\/acto-de-toma-de-posesion-de-don-francisco-javier-garcia-rodriguez-como-rector-magnifico\/","url":"https:\/\/www.ull.es\/portal\/agenda\/evento\/acto-de-toma-de-posesion-de-don-francisco-javier-garcia-rodriguez-como-rector-magnifico\/","name":"Acto de toma de posesi\u00f3n de Don Francisco Javier Garc\u00eda Rodr\u00edguez como Rector Magn\u00edfico - ULL - Agenda","isPartOf":{"@id":"https:\/\/www.ull.es\/portal\/agenda\/#website"},"datePublished":"2023-04-18T08:01:59+00:00","dateModified":"2023-04-27T10:50:25+00:00","breadcrumb":{"@id":"https:\/\/www.ull.es\/portal\/agenda\/evento\/acto-de-toma-de-posesion-de-don-francisco-javier-garcia-rodriguez-como-rector-magnifico\/#breadcrumb"},"inLanguage":"es","potentialAction":[{"@type":"ReadAction","target":["https:\/\/www.ull.es\/portal\/agenda\/evento\/acto-de-toma-de-posesion-de-don-francisco-javier-garcia-rodriguez-como-rector-magnifico\/"]}]},{"@type":"BreadcrumbList","@id":"https:\/\/www.ull.es\/portal\/agenda\/evento\/acto-de-toma-de-posesion-de-don-francisco-javier-garcia-rodriguez-como-rector-magnifico\/#breadcrumb","itemListElement":[{"@type":"ListItem","position":1,"name":"Portada","item":"https:\/\/www.ull.es\/portal\/agenda\/"},{"@type":"ListItem","position":2,"name":"Acto de toma de posesi\u00f3n de Don Francisco Javier Garc\u00eda Rodr\u00edguez como Rector Magn\u00edfico"}]},{"@type":"WebSite","@id":"https:\/\/www.ull.es\/portal\/agenda\/#website","url":"https:\/\/www.ull.es\/portal\/agenda\/","name":"ULL - Agenda","description":"","potentialAction":[{"@type":"SearchAction","target":{"@type":"EntryPoint","urlTemplate":"https:\/\/www.ull.es\/portal\/agenda\/?s={search_term_string}"},"query-input":"required name=search_term_string"}],"inLanguage":"es"}]}},"_links":{"self":[{"href":"https:\/\/www.ull.es\/portal\/agenda\/wp-json\/wp\/v2\/tribe_events\/30004"}],"collection":[{"href":"https:\/\/www.ull.es\/portal\/agenda\/wp-json\/wp\/v2\/tribe_events"}],"about":[{"href":"https:\/\/www.ull.es\/portal\/agenda\/wp-json\/wp\/v2\/types\/tribe_events"}],"author":[{"embeddable":true,"href":"https:\/\/www.ull.es\/portal\/agenda\/wp-json\/wp\/v2\/users\/65"}],"replies":[{"embeddable":true,"href":"https:\/\/www.ull.es\/portal\/agenda\/wp-json\/wp\/v2\/comments?post=30004"}],"version-history":[{"count":8,"href":"https:\/\/www.ull.es\/portal\/agenda\/wp-json\/wp\/v2\/tribe_events\/30004\/revisions"}],"predecessor-version":[{"id":30227,"href":"https:\/\/www.ull.es\/portal\/agenda\/wp-json\/wp\/v2\/tribe_events\/30004\/revisions\/30227"}],"wp:featuredmedia":[{"embeddable":true,"href":"https:\/\/www.ull.es\/portal\/agenda\/wp-json\/wp\/v2\/media\/30005"}],"wp:attachment":[{"href":"https:\/\/www.ull.es\/portal\/agenda\/wp-json\/wp\/v2\/media?parent=30004"}],"wp:term":[{"taxonomy":"post_tag","embeddable":true,"href":"https:\/\/www.ull.es\/portal\/agenda\/wp-json\/wp\/v2\/tags?post=30004"},{"taxonomy":"tribe_events_cat","embeddable":true,"href":"https:\/\/www.ull.es\/portal\/agenda\/wp-json\/wp\/v2\/tribe_events_cat?post=30004"}],"curies":[{"name":"wp","href":"https:\/\/api.w.org\/{rel}","templated":true}]}}