{"id":30041,"date":"2023-04-19T07:42:51","date_gmt":"2023-04-19T07:42:51","guid":{"rendered":"https:\/\/www.ull.es\/portal\/agenda\/?post_type=tribe_events&#038;p=30041"},"modified":"2023-04-24T13:26:21","modified_gmt":"2023-04-24T13:26:21","slug":"charla-charles-taylor-y-la-secularizacion","status":"publish","type":"tribe_events","link":"https:\/\/www.ull.es\/portal\/agenda\/evento\/charla-charles-taylor-y-la-secularizacion\/","title":{"rendered":"Charla: Charles Taylor y la Secularizaci\u00f3n"},"content":{"rendered":"<p>Parece que estamos instalados en un doble movimiento de secularizaci\u00f3n y de resignificaci\u00f3n de lo religioso, del \u00abdesencantamiento del mundo\u00bb parece que hay se\u00f1ales de \u00abreencantamiento\u00bb. Esta secularizaci\u00f3n es s\u00f3lo una etiqueta interpretativa de un fen\u00f3meno m\u00e1s complejo de lo que solemos usar de un modo dial\u00e9ctico y simplista. De la mano del pensamiento de Charles Taylor que nos ha legado importantes reflexiones en obras como La Era Secular o el Futuro del pasado religioso &#8211; entre otros- vamos a ahondar en esta problem\u00e1tica actual.<\/p>\n<p>Para m\u00e1s informaci\u00f3n, pulse este <a href=\"https:\/\/sites.google.com\/view\/charla-coloquio-charles-taylor\/inicio\" target=\"_blank\" rel=\"noopener\" target=\"_blank\" rel=\"noopener\">enlace.<\/a><\/p>\n<p><a href=\"https:\/\/drive.google.com\/file\/d\/1vwKZv-c3d4_9WTzoV74J1HTyul_-6ZVr\/view?usp=share_link\" target=\"_blank\" rel=\"noopener\" target=\"_blank\" rel=\"noopener\">Cartel<\/a><\/p>\n","protected":false},"excerpt":{"rendered":"<p>Parece que estamos instalados en un doble movimiento de secularizaci\u00f3n y de resignificaci\u00f3n de lo religioso, del \u00abdesencantamiento del mundo\u00bb parece que hay se\u00f1ales de \u00abreencantamiento\u00bb. Esta secularizaci\u00f3n es s\u00f3lo una etiqueta interpretativa de un fen\u00f3meno m\u00e1s complejo de lo que solemos usar de un modo dial\u00e9ctico y simplista. De la mano del pensamiento de&#8230;<\/p>\n","protected":false},"author":65,"featured_media":30163,"comment_status":"closed","ping_status":"closed","template":"","tags":[],"tribe_events_cat":[344,3987,4],"acf":[],"yoast_head":"<!-- This site is optimized with the Yoast SEO plugin v21.3 - https:\/\/yoast.com\/wordpress\/plugins\/seo\/ -->\n<title>Charla: Charles Taylor y la Secularizaci\u00f3n - ULL - Agenda<\/title>\n<meta name=\"robots\" content=\"index, follow, max-snippet:-1, max-image-preview:large, max-video-preview:-1\" \/>\n<link rel=\"canonical\" href=\"https:\/\/www.ull.es\/portal\/agenda\/evento\/charla-charles-taylor-y-la-secularizacion\/\" \/>\n<meta property=\"og:locale\" content=\"es_ES\" \/>\n<meta property=\"og:type\" content=\"article\" \/>\n<meta property=\"og:title\" content=\"Charla: Charles Taylor y la Secularizaci\u00f3n - ULL - Agenda\" \/>\n<meta property=\"og:description\" content=\"Parece que estamos instalados en un doble movimiento de secularizaci\u00f3n y de resignificaci\u00f3n de lo religioso, del \u00abdesencantamiento del mundo\u00bb parece que hay se\u00f1ales de \u00abreencantamiento\u00bb. Esta secularizaci\u00f3n es s\u00f3lo una etiqueta interpretativa de un fen\u00f3meno m\u00e1s complejo de lo que solemos usar de un modo dial\u00e9ctico y simplista. De la mano del pensamiento de...\" \/>\n<meta property=\"og:url\" content=\"https:\/\/www.ull.es\/portal\/agenda\/evento\/charla-charles-taylor-y-la-secularizacion\/\" \/>\n<meta property=\"og:site_name\" content=\"ULL - Agenda\" \/>\n<meta property=\"article:modified_time\" content=\"2023-04-24T13:26:21+00:00\" \/>\n<meta property=\"og:image\" content=\"https:\/\/www.ull.es\/portal\/agenda\/wp-content\/uploads\/sites\/12\/2023\/04\/Charla-Charles-Taylor-y-la-secularizacion_Banner-evento.png\" \/>\n\t<meta property=\"og:image:width\" content=\"750\" \/>\n\t<meta property=\"og:image:height\" content=\"370\" \/>\n\t<meta property=\"og:image:type\" content=\"image\/png\" \/>\n<meta name=\"twitter:card\" content=\"summary_large_image\" \/>\n<meta name=\"twitter:label1\" content=\"Tiempo de lectura\" \/>\n\t<meta name=\"twitter:data1\" content=\"1 minuto\" \/>\n<script type=\"application\/ld+json\" class=\"yoast-schema-graph\">{\"@context\":\"https:\/\/schema.org\",\"@graph\":[{\"@type\":\"WebPage\",\"@id\":\"https:\/\/www.ull.es\/portal\/agenda\/evento\/charla-charles-taylor-y-la-secularizacion\/\",\"url\":\"https:\/\/www.ull.es\/portal\/agenda\/evento\/charla-charles-taylor-y-la-secularizacion\/\",\"name\":\"Charla: Charles Taylor y la Secularizaci\u00f3n - ULL - Agenda\",\"isPartOf\":{\"@id\":\"https:\/\/www.ull.es\/portal\/agenda\/#website\"},\"datePublished\":\"2023-04-19T07:42:51+00:00\",\"dateModified\":\"2023-04-24T13:26:21+00:00\",\"breadcrumb\":{\"@id\":\"https:\/\/www.ull.es\/portal\/agenda\/evento\/charla-charles-taylor-y-la-secularizacion\/#breadcrumb\"},\"inLanguage\":\"es\",\"potentialAction\":[{\"@type\":\"ReadAction\",\"target\":[\"https:\/\/www.ull.es\/portal\/agenda\/evento\/charla-charles-taylor-y-la-secularizacion\/\"]}]},{\"@type\":\"BreadcrumbList\",\"@id\":\"https:\/\/www.ull.es\/portal\/agenda\/evento\/charla-charles-taylor-y-la-secularizacion\/#breadcrumb\",\"itemListElement\":[{\"@type\":\"ListItem\",\"position\":1,\"name\":\"Portada\",\"item\":\"https:\/\/www.ull.es\/portal\/agenda\/\"},{\"@type\":\"ListItem\",\"position\":2,\"name\":\"Charla: Charles Taylor y la Secularizaci\u00f3n\"}]},{\"@type\":\"WebSite\",\"@id\":\"https:\/\/www.ull.es\/portal\/agenda\/#website\",\"url\":\"https:\/\/www.ull.es\/portal\/agenda\/\",\"name\":\"ULL - Agenda\",\"description\":\"\",\"potentialAction\":[{\"@type\":\"SearchAction\",\"target\":{\"@type\":\"EntryPoint\",\"urlTemplate\":\"https:\/\/www.ull.es\/portal\/agenda\/?s={search_term_string}\"},\"query-input\":\"required name=search_term_string\"}],\"inLanguage\":\"es\"}]}<\/script>\n<!-- \/ Yoast SEO plugin. -->","yoast_head_json":{"title":"Charla: Charles Taylor y la Secularizaci\u00f3n - ULL - Agenda","robots":{"index":"index","follow":"follow","max-snippet":"max-snippet:-1","max-image-preview":"max-image-preview:large","max-video-preview":"max-video-preview:-1"},"canonical":"https:\/\/www.ull.es\/portal\/agenda\/evento\/charla-charles-taylor-y-la-secularizacion\/","og_locale":"es_ES","og_type":"article","og_title":"Charla: Charles Taylor y la Secularizaci\u00f3n - ULL - Agenda","og_description":"Parece que estamos instalados en un doble movimiento de secularizaci\u00f3n y de resignificaci\u00f3n de lo religioso, del \u00abdesencantamiento del mundo\u00bb parece que hay se\u00f1ales de \u00abreencantamiento\u00bb. Esta secularizaci\u00f3n es s\u00f3lo una etiqueta interpretativa de un fen\u00f3meno m\u00e1s complejo de lo que solemos usar de un modo dial\u00e9ctico y simplista. De la mano del pensamiento de...","og_url":"https:\/\/www.ull.es\/portal\/agenda\/evento\/charla-charles-taylor-y-la-secularizacion\/","og_site_name":"ULL - Agenda","article_modified_time":"2023-04-24T13:26:21+00:00","og_image":[{"width":750,"height":370,"url":"https:\/\/www.ull.es\/portal\/agenda\/wp-content\/uploads\/sites\/12\/2023\/04\/Charla-Charles-Taylor-y-la-secularizacion_Banner-evento.png","type":"image\/png"}],"twitter_card":"summary_large_image","twitter_misc":{"Tiempo de lectura":"1 minuto"},"schema":{"@context":"https:\/\/schema.org","@graph":[{"@type":"WebPage","@id":"https:\/\/www.ull.es\/portal\/agenda\/evento\/charla-charles-taylor-y-la-secularizacion\/","url":"https:\/\/www.ull.es\/portal\/agenda\/evento\/charla-charles-taylor-y-la-secularizacion\/","name":"Charla: Charles Taylor y la Secularizaci\u00f3n - ULL - Agenda","isPartOf":{"@id":"https:\/\/www.ull.es\/portal\/agenda\/#website"},"datePublished":"2023-04-19T07:42:51+00:00","dateModified":"2023-04-24T13:26:21+00:00","breadcrumb":{"@id":"https:\/\/www.ull.es\/portal\/agenda\/evento\/charla-charles-taylor-y-la-secularizacion\/#breadcrumb"},"inLanguage":"es","potentialAction":[{"@type":"ReadAction","target":["https:\/\/www.ull.es\/portal\/agenda\/evento\/charla-charles-taylor-y-la-secularizacion\/"]}]},{"@type":"BreadcrumbList","@id":"https:\/\/www.ull.es\/portal\/agenda\/evento\/charla-charles-taylor-y-la-secularizacion\/#breadcrumb","itemListElement":[{"@type":"ListItem","position":1,"name":"Portada","item":"https:\/\/www.ull.es\/portal\/agenda\/"},{"@type":"ListItem","position":2,"name":"Charla: Charles Taylor y la Secularizaci\u00f3n"}]},{"@type":"WebSite","@id":"https:\/\/www.ull.es\/portal\/agenda\/#website","url":"https:\/\/www.ull.es\/portal\/agenda\/","name":"ULL - Agenda","description":"","potentialAction":[{"@type":"SearchAction","target":{"@type":"EntryPoint","urlTemplate":"https:\/\/www.ull.es\/portal\/agenda\/?s={search_term_string}"},"query-input":"required name=search_term_string"}],"inLanguage":"es"}]}},"_links":{"self":[{"href":"https:\/\/www.ull.es\/portal\/agenda\/wp-json\/wp\/v2\/tribe_events\/30041"}],"collection":[{"href":"https:\/\/www.ull.es\/portal\/agenda\/wp-json\/wp\/v2\/tribe_events"}],"about":[{"href":"https:\/\/www.ull.es\/portal\/agenda\/wp-json\/wp\/v2\/types\/tribe_events"}],"author":[{"embeddable":true,"href":"https:\/\/www.ull.es\/portal\/agenda\/wp-json\/wp\/v2\/users\/65"}],"replies":[{"embeddable":true,"href":"https:\/\/www.ull.es\/portal\/agenda\/wp-json\/wp\/v2\/comments?post=30041"}],"version-history":[{"count":3,"href":"https:\/\/www.ull.es\/portal\/agenda\/wp-json\/wp\/v2\/tribe_events\/30041\/revisions"}],"predecessor-version":[{"id":30044,"href":"https:\/\/www.ull.es\/portal\/agenda\/wp-json\/wp\/v2\/tribe_events\/30041\/revisions\/30044"}],"wp:featuredmedia":[{"embeddable":true,"href":"https:\/\/www.ull.es\/portal\/agenda\/wp-json\/wp\/v2\/media\/30163"}],"wp:attachment":[{"href":"https:\/\/www.ull.es\/portal\/agenda\/wp-json\/wp\/v2\/media?parent=30041"}],"wp:term":[{"taxonomy":"post_tag","embeddable":true,"href":"https:\/\/www.ull.es\/portal\/agenda\/wp-json\/wp\/v2\/tags?post=30041"},{"taxonomy":"tribe_events_cat","embeddable":true,"href":"https:\/\/www.ull.es\/portal\/agenda\/wp-json\/wp\/v2\/tribe_events_cat?post=30041"}],"curies":[{"name":"wp","href":"https:\/\/api.w.org\/{rel}","templated":true}]}}