{"id":30098,"date":"2023-04-20T10:53:29","date_gmt":"2023-04-20T10:53:29","guid":{"rendered":"https:\/\/www.ull.es\/portal\/agenda\/?post_type=tribe_events&#038;p=30098"},"modified":"2023-05-02T11:26:13","modified_gmt":"2023-05-02T11:26:13","slug":"agentes-del-cambio-por-los-ods-desarrollo-de-proyectos-metodologias-y-comunicacion-social-y-de-genero","status":"publish","type":"tribe_events","link":"https:\/\/www.ull.es\/portal\/agenda\/evento\/agentes-del-cambio-por-los-ods-desarrollo-de-proyectos-metodologias-y-comunicacion-social-y-de-genero\/","title":{"rendered":"Agentes del Cambio por los ODS: desarrollo de proyectos, metodolog\u00edas, y comunicaci\u00f3n social y de g\u00e9nero"},"content":{"rendered":"<p>Formaci\u00f3n promovida por el Programa Ingenia, el cual es coordinado por la Fundaci\u00f3n General de La Universidad de La Laguna en colaboraci\u00f3n con el \u00c1rea de Educaci\u00f3n, Juventud, Museos, Cultura y Deportes del Cabildo Insular de Tenerife. Este programa financia la ejecuci\u00f3n de proyectos para la resoluci\u00f3n de problemas sociales y medioambientales vinculados con los Objetivos de Desarrollo Sostenible, focalizados en la provincia de Santa Cruz de Tenerife.<\/p>\n<p>Los m\u00f3dulos est\u00e1n dise\u00f1ados para aprender a identificar problemas en el \u00e1mbito de los Objetivos de Desarrollo Sostenible e incentivar la creaci\u00f3n de proyectos de impacto con metodolog\u00edas innovadoras e integradoras. A trav\u00e9s de los materiales aportados se adquirir\u00e1n competencias para la planificaci\u00f3n de los proyectos desde un enfoque participativo, incluyendo las metodolog\u00edas a desarrollar para implementar los Objetivos de Desarrollo Sostenible de manera eficaz. Contenidos estructurados desde la implicaci\u00f3n de la comunicaci\u00f3n social, la participaci\u00f3n y el lenguaje transformador para obtener cambios sociales reales. Se adquirir\u00e1n conocimientos sobre la Agenda 2030 y los ODS, en consonancia con la Agenda Canaria de Desarrollo Sostenible.<\/p>\n<p>Uno de los objetivos de los contenidos es ense\u00f1ar sobre la planificaci\u00f3n y elaboraci\u00f3n de proyectos que den respuesta a los retos planteados dentro del marco de los ODS, que mediante la movilizaci\u00f3n y la transformaci\u00f3n social pretendan resolver problemas que afectan claramente a una comunidad, de acuerdo a sus ramas de conocimiento.<\/p>\n<p>Dirigido a cualquier persona interesada en formarse en los Objetivos de Desarrollo Sostenible de la Agenda 2030 y Agenda Canaria de Desarrollo Sostenible. Interesados en participar en futuras ediciones del Programa INGENIA. Los asistentes que superen la formaci\u00f3n, podr\u00e1n presentarse a la siguiente edici\u00f3n del Programa INGENIA presentando una propuesta de proyecto seg\u00fan las bases publicadas para dicha convocatoria.<\/p>\n<p>Direcci\u00f3n acad\u00e9mica:<\/p>\n<ul>\n<li>Bel\u00e9n San Nicol\u00e1s Santos. Profesora del Departamento de Did\u00e1ctica e Investigaci\u00f3n Educativa de la ULL.<\/li>\n<li>Carlos Efr\u00e9n Mora Luis. Director de Secretariado del Vicerrectorado de Estudiantes y Empleabilidad de la ULL.<\/li>\n<\/ul>\n<p>Coordinaci\u00f3n: Daura Ramos Nazco. T\u00e9cnico Superior de Innovaci\u00f3n de la Fundaci\u00f3n General de la ULL.<\/p>\n<p><strong>CERTIFICADO DE ASISTENCIA, APTITUD Y RECONOCIMIENTO POR CR\u00c9DITO ECTS<\/strong><\/p>\n<div class=\"tribe-events-single-event-description tribe-events-content\">\n<p>La ULL, a trav\u00e9s del Vicerrectorado de Cultura y Extensi\u00f3n Universitaria, emitir\u00e1 un certificado de asistencia a todas aquellas personas que participen en un m\u00ednimo del 80% de las horas lectivas. Asimismo, aquellas personas que superen el trabajo aut\u00f3nomo del alumnado, recibir\u00e1n un certificado de asistencia y aprovechamiento, reconocible a su vez por 2 cr\u00e9ditos ECTS.<\/p>\n<\/div>\n<p><a href=\"https:\/\/sede.fg.ull.es\/es\/curso\/detalle\/a23020150\/agentes-del-cambio-por-los-ods-desarrollo-de-proyectos-metodologias-y-comunicacion-social-y-de-genero\" target=\"_blank\" rel=\"noopener\" target=\"_blank\" rel=\"noopener\"><strong><u>M\u00e1s informaci\u00f3n e inscripci\u00f3n gratuita aqu\u00ed.<\/u><\/strong><\/a><\/p>\n<p><strong>Contacto: 922 319 616 \/ 922 319 626 \u2013\u00a0<\/strong><a href=\"mailto:extuni@ull.edu.es\" target=\"_blank\" rel=\"noopener\"><strong>extuni@ull.es<\/strong><\/a><\/p>\n","protected":false},"excerpt":{"rendered":"<p>Formaci\u00f3n promovida por el Programa Ingenia, el cual es coordinado por la Fundaci\u00f3n General de La Universidad de La Laguna en colaboraci\u00f3n con el \u00c1rea de Educaci\u00f3n, Juventud, Museos, Cultura y Deportes del Cabildo Insular de Tenerife. Este programa financia la ejecuci\u00f3n de proyectos para la resoluci\u00f3n de problemas sociales y medioambientales vinculados con los&#8230;<\/p>\n","protected":false},"author":43,"featured_media":30099,"comment_status":"closed","ping_status":"closed","template":"","tags":[4793,4259,977,4791,3812,561,2674,1132,4718,3751,4723],"tribe_events_cat":[472,4,2739,186,3254],"acf":[],"yoast_head":"<!-- This site is optimized with the Yoast SEO plugin v21.3 - https:\/\/yoast.com\/wordpress\/plugins\/seo\/ -->\n<title>Agentes del Cambio por los ODS: desarrollo de proyectos, metodolog\u00edas, y comunicaci\u00f3n social y de g\u00e9nero - ULL - Agenda<\/title>\n<meta name=\"robots\" content=\"index, follow, max-snippet:-1, max-image-preview:large, max-video-preview:-1\" \/>\n<link rel=\"canonical\" href=\"https:\/\/www.ull.es\/portal\/agenda\/evento\/agentes-del-cambio-por-los-ods-desarrollo-de-proyectos-metodologias-y-comunicacion-social-y-de-genero\/\" \/>\n<meta property=\"og:locale\" content=\"es_ES\" \/>\n<meta property=\"og:type\" content=\"article\" \/>\n<meta property=\"og:title\" content=\"Agentes del Cambio por los ODS: desarrollo de proyectos, metodolog\u00edas, y comunicaci\u00f3n social y de g\u00e9nero - ULL - Agenda\" \/>\n<meta property=\"og:description\" content=\"Formaci\u00f3n promovida por el Programa Ingenia, el cual es coordinado por la Fundaci\u00f3n General de La Universidad de La Laguna en colaboraci\u00f3n con el \u00c1rea de Educaci\u00f3n, Juventud, Museos, Cultura y Deportes del Cabildo Insular de Tenerife. Este programa financia la ejecuci\u00f3n de proyectos para la resoluci\u00f3n de problemas sociales y medioambientales vinculados con los...\" \/>\n<meta property=\"og:url\" content=\"https:\/\/www.ull.es\/portal\/agenda\/evento\/agentes-del-cambio-por-los-ods-desarrollo-de-proyectos-metodologias-y-comunicacion-social-y-de-genero\/\" \/>\n<meta property=\"og:site_name\" content=\"ULL - Agenda\" \/>\n<meta property=\"article:modified_time\" content=\"2023-05-02T11:26:13+00:00\" \/>\n<meta property=\"og:image\" content=\"https:\/\/www.ull.es\/portal\/agenda\/wp-content\/uploads\/sites\/12\/2023\/04\/BannerODSmayo.png\" \/>\n\t<meta property=\"og:image:width\" content=\"700\" \/>\n\t<meta property=\"og:image:height\" content=\"350\" \/>\n\t<meta property=\"og:image:type\" content=\"image\/png\" \/>\n<meta name=\"twitter:card\" content=\"summary_large_image\" \/>\n<meta name=\"twitter:label1\" content=\"Tiempo de lectura\" \/>\n\t<meta name=\"twitter:data1\" content=\"2 minutos\" \/>\n<script type=\"application\/ld+json\" class=\"yoast-schema-graph\">{\"@context\":\"https:\/\/schema.org\",\"@graph\":[{\"@type\":\"WebPage\",\"@id\":\"https:\/\/www.ull.es\/portal\/agenda\/evento\/agentes-del-cambio-por-los-ods-desarrollo-de-proyectos-metodologias-y-comunicacion-social-y-de-genero\/\",\"url\":\"https:\/\/www.ull.es\/portal\/agenda\/evento\/agentes-del-cambio-por-los-ods-desarrollo-de-proyectos-metodologias-y-comunicacion-social-y-de-genero\/\",\"name\":\"Agentes del Cambio por los ODS: desarrollo de proyectos, metodolog\u00edas, y comunicaci\u00f3n social y de g\u00e9nero - ULL - Agenda\",\"isPartOf\":{\"@id\":\"https:\/\/www.ull.es\/portal\/agenda\/#website\"},\"datePublished\":\"2023-04-20T10:53:29+00:00\",\"dateModified\":\"2023-05-02T11:26:13+00:00\",\"breadcrumb\":{\"@id\":\"https:\/\/www.ull.es\/portal\/agenda\/evento\/agentes-del-cambio-por-los-ods-desarrollo-de-proyectos-metodologias-y-comunicacion-social-y-de-genero\/#breadcrumb\"},\"inLanguage\":\"es\",\"potentialAction\":[{\"@type\":\"ReadAction\",\"target\":[\"https:\/\/www.ull.es\/portal\/agenda\/evento\/agentes-del-cambio-por-los-ods-desarrollo-de-proyectos-metodologias-y-comunicacion-social-y-de-genero\/\"]}]},{\"@type\":\"BreadcrumbList\",\"@id\":\"https:\/\/www.ull.es\/portal\/agenda\/evento\/agentes-del-cambio-por-los-ods-desarrollo-de-proyectos-metodologias-y-comunicacion-social-y-de-genero\/#breadcrumb\",\"itemListElement\":[{\"@type\":\"ListItem\",\"position\":1,\"name\":\"Portada\",\"item\":\"https:\/\/www.ull.es\/portal\/agenda\/\"},{\"@type\":\"ListItem\",\"position\":2,\"name\":\"Agentes del Cambio por los ODS: desarrollo de proyectos, metodolog\u00edas, y comunicaci\u00f3n social y de g\u00e9nero\"}]},{\"@type\":\"WebSite\",\"@id\":\"https:\/\/www.ull.es\/portal\/agenda\/#website\",\"url\":\"https:\/\/www.ull.es\/portal\/agenda\/\",\"name\":\"ULL - Agenda\",\"description\":\"\",\"potentialAction\":[{\"@type\":\"SearchAction\",\"target\":{\"@type\":\"EntryPoint\",\"urlTemplate\":\"https:\/\/www.ull.es\/portal\/agenda\/?s={search_term_string}\"},\"query-input\":\"required name=search_term_string\"}],\"inLanguage\":\"es\"}]}<\/script>\n<!-- \/ Yoast SEO plugin. -->","yoast_head_json":{"title":"Agentes del Cambio por los ODS: desarrollo de proyectos, metodolog\u00edas, y comunicaci\u00f3n social y de g\u00e9nero - ULL - Agenda","robots":{"index":"index","follow":"follow","max-snippet":"max-snippet:-1","max-image-preview":"max-image-preview:large","max-video-preview":"max-video-preview:-1"},"canonical":"https:\/\/www.ull.es\/portal\/agenda\/evento\/agentes-del-cambio-por-los-ods-desarrollo-de-proyectos-metodologias-y-comunicacion-social-y-de-genero\/","og_locale":"es_ES","og_type":"article","og_title":"Agentes del Cambio por los ODS: desarrollo de proyectos, metodolog\u00edas, y comunicaci\u00f3n social y de g\u00e9nero - ULL - Agenda","og_description":"Formaci\u00f3n promovida por el Programa Ingenia, el cual es coordinado por la Fundaci\u00f3n General de La Universidad de La Laguna en colaboraci\u00f3n con el \u00c1rea de Educaci\u00f3n, Juventud, Museos, Cultura y Deportes del Cabildo Insular de Tenerife. Este programa financia la ejecuci\u00f3n de proyectos para la resoluci\u00f3n de problemas sociales y medioambientales vinculados con los...","og_url":"https:\/\/www.ull.es\/portal\/agenda\/evento\/agentes-del-cambio-por-los-ods-desarrollo-de-proyectos-metodologias-y-comunicacion-social-y-de-genero\/","og_site_name":"ULL - Agenda","article_modified_time":"2023-05-02T11:26:13+00:00","og_image":[{"width":700,"height":350,"url":"https:\/\/www.ull.es\/portal\/agenda\/wp-content\/uploads\/sites\/12\/2023\/04\/BannerODSmayo.png","type":"image\/png"}],"twitter_card":"summary_large_image","twitter_misc":{"Tiempo de lectura":"2 minutos"},"schema":{"@context":"https:\/\/schema.org","@graph":[{"@type":"WebPage","@id":"https:\/\/www.ull.es\/portal\/agenda\/evento\/agentes-del-cambio-por-los-ods-desarrollo-de-proyectos-metodologias-y-comunicacion-social-y-de-genero\/","url":"https:\/\/www.ull.es\/portal\/agenda\/evento\/agentes-del-cambio-por-los-ods-desarrollo-de-proyectos-metodologias-y-comunicacion-social-y-de-genero\/","name":"Agentes del Cambio por los ODS: desarrollo de proyectos, metodolog\u00edas, y comunicaci\u00f3n social y de g\u00e9nero - ULL - Agenda","isPartOf":{"@id":"https:\/\/www.ull.es\/portal\/agenda\/#website"},"datePublished":"2023-04-20T10:53:29+00:00","dateModified":"2023-05-02T11:26:13+00:00","breadcrumb":{"@id":"https:\/\/www.ull.es\/portal\/agenda\/evento\/agentes-del-cambio-por-los-ods-desarrollo-de-proyectos-metodologias-y-comunicacion-social-y-de-genero\/#breadcrumb"},"inLanguage":"es","potentialAction":[{"@type":"ReadAction","target":["https:\/\/www.ull.es\/portal\/agenda\/evento\/agentes-del-cambio-por-los-ods-desarrollo-de-proyectos-metodologias-y-comunicacion-social-y-de-genero\/"]}]},{"@type":"BreadcrumbList","@id":"https:\/\/www.ull.es\/portal\/agenda\/evento\/agentes-del-cambio-por-los-ods-desarrollo-de-proyectos-metodologias-y-comunicacion-social-y-de-genero\/#breadcrumb","itemListElement":[{"@type":"ListItem","position":1,"name":"Portada","item":"https:\/\/www.ull.es\/portal\/agenda\/"},{"@type":"ListItem","position":2,"name":"Agentes del Cambio por los ODS: desarrollo de proyectos, metodolog\u00edas, y comunicaci\u00f3n social y de g\u00e9nero"}]},{"@type":"WebSite","@id":"https:\/\/www.ull.es\/portal\/agenda\/#website","url":"https:\/\/www.ull.es\/portal\/agenda\/","name":"ULL - Agenda","description":"","potentialAction":[{"@type":"SearchAction","target":{"@type":"EntryPoint","urlTemplate":"https:\/\/www.ull.es\/portal\/agenda\/?s={search_term_string}"},"query-input":"required name=search_term_string"}],"inLanguage":"es"}]}},"_links":{"self":[{"href":"https:\/\/www.ull.es\/portal\/agenda\/wp-json\/wp\/v2\/tribe_events\/30098"}],"collection":[{"href":"https:\/\/www.ull.es\/portal\/agenda\/wp-json\/wp\/v2\/tribe_events"}],"about":[{"href":"https:\/\/www.ull.es\/portal\/agenda\/wp-json\/wp\/v2\/types\/tribe_events"}],"author":[{"embeddable":true,"href":"https:\/\/www.ull.es\/portal\/agenda\/wp-json\/wp\/v2\/users\/43"}],"replies":[{"embeddable":true,"href":"https:\/\/www.ull.es\/portal\/agenda\/wp-json\/wp\/v2\/comments?post=30098"}],"version-history":[{"count":3,"href":"https:\/\/www.ull.es\/portal\/agenda\/wp-json\/wp\/v2\/tribe_events\/30098\/revisions"}],"predecessor-version":[{"id":30288,"href":"https:\/\/www.ull.es\/portal\/agenda\/wp-json\/wp\/v2\/tribe_events\/30098\/revisions\/30288"}],"wp:featuredmedia":[{"embeddable":true,"href":"https:\/\/www.ull.es\/portal\/agenda\/wp-json\/wp\/v2\/media\/30099"}],"wp:attachment":[{"href":"https:\/\/www.ull.es\/portal\/agenda\/wp-json\/wp\/v2\/media?parent=30098"}],"wp:term":[{"taxonomy":"post_tag","embeddable":true,"href":"https:\/\/www.ull.es\/portal\/agenda\/wp-json\/wp\/v2\/tags?post=30098"},{"taxonomy":"tribe_events_cat","embeddable":true,"href":"https:\/\/www.ull.es\/portal\/agenda\/wp-json\/wp\/v2\/tribe_events_cat?post=30098"}],"curies":[{"name":"wp","href":"https:\/\/api.w.org\/{rel}","templated":true}]}}