{"id":30103,"date":"2023-04-20T11:30:26","date_gmt":"2023-04-20T11:30:26","guid":{"rendered":"https:\/\/www.ull.es\/portal\/agenda\/?post_type=tribe_events&#038;p=30103"},"modified":"2023-04-24T07:26:08","modified_gmt":"2023-04-24T07:26:08","slug":"seminario-investigadoras-por-la-transicion-ecologica-y-la-innovacion-8","status":"publish","type":"tribe_events","link":"https:\/\/www.ull.es\/portal\/agenda\/evento\/seminario-investigadoras-por-la-transicion-ecologica-y-la-innovacion-8\/","title":{"rendered":"Seminario: Investigadoras por la transici\u00f3n ecol\u00f3gica y la innovaci\u00f3n"},"content":{"rendered":"<div class=\"gmail_default\">El mi\u00e9rcoles\u00a0 26 de abril a las 16:00 h tendr\u00e1 lugar el seminario de abril de \u00abInvestigadoras por la Transici\u00f3n Ecol\u00f3gica y la Innovaci\u00f3n\u00bb organizados por la C\u00e1tedra Fundaci\u00f3n Cepsa, impartido por Mar\u00eda Flor Garc\u00eda Mayoral del Departamento de Transici\u00f3n Energ\u00e9tica del Centro de Investigaci\u00f3n de Cepsa.\u00a0 El t\u00edtulo del seminario es \u00abReciclado de pl\u00e1sticos: apostando por una econom\u00eda circular\u00bb.<\/div>\n<p>El formato ser\u00e1 on-line a trav\u00e9s del siguiente <a href=\"http:\/\/meet.google.com\/vxi-jqvg-sfv\" target=\"_blank\" rel=\"noopener\" target=\"_blank\" rel=\"noopener\">enlace<\/a>.<\/p>\n<p>&nbsp;<\/p>\n","protected":false},"excerpt":{"rendered":"<p>El mi\u00e9rcoles\u00a0 26 de abril a las 16:00 h tendr\u00e1 lugar el seminario de abril de \u00abInvestigadoras por la Transici\u00f3n Ecol\u00f3gica y la Innovaci\u00f3n\u00bb organizados por la C\u00e1tedra Fundaci\u00f3n Cepsa, impartido por Mar\u00eda Flor Garc\u00eda Mayoral del Departamento de Transici\u00f3n Energ\u00e9tica del Centro de Investigaci\u00f3n de Cepsa.\u00a0 El t\u00edtulo del seminario es \u00abReciclado de pl\u00e1sticos:&#8230;<\/p>\n","protected":false},"author":65,"featured_media":30104,"comment_status":"closed","ping_status":"closed","template":"","tags":[],"tribe_events_cat":[3521,2118,4,191],"acf":[],"yoast_head":"<!-- This site is optimized with the Yoast SEO plugin v21.3 - https:\/\/yoast.com\/wordpress\/plugins\/seo\/ -->\n<title>Seminario: Investigadoras por la transici\u00f3n ecol\u00f3gica y la innovaci\u00f3n - ULL - Agenda<\/title>\n<meta name=\"robots\" content=\"index, follow, max-snippet:-1, max-image-preview:large, max-video-preview:-1\" \/>\n<link rel=\"canonical\" href=\"https:\/\/www.ull.es\/portal\/agenda\/evento\/seminario-investigadoras-por-la-transicion-ecologica-y-la-innovacion-8\/\" \/>\n<meta property=\"og:locale\" content=\"es_ES\" \/>\n<meta property=\"og:type\" content=\"article\" \/>\n<meta property=\"og:title\" content=\"Seminario: Investigadoras por la transici\u00f3n ecol\u00f3gica y la innovaci\u00f3n - ULL - Agenda\" \/>\n<meta property=\"og:description\" content=\"El mi\u00e9rcoles\u00a0 26 de abril a las 16:00 h tendr\u00e1 lugar el seminario de abril de \u00abInvestigadoras por la Transici\u00f3n Ecol\u00f3gica y la Innovaci\u00f3n\u00bb organizados por la C\u00e1tedra Fundaci\u00f3n Cepsa, impartido por Mar\u00eda Flor Garc\u00eda Mayoral del Departamento de Transici\u00f3n Energ\u00e9tica del Centro de Investigaci\u00f3n de Cepsa.\u00a0 El t\u00edtulo del seminario es \u00abReciclado de pl\u00e1sticos:...\" \/>\n<meta property=\"og:url\" content=\"https:\/\/www.ull.es\/portal\/agenda\/evento\/seminario-investigadoras-por-la-transicion-ecologica-y-la-innovacion-8\/\" \/>\n<meta property=\"og:site_name\" content=\"ULL - Agenda\" \/>\n<meta property=\"article:modified_time\" content=\"2023-04-24T07:26:08+00:00\" \/>\n<meta property=\"og:image\" content=\"https:\/\/www.ull.es\/portal\/agenda\/wp-content\/uploads\/sites\/12\/2023\/04\/cartel-3-Maria-Flor-Garcia-evento.jpg\" \/>\n\t<meta property=\"og:image:width\" content=\"1600\" \/>\n\t<meta property=\"og:image:height\" content=\"800\" \/>\n\t<meta property=\"og:image:type\" content=\"image\/jpeg\" \/>\n<meta name=\"twitter:card\" content=\"summary_large_image\" \/>\n<meta name=\"twitter:label1\" content=\"Tiempo de lectura\" \/>\n\t<meta name=\"twitter:data1\" content=\"1 minuto\" \/>\n<script type=\"application\/ld+json\" class=\"yoast-schema-graph\">{\"@context\":\"https:\/\/schema.org\",\"@graph\":[{\"@type\":\"WebPage\",\"@id\":\"https:\/\/www.ull.es\/portal\/agenda\/evento\/seminario-investigadoras-por-la-transicion-ecologica-y-la-innovacion-8\/\",\"url\":\"https:\/\/www.ull.es\/portal\/agenda\/evento\/seminario-investigadoras-por-la-transicion-ecologica-y-la-innovacion-8\/\",\"name\":\"Seminario: Investigadoras por la transici\u00f3n ecol\u00f3gica y la innovaci\u00f3n - ULL - Agenda\",\"isPartOf\":{\"@id\":\"https:\/\/www.ull.es\/portal\/agenda\/#website\"},\"datePublished\":\"2023-04-20T11:30:26+00:00\",\"dateModified\":\"2023-04-24T07:26:08+00:00\",\"breadcrumb\":{\"@id\":\"https:\/\/www.ull.es\/portal\/agenda\/evento\/seminario-investigadoras-por-la-transicion-ecologica-y-la-innovacion-8\/#breadcrumb\"},\"inLanguage\":\"es\",\"potentialAction\":[{\"@type\":\"ReadAction\",\"target\":[\"https:\/\/www.ull.es\/portal\/agenda\/evento\/seminario-investigadoras-por-la-transicion-ecologica-y-la-innovacion-8\/\"]}]},{\"@type\":\"BreadcrumbList\",\"@id\":\"https:\/\/www.ull.es\/portal\/agenda\/evento\/seminario-investigadoras-por-la-transicion-ecologica-y-la-innovacion-8\/#breadcrumb\",\"itemListElement\":[{\"@type\":\"ListItem\",\"position\":1,\"name\":\"Portada\",\"item\":\"https:\/\/www.ull.es\/portal\/agenda\/\"},{\"@type\":\"ListItem\",\"position\":2,\"name\":\"Seminario: Investigadoras por la transici\u00f3n ecol\u00f3gica y la innovaci\u00f3n\"}]},{\"@type\":\"WebSite\",\"@id\":\"https:\/\/www.ull.es\/portal\/agenda\/#website\",\"url\":\"https:\/\/www.ull.es\/portal\/agenda\/\",\"name\":\"ULL - Agenda\",\"description\":\"\",\"potentialAction\":[{\"@type\":\"SearchAction\",\"target\":{\"@type\":\"EntryPoint\",\"urlTemplate\":\"https:\/\/www.ull.es\/portal\/agenda\/?s={search_term_string}\"},\"query-input\":\"required name=search_term_string\"}],\"inLanguage\":\"es\"}]}<\/script>\n<!-- \/ Yoast SEO plugin. -->","yoast_head_json":{"title":"Seminario: Investigadoras por la transici\u00f3n ecol\u00f3gica y la innovaci\u00f3n - ULL - Agenda","robots":{"index":"index","follow":"follow","max-snippet":"max-snippet:-1","max-image-preview":"max-image-preview:large","max-video-preview":"max-video-preview:-1"},"canonical":"https:\/\/www.ull.es\/portal\/agenda\/evento\/seminario-investigadoras-por-la-transicion-ecologica-y-la-innovacion-8\/","og_locale":"es_ES","og_type":"article","og_title":"Seminario: Investigadoras por la transici\u00f3n ecol\u00f3gica y la innovaci\u00f3n - ULL - Agenda","og_description":"El mi\u00e9rcoles\u00a0 26 de abril a las 16:00 h tendr\u00e1 lugar el seminario de abril de \u00abInvestigadoras por la Transici\u00f3n Ecol\u00f3gica y la Innovaci\u00f3n\u00bb organizados por la C\u00e1tedra Fundaci\u00f3n Cepsa, impartido por Mar\u00eda Flor Garc\u00eda Mayoral del Departamento de Transici\u00f3n Energ\u00e9tica del Centro de Investigaci\u00f3n de Cepsa.\u00a0 El t\u00edtulo del seminario es \u00abReciclado de pl\u00e1sticos:...","og_url":"https:\/\/www.ull.es\/portal\/agenda\/evento\/seminario-investigadoras-por-la-transicion-ecologica-y-la-innovacion-8\/","og_site_name":"ULL - Agenda","article_modified_time":"2023-04-24T07:26:08+00:00","og_image":[{"width":1600,"height":800,"url":"https:\/\/www.ull.es\/portal\/agenda\/wp-content\/uploads\/sites\/12\/2023\/04\/cartel-3-Maria-Flor-Garcia-evento.jpg","type":"image\/jpeg"}],"twitter_card":"summary_large_image","twitter_misc":{"Tiempo de lectura":"1 minuto"},"schema":{"@context":"https:\/\/schema.org","@graph":[{"@type":"WebPage","@id":"https:\/\/www.ull.es\/portal\/agenda\/evento\/seminario-investigadoras-por-la-transicion-ecologica-y-la-innovacion-8\/","url":"https:\/\/www.ull.es\/portal\/agenda\/evento\/seminario-investigadoras-por-la-transicion-ecologica-y-la-innovacion-8\/","name":"Seminario: Investigadoras por la transici\u00f3n ecol\u00f3gica y la innovaci\u00f3n - ULL - Agenda","isPartOf":{"@id":"https:\/\/www.ull.es\/portal\/agenda\/#website"},"datePublished":"2023-04-20T11:30:26+00:00","dateModified":"2023-04-24T07:26:08+00:00","breadcrumb":{"@id":"https:\/\/www.ull.es\/portal\/agenda\/evento\/seminario-investigadoras-por-la-transicion-ecologica-y-la-innovacion-8\/#breadcrumb"},"inLanguage":"es","potentialAction":[{"@type":"ReadAction","target":["https:\/\/www.ull.es\/portal\/agenda\/evento\/seminario-investigadoras-por-la-transicion-ecologica-y-la-innovacion-8\/"]}]},{"@type":"BreadcrumbList","@id":"https:\/\/www.ull.es\/portal\/agenda\/evento\/seminario-investigadoras-por-la-transicion-ecologica-y-la-innovacion-8\/#breadcrumb","itemListElement":[{"@type":"ListItem","position":1,"name":"Portada","item":"https:\/\/www.ull.es\/portal\/agenda\/"},{"@type":"ListItem","position":2,"name":"Seminario: Investigadoras por la transici\u00f3n ecol\u00f3gica y la innovaci\u00f3n"}]},{"@type":"WebSite","@id":"https:\/\/www.ull.es\/portal\/agenda\/#website","url":"https:\/\/www.ull.es\/portal\/agenda\/","name":"ULL - Agenda","description":"","potentialAction":[{"@type":"SearchAction","target":{"@type":"EntryPoint","urlTemplate":"https:\/\/www.ull.es\/portal\/agenda\/?s={search_term_string}"},"query-input":"required name=search_term_string"}],"inLanguage":"es"}]}},"_links":{"self":[{"href":"https:\/\/www.ull.es\/portal\/agenda\/wp-json\/wp\/v2\/tribe_events\/30103"}],"collection":[{"href":"https:\/\/www.ull.es\/portal\/agenda\/wp-json\/wp\/v2\/tribe_events"}],"about":[{"href":"https:\/\/www.ull.es\/portal\/agenda\/wp-json\/wp\/v2\/types\/tribe_events"}],"author":[{"embeddable":true,"href":"https:\/\/www.ull.es\/portal\/agenda\/wp-json\/wp\/v2\/users\/65"}],"replies":[{"embeddable":true,"href":"https:\/\/www.ull.es\/portal\/agenda\/wp-json\/wp\/v2\/comments?post=30103"}],"version-history":[{"count":2,"href":"https:\/\/www.ull.es\/portal\/agenda\/wp-json\/wp\/v2\/tribe_events\/30103\/revisions"}],"predecessor-version":[{"id":30129,"href":"https:\/\/www.ull.es\/portal\/agenda\/wp-json\/wp\/v2\/tribe_events\/30103\/revisions\/30129"}],"wp:featuredmedia":[{"embeddable":true,"href":"https:\/\/www.ull.es\/portal\/agenda\/wp-json\/wp\/v2\/media\/30104"}],"wp:attachment":[{"href":"https:\/\/www.ull.es\/portal\/agenda\/wp-json\/wp\/v2\/media?parent=30103"}],"wp:term":[{"taxonomy":"post_tag","embeddable":true,"href":"https:\/\/www.ull.es\/portal\/agenda\/wp-json\/wp\/v2\/tags?post=30103"},{"taxonomy":"tribe_events_cat","embeddable":true,"href":"https:\/\/www.ull.es\/portal\/agenda\/wp-json\/wp\/v2\/tribe_events_cat?post=30103"}],"curies":[{"name":"wp","href":"https:\/\/api.w.org\/{rel}","templated":true}]}}