{"id":30188,"date":"2023-04-26T08:12:40","date_gmt":"2023-04-26T08:12:40","guid":{"rendered":"https:\/\/www.ull.es\/portal\/agenda\/?post_type=tribe_events&#038;p=30188"},"modified":"2023-04-26T13:54:15","modified_gmt":"2023-04-26T13:54:15","slug":"x-olimpiada-filosofica-de-espana","status":"publish","type":"tribe_events","link":"https:\/\/www.ull.es\/portal\/agenda\/evento\/x-olimpiada-filosofica-de-espana\/","title":{"rendered":"X Olimpiada Filos\u00f3fica de Espa\u00f1a"},"content":{"rendered":"<p><span style=\"font-weight: 400;\">La X <\/span><span style=\"font-weight: 400;\">Olimpiada Filos\u00f3fica de Espa\u00f1a<\/span><span style=\"font-weight: 400;\"> es un proyecto dirigido al alumnado de Ense\u00f1anza Secundaria de todas las comunidades aut\u00f3nomas Espa\u00f1a. La selecci\u00f3n previa del alumnado finalista se realiza en cada comunidad aut\u00f3noma. Con esta iniciativa se pretende acercar la actividad filos\u00f3fica a la realidad acad\u00e9mica y personal de los alumnos y alumnas de dicha etapa educativa. La principal acci\u00f3n de este proyecto consiste en un certamen en el que se premia la capacidad del alumnado de ESO y Bachillerato para afrontar, de forma aut\u00f3noma y cr\u00edtica, problemas de \u00edndole filos\u00f3fica que tienen una clara repercusi\u00f3n en la sociedad actual.\u00a0 Todos los cursos se elige un tema en torno al cual se desarrollan las pruebas. El tema de este curso es \u201cFronteras y justicia global\u201d.\u00a0 Dicho certamen se desarrolla en cuatro modalidades:\u00a0<\/span><\/p>\n<ol>\n<li style=\"font-weight: 400;\" aria-level=\"1\"><span style=\"font-weight: 400;\">Resoluci\u00f3n de <\/span><i><span style=\"font-weight: 400;\">dilemas morales<\/span><\/i><span style=\"font-weight: 400;\"> (para alumnado de 3\u00ba y 4\u00ba de ESO).<\/span><\/li>\n<li style=\"font-weight: 400;\" aria-level=\"1\"><i><span style=\"font-weight: 400;\">Disertaci\u00f3n filos\u00f3fica<\/span><\/i><span style=\"font-weight: 400;\"> (para alumnado de Bachillerato).<\/span><\/li>\n<li style=\"font-weight: 400;\" aria-level=\"1\"><span style=\"font-weight: 400;\">Certamen de <\/span><i><span style=\"font-weight: 400;\">fotograf\u00eda filos\u00f3fica<\/span><\/i><span style=\"font-weight: 400;\"> (para alumnado de 3\u00ba y 4\u00ba de ESO y Bachillerato).<\/span><\/li>\n<li style=\"font-weight: 400;\" aria-level=\"1\"><span style=\"font-weight: 400;\">Certamen de <\/span><i><span style=\"font-weight: 400;\">v\u00eddeo filos\u00f3fico<\/span><\/i><span style=\"font-weight: 400;\"> (para alumnado de 3\u00ba y 4\u00ba de ESO y Bachillerato).<\/span><\/li>\n<\/ol>\n<p><span style=\"font-weight: 400;\">Este a\u00f1o la Olimpiada Filos\u00f3fica de Espa\u00f1a se celebra en Adeje el 28 y 29 de abril. Vendr\u00e1n 97 finalistas de las 17 comunidades aut\u00f3nomas, Ceuta y Melilla. Toda la informaci\u00f3n puede consultarse en este <a href=\"https:\/\/xolimpiadafilosofica.blogspot.com\/\" target=\"_blank\" rel=\"noopener\" target=\"_blank\" rel=\"noopener\">enlace<\/a>.<\/span><\/p>\n<p>&nbsp;<\/p>\n","protected":false},"excerpt":{"rendered":"<p>La X Olimpiada Filos\u00f3fica de Espa\u00f1a es un proyecto dirigido al alumnado de Ense\u00f1anza Secundaria de todas las comunidades aut\u00f3nomas Espa\u00f1a. La selecci\u00f3n previa del alumnado finalista se realiza en cada comunidad aut\u00f3noma. Con esta iniciativa se pretende acercar la actividad filos\u00f3fica a la realidad acad\u00e9mica y personal de los alumnos y alumnas de dicha&#8230;<\/p>\n","protected":false},"author":65,"featured_media":30214,"comment_status":"closed","ping_status":"closed","template":"","tags":[],"tribe_events_cat":[985,349],"acf":[],"yoast_head":"<!-- This site is optimized with the Yoast SEO plugin v21.3 - https:\/\/yoast.com\/wordpress\/plugins\/seo\/ -->\n<title>X Olimpiada Filos\u00f3fica de Espa\u00f1a - ULL - Agenda<\/title>\n<meta name=\"robots\" content=\"index, follow, max-snippet:-1, max-image-preview:large, max-video-preview:-1\" \/>\n<link rel=\"canonical\" href=\"https:\/\/www.ull.es\/portal\/agenda\/evento\/x-olimpiada-filosofica-de-espana\/\" \/>\n<meta property=\"og:locale\" content=\"es_ES\" \/>\n<meta property=\"og:type\" content=\"article\" \/>\n<meta property=\"og:title\" content=\"X Olimpiada Filos\u00f3fica de Espa\u00f1a - ULL - Agenda\" \/>\n<meta property=\"og:description\" content=\"La X Olimpiada Filos\u00f3fica de Espa\u00f1a es un proyecto dirigido al alumnado de Ense\u00f1anza Secundaria de todas las comunidades aut\u00f3nomas Espa\u00f1a. La selecci\u00f3n previa del alumnado finalista se realiza en cada comunidad aut\u00f3noma. Con esta iniciativa se pretende acercar la actividad filos\u00f3fica a la realidad acad\u00e9mica y personal de los alumnos y alumnas de dicha...\" \/>\n<meta property=\"og:url\" content=\"https:\/\/www.ull.es\/portal\/agenda\/evento\/x-olimpiada-filosofica-de-espana\/\" \/>\n<meta property=\"og:site_name\" content=\"ULL - Agenda\" \/>\n<meta property=\"article:modified_time\" content=\"2023-04-26T13:54:15+00:00\" \/>\n<meta property=\"og:image\" content=\"https:\/\/www.ull.es\/portal\/agenda\/wp-content\/uploads\/sites\/12\/2023\/04\/x-olimpiadas-filosofia.jpg\" \/>\n\t<meta property=\"og:image:width\" content=\"1200\" \/>\n\t<meta property=\"og:image:height\" content=\"630\" \/>\n\t<meta property=\"og:image:type\" content=\"image\/jpeg\" \/>\n<meta name=\"twitter:card\" content=\"summary_large_image\" \/>\n<meta name=\"twitter:label1\" content=\"Tiempo de lectura\" \/>\n\t<meta name=\"twitter:data1\" content=\"1 minuto\" \/>\n<script type=\"application\/ld+json\" class=\"yoast-schema-graph\">{\"@context\":\"https:\/\/schema.org\",\"@graph\":[{\"@type\":\"WebPage\",\"@id\":\"https:\/\/www.ull.es\/portal\/agenda\/evento\/x-olimpiada-filosofica-de-espana\/\",\"url\":\"https:\/\/www.ull.es\/portal\/agenda\/evento\/x-olimpiada-filosofica-de-espana\/\",\"name\":\"X Olimpiada Filos\u00f3fica de Espa\u00f1a - ULL - Agenda\",\"isPartOf\":{\"@id\":\"https:\/\/www.ull.es\/portal\/agenda\/#website\"},\"datePublished\":\"2023-04-26T08:12:40+00:00\",\"dateModified\":\"2023-04-26T13:54:15+00:00\",\"breadcrumb\":{\"@id\":\"https:\/\/www.ull.es\/portal\/agenda\/evento\/x-olimpiada-filosofica-de-espana\/#breadcrumb\"},\"inLanguage\":\"es\",\"potentialAction\":[{\"@type\":\"ReadAction\",\"target\":[\"https:\/\/www.ull.es\/portal\/agenda\/evento\/x-olimpiada-filosofica-de-espana\/\"]}]},{\"@type\":\"BreadcrumbList\",\"@id\":\"https:\/\/www.ull.es\/portal\/agenda\/evento\/x-olimpiada-filosofica-de-espana\/#breadcrumb\",\"itemListElement\":[{\"@type\":\"ListItem\",\"position\":1,\"name\":\"Portada\",\"item\":\"https:\/\/www.ull.es\/portal\/agenda\/\"},{\"@type\":\"ListItem\",\"position\":2,\"name\":\"X Olimpiada Filos\u00f3fica de Espa\u00f1a\"}]},{\"@type\":\"WebSite\",\"@id\":\"https:\/\/www.ull.es\/portal\/agenda\/#website\",\"url\":\"https:\/\/www.ull.es\/portal\/agenda\/\",\"name\":\"ULL - Agenda\",\"description\":\"\",\"potentialAction\":[{\"@type\":\"SearchAction\",\"target\":{\"@type\":\"EntryPoint\",\"urlTemplate\":\"https:\/\/www.ull.es\/portal\/agenda\/?s={search_term_string}\"},\"query-input\":\"required name=search_term_string\"}],\"inLanguage\":\"es\"}]}<\/script>\n<!-- \/ Yoast SEO plugin. -->","yoast_head_json":{"title":"X Olimpiada Filos\u00f3fica de Espa\u00f1a - ULL - Agenda","robots":{"index":"index","follow":"follow","max-snippet":"max-snippet:-1","max-image-preview":"max-image-preview:large","max-video-preview":"max-video-preview:-1"},"canonical":"https:\/\/www.ull.es\/portal\/agenda\/evento\/x-olimpiada-filosofica-de-espana\/","og_locale":"es_ES","og_type":"article","og_title":"X Olimpiada Filos\u00f3fica de Espa\u00f1a - ULL - Agenda","og_description":"La X Olimpiada Filos\u00f3fica de Espa\u00f1a es un proyecto dirigido al alumnado de Ense\u00f1anza Secundaria de todas las comunidades aut\u00f3nomas Espa\u00f1a. La selecci\u00f3n previa del alumnado finalista se realiza en cada comunidad aut\u00f3noma. Con esta iniciativa se pretende acercar la actividad filos\u00f3fica a la realidad acad\u00e9mica y personal de los alumnos y alumnas de dicha...","og_url":"https:\/\/www.ull.es\/portal\/agenda\/evento\/x-olimpiada-filosofica-de-espana\/","og_site_name":"ULL - Agenda","article_modified_time":"2023-04-26T13:54:15+00:00","og_image":[{"width":1200,"height":630,"url":"https:\/\/www.ull.es\/portal\/agenda\/wp-content\/uploads\/sites\/12\/2023\/04\/x-olimpiadas-filosofia.jpg","type":"image\/jpeg"}],"twitter_card":"summary_large_image","twitter_misc":{"Tiempo de lectura":"1 minuto"},"schema":{"@context":"https:\/\/schema.org","@graph":[{"@type":"WebPage","@id":"https:\/\/www.ull.es\/portal\/agenda\/evento\/x-olimpiada-filosofica-de-espana\/","url":"https:\/\/www.ull.es\/portal\/agenda\/evento\/x-olimpiada-filosofica-de-espana\/","name":"X Olimpiada Filos\u00f3fica de Espa\u00f1a - ULL - Agenda","isPartOf":{"@id":"https:\/\/www.ull.es\/portal\/agenda\/#website"},"datePublished":"2023-04-26T08:12:40+00:00","dateModified":"2023-04-26T13:54:15+00:00","breadcrumb":{"@id":"https:\/\/www.ull.es\/portal\/agenda\/evento\/x-olimpiada-filosofica-de-espana\/#breadcrumb"},"inLanguage":"es","potentialAction":[{"@type":"ReadAction","target":["https:\/\/www.ull.es\/portal\/agenda\/evento\/x-olimpiada-filosofica-de-espana\/"]}]},{"@type":"BreadcrumbList","@id":"https:\/\/www.ull.es\/portal\/agenda\/evento\/x-olimpiada-filosofica-de-espana\/#breadcrumb","itemListElement":[{"@type":"ListItem","position":1,"name":"Portada","item":"https:\/\/www.ull.es\/portal\/agenda\/"},{"@type":"ListItem","position":2,"name":"X Olimpiada Filos\u00f3fica de Espa\u00f1a"}]},{"@type":"WebSite","@id":"https:\/\/www.ull.es\/portal\/agenda\/#website","url":"https:\/\/www.ull.es\/portal\/agenda\/","name":"ULL - Agenda","description":"","potentialAction":[{"@type":"SearchAction","target":{"@type":"EntryPoint","urlTemplate":"https:\/\/www.ull.es\/portal\/agenda\/?s={search_term_string}"},"query-input":"required name=search_term_string"}],"inLanguage":"es"}]}},"_links":{"self":[{"href":"https:\/\/www.ull.es\/portal\/agenda\/wp-json\/wp\/v2\/tribe_events\/30188"}],"collection":[{"href":"https:\/\/www.ull.es\/portal\/agenda\/wp-json\/wp\/v2\/tribe_events"}],"about":[{"href":"https:\/\/www.ull.es\/portal\/agenda\/wp-json\/wp\/v2\/types\/tribe_events"}],"author":[{"embeddable":true,"href":"https:\/\/www.ull.es\/portal\/agenda\/wp-json\/wp\/v2\/users\/65"}],"replies":[{"embeddable":true,"href":"https:\/\/www.ull.es\/portal\/agenda\/wp-json\/wp\/v2\/comments?post=30188"}],"version-history":[{"count":1,"href":"https:\/\/www.ull.es\/portal\/agenda\/wp-json\/wp\/v2\/tribe_events\/30188\/revisions"}],"predecessor-version":[{"id":30189,"href":"https:\/\/www.ull.es\/portal\/agenda\/wp-json\/wp\/v2\/tribe_events\/30188\/revisions\/30189"}],"wp:featuredmedia":[{"embeddable":true,"href":"https:\/\/www.ull.es\/portal\/agenda\/wp-json\/wp\/v2\/media\/30214"}],"wp:attachment":[{"href":"https:\/\/www.ull.es\/portal\/agenda\/wp-json\/wp\/v2\/media?parent=30188"}],"wp:term":[{"taxonomy":"post_tag","embeddable":true,"href":"https:\/\/www.ull.es\/portal\/agenda\/wp-json\/wp\/v2\/tags?post=30188"},{"taxonomy":"tribe_events_cat","embeddable":true,"href":"https:\/\/www.ull.es\/portal\/agenda\/wp-json\/wp\/v2\/tribe_events_cat?post=30188"}],"curies":[{"name":"wp","href":"https:\/\/api.w.org\/{rel}","templated":true}]}}