{"id":30545,"date":"2023-05-15T12:45:53","date_gmt":"2023-05-15T12:45:53","guid":{"rendered":"https:\/\/www.ull.es\/portal\/agenda\/?post_type=tribe_events&#038;p=30545"},"modified":"2023-05-19T13:39:49","modified_gmt":"2023-05-19T13:39:49","slug":"xxxix-muestra-de-folkore-musical-canario","status":"publish","type":"tribe_events","link":"https:\/\/www.ull.es\/portal\/agenda\/evento\/xxxix-muestra-de-folkore-musical-canario\/","title":{"rendered":"XXXIX Muestra de Folklore Musical Canario"},"content":{"rendered":"<p>El Grupo Folkl\u00f3rico de la Facultad de Educaci\u00f3n de la Universidad de La Laguna organiza la XXXIX Muestra de Folkore Musical Canario del 22 al 26 de mayo.\u00a0El Grupo Folkl\u00f3rico, que fue creado en 1981, se define como tradicional, es decir, totalmente respetuoso con la tradici\u00f3n, el bien m\u00e1s sublime del que puede vanagloriarse un pueblo. El n\u00famero de a\u00f1os de andadura , 42, no coincide con el de muestras celebradas 39. Dicho dato guarda relaci\u00f3n con las calamidades acontecidas estos \u00faltimos a\u00f1os. Pero a pesar de ellos, el grupo no ha dejado de faenar, siendo, con mucha probabilidad, el que m\u00e1s act\u00faa en Canarias y, lo creemos as\u00ed, el \u00fanico colectivo de su \u00edndole que imparte cursos relacionados con la investigaci\u00f3n y el estudio de diferentes apartados de la cultura tradicional, entre los que destaca el folklore musical.<\/p>\n<p>Los actos de este a\u00f1o, que se celebrar\u00e1n en la Facultad de Educaci\u00f3n, comenzar\u00e1n el 22 de mayo a las 19:00 h con la inauguraci\u00f3n de la exposici\u00f3n &#8216;Universos paralelos&#8217; de la pintora Graciliana Montelongo Amador, en la Sala de Exposiciones. A continuaci\u00f3n, a las 20:00 h. tendr\u00e1 lugar en el Sal\u00f3n de Grados la representaci\u00f3n del cuento &#8216;Salvar el silvo&#8217;, obra de Claudia \u00c1lamo y Rub\u00e9n Armiche. Y se proyectar\u00e1 el documental &#8216;El silbo en la Isla del Viento&#8217;, a cargo de Jos\u00e9 Gavil\u00e1n L\u00f3pez.<\/p>\n<p>El mi\u00e9rcoles 24 de mayo a las 19:00 h. se presentar\u00e1 en el Sal\u00f3n de Grados el libro &#8216;Tecnolog\u00eda Guanche&#8217;, de Gustavo Imobak S\u00e1nchez Romero y Francisco Sunta Peraza Cabrera.<\/p>\n<p>Y el viernes 26 de mayo se celebrar\u00e1 a partir de las 20:00 h. en el Sal\u00f3n de actos el festival folkl\u00f3rico musical con la participaci\u00f3n de Gaiteros de Tenerife, la Agrupaci\u00f3n Folkl\u00f3rica Tonique y el Grupo Folkl\u00f3rico de la Facultad de Educaci\u00f3n de la Universidad de La Laguna.<\/p>\n<p><a href=\"https:\/\/drive.google.com\/file\/d\/1Ar-doH7b10TZSrPN_8ewrWEHmfGmrhdr\/view?usp=share_link\" target=\"_blank\" rel=\"noopener\" target=\"_blank\" rel=\"noopener\">Programa<\/a><\/p>\n<p><a href=\"https:\/\/drive.google.com\/file\/d\/130uM2a8s8M1nvzRbjlycJYeEFLe38rfk\/view?usp=share_link\" target=\"_blank\" rel=\"noopener\" target=\"_blank\" rel=\"noopener\">Cartel<\/a><\/p>\n","protected":false},"excerpt":{"rendered":"<p>El Grupo Folkl\u00f3rico de la Facultad de Educaci\u00f3n de la Universidad de La Laguna organiza la XXXIX Muestra de Folkore Musical Canario del 22 al 26 de mayo.\u00a0El Grupo Folkl\u00f3rico, que fue creado en 1981, se define como tradicional, es decir, totalmente respetuoso con la tradici\u00f3n, el bien m\u00e1s sublime del que puede vanagloriarse un&#8230;<\/p>\n","protected":false},"author":65,"featured_media":30625,"comment_status":"closed","ping_status":"closed","template":"","tags":[],"tribe_events_cat":[344,3987,4,815],"acf":[],"yoast_head":"<!-- This site is optimized with the Yoast SEO plugin v21.3 - https:\/\/yoast.com\/wordpress\/plugins\/seo\/ -->\n<title>XXXIX Muestra de Folklore Musical Canario - ULL - Agenda<\/title>\n<meta name=\"robots\" content=\"index, follow, max-snippet:-1, max-image-preview:large, max-video-preview:-1\" \/>\n<link rel=\"canonical\" href=\"https:\/\/www.ull.es\/portal\/agenda\/evento\/xxxix-muestra-de-folkore-musical-canario\/\" \/>\n<meta property=\"og:locale\" content=\"es_ES\" \/>\n<meta property=\"og:type\" content=\"article\" \/>\n<meta property=\"og:title\" content=\"XXXIX Muestra de Folklore Musical Canario - ULL - Agenda\" \/>\n<meta property=\"og:description\" content=\"El Grupo Folkl\u00f3rico de la Facultad de Educaci\u00f3n de la Universidad de La Laguna organiza la XXXIX Muestra de Folkore Musical Canario del 22 al 26 de mayo.\u00a0El Grupo Folkl\u00f3rico, que fue creado en 1981, se define como tradicional, es decir, totalmente respetuoso con la tradici\u00f3n, el bien m\u00e1s sublime del que puede vanagloriarse un...\" \/>\n<meta property=\"og:url\" content=\"https:\/\/www.ull.es\/portal\/agenda\/evento\/xxxix-muestra-de-folkore-musical-canario\/\" \/>\n<meta property=\"og:site_name\" content=\"ULL - Agenda\" \/>\n<meta property=\"article:modified_time\" content=\"2023-05-19T13:39:49+00:00\" \/>\n<meta property=\"og:image\" content=\"https:\/\/www.ull.es\/portal\/agenda\/wp-content\/uploads\/sites\/12\/2023\/05\/XXXIX-Muestra-de-folklore-musical-canario_Banner-evento.jpg\" \/>\n\t<meta property=\"og:image:width\" content=\"750\" \/>\n\t<meta property=\"og:image:height\" content=\"370\" \/>\n\t<meta property=\"og:image:type\" content=\"image\/jpeg\" \/>\n<meta name=\"twitter:card\" content=\"summary_large_image\" \/>\n<meta name=\"twitter:label1\" content=\"Tiempo de lectura\" \/>\n\t<meta name=\"twitter:data1\" content=\"2 minutos\" \/>\n<script type=\"application\/ld+json\" class=\"yoast-schema-graph\">{\"@context\":\"https:\/\/schema.org\",\"@graph\":[{\"@type\":\"WebPage\",\"@id\":\"https:\/\/www.ull.es\/portal\/agenda\/evento\/xxxix-muestra-de-folkore-musical-canario\/\",\"url\":\"https:\/\/www.ull.es\/portal\/agenda\/evento\/xxxix-muestra-de-folkore-musical-canario\/\",\"name\":\"XXXIX Muestra de Folklore Musical Canario - ULL - Agenda\",\"isPartOf\":{\"@id\":\"https:\/\/www.ull.es\/portal\/agenda\/#website\"},\"datePublished\":\"2023-05-15T12:45:53+00:00\",\"dateModified\":\"2023-05-19T13:39:49+00:00\",\"breadcrumb\":{\"@id\":\"https:\/\/www.ull.es\/portal\/agenda\/evento\/xxxix-muestra-de-folkore-musical-canario\/#breadcrumb\"},\"inLanguage\":\"es\",\"potentialAction\":[{\"@type\":\"ReadAction\",\"target\":[\"https:\/\/www.ull.es\/portal\/agenda\/evento\/xxxix-muestra-de-folkore-musical-canario\/\"]}]},{\"@type\":\"BreadcrumbList\",\"@id\":\"https:\/\/www.ull.es\/portal\/agenda\/evento\/xxxix-muestra-de-folkore-musical-canario\/#breadcrumb\",\"itemListElement\":[{\"@type\":\"ListItem\",\"position\":1,\"name\":\"Portada\",\"item\":\"https:\/\/www.ull.es\/portal\/agenda\/\"},{\"@type\":\"ListItem\",\"position\":2,\"name\":\"XXXIX Muestra de Folklore Musical Canario\"}]},{\"@type\":\"WebSite\",\"@id\":\"https:\/\/www.ull.es\/portal\/agenda\/#website\",\"url\":\"https:\/\/www.ull.es\/portal\/agenda\/\",\"name\":\"ULL - Agenda\",\"description\":\"\",\"potentialAction\":[{\"@type\":\"SearchAction\",\"target\":{\"@type\":\"EntryPoint\",\"urlTemplate\":\"https:\/\/www.ull.es\/portal\/agenda\/?s={search_term_string}\"},\"query-input\":\"required name=search_term_string\"}],\"inLanguage\":\"es\"}]}<\/script>\n<!-- \/ Yoast SEO plugin. -->","yoast_head_json":{"title":"XXXIX Muestra de Folklore Musical Canario - ULL - Agenda","robots":{"index":"index","follow":"follow","max-snippet":"max-snippet:-1","max-image-preview":"max-image-preview:large","max-video-preview":"max-video-preview:-1"},"canonical":"https:\/\/www.ull.es\/portal\/agenda\/evento\/xxxix-muestra-de-folkore-musical-canario\/","og_locale":"es_ES","og_type":"article","og_title":"XXXIX Muestra de Folklore Musical Canario - ULL - Agenda","og_description":"El Grupo Folkl\u00f3rico de la Facultad de Educaci\u00f3n de la Universidad de La Laguna organiza la XXXIX Muestra de Folkore Musical Canario del 22 al 26 de mayo.\u00a0El Grupo Folkl\u00f3rico, que fue creado en 1981, se define como tradicional, es decir, totalmente respetuoso con la tradici\u00f3n, el bien m\u00e1s sublime del que puede vanagloriarse un...","og_url":"https:\/\/www.ull.es\/portal\/agenda\/evento\/xxxix-muestra-de-folkore-musical-canario\/","og_site_name":"ULL - Agenda","article_modified_time":"2023-05-19T13:39:49+00:00","og_image":[{"width":750,"height":370,"url":"https:\/\/www.ull.es\/portal\/agenda\/wp-content\/uploads\/sites\/12\/2023\/05\/XXXIX-Muestra-de-folklore-musical-canario_Banner-evento.jpg","type":"image\/jpeg"}],"twitter_card":"summary_large_image","twitter_misc":{"Tiempo de lectura":"2 minutos"},"schema":{"@context":"https:\/\/schema.org","@graph":[{"@type":"WebPage","@id":"https:\/\/www.ull.es\/portal\/agenda\/evento\/xxxix-muestra-de-folkore-musical-canario\/","url":"https:\/\/www.ull.es\/portal\/agenda\/evento\/xxxix-muestra-de-folkore-musical-canario\/","name":"XXXIX Muestra de Folklore Musical Canario - ULL - Agenda","isPartOf":{"@id":"https:\/\/www.ull.es\/portal\/agenda\/#website"},"datePublished":"2023-05-15T12:45:53+00:00","dateModified":"2023-05-19T13:39:49+00:00","breadcrumb":{"@id":"https:\/\/www.ull.es\/portal\/agenda\/evento\/xxxix-muestra-de-folkore-musical-canario\/#breadcrumb"},"inLanguage":"es","potentialAction":[{"@type":"ReadAction","target":["https:\/\/www.ull.es\/portal\/agenda\/evento\/xxxix-muestra-de-folkore-musical-canario\/"]}]},{"@type":"BreadcrumbList","@id":"https:\/\/www.ull.es\/portal\/agenda\/evento\/xxxix-muestra-de-folkore-musical-canario\/#breadcrumb","itemListElement":[{"@type":"ListItem","position":1,"name":"Portada","item":"https:\/\/www.ull.es\/portal\/agenda\/"},{"@type":"ListItem","position":2,"name":"XXXIX Muestra de Folklore Musical Canario"}]},{"@type":"WebSite","@id":"https:\/\/www.ull.es\/portal\/agenda\/#website","url":"https:\/\/www.ull.es\/portal\/agenda\/","name":"ULL - Agenda","description":"","potentialAction":[{"@type":"SearchAction","target":{"@type":"EntryPoint","urlTemplate":"https:\/\/www.ull.es\/portal\/agenda\/?s={search_term_string}"},"query-input":"required name=search_term_string"}],"inLanguage":"es"}]}},"_links":{"self":[{"href":"https:\/\/www.ull.es\/portal\/agenda\/wp-json\/wp\/v2\/tribe_events\/30545"}],"collection":[{"href":"https:\/\/www.ull.es\/portal\/agenda\/wp-json\/wp\/v2\/tribe_events"}],"about":[{"href":"https:\/\/www.ull.es\/portal\/agenda\/wp-json\/wp\/v2\/types\/tribe_events"}],"author":[{"embeddable":true,"href":"https:\/\/www.ull.es\/portal\/agenda\/wp-json\/wp\/v2\/users\/65"}],"replies":[{"embeddable":true,"href":"https:\/\/www.ull.es\/portal\/agenda\/wp-json\/wp\/v2\/comments?post=30545"}],"version-history":[{"count":5,"href":"https:\/\/www.ull.es\/portal\/agenda\/wp-json\/wp\/v2\/tribe_events\/30545\/revisions"}],"predecessor-version":[{"id":30596,"href":"https:\/\/www.ull.es\/portal\/agenda\/wp-json\/wp\/v2\/tribe_events\/30545\/revisions\/30596"}],"wp:featuredmedia":[{"embeddable":true,"href":"https:\/\/www.ull.es\/portal\/agenda\/wp-json\/wp\/v2\/media\/30625"}],"wp:attachment":[{"href":"https:\/\/www.ull.es\/portal\/agenda\/wp-json\/wp\/v2\/media?parent=30545"}],"wp:term":[{"taxonomy":"post_tag","embeddable":true,"href":"https:\/\/www.ull.es\/portal\/agenda\/wp-json\/wp\/v2\/tags?post=30545"},{"taxonomy":"tribe_events_cat","embeddable":true,"href":"https:\/\/www.ull.es\/portal\/agenda\/wp-json\/wp\/v2\/tribe_events_cat?post=30545"}],"curies":[{"name":"wp","href":"https:\/\/api.w.org\/{rel}","templated":true}]}}