{"id":30976,"date":"2023-06-16T11:11:13","date_gmt":"2023-06-16T11:11:13","guid":{"rendered":"https:\/\/www.ull.es\/portal\/agenda\/?post_type=tribe_events&#038;p=30976"},"modified":"2023-06-19T10:02:34","modified_gmt":"2023-06-19T10:02:34","slug":"premio-canarias-innovacion-y-tecnologia","status":"publish","type":"tribe_events","link":"https:\/\/www.ull.es\/portal\/agenda\/evento\/premio-canarias-innovacion-y-tecnologia\/","title":{"rendered":"Premio Canarias Innovaci\u00f3n y Tecnolog\u00eda"},"content":{"rendered":"<p>El Teatro Consistorial de la Ciudad de G\u00e1ldar en Gran Canaria acoge el jueves 22 de junio a las 19:00 horas el acto de entrega del Premio Canarias Innovaci\u00f3n y Tecnolog\u00eda que cuenta con la colaboraci\u00f3n de la Universidad de La Laguna, la Universidad de Las Palmas de Gran Canaria, Editorial Prensa Ib\u00e9rica Canarias, Ayuntamiento de G\u00e1ldar, Beable Capital y Asociaci\u00f3n Emerge, y ser\u00e1 inaugurado por el alcalde de este municipio, Teodoro Sosa Monz\u00f3n.\u00a0 G\u00e1ldar fue seleccionada para acoger esta primera edici\u00f3n por su apuesta por la innovaci\u00f3n y por su reivindicaci\u00f3n del legado dejado por el empresario brit\u00e1nico David J. Leacock.<\/p>\n<p>El jurado de 28 personas de la Edici\u00f3n David J. Leacock ha acordado que la empresa AgnosPCB sea la ganadora del \u00fanico premio de 25.000 euros. Las empresas tecnol\u00f3gicas Evocons, Formach\u00e9, Noctuamed y Triple O Games han sido seleccionadas como finalistas. El director en funciones de la ACIISI, Carlos Navarro Mart\u00ednez, entregar\u00e1 a AgnosPCB una pieza original art\u00edstica de reconocimiento elaborada por el escultor y pintor Pedro Lezcano Ja\u00e9n con la pasta moldeable creada por la spinoff finalista Formach\u00e9.<\/p>\n<p>El acto contar\u00e1 con una intervenci\u00f3n del catedr\u00e1tico em\u00e9rito de Historia Cultural de la Universidad de Cambridge, Peter Burke con la ponencia \u00abConocimiento organizativo e ignorancia organizativa\u00bb (traducci\u00f3n simult\u00e1nea). Peter Burke es uno de los principales acad\u00e9micos a nivel mundial por sus investigaciones sobre historia del conocimiento, aunque su \u00faltimo libro publicado este a\u00f1o hable de algo tan presente entre nosotros como es la ignorancia. El acto concluye con la participaci\u00f3n de la poetisa y escritora tinerfe\u00f1a Aida Gonz\u00e1lez Rossi.<\/p>\n<p>Puede confirmar la asistencia antes del 19 de junio utilizando el siguiente <a href=\"https:\/\/docs.google.com\/forms\/d\/e\/1FAIpQLSeRVdZ8rWO3T6wTybFmUxNXfn3pDAY2XIkPY3uAiueIGsd2fg\/viewform\" target=\"_blank\" rel=\"noopener\" target=\"_blank\" rel=\"noopener\">enlace<\/a> de inscripci\u00f3n.<\/p>\n<p>Para m\u00e1s informaci\u00f3n, pulse este <a href=\"https:\/\/premiocanariasinnovacion.es\/\" target=\"_blank\" rel=\"noopener\" target=\"_blank\" rel=\"noopener\">enlace.\u00a0<\/a><\/p>\n","protected":false},"excerpt":{"rendered":"<p>El Teatro Consistorial de la Ciudad de G\u00e1ldar en Gran Canaria acoge el jueves 22 de junio a las 19:00 horas el acto de entrega del Premio Canarias Innovaci\u00f3n y Tecnolog\u00eda que cuenta con la colaboraci\u00f3n de la Universidad de La Laguna, la Universidad de Las Palmas de Gran Canaria, Editorial Prensa Ib\u00e9rica Canarias, Ayuntamiento&#8230;<\/p>\n","protected":false},"author":65,"featured_media":30989,"comment_status":"closed","ping_status":"closed","template":"","tags":[],"tribe_events_cat":[4,5,191],"acf":[],"yoast_head":"<!-- This site is optimized with the Yoast SEO plugin v21.3 - https:\/\/yoast.com\/wordpress\/plugins\/seo\/ -->\n<title>Premio Canarias Innovaci\u00f3n y Tecnolog\u00eda - ULL - Agenda<\/title>\n<meta name=\"robots\" content=\"index, follow, max-snippet:-1, max-image-preview:large, max-video-preview:-1\" \/>\n<link rel=\"canonical\" href=\"https:\/\/www.ull.es\/portal\/agenda\/evento\/premio-canarias-innovacion-y-tecnologia\/\" \/>\n<meta property=\"og:locale\" content=\"es_ES\" \/>\n<meta property=\"og:type\" content=\"article\" \/>\n<meta property=\"og:title\" content=\"Premio Canarias Innovaci\u00f3n y Tecnolog\u00eda - ULL - Agenda\" \/>\n<meta property=\"og:description\" content=\"El Teatro Consistorial de la Ciudad de G\u00e1ldar en Gran Canaria acoge el jueves 22 de junio a las 19:00 horas el acto de entrega del Premio Canarias Innovaci\u00f3n y Tecnolog\u00eda que cuenta con la colaboraci\u00f3n de la Universidad de La Laguna, la Universidad de Las Palmas de Gran Canaria, Editorial Prensa Ib\u00e9rica Canarias, Ayuntamiento...\" \/>\n<meta property=\"og:url\" content=\"https:\/\/www.ull.es\/portal\/agenda\/evento\/premio-canarias-innovacion-y-tecnologia\/\" \/>\n<meta property=\"og:site_name\" content=\"ULL - Agenda\" \/>\n<meta property=\"article:modified_time\" content=\"2023-06-19T10:02:34+00:00\" \/>\n<meta property=\"og:image\" content=\"https:\/\/www.ull.es\/portal\/agenda\/wp-content\/uploads\/sites\/12\/2023\/06\/Premio-Canarias-Innovacion-y-Tecnologia_Banner-evento.png\" \/>\n\t<meta property=\"og:image:width\" content=\"750\" \/>\n\t<meta property=\"og:image:height\" content=\"370\" \/>\n\t<meta property=\"og:image:type\" content=\"image\/png\" \/>\n<meta name=\"twitter:card\" content=\"summary_large_image\" \/>\n<meta name=\"twitter:label1\" content=\"Tiempo de lectura\" \/>\n\t<meta name=\"twitter:data1\" content=\"2 minutos\" \/>\n<script type=\"application\/ld+json\" class=\"yoast-schema-graph\">{\"@context\":\"https:\/\/schema.org\",\"@graph\":[{\"@type\":\"WebPage\",\"@id\":\"https:\/\/www.ull.es\/portal\/agenda\/evento\/premio-canarias-innovacion-y-tecnologia\/\",\"url\":\"https:\/\/www.ull.es\/portal\/agenda\/evento\/premio-canarias-innovacion-y-tecnologia\/\",\"name\":\"Premio Canarias Innovaci\u00f3n y Tecnolog\u00eda - ULL - Agenda\",\"isPartOf\":{\"@id\":\"https:\/\/www.ull.es\/portal\/agenda\/#website\"},\"datePublished\":\"2023-06-16T11:11:13+00:00\",\"dateModified\":\"2023-06-19T10:02:34+00:00\",\"breadcrumb\":{\"@id\":\"https:\/\/www.ull.es\/portal\/agenda\/evento\/premio-canarias-innovacion-y-tecnologia\/#breadcrumb\"},\"inLanguage\":\"es\",\"potentialAction\":[{\"@type\":\"ReadAction\",\"target\":[\"https:\/\/www.ull.es\/portal\/agenda\/evento\/premio-canarias-innovacion-y-tecnologia\/\"]}]},{\"@type\":\"BreadcrumbList\",\"@id\":\"https:\/\/www.ull.es\/portal\/agenda\/evento\/premio-canarias-innovacion-y-tecnologia\/#breadcrumb\",\"itemListElement\":[{\"@type\":\"ListItem\",\"position\":1,\"name\":\"Portada\",\"item\":\"https:\/\/www.ull.es\/portal\/agenda\/\"},{\"@type\":\"ListItem\",\"position\":2,\"name\":\"Premio Canarias Innovaci\u00f3n y Tecnolog\u00eda\"}]},{\"@type\":\"WebSite\",\"@id\":\"https:\/\/www.ull.es\/portal\/agenda\/#website\",\"url\":\"https:\/\/www.ull.es\/portal\/agenda\/\",\"name\":\"ULL - Agenda\",\"description\":\"\",\"potentialAction\":[{\"@type\":\"SearchAction\",\"target\":{\"@type\":\"EntryPoint\",\"urlTemplate\":\"https:\/\/www.ull.es\/portal\/agenda\/?s={search_term_string}\"},\"query-input\":\"required name=search_term_string\"}],\"inLanguage\":\"es\"}]}<\/script>\n<!-- \/ Yoast SEO plugin. -->","yoast_head_json":{"title":"Premio Canarias Innovaci\u00f3n y Tecnolog\u00eda - ULL - Agenda","robots":{"index":"index","follow":"follow","max-snippet":"max-snippet:-1","max-image-preview":"max-image-preview:large","max-video-preview":"max-video-preview:-1"},"canonical":"https:\/\/www.ull.es\/portal\/agenda\/evento\/premio-canarias-innovacion-y-tecnologia\/","og_locale":"es_ES","og_type":"article","og_title":"Premio Canarias Innovaci\u00f3n y Tecnolog\u00eda - ULL - Agenda","og_description":"El Teatro Consistorial de la Ciudad de G\u00e1ldar en Gran Canaria acoge el jueves 22 de junio a las 19:00 horas el acto de entrega del Premio Canarias Innovaci\u00f3n y Tecnolog\u00eda que cuenta con la colaboraci\u00f3n de la Universidad de La Laguna, la Universidad de Las Palmas de Gran Canaria, Editorial Prensa Ib\u00e9rica Canarias, Ayuntamiento...","og_url":"https:\/\/www.ull.es\/portal\/agenda\/evento\/premio-canarias-innovacion-y-tecnologia\/","og_site_name":"ULL - Agenda","article_modified_time":"2023-06-19T10:02:34+00:00","og_image":[{"width":750,"height":370,"url":"https:\/\/www.ull.es\/portal\/agenda\/wp-content\/uploads\/sites\/12\/2023\/06\/Premio-Canarias-Innovacion-y-Tecnologia_Banner-evento.png","type":"image\/png"}],"twitter_card":"summary_large_image","twitter_misc":{"Tiempo de lectura":"2 minutos"},"schema":{"@context":"https:\/\/schema.org","@graph":[{"@type":"WebPage","@id":"https:\/\/www.ull.es\/portal\/agenda\/evento\/premio-canarias-innovacion-y-tecnologia\/","url":"https:\/\/www.ull.es\/portal\/agenda\/evento\/premio-canarias-innovacion-y-tecnologia\/","name":"Premio Canarias Innovaci\u00f3n y Tecnolog\u00eda - ULL - Agenda","isPartOf":{"@id":"https:\/\/www.ull.es\/portal\/agenda\/#website"},"datePublished":"2023-06-16T11:11:13+00:00","dateModified":"2023-06-19T10:02:34+00:00","breadcrumb":{"@id":"https:\/\/www.ull.es\/portal\/agenda\/evento\/premio-canarias-innovacion-y-tecnologia\/#breadcrumb"},"inLanguage":"es","potentialAction":[{"@type":"ReadAction","target":["https:\/\/www.ull.es\/portal\/agenda\/evento\/premio-canarias-innovacion-y-tecnologia\/"]}]},{"@type":"BreadcrumbList","@id":"https:\/\/www.ull.es\/portal\/agenda\/evento\/premio-canarias-innovacion-y-tecnologia\/#breadcrumb","itemListElement":[{"@type":"ListItem","position":1,"name":"Portada","item":"https:\/\/www.ull.es\/portal\/agenda\/"},{"@type":"ListItem","position":2,"name":"Premio Canarias Innovaci\u00f3n y Tecnolog\u00eda"}]},{"@type":"WebSite","@id":"https:\/\/www.ull.es\/portal\/agenda\/#website","url":"https:\/\/www.ull.es\/portal\/agenda\/","name":"ULL - Agenda","description":"","potentialAction":[{"@type":"SearchAction","target":{"@type":"EntryPoint","urlTemplate":"https:\/\/www.ull.es\/portal\/agenda\/?s={search_term_string}"},"query-input":"required name=search_term_string"}],"inLanguage":"es"}]}},"_links":{"self":[{"href":"https:\/\/www.ull.es\/portal\/agenda\/wp-json\/wp\/v2\/tribe_events\/30976"}],"collection":[{"href":"https:\/\/www.ull.es\/portal\/agenda\/wp-json\/wp\/v2\/tribe_events"}],"about":[{"href":"https:\/\/www.ull.es\/portal\/agenda\/wp-json\/wp\/v2\/types\/tribe_events"}],"author":[{"embeddable":true,"href":"https:\/\/www.ull.es\/portal\/agenda\/wp-json\/wp\/v2\/users\/65"}],"replies":[{"embeddable":true,"href":"https:\/\/www.ull.es\/portal\/agenda\/wp-json\/wp\/v2\/comments?post=30976"}],"version-history":[{"count":1,"href":"https:\/\/www.ull.es\/portal\/agenda\/wp-json\/wp\/v2\/tribe_events\/30976\/revisions"}],"predecessor-version":[{"id":30977,"href":"https:\/\/www.ull.es\/portal\/agenda\/wp-json\/wp\/v2\/tribe_events\/30976\/revisions\/30977"}],"wp:featuredmedia":[{"embeddable":true,"href":"https:\/\/www.ull.es\/portal\/agenda\/wp-json\/wp\/v2\/media\/30989"}],"wp:attachment":[{"href":"https:\/\/www.ull.es\/portal\/agenda\/wp-json\/wp\/v2\/media?parent=30976"}],"wp:term":[{"taxonomy":"post_tag","embeddable":true,"href":"https:\/\/www.ull.es\/portal\/agenda\/wp-json\/wp\/v2\/tags?post=30976"},{"taxonomy":"tribe_events_cat","embeddable":true,"href":"https:\/\/www.ull.es\/portal\/agenda\/wp-json\/wp\/v2\/tribe_events_cat?post=30976"}],"curies":[{"name":"wp","href":"https:\/\/api.w.org\/{rel}","templated":true}]}}